{"version":"1.0","provider_name":"J\u00f6nk\u00f6pings kommun","provider_url":"https:\/\/wp.kristdemokraterna.se\/jkpg","title":"V\u00c5RD I TID \u2013 INF\u00d6R EN NATIONELL V\u00c5RDF\u00d6RMEDLING - J\u00f6nk\u00f6pings kommun","type":"rich","width":600,"height":338,"html":"<blockquote class=\"wp-embedded-content\" data-secret=\"9jATP5e30p\"><a href=\"https:\/\/wp.kristdemokraterna.se\/jkpg\/vard-i-tid-infor-en-nationell-vardformedling\/\">V\u00c5RD I TID \u2013 INF\u00d6R EN NATIONELL V\u00c5RDF\u00d6RMEDLING<\/a><\/blockquote><iframe sandbox=\"allow-scripts\" security=\"restricted\" src=\"https:\/\/wp.kristdemokraterna.se\/jkpg\/vard-i-tid-infor-en-nationell-vardformedling\/embed\/#?secret=9jATP5e30p\" width=\"600\" height=\"338\" title=\"\u201dV\u00c5RD I TID \u2013 INF\u00d6R EN NATIONELL V\u00c5RDF\u00d6RMEDLING\u201d &ndash; J\u00f6nk\u00f6pings kommun\" data-secret=\"9jATP5e30p\" frameborder=\"0\" marginwidth=\"0\" marginheight=\"0\" scrolling=\"no\" class=\"wp-embedded-content\"><\/iframe><script type=\"text\/javascript\">\n\/* <![CDATA[ *\/\n\/*! This file is auto-generated *\/\n!function(d,l){\"use strict\";l.querySelector&&d.addEventListener&&\"undefined\"!=typeof URL&&(d.wp=d.wp||{},d.wp.receiveEmbedMessage||(d.wp.receiveEmbedMessage=function(e){var t=e.data;if((t||t.secret||t.message||t.value)&&!\/[^a-zA-Z0-9]\/.test(t.secret)){for(var s,r,n,a=l.querySelectorAll('iframe[data-secret=\"'+t.secret+'\"]'),o=l.querySelectorAll('blockquote[data-secret=\"'+t.secret+'\"]'),c=new RegExp(\"^https?:$\",\"i\"),i=0;i<o.length;i++)o[i].style.display=\"none\";for(i=0;i<a.length;i++)s=a[i],e.source===s.contentWindow&&(s.removeAttribute(\"style\"),\"height\"===t.message?(1e3<(r=parseInt(t.value,10))?r=1e3:~~r<200&&(r=200),s.height=r):\"link\"===t.message&&(r=new URL(s.getAttribute(\"src\")),n=new URL(t.value),c.test(n.protocol))&&n.host===r.host&&l.activeElement===s&&(d.top.location.href=t.value))}},d.addEventListener(\"message\",d.wp.receiveEmbedMessage,!1),l.addEventListener(\"DOMContentLoaded\",function(){for(var e,t,s=l.querySelectorAll(\"iframe.wp-embedded-content\"),r=0;r<s.length;r++)(t=(e=s[r]).getAttribute(\"data-secret\"))||(t=Math.random().toString(36).substring(2,12),e.src+=\"#?secret=\"+t,e.setAttribute(\"data-secret\",t)),e.contentWindow.postMessage({message:\"ready\",secret:t},\"*\")},!1)))}(window,document);\n\/\/# sourceURL=https:\/\/wp.kristdemokraterna.se\/jkpg\/wp-includes\/js\/wp-embed.min.js\n\/* ]]> *\/\n<\/script>\n","description":"157 968 patienter har st\u00e5tt olagligt l\u00e4nge i v\u00e5rdk\u00f6. Det \u00e4r motsvarande ett helt Ume\u00e5 och Karlstad. Aldrig f\u00f6rr har s\u00e5 m\u00e5nga v\u00e4ntat p\u00e5 v\u00e5rd. Regeringen har ingen plan f\u00f6r hur man v\u00e4nder krisen \u2013 att enbart ge mer pengar till v\u00e5rden r\u00e4cker inte. Vi f\u00f6resl\u00e5r en nationell v\u00e5rdf\u00f6rmedling. Har man som patient v\u00e4ntat 90 Read More"}