{"id":972,"date":"2020-08-31T14:48:22","date_gmt":"2020-08-31T12:48:22","guid":{"rendered":"http:\/\/wp.kristdemokraterna.se\/jkpg\/?page_id=972"},"modified":"2020-08-31T14:48:22","modified_gmt":"2020-08-31T12:48:22","slug":"i-riksdagen","status":"publish","type":"page","link":"https:\/\/wp.kristdemokraterna.se\/jkpg\/om-kristdemokraterna\/i-riksdagen\/","title":{"rendered":"I riksdagen"},"content":{"rendered":"<p>H\u00e4r kan du l\u00e4sa mer om v\u00e5r politik i riksdagen.<\/p>\n<p><a href=\"https:\/\/kristdemokraterna.se\/var-politik\/\">V\u00e5r politik<\/a><\/p>\n","protected":false},"excerpt":{"rendered":"<p>H\u00e4r kan du l\u00e4sa mer om v\u00e5r politik i riksdagen. V\u00e5r politik<\/p>\n","protected":false},"author":895,"featured_media":0,"parent":89,"menu_order":0,"comment_status":"closed","ping_status":"closed","template":"","meta":{"_acf_changed":false,"footnotes":""},"class_list":["post-972","page","type-page","status-publish","hentry"],"acf":[],"yoast_head":"<!-- This site is optimized with the Yoast SEO plugin v27.4 - https:\/\/yoast.com\/product\/yoast-seo-wordpress\/ -->\n<title>I riksdagen - J\u00f6nk\u00f6pings kommun<\/title>\n<meta name=\"robots\" content=\"index, follow, max-snippet:-1, max-image-preview:large, max-video-preview:-1\" \/>\n<link rel=\"canonical\" href=\"https:\/\/wp.kristdemokraterna.se\/jkpg\/om-kristdemokraterna\/i-riksdagen\/\" \/>\n<meta property=\"og:locale\" content=\"sv_SE\" \/>\n<meta property=\"og:type\" content=\"article\" \/>\n<meta property=\"og:title\" content=\"I riksdagen - J\u00f6nk\u00f6pings kommun\" \/>\n<meta property=\"og:description\" content=\"H\u00e4r kan du l\u00e4sa mer om v\u00e5r politik i riksdagen. V\u00e5r politik\" \/>\n<meta property=\"og:url\" content=\"https:\/\/wp.kristdemokraterna.se\/jkpg\/om-kristdemokraterna\/i-riksdagen\/\" \/>\n<meta property=\"og:site_name\" content=\"J\u00f6nk\u00f6pings kommun\" \/>\n<meta name=\"twitter:card\" content=\"summary_large_image\" \/>\n<script type=\"application\/ld+json\" class=\"yoast-schema-graph\">{\"@context\":\"https:\\\/\\\/schema.org\",\"@graph\":[{\"@type\":\"WebPage\",\"@id\":\"https:\\\/\\\/wp.kristdemokraterna.se\\\/jkpg\\\/om-kristdemokraterna\\\/i-riksdagen\\\/\",\"url\":\"https:\\\/\\\/wp.kristdemokraterna.se\\\/jkpg\\\/om-kristdemokraterna\\\/i-riksdagen\\\/\",\"name\":\"I riksdagen - J\u00f6nk\u00f6pings kommun\",\"isPartOf\":{\"@id\":\"https:\\\/\\\/wp.kristdemokraterna.se\\\/jkpg\\\/#website\"},\"datePublished\":\"2020-08-31T12:48:22+00:00\",\"breadcrumb\":{\"@id\":\"https:\\\/\\\/wp.kristdemokraterna.se\\\/jkpg\\\/om-kristdemokraterna\\\/i-riksdagen\\\/#breadcrumb\"},\"inLanguage\":\"sv-SE\",\"potentialAction\":[{\"@type\":\"ReadAction\",\"target\":[\"https:\\\/\\\/wp.kristdemokraterna.se\\\/jkpg\\\/om-kristdemokraterna\\\/i-riksdagen\\\/\"]}]},{\"@type\":\"BreadcrumbList\",\"@id\":\"https:\\\/\\\/wp.kristdemokraterna.se\\\/jkpg\\\/om-kristdemokraterna\\\/i-riksdagen\\\/#breadcrumb\",\"itemListElement\":[{\"@type\":\"ListItem\",\"position\":1,\"name\":\"Hem\",\"item\":\"https:\\\/\\\/wp.kristdemokraterna.se\\\/jkpg\\\/\"},{\"@type\":\"ListItem\",\"position\":2,\"name\":\"Om Kristdemokraterna\",\"item\":\"https:\\\/\\\/wp.kristdemokraterna.se\\\/jkpg\\\/om-kristdemokraterna\\\/\"},{\"@type\":\"ListItem\",\"position\":3,\"name\":\"I riksdagen\"}]},{\"@type\":\"WebSite\",\"@id\":\"https:\\\/\\\/wp.kristdemokraterna.se\\\/jkpg\\\/#website\",\"url\":\"https:\\\/\\\/wp.kristdemokraterna.se\\\/jkpg\\\/\",\"name\":\"J\u00f6nk\u00f6pings kommun\",\"description\":\"F\u00f6r familjen och f\u00f6retagsamheten!\",\"inLanguage\":\"sv-SE\"}]}<\/script>\n<!-- \/ Yoast SEO plugin. -->","yoast_head_json":{"title":"I riksdagen - J\u00f6nk\u00f6pings kommun","robots":{"index":"index","follow":"follow","max-snippet":"max-snippet:-1","max-image-preview":"max-image-preview:large","max-video-preview":"max-video-preview:-1"},"canonical":"https:\/\/wp.kristdemokraterna.se\/jkpg\/om-kristdemokraterna\/i-riksdagen\/","og_locale":"sv_SE","og_type":"article","og_title":"I riksdagen - J\u00f6nk\u00f6pings kommun","og_description":"H\u00e4r kan du l\u00e4sa mer om v\u00e5r politik i riksdagen. V\u00e5r politik","og_url":"https:\/\/wp.kristdemokraterna.se\/jkpg\/om-kristdemokraterna\/i-riksdagen\/","og_site_name":"J\u00f6nk\u00f6pings kommun","twitter_card":"summary_large_image","schema":{"@context":"https:\/\/schema.org","@graph":[{"@type":"WebPage","@id":"https:\/\/wp.kristdemokraterna.se\/jkpg\/om-kristdemokraterna\/i-riksdagen\/","url":"https:\/\/wp.kristdemokraterna.se\/jkpg\/om-kristdemokraterna\/i-riksdagen\/","name":"I riksdagen - J\u00f6nk\u00f6pings kommun","isPartOf":{"@id":"https:\/\/wp.kristdemokraterna.se\/jkpg\/#website"},"datePublished":"2020-08-31T12:48:22+00:00","breadcrumb":{"@id":"https:\/\/wp.kristdemokraterna.se\/jkpg\/om-kristdemokraterna\/i-riksdagen\/#breadcrumb"},"inLanguage":"sv-SE","potentialAction":[{"@type":"ReadAction","target":["https:\/\/wp.kristdemokraterna.se\/jkpg\/om-kristdemokraterna\/i-riksdagen\/"]}]},{"@type":"BreadcrumbList","@id":"https:\/\/wp.kristdemokraterna.se\/jkpg\/om-kristdemokraterna\/i-riksdagen\/#breadcrumb","itemListElement":[{"@type":"ListItem","position":1,"name":"Hem","item":"https:\/\/wp.kristdemokraterna.se\/jkpg\/"},{"@type":"ListItem","position":2,"name":"Om Kristdemokraterna","item":"https:\/\/wp.kristdemokraterna.se\/jkpg\/om-kristdemokraterna\/"},{"@type":"ListItem","position":3,"name":"I riksdagen"}]},{"@type":"WebSite","@id":"https:\/\/wp.kristdemokraterna.se\/jkpg\/#website","url":"https:\/\/wp.kristdemokraterna.se\/jkpg\/","name":"J\u00f6nk\u00f6pings kommun","description":"F\u00f6r familjen och f\u00f6retagsamheten!","inLanguage":"sv-SE"}]}},"_links":{"self":[{"href":"https:\/\/wp.kristdemokraterna.se\/jkpg\/wp-json\/wp\/v2\/pages\/972","targetHints":{"allow":["GET"]}}],"collection":[{"href":"https:\/\/wp.kristdemokraterna.se\/jkpg\/wp-json\/wp\/v2\/pages"}],"about":[{"href":"https:\/\/wp.kristdemokraterna.se\/jkpg\/wp-json\/wp\/v2\/types\/page"}],"author":[{"embeddable":true,"href":"https:\/\/wp.kristdemokraterna.se\/jkpg\/wp-json\/wp\/v2\/users\/895"}],"replies":[{"embeddable":true,"href":"https:\/\/wp.kristdemokraterna.se\/jkpg\/wp-json\/wp\/v2\/comments?post=972"}],"version-history":[{"count":1,"href":"https:\/\/wp.kristdemokraterna.se\/jkpg\/wp-json\/wp\/v2\/pages\/972\/revisions"}],"predecessor-version":[{"id":973,"href":"https:\/\/wp.kristdemokraterna.se\/jkpg\/wp-json\/wp\/v2\/pages\/972\/revisions\/973"}],"up":[{"embeddable":true,"href":"https:\/\/wp.kristdemokraterna.se\/jkpg\/wp-json\/wp\/v2\/pages\/89"}],"wp:attachment":[{"href":"https:\/\/wp.kristdemokraterna.se\/jkpg\/wp-json\/wp\/v2\/media?parent=972"}],"curies":[{"name":"wp","href":"https:\/\/api.w.org\/{rel}","templated":true}]}}