{"version":"1.0","provider_name":"Kristdemokraterna J\u00f6nk\u00f6pings kommundelsf\u00f6rening","provider_url":"https:\/\/wp.kristdemokraterna.se\/jonkoping","title":"Ebba Busch Thor lunchade med Sabuni - Kristdemokraterna J\u00f6nk\u00f6pings kommundelsf\u00f6rening","type":"rich","width":600,"height":338,"html":"<blockquote class=\"wp-embedded-content\" data-secret=\"QsWfDTuVUp\"><a href=\"https:\/\/wp.kristdemokraterna.se\/jonkoping\/ebba-busch-thor-lunchade-med-sabuni\/\">Ebba Busch Thor lunchade med Sabuni<\/a><\/blockquote><iframe sandbox=\"allow-scripts\" security=\"restricted\" src=\"https:\/\/wp.kristdemokraterna.se\/jonkoping\/ebba-busch-thor-lunchade-med-sabuni\/embed\/#?secret=QsWfDTuVUp\" width=\"600\" height=\"338\" title=\"\u201dEbba Busch Thor lunchade med Sabuni\u201d &ndash; Kristdemokraterna J\u00f6nk\u00f6pings kommundelsf\u00f6rening\" data-secret=\"QsWfDTuVUp\" frameborder=\"0\" marginwidth=\"0\" marginheight=\"0\" scrolling=\"no\" class=\"wp-embedded-content\"><\/iframe><script type=\"text\/javascript\">\n\/* <![CDATA[ *\/\n\/*! This file is auto-generated *\/\n!function(d,l){\"use strict\";l.querySelector&&d.addEventListener&&\"undefined\"!=typeof URL&&(d.wp=d.wp||{},d.wp.receiveEmbedMessage||(d.wp.receiveEmbedMessage=function(e){var t=e.data;if((t||t.secret||t.message||t.value)&&!\/[^a-zA-Z0-9]\/.test(t.secret)){for(var s,r,n,a=l.querySelectorAll('iframe[data-secret=\"'+t.secret+'\"]'),o=l.querySelectorAll('blockquote[data-secret=\"'+t.secret+'\"]'),c=new RegExp(\"^https?:$\",\"i\"),i=0;i<o.length;i++)o[i].style.display=\"none\";for(i=0;i<a.length;i++)s=a[i],e.source===s.contentWindow&&(s.removeAttribute(\"style\"),\"height\"===t.message?(1e3<(r=parseInt(t.value,10))?r=1e3:~~r<200&&(r=200),s.height=r):\"link\"===t.message&&(r=new URL(s.getAttribute(\"src\")),n=new URL(t.value),c.test(n.protocol))&&n.host===r.host&&l.activeElement===s&&(d.top.location.href=t.value))}},d.addEventListener(\"message\",d.wp.receiveEmbedMessage,!1),l.addEventListener(\"DOMContentLoaded\",function(){for(var e,t,s=l.querySelectorAll(\"iframe.wp-embedded-content\"),r=0;r<s.length;r++)(t=(e=s[r]).getAttribute(\"data-secret\"))||(t=Math.random().toString(36).substring(2,12),e.src+=\"#?secret=\"+t,e.setAttribute(\"data-secret\",t)),e.contentWindow.postMessage({message:\"ready\",secret:t},\"*\")},!1)))}(window,document);\n\/\/# sourceURL=https:\/\/wp.kristdemokraterna.se\/jonkoping\/wp-includes\/js\/wp-embed.min.js\n\/* ]]> *\/\n<\/script>\n","description":"Idag har jag haft ett bra och trevligt lunchsamtal med nya partiledarkollegan Nyamko\u00a0 Sabuni. Vi pratade om det politiska l\u00e4get, om v\u00e4lf\u00e4rden och om trygghetsfr\u00e5gor inte minst f\u00f6r landets kvinnor, s\u00e4ger Ebba Busch Thor p\u00e5 sin Facebook."}