{"version":"1.0","provider_name":"i Kalmar l\u00e4n","provider_url":"https:\/\/wp.kristdemokraterna.se\/kalmarlan","title":"F\u00f6rsta motionen har klart fokus p\u00e5 barn och ungas uppv\u00e4xt - i Kalmar l\u00e4n","type":"rich","width":600,"height":338,"html":"<blockquote class=\"wp-embedded-content\" data-secret=\"jh88Ej5pFG\"><a href=\"https:\/\/wp.kristdemokraterna.se\/kalmarlan\/226\/\">F\u00f6rsta motionen har klart fokus p\u00e5 barn och ungas uppv\u00e4xt<\/a><\/blockquote><iframe sandbox=\"allow-scripts\" security=\"restricted\" src=\"https:\/\/wp.kristdemokraterna.se\/kalmarlan\/226\/embed\/#?secret=jh88Ej5pFG\" width=\"600\" height=\"338\" title=\"\u201dF\u00f6rsta motionen har klart fokus p\u00e5 barn och ungas uppv\u00e4xt\u201d &ndash; i Kalmar l\u00e4n\" data-secret=\"jh88Ej5pFG\" frameborder=\"0\" marginwidth=\"0\" marginheight=\"0\" scrolling=\"no\" class=\"wp-embedded-content\"><\/iframe><script type=\"text\/javascript\">\n\/* <![CDATA[ *\/\n\/*! This file is auto-generated *\/\n!function(d,l){\"use strict\";l.querySelector&&d.addEventListener&&\"undefined\"!=typeof URL&&(d.wp=d.wp||{},d.wp.receiveEmbedMessage||(d.wp.receiveEmbedMessage=function(e){var t=e.data;if((t||t.secret||t.message||t.value)&&!\/[^a-zA-Z0-9]\/.test(t.secret)){for(var s,r,n,a=l.querySelectorAll('iframe[data-secret=\"'+t.secret+'\"]'),o=l.querySelectorAll('blockquote[data-secret=\"'+t.secret+'\"]'),c=new RegExp(\"^https?:$\",\"i\"),i=0;i<o.length;i++)o[i].style.display=\"none\";for(i=0;i<a.length;i++)s=a[i],e.source===s.contentWindow&&(s.removeAttribute(\"style\"),\"height\"===t.message?(1e3<(r=parseInt(t.value,10))?r=1e3:~~r<200&&(r=200),s.height=r):\"link\"===t.message&&(r=new URL(s.getAttribute(\"src\")),n=new URL(t.value),c.test(n.protocol))&&n.host===r.host&&l.activeElement===s&&(d.top.location.href=t.value))}},d.addEventListener(\"message\",d.wp.receiveEmbedMessage,!1),l.addEventListener(\"DOMContentLoaded\",function(){for(var e,t,s=l.querySelectorAll(\"iframe.wp-embedded-content\"),r=0;r<s.length;r++)(t=(e=s[r]).getAttribute(\"data-secret\"))||(t=Math.random().toString(36).substring(2,12),e.src+=\"#?secret=\"+t,e.setAttribute(\"data-secret\",t)),e.contentWindow.postMessage({message:\"ready\",secret:t},\"*\")},!1)))}(window,document);\n\/\/# sourceURL=https:\/\/wp.kristdemokraterna.se\/kalmarlan\/wp-includes\/js\/wp-embed.min.js\n\/* ]]> *\/\n<\/script>\n","description":"I dag l\u00e4mnar Kristdemokraterna in sin f\u00f6rsta riksdagsmotion \u2013 &#8221;Tid f\u00f6r familjen&#8221;. Minska barngruppernas storlek, \u00f6ka antalet f\u00f6r\u00e4ldradagar, l\u00e5t f\u00f6r\u00e4ldrarna sj\u00e4lva best\u00e4mma fritt \u00f6ver dagarna \u00e4r n\u00e5gra av kraven. \u2013 Detta \u00e4r en tydlig signal om var vi vill att det politiska fokus ska ligga. Barn och ungas uppv\u00e4xt kommer att vara en hj\u00e4rtefr\u00e5ga f\u00f6r Read More","thumbnail_url":"http:\/\/wp.kristdemokraterna.se\/kalmarlan\/files\/2013\/09\/20130917-180247.jpg"}