{"version":"1.0","provider_name":"i Kalmar l\u00e4n","provider_url":"https:\/\/wp.kristdemokraterna.se\/kalmarlan","title":"Ambulanshelikopter \u00e4r fr\u00e5gan som lyfter - i Kalmar l\u00e4n","type":"rich","width":600,"height":338,"html":"<blockquote class=\"wp-embedded-content\" data-secret=\"sKoRMV7cSW\"><a href=\"https:\/\/wp.kristdemokraterna.se\/kalmarlan\/ambulanshelikopter-ar-fragan-som-lyfter\/\">Ambulanshelikopter \u00e4r fr\u00e5gan som lyfter<\/a><\/blockquote><iframe sandbox=\"allow-scripts\" security=\"restricted\" src=\"https:\/\/wp.kristdemokraterna.se\/kalmarlan\/ambulanshelikopter-ar-fragan-som-lyfter\/embed\/#?secret=sKoRMV7cSW\" width=\"600\" height=\"338\" title=\"\u201dAmbulanshelikopter \u00e4r fr\u00e5gan som lyfter\u201d &ndash; i Kalmar l\u00e4n\" data-secret=\"sKoRMV7cSW\" frameborder=\"0\" marginwidth=\"0\" marginheight=\"0\" scrolling=\"no\" class=\"wp-embedded-content\"><\/iframe><script type=\"text\/javascript\">\n\/* <![CDATA[ *\/\n\/*! This file is auto-generated *\/\n!function(d,l){\"use strict\";l.querySelector&&d.addEventListener&&\"undefined\"!=typeof URL&&(d.wp=d.wp||{},d.wp.receiveEmbedMessage||(d.wp.receiveEmbedMessage=function(e){var t=e.data;if((t||t.secret||t.message||t.value)&&!\/[^a-zA-Z0-9]\/.test(t.secret)){for(var s,r,n,a=l.querySelectorAll('iframe[data-secret=\"'+t.secret+'\"]'),o=l.querySelectorAll('blockquote[data-secret=\"'+t.secret+'\"]'),c=new RegExp(\"^https?:$\",\"i\"),i=0;i<o.length;i++)o[i].style.display=\"none\";for(i=0;i<a.length;i++)s=a[i],e.source===s.contentWindow&&(s.removeAttribute(\"style\"),\"height\"===t.message?(1e3<(r=parseInt(t.value,10))?r=1e3:~~r<200&&(r=200),s.height=r):\"link\"===t.message&&(r=new URL(s.getAttribute(\"src\")),n=new URL(t.value),c.test(n.protocol))&&n.host===r.host&&l.activeElement===s&&(d.top.location.href=t.value))}},d.addEventListener(\"message\",d.wp.receiveEmbedMessage,!1),l.addEventListener(\"DOMContentLoaded\",function(){for(var e,t,s=l.querySelectorAll(\"iframe.wp-embedded-content\"),r=0;r<s.length;r++)(t=(e=s[r]).getAttribute(\"data-secret\"))||(t=Math.random().toString(36).substring(2,12),e.src+=\"#?secret=\"+t,e.setAttribute(\"data-secret\",t)),e.contentWindow.postMessage({message:\"ready\",secret:t},\"*\")},!1)))}(window,document);\n\/\/# sourceURL=https:\/\/wp.kristdemokraterna.se\/kalmarlan\/wp-includes\/js\/wp-embed.min.js\n\/* ]]> *\/\n<\/script>\n","description":"Idag h\u00e5lls landstingsfullm\u00e4ktige i V\u00e4stervik. I samband med det s\u00e5 uppm\u00e4rksammar V\u00e4sterviksTidningen Kristdemokraternas starka ambition att st\u00e4rka upp l\u00e4nets akutv\u00e5rd med ambulanshelikopter.\u00a0&#8211; Kalmar l\u00e4n \u00e4r en vit fl\u00e4ck i Sverige n\u00e4r det g\u00e4ller tillg\u00e5ng p\u00e5 ambulanshelikopter, s\u00e4ger landstingsr\u00e5det Gudrun Bruneg\u00e5rd till VT. Vi Kristdemokrater menar att med den geografiska utformning som l\u00e4net har med sk\u00e4rg\u00e5rdar Read More"}