{"version":"1.0","provider_name":"i Kalmar l\u00e4n","provider_url":"https:\/\/wp.kristdemokraterna.se\/kalmarlan","title":"Anders Andersson talar ut om sin politisk framtid. - i Kalmar l\u00e4n","type":"rich","width":600,"height":338,"html":"<blockquote class=\"wp-embedded-content\" data-secret=\"Ya2VfyfTNa\"><a href=\"https:\/\/wp.kristdemokraterna.se\/kalmarlan\/anders-andersson-talar-ut-om-sin-politisk-framtid\/\">Anders Andersson talar ut om sin politisk framtid.<\/a><\/blockquote><iframe sandbox=\"allow-scripts\" security=\"restricted\" src=\"https:\/\/wp.kristdemokraterna.se\/kalmarlan\/anders-andersson-talar-ut-om-sin-politisk-framtid\/embed\/#?secret=Ya2VfyfTNa\" width=\"600\" height=\"338\" title=\"\u201dAnders Andersson talar ut om sin politisk framtid.\u201d &ndash; i Kalmar l\u00e4n\" data-secret=\"Ya2VfyfTNa\" frameborder=\"0\" marginwidth=\"0\" marginheight=\"0\" scrolling=\"no\" class=\"wp-embedded-content\"><\/iframe><script type=\"text\/javascript\">\n\/* <![CDATA[ *\/\n\/*! This file is auto-generated *\/\n!function(d,l){\"use strict\";l.querySelector&&d.addEventListener&&\"undefined\"!=typeof URL&&(d.wp=d.wp||{},d.wp.receiveEmbedMessage||(d.wp.receiveEmbedMessage=function(e){var t=e.data;if((t||t.secret||t.message||t.value)&&!\/[^a-zA-Z0-9]\/.test(t.secret)){for(var s,r,n,a=l.querySelectorAll('iframe[data-secret=\"'+t.secret+'\"]'),o=l.querySelectorAll('blockquote[data-secret=\"'+t.secret+'\"]'),c=new RegExp(\"^https?:$\",\"i\"),i=0;i<o.length;i++)o[i].style.display=\"none\";for(i=0;i<a.length;i++)s=a[i],e.source===s.contentWindow&&(s.removeAttribute(\"style\"),\"height\"===t.message?(1e3<(r=parseInt(t.value,10))?r=1e3:~~r<200&&(r=200),s.height=r):\"link\"===t.message&&(r=new URL(s.getAttribute(\"src\")),n=new URL(t.value),c.test(n.protocol))&&n.host===r.host&&l.activeElement===s&&(d.top.location.href=t.value))}},d.addEventListener(\"message\",d.wp.receiveEmbedMessage,!1),l.addEventListener(\"DOMContentLoaded\",function(){for(var e,t,s=l.querySelectorAll(\"iframe.wp-embedded-content\"),r=0;r<s.length;r++)(t=(e=s[r]).getAttribute(\"data-secret\"))||(t=Math.random().toString(36).substring(2,12),e.src+=\"#?secret=\"+t,e.setAttribute(\"data-secret\",t)),e.contentWindow.postMessage({message:\"ready\",secret:t},\"*\")},!1)))}(window,document);\n\/\/# sourceURL=https:\/\/wp.kristdemokraterna.se\/kalmarlan\/wp-includes\/js\/wp-embed.min.js\n\/* ]]> *\/\n<\/script>\n","description":"Valet 2014 resulterade i f\u00f6r\u00e4ndringar. F\u00f6r en del politiskt valda blev dessa st\u00f6rre \u00e4n f\u00f6r andra. F\u00f6r mig som Kristdemokraternas ledare i l\u00e4net, som varit aktiv p\u00e5 alla politiska niv\u00e5er under mycket l\u00e5ng tid, blev valresultatet en blixtstopp, eftersom riksdagsmandatet f\u00f6r Kalmar l\u00e4n f\u00f6rlorades. S\u00e5 \u00e4r det politiska livet. Oavsett om marginalerna \u00e4r stora eller Read More","thumbnail_url":"http:\/\/wp.kristdemokraterna.se\/kalmarlan\/files\/2014\/10\/img_2073.jpg"}