{"version":"1.0","provider_name":"i Kalmar l\u00e4n","provider_url":"https:\/\/wp.kristdemokraterna.se\/kalmarlan","title":"Du ska kunna lita p\u00e5 v\u00e5rden! - i Kalmar l\u00e4n","type":"rich","width":600,"height":338,"html":"<blockquote class=\"wp-embedded-content\" data-secret=\"jvrrxdb8o8\"><a href=\"https:\/\/wp.kristdemokraterna.se\/kalmarlan\/du-ska-kunna-lita-pa-varden\/\">Du ska kunna lita p\u00e5 v\u00e5rden!<\/a><\/blockquote><iframe sandbox=\"allow-scripts\" security=\"restricted\" src=\"https:\/\/wp.kristdemokraterna.se\/kalmarlan\/du-ska-kunna-lita-pa-varden\/embed\/#?secret=jvrrxdb8o8\" width=\"600\" height=\"338\" title=\"\u201dDu ska kunna lita p\u00e5 v\u00e5rden!\u201d &ndash; i Kalmar l\u00e4n\" data-secret=\"jvrrxdb8o8\" frameborder=\"0\" marginwidth=\"0\" marginheight=\"0\" scrolling=\"no\" class=\"wp-embedded-content\"><\/iframe><script type=\"text\/javascript\">\n\/* <![CDATA[ *\/\n\/*! This file is auto-generated *\/\n!function(d,l){\"use strict\";l.querySelector&&d.addEventListener&&\"undefined\"!=typeof URL&&(d.wp=d.wp||{},d.wp.receiveEmbedMessage||(d.wp.receiveEmbedMessage=function(e){var t=e.data;if((t||t.secret||t.message||t.value)&&!\/[^a-zA-Z0-9]\/.test(t.secret)){for(var s,r,n,a=l.querySelectorAll('iframe[data-secret=\"'+t.secret+'\"]'),o=l.querySelectorAll('blockquote[data-secret=\"'+t.secret+'\"]'),c=new RegExp(\"^https?:$\",\"i\"),i=0;i<o.length;i++)o[i].style.display=\"none\";for(i=0;i<a.length;i++)s=a[i],e.source===s.contentWindow&&(s.removeAttribute(\"style\"),\"height\"===t.message?(1e3<(r=parseInt(t.value,10))?r=1e3:~~r<200&&(r=200),s.height=r):\"link\"===t.message&&(r=new URL(s.getAttribute(\"src\")),n=new URL(t.value),c.test(n.protocol))&&n.host===r.host&&l.activeElement===s&&(d.top.location.href=t.value))}},d.addEventListener(\"message\",d.wp.receiveEmbedMessage,!1),l.addEventListener(\"DOMContentLoaded\",function(){for(var e,t,s=l.querySelectorAll(\"iframe.wp-embedded-content\"),r=0;r<s.length;r++)(t=(e=s[r]).getAttribute(\"data-secret\"))||(t=Math.random().toString(36).substring(2,12),e.src+=\"#?secret=\"+t,e.setAttribute(\"data-secret\",t)),e.contentWindow.postMessage({message:\"ready\",secret:t},\"*\")},!1)))}(window,document);\n\/\/# sourceURL=https:\/\/wp.kristdemokraterna.se\/kalmarlan\/wp-includes\/js\/wp-embed.min.js\n\/* ]]> *\/\n<\/script>\n","thumbnail_url":"https:\/\/wp.kristdemokraterna.se\/kalmarlan\/files\/2018\/08\/iphone-image-931f13.jpg","thumbnail_width":2655,"thumbnail_height":1734,"description":"H\u00e4r hittar du v\u00e5rt landstingspolitiska valprogram.\u00a0Vi presenterar konkreta f\u00f6rslag till hur v\u00e5rdkrisen ska v\u00e4ndas. Vi lovar inte allt till alla \u2013 men vi lovar att prioritera l\u00f6n och arbetsvillkor till h\u00e4lso- och sjukv\u00e5rdens nyckelgrupper, f\u00f6r att de ska kunna ge b\u00e4ttre h\u00e4lso- och sjukv\u00e5rd till l\u00e4nets inv\u00e5nare. Landstingspolitiskt valprogram 2018-22"}