{"version":"1.0","provider_name":"i Kalmar l\u00e4n","provider_url":"https:\/\/wp.kristdemokraterna.se\/kalmarlan","title":"Ebba Busch Thor g\u00e4stade Kalmar l\u00e4n - i Kalmar l\u00e4n","type":"rich","width":600,"height":338,"html":"<blockquote class=\"wp-embedded-content\" data-secret=\"58sv8O0JtY\"><a href=\"https:\/\/wp.kristdemokraterna.se\/kalmarlan\/ebba-busch-thor-gastade-kalmar-lan\/\">Ebba Busch Thor g\u00e4stade Kalmar l\u00e4n<\/a><\/blockquote><iframe sandbox=\"allow-scripts\" security=\"restricted\" src=\"https:\/\/wp.kristdemokraterna.se\/kalmarlan\/ebba-busch-thor-gastade-kalmar-lan\/embed\/#?secret=58sv8O0JtY\" width=\"600\" height=\"338\" title=\"\u201dEbba Busch Thor g\u00e4stade Kalmar l\u00e4n\u201d &ndash; i Kalmar l\u00e4n\" data-secret=\"58sv8O0JtY\" frameborder=\"0\" marginwidth=\"0\" marginheight=\"0\" scrolling=\"no\" class=\"wp-embedded-content\"><\/iframe><script type=\"text\/javascript\">\n\/* <![CDATA[ *\/\n\/*! This file is auto-generated *\/\n!function(d,l){\"use strict\";l.querySelector&&d.addEventListener&&\"undefined\"!=typeof URL&&(d.wp=d.wp||{},d.wp.receiveEmbedMessage||(d.wp.receiveEmbedMessage=function(e){var t=e.data;if((t||t.secret||t.message||t.value)&&!\/[^a-zA-Z0-9]\/.test(t.secret)){for(var s,r,n,a=l.querySelectorAll('iframe[data-secret=\"'+t.secret+'\"]'),o=l.querySelectorAll('blockquote[data-secret=\"'+t.secret+'\"]'),c=new RegExp(\"^https?:$\",\"i\"),i=0;i<o.length;i++)o[i].style.display=\"none\";for(i=0;i<a.length;i++)s=a[i],e.source===s.contentWindow&&(s.removeAttribute(\"style\"),\"height\"===t.message?(1e3<(r=parseInt(t.value,10))?r=1e3:~~r<200&&(r=200),s.height=r):\"link\"===t.message&&(r=new URL(s.getAttribute(\"src\")),n=new URL(t.value),c.test(n.protocol))&&n.host===r.host&&l.activeElement===s&&(d.top.location.href=t.value))}},d.addEventListener(\"message\",d.wp.receiveEmbedMessage,!1),l.addEventListener(\"DOMContentLoaded\",function(){for(var e,t,s=l.querySelectorAll(\"iframe.wp-embedded-content\"),r=0;r<s.length;r++)(t=(e=s[r]).getAttribute(\"data-secret\"))||(t=Math.random().toString(36).substring(2,12),e.src+=\"#?secret=\"+t,e.setAttribute(\"data-secret\",t)),e.contentWindow.postMessage({message:\"ready\",secret:t},\"*\")},!1)))}(window,document);\n\/\/# sourceURL=https:\/\/wp.kristdemokraterna.se\/kalmarlan\/wp-includes\/js\/wp-embed.min.js\n\/* ]]> *\/\n<\/script>\n","description":"Under l\u00f6rdagen h\u00f6ll Kristdemokraterna i Kalmar l\u00e4n partidistrikts\u00e5rsm\u00f6te och Gudrun Bruneg\u00e5rd h\u00e4lsade alla n\u00e4rvarande v\u00e4lkomna till Vimmerby. Det var ca. 90 kristdemokrater och 61 valda ombud fr\u00e5n l\u00e4net som samlats f\u00f6r att lyssna p\u00e5 partiledaren Ebba Busch Thor som talade om aktuella fr\u00e5gor och den politikutvecklingsfas som partiet nu befinner sig mitt uppe i. Ebba Read More","thumbnail_url":"https:\/\/wp.kristdemokraterna.se\/kalmarlan\/files\/2016\/03\/img_8538-300x225.jpg"}