{"version":"1.0","provider_name":"i Kalmar l\u00e4n","provider_url":"https:\/\/wp.kristdemokraterna.se\/kalmarlan","title":"EU-fokus p\u00e5 KD-st\u00e4mma i Oskarshamn - i Kalmar l\u00e4n","type":"rich","width":600,"height":338,"html":"<blockquote class=\"wp-embedded-content\" data-secret=\"UuKhOWC9Aj\"><a href=\"https:\/\/wp.kristdemokraterna.se\/kalmarlan\/eu-fokus-pa-kd-stamma-i-oskarshamn\/\">EU-fokus p\u00e5 KD-st\u00e4mma i Oskarshamn<\/a><\/blockquote><iframe sandbox=\"allow-scripts\" security=\"restricted\" src=\"https:\/\/wp.kristdemokraterna.se\/kalmarlan\/eu-fokus-pa-kd-stamma-i-oskarshamn\/embed\/#?secret=UuKhOWC9Aj\" width=\"600\" height=\"338\" title=\"\u201dEU-fokus p\u00e5 KD-st\u00e4mma i Oskarshamn\u201d &ndash; i Kalmar l\u00e4n\" data-secret=\"UuKhOWC9Aj\" frameborder=\"0\" marginwidth=\"0\" marginheight=\"0\" scrolling=\"no\" class=\"wp-embedded-content\"><\/iframe><script type=\"text\/javascript\">\n\/* <![CDATA[ *\/\n\/*! This file is auto-generated *\/\n!function(d,l){\"use strict\";l.querySelector&&d.addEventListener&&\"undefined\"!=typeof URL&&(d.wp=d.wp||{},d.wp.receiveEmbedMessage||(d.wp.receiveEmbedMessage=function(e){var t=e.data;if((t||t.secret||t.message||t.value)&&!\/[^a-zA-Z0-9]\/.test(t.secret)){for(var s,r,n,a=l.querySelectorAll('iframe[data-secret=\"'+t.secret+'\"]'),o=l.querySelectorAll('blockquote[data-secret=\"'+t.secret+'\"]'),c=new RegExp(\"^https?:$\",\"i\"),i=0;i<o.length;i++)o[i].style.display=\"none\";for(i=0;i<a.length;i++)s=a[i],e.source===s.contentWindow&&(s.removeAttribute(\"style\"),\"height\"===t.message?(1e3<(r=parseInt(t.value,10))?r=1e3:~~r<200&&(r=200),s.height=r):\"link\"===t.message&&(r=new URL(s.getAttribute(\"src\")),n=new URL(t.value),c.test(n.protocol))&&n.host===r.host&&l.activeElement===s&&(d.top.location.href=t.value))}},d.addEventListener(\"message\",d.wp.receiveEmbedMessage,!1),l.addEventListener(\"DOMContentLoaded\",function(){for(var e,t,s=l.querySelectorAll(\"iframe.wp-embedded-content\"),r=0;r<s.length;r++)(t=(e=s[r]).getAttribute(\"data-secret\"))||(t=Math.random().toString(36).substring(2,12),e.src+=\"#?secret=\"+t,e.setAttribute(\"data-secret\",t)),e.contentWindow.postMessage({message:\"ready\",secret:t},\"*\")},!1)))}(window,document);\n\/\/# sourceURL=https:\/\/wp.kristdemokraterna.se\/kalmarlan\/wp-includes\/js\/wp-embed.min.js\n\/* ]]> *\/\n<\/script>\n","description":"P\u00e5 l\u00f6rdagen samlades ett 70-tal kristdemokrater till v\u00e5rst\u00e4mma i Oskarshamn, partiets avstamp in i valr\u00f6relsen. -Medlemsm\u00e4ssigt \u00e4r Kristdemokraterna Sveriges fj\u00e4rde st\u00f6rsta parti. Vi \u00e4r revanschsugna p\u00e5 partiets utmanande opinionssiffror. Kristdemokraterna har genomf\u00f6rt mycket f\u00f6r att korta v\u00e5rdk\u00f6erna, f\u00f6rb\u00e4ttra patients\u00e4kerheten och situationen f\u00f6r de mest sjuka \u00e4ldre. Vi vill forts\u00e4tta att f\u00f6rb\u00e4ttra livet f\u00f6r barn, \u00e4ldre Read More","thumbnail_url":"http:\/\/wp.kristdemokraterna.se\/kalmarlan\/files\/2014\/03\/20140316-125558.jpg"}