{"version":"1.0","provider_name":"i Kalmar l\u00e4n","provider_url":"https:\/\/wp.kristdemokraterna.se\/kalmarlan","title":"EU-valet ett framg\u00e5ngsval f\u00f6r Kristdemokraterna! - i Kalmar l\u00e4n","type":"rich","width":600,"height":338,"html":"<blockquote class=\"wp-embedded-content\" data-secret=\"NBROW58Ed1\"><a href=\"https:\/\/wp.kristdemokraterna.se\/kalmarlan\/eu-valet-ett-framgangsval-for-kristdemokraterna-2\/\">EU-valet ett framg\u00e5ngsval f\u00f6r Kristdemokraterna!<\/a><\/blockquote><iframe sandbox=\"allow-scripts\" security=\"restricted\" src=\"https:\/\/wp.kristdemokraterna.se\/kalmarlan\/eu-valet-ett-framgangsval-for-kristdemokraterna-2\/embed\/#?secret=NBROW58Ed1\" width=\"600\" height=\"338\" title=\"\u201dEU-valet ett framg\u00e5ngsval f\u00f6r Kristdemokraterna!\u201d &ndash; i Kalmar l\u00e4n\" data-secret=\"NBROW58Ed1\" frameborder=\"0\" marginwidth=\"0\" marginheight=\"0\" scrolling=\"no\" class=\"wp-embedded-content\"><\/iframe><script type=\"text\/javascript\">\n\/* <![CDATA[ *\/\n\/*! This file is auto-generated *\/\n!function(d,l){\"use strict\";l.querySelector&&d.addEventListener&&\"undefined\"!=typeof URL&&(d.wp=d.wp||{},d.wp.receiveEmbedMessage||(d.wp.receiveEmbedMessage=function(e){var t=e.data;if((t||t.secret||t.message||t.value)&&!\/[^a-zA-Z0-9]\/.test(t.secret)){for(var s,r,n,a=l.querySelectorAll('iframe[data-secret=\"'+t.secret+'\"]'),o=l.querySelectorAll('blockquote[data-secret=\"'+t.secret+'\"]'),c=new RegExp(\"^https?:$\",\"i\"),i=0;i<o.length;i++)o[i].style.display=\"none\";for(i=0;i<a.length;i++)s=a[i],e.source===s.contentWindow&&(s.removeAttribute(\"style\"),\"height\"===t.message?(1e3<(r=parseInt(t.value,10))?r=1e3:~~r<200&&(r=200),s.height=r):\"link\"===t.message&&(r=new URL(s.getAttribute(\"src\")),n=new URL(t.value),c.test(n.protocol))&&n.host===r.host&&l.activeElement===s&&(d.top.location.href=t.value))}},d.addEventListener(\"message\",d.wp.receiveEmbedMessage,!1),l.addEventListener(\"DOMContentLoaded\",function(){for(var e,t,s=l.querySelectorAll(\"iframe.wp-embedded-content\"),r=0;r<s.length;r++)(t=(e=s[r]).getAttribute(\"data-secret\"))||(t=Math.random().toString(36).substring(2,12),e.src+=\"#?secret=\"+t,e.setAttribute(\"data-secret\",t)),e.contentWindow.postMessage({message:\"ready\",secret:t},\"*\")},!1)))}(window,document);\n\/\/# sourceURL=https:\/\/wp.kristdemokraterna.se\/kalmarlan\/wp-includes\/js\/wp-embed.min.js\n\/* ]]> *\/\n<\/script>\n","description":"-Valet till Europaparlamentet \u00e4r en stor framg\u00e5ng f\u00f6r Kristdemokraterna, b\u00e5de nationellt och i Kalmar l\u00e4n. I riket \u00f6kade partiet fr\u00e5n 4,7 till 6,0 procent. \u00d6kningen i l\u00e4net \u00e4r n\u00e4stan lika stor, dessutom p\u00e5 en h\u00f6gre niv\u00e5, fr\u00e5n 6,2 till 7,4 procent. Det \u00e4r en god utg\u00e5ngspunkt f\u00f6r h\u00f6stens val. Det s\u00e4ger Gudrun Bruneg\u00e5rd, Kristdemokraternas kandidat Read More","thumbnail_url":"http:\/\/wp.kristdemokraterna.se\/kalmarlan\/files\/2014\/05\/valvaka-jubel-300x225.jpg"}