{"version":"1.0","provider_name":"i Kalmar l\u00e4n","provider_url":"https:\/\/wp.kristdemokraterna.se\/kalmarlan","title":"G\u00f6ran H\u00e4gglund bes\u00f6kte f\u00f6rskolan Floran i Nybro - i Kalmar l\u00e4n","type":"rich","width":600,"height":338,"html":"<blockquote class=\"wp-embedded-content\" data-secret=\"wfHz2I13lN\"><a href=\"https:\/\/wp.kristdemokraterna.se\/kalmarlan\/goran-hagglund-besokte-lanet\/\">G\u00f6ran H\u00e4gglund bes\u00f6kte f\u00f6rskolan Floran i Nybro<\/a><\/blockquote><iframe sandbox=\"allow-scripts\" security=\"restricted\" src=\"https:\/\/wp.kristdemokraterna.se\/kalmarlan\/goran-hagglund-besokte-lanet\/embed\/#?secret=wfHz2I13lN\" width=\"600\" height=\"338\" title=\"\u201dG\u00f6ran H\u00e4gglund bes\u00f6kte f\u00f6rskolan Floran i Nybro\u201d &ndash; i Kalmar l\u00e4n\" data-secret=\"wfHz2I13lN\" frameborder=\"0\" marginwidth=\"0\" marginheight=\"0\" scrolling=\"no\" class=\"wp-embedded-content\"><\/iframe><script type=\"text\/javascript\">\n\/* <![CDATA[ *\/\n\/*! This file is auto-generated *\/\n!function(d,l){\"use strict\";l.querySelector&&d.addEventListener&&\"undefined\"!=typeof URL&&(d.wp=d.wp||{},d.wp.receiveEmbedMessage||(d.wp.receiveEmbedMessage=function(e){var t=e.data;if((t||t.secret||t.message||t.value)&&!\/[^a-zA-Z0-9]\/.test(t.secret)){for(var s,r,n,a=l.querySelectorAll('iframe[data-secret=\"'+t.secret+'\"]'),o=l.querySelectorAll('blockquote[data-secret=\"'+t.secret+'\"]'),c=new RegExp(\"^https?:$\",\"i\"),i=0;i<o.length;i++)o[i].style.display=\"none\";for(i=0;i<a.length;i++)s=a[i],e.source===s.contentWindow&&(s.removeAttribute(\"style\"),\"height\"===t.message?(1e3<(r=parseInt(t.value,10))?r=1e3:~~r<200&&(r=200),s.height=r):\"link\"===t.message&&(r=new URL(s.getAttribute(\"src\")),n=new URL(t.value),c.test(n.protocol))&&n.host===r.host&&l.activeElement===s&&(d.top.location.href=t.value))}},d.addEventListener(\"message\",d.wp.receiveEmbedMessage,!1),l.addEventListener(\"DOMContentLoaded\",function(){for(var e,t,s=l.querySelectorAll(\"iframe.wp-embedded-content\"),r=0;r<s.length;r++)(t=(e=s[r]).getAttribute(\"data-secret\"))||(t=Math.random().toString(36).substring(2,12),e.src+=\"#?secret=\"+t,e.setAttribute(\"data-secret\",t)),e.contentWindow.postMessage({message:\"ready\",secret:t},\"*\")},!1)))}(window,document);\n\/\/# sourceURL=https:\/\/wp.kristdemokraterna.se\/kalmarlan\/wp-includes\/js\/wp-embed.min.js\n\/* ]]> *\/\n<\/script>\n","description":"Ig\u00e5r bes\u00f6kte G\u00f6ran H\u00e4gglund f\u00f6rskolan Floran i Nybro. Som tidningen \u00d6stran uttrycker s\u00e5 gick det snabbt f\u00f6r G\u00f6ran att g\u00e5 fr\u00e5n socialminister till social minister n\u00e4r de unga killarna utmanade honom p\u00e5 fotbollsplanen och leken var snabbt ig\u00e5ng. Bes\u00f6ket p\u00e5 f\u00f6rskolan \u00e4r ett led i de budgetf\u00f6rhandlingar som nu p\u00e5g\u00e5r d\u00e4r en av de viktiga Read More","thumbnail_url":"http:\/\/wp.kristdemokraterna.se\/kalmarlan\/files\/2013\/09\/20130907-100250.jpg"}