{"version":"1.0","provider_name":"i Kalmar l\u00e4n","provider_url":"https:\/\/wp.kristdemokraterna.se\/kalmarlan","title":"Gudrun f\u00e5r fortsatt f\u00f6rtroende som landstingsr\u00e5d - i Kalmar l\u00e4n","type":"rich","width":600,"height":338,"html":"<blockquote class=\"wp-embedded-content\" data-secret=\"CwWTs37cRF\"><a href=\"https:\/\/wp.kristdemokraterna.se\/kalmarlan\/gudrun-far-fortsatt-fortroende-som-landstingsrad\/\">Gudrun f\u00e5r fortsatt f\u00f6rtroende som landstingsr\u00e5d<\/a><\/blockquote><iframe sandbox=\"allow-scripts\" security=\"restricted\" src=\"https:\/\/wp.kristdemokraterna.se\/kalmarlan\/gudrun-far-fortsatt-fortroende-som-landstingsrad\/embed\/#?secret=CwWTs37cRF\" width=\"600\" height=\"338\" title=\"\u201dGudrun f\u00e5r fortsatt f\u00f6rtroende som landstingsr\u00e5d\u201d &ndash; i Kalmar l\u00e4n\" data-secret=\"CwWTs37cRF\" frameborder=\"0\" marginwidth=\"0\" marginheight=\"0\" scrolling=\"no\" class=\"wp-embedded-content\"><\/iframe><script type=\"text\/javascript\">\n\/* <![CDATA[ *\/\n\/*! This file is auto-generated *\/\n!function(d,l){\"use strict\";l.querySelector&&d.addEventListener&&\"undefined\"!=typeof URL&&(d.wp=d.wp||{},d.wp.receiveEmbedMessage||(d.wp.receiveEmbedMessage=function(e){var t=e.data;if((t||t.secret||t.message||t.value)&&!\/[^a-zA-Z0-9]\/.test(t.secret)){for(var s,r,n,a=l.querySelectorAll('iframe[data-secret=\"'+t.secret+'\"]'),o=l.querySelectorAll('blockquote[data-secret=\"'+t.secret+'\"]'),c=new RegExp(\"^https?:$\",\"i\"),i=0;i<o.length;i++)o[i].style.display=\"none\";for(i=0;i<a.length;i++)s=a[i],e.source===s.contentWindow&&(s.removeAttribute(\"style\"),\"height\"===t.message?(1e3<(r=parseInt(t.value,10))?r=1e3:~~r<200&&(r=200),s.height=r):\"link\"===t.message&&(r=new URL(s.getAttribute(\"src\")),n=new URL(t.value),c.test(n.protocol))&&n.host===r.host&&l.activeElement===s&&(d.top.location.href=t.value))}},d.addEventListener(\"message\",d.wp.receiveEmbedMessage,!1),l.addEventListener(\"DOMContentLoaded\",function(){for(var e,t,s=l.querySelectorAll(\"iframe.wp-embedded-content\"),r=0;r<s.length;r++)(t=(e=s[r]).getAttribute(\"data-secret\"))||(t=Math.random().toString(36).substring(2,12),e.src+=\"#?secret=\"+t,e.setAttribute(\"data-secret\",t)),e.contentWindow.postMessage({message:\"ready\",secret:t},\"*\")},!1)))}(window,document);\n\/\/# sourceURL=https:\/\/wp.kristdemokraterna.se\/kalmarlan\/wp-includes\/js\/wp-embed.min.js\n\/* ]]> *\/\n<\/script>\n","description":"Nu \u00e4r det klart. Landstingsgruppen f\u00f6rordade Gudrun som gruppledare och landstingsr\u00e5d f\u00f6r \u00e4nnu en mandatperiod. N\u00e4r distriktsstyrelsen samlades i fredags kv\u00e4ll beslutade de enligt f\u00f6rslaget. Jag \u00e4r sj\u00e4lvklart mycket glad och hedrad \u00f6ver att ha f\u00e5tt b\u00e5de v\u00e4ljarnas och partiets f\u00f6rtroende att forts\u00e4tta som landstingsr\u00e5d en mandatperiod till, s\u00e4ger Gudrun \u2013 Gudrun Bruneg\u00e5rd har i Read More","thumbnail_url":"http:\/\/wp.kristdemokraterna.se\/kalmarlan\/files\/2014\/10\/landstingsfullmaktige-540x303.jpg"}