{"version":"1.0","provider_name":"i Kalmar l\u00e4n","provider_url":"https:\/\/wp.kristdemokraterna.se\/kalmarlan","title":"\u201dJ\u00e4rnforsens r\u00f6st\u201d i Norden fokuserar p\u00e5 v\u00e4lf\u00e4rdsfr\u00e5gor! - i Kalmar l\u00e4n","type":"rich","width":600,"height":338,"html":"<blockquote class=\"wp-embedded-content\" data-secret=\"qFfcKHoEVv\"><a href=\"https:\/\/wp.kristdemokraterna.se\/kalmarlan\/jarnforsens-rost-i-norden-fokuserar-pa-valfardsfragor\/\">\u201dJ\u00e4rnforsens r\u00f6st\u201d i Norden fokuserar p\u00e5 v\u00e4lf\u00e4rdsfr\u00e5gor!<\/a><\/blockquote><iframe sandbox=\"allow-scripts\" security=\"restricted\" src=\"https:\/\/wp.kristdemokraterna.se\/kalmarlan\/jarnforsens-rost-i-norden-fokuserar-pa-valfardsfragor\/embed\/#?secret=qFfcKHoEVv\" width=\"600\" height=\"338\" title=\"\u201d\u201dJ\u00e4rnforsens r\u00f6st\u201d i Norden fokuserar p\u00e5 v\u00e4lf\u00e4rdsfr\u00e5gor!\u201d &ndash; i Kalmar l\u00e4n\" data-secret=\"qFfcKHoEVv\" frameborder=\"0\" marginwidth=\"0\" marginheight=\"0\" scrolling=\"no\" class=\"wp-embedded-content\"><\/iframe><script type=\"text\/javascript\">\n\/* <![CDATA[ *\/\n\/*! This file is auto-generated *\/\n!function(d,l){\"use strict\";l.querySelector&&d.addEventListener&&\"undefined\"!=typeof URL&&(d.wp=d.wp||{},d.wp.receiveEmbedMessage||(d.wp.receiveEmbedMessage=function(e){var t=e.data;if((t||t.secret||t.message||t.value)&&!\/[^a-zA-Z0-9]\/.test(t.secret)){for(var s,r,n,a=l.querySelectorAll('iframe[data-secret=\"'+t.secret+'\"]'),o=l.querySelectorAll('blockquote[data-secret=\"'+t.secret+'\"]'),c=new RegExp(\"^https?:$\",\"i\"),i=0;i<o.length;i++)o[i].style.display=\"none\";for(i=0;i<a.length;i++)s=a[i],e.source===s.contentWindow&&(s.removeAttribute(\"style\"),\"height\"===t.message?(1e3<(r=parseInt(t.value,10))?r=1e3:~~r<200&&(r=200),s.height=r):\"link\"===t.message&&(r=new URL(s.getAttribute(\"src\")),n=new URL(t.value),c.test(n.protocol))&&n.host===r.host&&l.activeElement===s&&(d.top.location.href=t.value))}},d.addEventListener(\"message\",d.wp.receiveEmbedMessage,!1),l.addEventListener(\"DOMContentLoaded\",function(){for(var e,t,s=l.querySelectorAll(\"iframe.wp-embedded-content\"),r=0;r<s.length;r++)(t=(e=s[r]).getAttribute(\"data-secret\"))||(t=Math.random().toString(36).substring(2,12),e.src+=\"#?secret=\"+t,e.setAttribute(\"data-secret\",t)),e.contentWindow.postMessage({message:\"ready\",secret:t},\"*\")},!1)))}(window,document);\n\/\/# sourceURL=https:\/\/wp.kristdemokraterna.se\/kalmarlan\/wp-includes\/js\/wp-embed.min.js\n\/* ]]> *\/\n<\/script>\n","description":"Barn och ungdomars uppv\u00e4xt, jobb till ungdomar, utveckla den nordiska v\u00e4lf\u00e4rdsmodellen och en ny strategi f\u00f6r det nordiska samarbetet p\u00e5 social och sjukv\u00e5rdsomr\u00e5det var n\u00e5gra av de \u00e4mnen som riksdagsledamot Anders Andersson (KD) tog upp i sina anf\u00f6randen n\u00e4r han p\u00e5 onsdagen talade i Stortinget i Oslo under Nordiska r\u00e5dets m\u00f6te. &#8211; Utbyte av erfarenheter Read More","thumbnail_url":"http:\/\/wp.kristdemokraterna.se\/kalmarlan\/files\/2013\/10\/20131030-152255.jpg"}