{"version":"1.0","provider_name":"i Kalmar l\u00e4n","provider_url":"https:\/\/wp.kristdemokraterna.se\/kalmarlan","title":"Kapelluddens asylboende f\u00f6red\u00f6me f\u00f6r EU - i Kalmar l\u00e4n","type":"rich","width":600,"height":338,"html":"<blockquote class=\"wp-embedded-content\" data-secret=\"qKmUTADtGW\"><a href=\"https:\/\/wp.kristdemokraterna.se\/kalmarlan\/kapelluddens-asylboende-foredome-for-eu\/\">Kapelluddens asylboende f\u00f6red\u00f6me f\u00f6r EU<\/a><\/blockquote><iframe sandbox=\"allow-scripts\" security=\"restricted\" src=\"https:\/\/wp.kristdemokraterna.se\/kalmarlan\/kapelluddens-asylboende-foredome-for-eu\/embed\/#?secret=qKmUTADtGW\" width=\"600\" height=\"338\" title=\"\u201dKapelluddens asylboende f\u00f6red\u00f6me f\u00f6r EU\u201d &ndash; i Kalmar l\u00e4n\" data-secret=\"qKmUTADtGW\" frameborder=\"0\" marginwidth=\"0\" marginheight=\"0\" scrolling=\"no\" class=\"wp-embedded-content\"><\/iframe><script type=\"text\/javascript\">\n\/* <![CDATA[ *\/\n\/*! This file is auto-generated *\/\n!function(d,l){\"use strict\";l.querySelector&&d.addEventListener&&\"undefined\"!=typeof URL&&(d.wp=d.wp||{},d.wp.receiveEmbedMessage||(d.wp.receiveEmbedMessage=function(e){var t=e.data;if((t||t.secret||t.message||t.value)&&!\/[^a-zA-Z0-9]\/.test(t.secret)){for(var s,r,n,a=l.querySelectorAll('iframe[data-secret=\"'+t.secret+'\"]'),o=l.querySelectorAll('blockquote[data-secret=\"'+t.secret+'\"]'),c=new RegExp(\"^https?:$\",\"i\"),i=0;i<o.length;i++)o[i].style.display=\"none\";for(i=0;i<a.length;i++)s=a[i],e.source===s.contentWindow&&(s.removeAttribute(\"style\"),\"height\"===t.message?(1e3<(r=parseInt(t.value,10))?r=1e3:~~r<200&&(r=200),s.height=r):\"link\"===t.message&&(r=new URL(s.getAttribute(\"src\")),n=new URL(t.value),c.test(n.protocol))&&n.host===r.host&&l.activeElement===s&&(d.top.location.href=t.value))}},d.addEventListener(\"message\",d.wp.receiveEmbedMessage,!1),l.addEventListener(\"DOMContentLoaded\",function(){for(var e,t,s=l.querySelectorAll(\"iframe.wp-embedded-content\"),r=0;r<s.length;r++)(t=(e=s[r]).getAttribute(\"data-secret\"))||(t=Math.random().toString(36).substring(2,12),e.src+=\"#?secret=\"+t,e.setAttribute(\"data-secret\",t)),e.contentWindow.postMessage({message:\"ready\",secret:t},\"*\")},!1)))}(window,document);\n\/\/# sourceURL=https:\/\/wp.kristdemokraterna.se\/kalmarlan\/wp-includes\/js\/wp-embed.min.js\n\/* ]]> *\/\n<\/script>\n","description":"Ta till vapen och d\u00f6da forna grannar och v\u00e4nner, bli d\u00f6dad i inb\u00f6rdeskriget eller fly till ett fr\u00e4mmande land f\u00f6r att r\u00e4dda livet p\u00e5 hustru och barn? Vilket skulle du v\u00e4lja om du st\u00e4lldes inf\u00f6r dessa tre alternativ? De flesta som har den minsta gnutta empati tror jag kan f\u00f6rst\u00e5 vad som f\u00f6rt runt 15,000 Read More","thumbnail_url":"http:\/\/wp.kristdemokraterna.se\/kalmarlan\/files\/2014\/05\/20140509-223009.jpg"}