{"version":"1.0","provider_name":"i Kalmar l\u00e4n","provider_url":"https:\/\/wp.kristdemokraterna.se\/kalmarlan","title":"KD-st\u00e4mma med arbete och n\u00e4ringsliv i fokus - i Kalmar l\u00e4n","type":"rich","width":600,"height":338,"html":"<blockquote class=\"wp-embedded-content\" data-secret=\"4EonlAZXFa\"><a href=\"https:\/\/wp.kristdemokraterna.se\/kalmarlan\/kd-stamma-med-arbete-och-naringsliv-i-fokus\/\">KD-st\u00e4mma med arbete och n\u00e4ringsliv i fokus<\/a><\/blockquote><iframe sandbox=\"allow-scripts\" security=\"restricted\" src=\"https:\/\/wp.kristdemokraterna.se\/kalmarlan\/kd-stamma-med-arbete-och-naringsliv-i-fokus\/embed\/#?secret=4EonlAZXFa\" width=\"600\" height=\"338\" title=\"\u201dKD-st\u00e4mma med arbete och n\u00e4ringsliv i fokus\u201d &ndash; i Kalmar l\u00e4n\" data-secret=\"4EonlAZXFa\" frameborder=\"0\" marginwidth=\"0\" marginheight=\"0\" scrolling=\"no\" class=\"wp-embedded-content\"><\/iframe><script type=\"text\/javascript\">\n\/* <![CDATA[ *\/\n\/*! This file is auto-generated *\/\n!function(d,l){\"use strict\";l.querySelector&&d.addEventListener&&\"undefined\"!=typeof URL&&(d.wp=d.wp||{},d.wp.receiveEmbedMessage||(d.wp.receiveEmbedMessage=function(e){var t=e.data;if((t||t.secret||t.message||t.value)&&!\/[^a-zA-Z0-9]\/.test(t.secret)){for(var s,r,n,a=l.querySelectorAll('iframe[data-secret=\"'+t.secret+'\"]'),o=l.querySelectorAll('blockquote[data-secret=\"'+t.secret+'\"]'),c=new RegExp(\"^https?:$\",\"i\"),i=0;i<o.length;i++)o[i].style.display=\"none\";for(i=0;i<a.length;i++)s=a[i],e.source===s.contentWindow&&(s.removeAttribute(\"style\"),\"height\"===t.message?(1e3<(r=parseInt(t.value,10))?r=1e3:~~r<200&&(r=200),s.height=r):\"link\"===t.message&&(r=new URL(s.getAttribute(\"src\")),n=new URL(t.value),c.test(n.protocol))&&n.host===r.host&&l.activeElement===s&&(d.top.location.href=t.value))}},d.addEventListener(\"message\",d.wp.receiveEmbedMessage,!1),l.addEventListener(\"DOMContentLoaded\",function(){for(var e,t,s=l.querySelectorAll(\"iframe.wp-embedded-content\"),r=0;r<s.length;r++)(t=(e=s[r]).getAttribute(\"data-secret\"))||(t=Math.random().toString(36).substring(2,12),e.src+=\"#?secret=\"+t,e.setAttribute(\"data-secret\",t)),e.contentWindow.postMessage({message:\"ready\",secret:t},\"*\")},!1)))}(window,document);\n\/\/# sourceURL=https:\/\/wp.kristdemokraterna.se\/kalmarlan\/wp-includes\/js\/wp-embed.min.js\n\/* ]]> *\/\n<\/script>\n","description":"&#8211; Var och en ska ha r\u00e4tt att jobba hundra procent av sin f\u00f6rm\u00e5ga. Det finns personer med arbetshinder som fastnat i m\u00e5ng\u00e5riga sjukskrivningar. De kan ha viss arbetsf\u00f6rm\u00e5ga och skulle m\u00e5 bra av att under kanske n\u00e5gra timmar k\u00e4nna arbetsgemenskap och \u00f6ka sin ekonomiska sj\u00e4lvst\u00e4ndighet. Arbetsintegrerande sociala f\u00f6retag tar det sociala engagemanget p\u00e5 allvar Read More"}