{"version":"1.0","provider_name":"i Kalmar l\u00e4n","provider_url":"https:\/\/wp.kristdemokraterna.se\/kalmarlan","title":"N\u00e4ra 9000 namn f\u00f6r \u00f6ppnade v\u00e5rdplatser - i Kalmar l\u00e4n","type":"rich","width":600,"height":338,"html":"<blockquote class=\"wp-embedded-content\" data-secret=\"mvKO2Bif6d\"><a href=\"https:\/\/wp.kristdemokraterna.se\/kalmarlan\/nara-9000-namn-for-oppnade-vardplatser\/\">N\u00e4ra 9000 namn f\u00f6r \u00f6ppnade v\u00e5rdplatser<\/a><\/blockquote><iframe sandbox=\"allow-scripts\" security=\"restricted\" src=\"https:\/\/wp.kristdemokraterna.se\/kalmarlan\/nara-9000-namn-for-oppnade-vardplatser\/embed\/#?secret=mvKO2Bif6d\" width=\"600\" height=\"338\" title=\"\u201dN\u00e4ra 9000 namn f\u00f6r \u00f6ppnade v\u00e5rdplatser\u201d &ndash; i Kalmar l\u00e4n\" data-secret=\"mvKO2Bif6d\" frameborder=\"0\" marginwidth=\"0\" marginheight=\"0\" scrolling=\"no\" class=\"wp-embedded-content\"><\/iframe><script type=\"text\/javascript\">\n\/* <![CDATA[ *\/\n\/*! This file is auto-generated *\/\n!function(d,l){\"use strict\";l.querySelector&&d.addEventListener&&\"undefined\"!=typeof URL&&(d.wp=d.wp||{},d.wp.receiveEmbedMessage||(d.wp.receiveEmbedMessage=function(e){var t=e.data;if((t||t.secret||t.message||t.value)&&!\/[^a-zA-Z0-9]\/.test(t.secret)){for(var s,r,n,a=l.querySelectorAll('iframe[data-secret=\"'+t.secret+'\"]'),o=l.querySelectorAll('blockquote[data-secret=\"'+t.secret+'\"]'),c=new RegExp(\"^https?:$\",\"i\"),i=0;i<o.length;i++)o[i].style.display=\"none\";for(i=0;i<a.length;i++)s=a[i],e.source===s.contentWindow&&(s.removeAttribute(\"style\"),\"height\"===t.message?(1e3<(r=parseInt(t.value,10))?r=1e3:~~r<200&&(r=200),s.height=r):\"link\"===t.message&&(r=new URL(s.getAttribute(\"src\")),n=new URL(t.value),c.test(n.protocol))&&n.host===r.host&&l.activeElement===s&&(d.top.location.href=t.value))}},d.addEventListener(\"message\",d.wp.receiveEmbedMessage,!1),l.addEventListener(\"DOMContentLoaded\",function(){for(var e,t,s=l.querySelectorAll(\"iframe.wp-embedded-content\"),r=0;r<s.length;r++)(t=(e=s[r]).getAttribute(\"data-secret\"))||(t=Math.random().toString(36).substring(2,12),e.src+=\"#?secret=\"+t,e.setAttribute(\"data-secret\",t)),e.contentWindow.postMessage({message:\"ready\",secret:t},\"*\")},!1)))}(window,document);\n\/\/# sourceURL=https:\/\/wp.kristdemokraterna.se\/kalmarlan\/wp-includes\/js\/wp-embed.min.js\n\/* ]]> *\/\n<\/script>\n","description":"Pressmeddelande 2016-11-01 8820 namnunderskrifter f\u00f6r \u00f6ppna v\u00e5rdplatser och h\u00f6jd status f\u00f6r sjuksk\u00f6terskor! &#8211; 8820 namnunderskrifter visar p\u00e5 ett \u00f6verv\u00e4ldigande engagemang runt om i l\u00e4net, som protest mot landstingsmajoritetens st\u00e4ngning av v\u00e5rdplatser och kr\u00e4va att de \u00f6ppnas, och f\u00f6r att h\u00f6ja sjuksk\u00f6terskornas status. Inte bara i V\u00e4stervik, Oskarshamn och Kalmar, utan fr\u00e5n Gamleby till Tors\u00e5s, fr\u00e5n Read More","thumbnail_url":"http:\/\/wp.kristdemokraterna.se\/kalmarlan\/files\/2016\/11\/jl-gb-mr-300x230.jpg"}