{"version":"1.0","provider_name":"i Kalmar l\u00e4n","provider_url":"https:\/\/wp.kristdemokraterna.se\/kalmarlan","title":"KD Kalmar l\u00e4n bidrog till rafflande Riksting - i Kalmar l\u00e4n","type":"rich","width":600,"height":338,"html":"<blockquote class=\"wp-embedded-content\" data-secret=\"tw1cH9rzlk\"><a href=\"https:\/\/wp.kristdemokraterna.se\/kalmarlan\/rapport-fran-rikstinget\/\">KD Kalmar l\u00e4n bidrog till rafflande Riksting<\/a><\/blockquote><iframe sandbox=\"allow-scripts\" security=\"restricted\" src=\"https:\/\/wp.kristdemokraterna.se\/kalmarlan\/rapport-fran-rikstinget\/embed\/#?secret=tw1cH9rzlk\" width=\"600\" height=\"338\" title=\"\u201dKD Kalmar l\u00e4n bidrog till rafflande Riksting\u201d &ndash; i Kalmar l\u00e4n\" data-secret=\"tw1cH9rzlk\" frameborder=\"0\" marginwidth=\"0\" marginheight=\"0\" scrolling=\"no\" class=\"wp-embedded-content\"><\/iframe><script type=\"text\/javascript\">\n\/* <![CDATA[ *\/\n\/*! This file is auto-generated *\/\n!function(d,l){\"use strict\";l.querySelector&&d.addEventListener&&\"undefined\"!=typeof URL&&(d.wp=d.wp||{},d.wp.receiveEmbedMessage||(d.wp.receiveEmbedMessage=function(e){var t=e.data;if((t||t.secret||t.message||t.value)&&!\/[^a-zA-Z0-9]\/.test(t.secret)){for(var s,r,n,a=l.querySelectorAll('iframe[data-secret=\"'+t.secret+'\"]'),o=l.querySelectorAll('blockquote[data-secret=\"'+t.secret+'\"]'),c=new RegExp(\"^https?:$\",\"i\"),i=0;i<o.length;i++)o[i].style.display=\"none\";for(i=0;i<a.length;i++)s=a[i],e.source===s.contentWindow&&(s.removeAttribute(\"style\"),\"height\"===t.message?(1e3<(r=parseInt(t.value,10))?r=1e3:~~r<200&&(r=200),s.height=r):\"link\"===t.message&&(r=new URL(s.getAttribute(\"src\")),n=new URL(t.value),c.test(n.protocol))&&n.host===r.host&&l.activeElement===s&&(d.top.location.href=t.value))}},d.addEventListener(\"message\",d.wp.receiveEmbedMessage,!1),l.addEventListener(\"DOMContentLoaded\",function(){for(var e,t,s=l.querySelectorAll(\"iframe.wp-embedded-content\"),r=0;r<s.length;r++)(t=(e=s[r]).getAttribute(\"data-secret\"))||(t=Math.random().toString(36).substring(2,12),e.src+=\"#?secret=\"+t,e.setAttribute(\"data-secret\",t)),e.contentWindow.postMessage({message:\"ready\",secret:t},\"*\")},!1)))}(window,document);\n\/\/# sourceURL=https:\/\/wp.kristdemokraterna.se\/kalmarlan\/wp-includes\/js\/wp-embed.min.js\n\/* ]]> *\/\n<\/script>\n","description":"Ingen har v\u00e4l undg\u00e5tt den mediala uppm\u00e4rksamheten, b\u00e5de inf\u00f6r, under och efter Kristdemokraternas riksting i V\u00e4ster\u00e5s. En av de st\u00f6rsta fokusfr\u00e5gorna var December\u00f6verenskommelsen. En vecka innan Rikstinget s\u00e5 valde Kristdemokraterna i Kalmar l\u00e4n att mobilisera i fr\u00e5gan. Vi tyckte att december\u00f6verenskommelsen lade en v\u00e5t filt \u00f6ver hela den politiska debatten. Vi menade ocks\u00e5 att Stefan Read More","thumbnail_url":"https:\/\/wp.kristdemokraterna.se\/kalmarlan\/files\/2015\/10\/12122626_10204909091874617_4376715594038121374_n-405x540.jpg"}