{"version":"1.0","provider_name":"i Kalmar l\u00e4n","provider_url":"https:\/\/wp.kristdemokraterna.se\/kalmarlan","title":"Sjuksk\u00f6terskejobb i Sverige m\u00e5ste bli mer attraktivt! - i Kalmar l\u00e4n","type":"rich","width":600,"height":338,"html":"<blockquote class=\"wp-embedded-content\" data-secret=\"DwOAVQVL8g\"><a href=\"https:\/\/wp.kristdemokraterna.se\/kalmarlan\/sjukskoterskejobb-i-sverige-maste-bli-mer-attraktivt\/\">Sjuksk\u00f6terskejobb i Sverige m\u00e5ste bli mer attraktivt!<\/a><\/blockquote><iframe sandbox=\"allow-scripts\" security=\"restricted\" src=\"https:\/\/wp.kristdemokraterna.se\/kalmarlan\/sjukskoterskejobb-i-sverige-maste-bli-mer-attraktivt\/embed\/#?secret=DwOAVQVL8g\" width=\"600\" height=\"338\" title=\"\u201dSjuksk\u00f6terskejobb i Sverige m\u00e5ste bli mer attraktivt!\u201d &ndash; i Kalmar l\u00e4n\" data-secret=\"DwOAVQVL8g\" frameborder=\"0\" marginwidth=\"0\" marginheight=\"0\" scrolling=\"no\" class=\"wp-embedded-content\"><\/iframe><script type=\"text\/javascript\">\n\/* <![CDATA[ *\/\n\/*! This file is auto-generated *\/\n!function(d,l){\"use strict\";l.querySelector&&d.addEventListener&&\"undefined\"!=typeof URL&&(d.wp=d.wp||{},d.wp.receiveEmbedMessage||(d.wp.receiveEmbedMessage=function(e){var t=e.data;if((t||t.secret||t.message||t.value)&&!\/[^a-zA-Z0-9]\/.test(t.secret)){for(var s,r,n,a=l.querySelectorAll('iframe[data-secret=\"'+t.secret+'\"]'),o=l.querySelectorAll('blockquote[data-secret=\"'+t.secret+'\"]'),c=new RegExp(\"^https?:$\",\"i\"),i=0;i<o.length;i++)o[i].style.display=\"none\";for(i=0;i<a.length;i++)s=a[i],e.source===s.contentWindow&&(s.removeAttribute(\"style\"),\"height\"===t.message?(1e3<(r=parseInt(t.value,10))?r=1e3:~~r<200&&(r=200),s.height=r):\"link\"===t.message&&(r=new URL(s.getAttribute(\"src\")),n=new URL(t.value),c.test(n.protocol))&&n.host===r.host&&l.activeElement===s&&(d.top.location.href=t.value))}},d.addEventListener(\"message\",d.wp.receiveEmbedMessage,!1),l.addEventListener(\"DOMContentLoaded\",function(){for(var e,t,s=l.querySelectorAll(\"iframe.wp-embedded-content\"),r=0;r<s.length;r++)(t=(e=s[r]).getAttribute(\"data-secret\"))||(t=Math.random().toString(36).substring(2,12),e.src+=\"#?secret=\"+t,e.setAttribute(\"data-secret\",t)),e.contentWindow.postMessage({message:\"ready\",secret:t},\"*\")},!1)))}(window,document);\n\/\/# sourceURL=https:\/\/wp.kristdemokraterna.se\/kalmarlan\/wp-includes\/js\/wp-embed.min.js\n\/* ]]> *\/\n<\/script>\n","thumbnail_url":"https:\/\/wp.kristdemokraterna.se\/kalmarlan\/files\/2015\/01\/img_3465.jpg","thumbnail_width":2250,"thumbnail_height":3000,"description":"Det \u00e4r illavarslande att bristen p\u00e5 sjuksk\u00f6terskor nu \u00e4r s\u00e5 stor p\u00e5 V\u00e4sterviks sjukhus, att man inte klarar av att h\u00e5lla alla v\u00e5rdplatser \u00f6ppna ens under vinterhalv\u00e5ret. Det inger farh\u00e5gor om \u00e4nnu st\u00f6rre neddragningar till sommaren. Det s\u00e4ger Gudrun Bruneg\u00e5rd, Kristdemokraterna, med anledning av beskedet att \u00e5tta platser p\u00e5 medicinavdelning 5 kommer att st\u00e4ngas. &#8211; Read More"}