{"version":"1.0","provider_name":"i Kalmar l\u00e4n","provider_url":"https:\/\/wp.kristdemokraterna.se\/kalmarlan","title":"Skarpa f\u00f6rslag f\u00f6r att v\u00e4nda sjuksk\u00f6terskekrisen - i Kalmar l\u00e4n","type":"rich","width":600,"height":338,"html":"<blockquote class=\"wp-embedded-content\" data-secret=\"OZRgI9ABK9\"><a href=\"https:\/\/wp.kristdemokraterna.se\/kalmarlan\/skarpa-forslag-for-att-vanda-sjukskoterskekrisen\/\">Skarpa f\u00f6rslag f\u00f6r att v\u00e4nda sjuksk\u00f6terskekrisen<\/a><\/blockquote><iframe sandbox=\"allow-scripts\" security=\"restricted\" src=\"https:\/\/wp.kristdemokraterna.se\/kalmarlan\/skarpa-forslag-for-att-vanda-sjukskoterskekrisen\/embed\/#?secret=OZRgI9ABK9\" width=\"600\" height=\"338\" title=\"\u201dSkarpa f\u00f6rslag f\u00f6r att v\u00e4nda sjuksk\u00f6terskekrisen\u201d &ndash; i Kalmar l\u00e4n\" data-secret=\"OZRgI9ABK9\" frameborder=\"0\" marginwidth=\"0\" marginheight=\"0\" scrolling=\"no\" class=\"wp-embedded-content\"><\/iframe><script type=\"text\/javascript\">\n\/* <![CDATA[ *\/\n\/*! This file is auto-generated *\/\n!function(d,l){\"use strict\";l.querySelector&&d.addEventListener&&\"undefined\"!=typeof URL&&(d.wp=d.wp||{},d.wp.receiveEmbedMessage||(d.wp.receiveEmbedMessage=function(e){var t=e.data;if((t||t.secret||t.message||t.value)&&!\/[^a-zA-Z0-9]\/.test(t.secret)){for(var s,r,n,a=l.querySelectorAll('iframe[data-secret=\"'+t.secret+'\"]'),o=l.querySelectorAll('blockquote[data-secret=\"'+t.secret+'\"]'),c=new RegExp(\"^https?:$\",\"i\"),i=0;i<o.length;i++)o[i].style.display=\"none\";for(i=0;i<a.length;i++)s=a[i],e.source===s.contentWindow&&(s.removeAttribute(\"style\"),\"height\"===t.message?(1e3<(r=parseInt(t.value,10))?r=1e3:~~r<200&&(r=200),s.height=r):\"link\"===t.message&&(r=new URL(s.getAttribute(\"src\")),n=new URL(t.value),c.test(n.protocol))&&n.host===r.host&&l.activeElement===s&&(d.top.location.href=t.value))}},d.addEventListener(\"message\",d.wp.receiveEmbedMessage,!1),l.addEventListener(\"DOMContentLoaded\",function(){for(var e,t,s=l.querySelectorAll(\"iframe.wp-embedded-content\"),r=0;r<s.length;r++)(t=(e=s[r]).getAttribute(\"data-secret\"))||(t=Math.random().toString(36).substring(2,12),e.src+=\"#?secret=\"+t,e.setAttribute(\"data-secret\",t)),e.contentWindow.postMessage({message:\"ready\",secret:t},\"*\")},!1)))}(window,document);\n\/\/# sourceURL=https:\/\/wp.kristdemokraterna.se\/kalmarlan\/wp-includes\/js\/wp-embed.min.js\n\/* ]]> *\/\n<\/script>\n","description":"Oppositionsr\u00e5d Gudrun Bruneg\u00e5rd presenterar h\u00e4r Kristdemokraternas skarpa f\u00f6rslag f\u00f6r att v\u00e4nda sjuksk\u00f6terskekrisen i Landstinget i Kalmar l\u00e4n: Kristdemokraternas landstingsgrupp har under en l\u00e4ngre tid haft bemanningskrisen som ett h\u00f6gt prioriterat \u00e4mne vid v\u00e5ra m\u00f6ten. Vi ser med stor oro p\u00e5 dagens situation och vad den kan leda till i framtiden, om vi inte lyckas v\u00e4nda Read More"}