{"version":"1.0","provider_name":"i Kalmar l\u00e4n","provider_url":"https:\/\/wp.kristdemokraterna.se\/kalmarlan","title":"St\u00e4rkt f\u00f6r\u00e4ldrast\u00f6d klubbas i riksdagen idag - i Kalmar l\u00e4n","type":"rich","width":600,"height":338,"html":"<blockquote class=\"wp-embedded-content\" data-secret=\"E6OQ482I5l\"><a href=\"https:\/\/wp.kristdemokraterna.se\/kalmarlan\/starkt-foraldrastod-klubbas-i-riksdagen-idag\/\">St\u00e4rkt f\u00f6r\u00e4ldrast\u00f6d klubbas i riksdagen idag<\/a><\/blockquote><iframe sandbox=\"allow-scripts\" security=\"restricted\" src=\"https:\/\/wp.kristdemokraterna.se\/kalmarlan\/starkt-foraldrastod-klubbas-i-riksdagen-idag\/embed\/#?secret=E6OQ482I5l\" width=\"600\" height=\"338\" title=\"\u201dSt\u00e4rkt f\u00f6r\u00e4ldrast\u00f6d klubbas i riksdagen idag\u201d &ndash; i Kalmar l\u00e4n\" data-secret=\"E6OQ482I5l\" frameborder=\"0\" marginwidth=\"0\" marginheight=\"0\" scrolling=\"no\" class=\"wp-embedded-content\"><\/iframe><script type=\"text\/javascript\">\n\/* <![CDATA[ *\/\n\/*! This file is auto-generated *\/\n!function(d,l){\"use strict\";l.querySelector&&d.addEventListener&&\"undefined\"!=typeof URL&&(d.wp=d.wp||{},d.wp.receiveEmbedMessage||(d.wp.receiveEmbedMessage=function(e){var t=e.data;if((t||t.secret||t.message||t.value)&&!\/[^a-zA-Z0-9]\/.test(t.secret)){for(var s,r,n,a=l.querySelectorAll('iframe[data-secret=\"'+t.secret+'\"]'),o=l.querySelectorAll('blockquote[data-secret=\"'+t.secret+'\"]'),c=new RegExp(\"^https?:$\",\"i\"),i=0;i<o.length;i++)o[i].style.display=\"none\";for(i=0;i<a.length;i++)s=a[i],e.source===s.contentWindow&&(s.removeAttribute(\"style\"),\"height\"===t.message?(1e3<(r=parseInt(t.value,10))?r=1e3:~~r<200&&(r=200),s.height=r):\"link\"===t.message&&(r=new URL(s.getAttribute(\"src\")),n=new URL(t.value),c.test(n.protocol))&&n.host===r.host&&l.activeElement===s&&(d.top.location.href=t.value))}},d.addEventListener(\"message\",d.wp.receiveEmbedMessage,!1),l.addEventListener(\"DOMContentLoaded\",function(){for(var e,t,s=l.querySelectorAll(\"iframe.wp-embedded-content\"),r=0;r<s.length;r++)(t=(e=s[r]).getAttribute(\"data-secret\"))||(t=Math.random().toString(36).substring(2,12),e.src+=\"#?secret=\"+t,e.setAttribute(\"data-secret\",t)),e.contentWindow.postMessage({message:\"ready\",secret:t},\"*\")},!1)))}(window,document);\n\/\/# sourceURL=https:\/\/wp.kristdemokraterna.se\/kalmarlan\/wp-includes\/js\/wp-embed.min.js\n\/* ]]> *\/\n<\/script>\n","description":"Pressmeddelande Stockholm 29 april 2014 \u2013 F\u00f6r\u00e4ldrarna \u00e4r de viktigaste personerna i barnens liv och f\u00f6r att klara sin viktiga uppgift vill vi ge st\u00f6d n\u00e4r det beh\u00f6vs. Att vara f\u00f6r\u00e4lder betyder mycket gl\u00e4dje men det inneb\u00e4r ocks\u00e5 stora krav. Det s\u00e4ger Anders Andersson, riksdagsledamot (Kd) fr\u00e5n Kalmar l\u00e4n i samband med att riksdagen idag Read More"}