{"version":"1.0","provider_name":"i Kalmar l\u00e4n","provider_url":"https:\/\/wp.kristdemokraterna.se\/kalmarlan","title":"Valplattform med m\u00e4nniskov\u00e4rde och gratis parkering - i Kalmar l\u00e4n","type":"rich","width":600,"height":338,"html":"<blockquote class=\"wp-embedded-content\" data-secret=\"PDbiLBGC1M\"><a href=\"https:\/\/wp.kristdemokraterna.se\/kalmarlan\/valplattform-med-manniskovarde-och-gratis-parkering\/\">Valplattform med m\u00e4nniskov\u00e4rde och gratis parkering<\/a><\/blockquote><iframe sandbox=\"allow-scripts\" security=\"restricted\" src=\"https:\/\/wp.kristdemokraterna.se\/kalmarlan\/valplattform-med-manniskovarde-och-gratis-parkering\/embed\/#?secret=PDbiLBGC1M\" width=\"600\" height=\"338\" title=\"\u201dValplattform med m\u00e4nniskov\u00e4rde och gratis parkering\u201d &ndash; i Kalmar l\u00e4n\" data-secret=\"PDbiLBGC1M\" frameborder=\"0\" marginwidth=\"0\" marginheight=\"0\" scrolling=\"no\" class=\"wp-embedded-content\"><\/iframe><script type=\"text\/javascript\">\n\/* <![CDATA[ *\/\n\/*! This file is auto-generated *\/\n!function(d,l){\"use strict\";l.querySelector&&d.addEventListener&&\"undefined\"!=typeof URL&&(d.wp=d.wp||{},d.wp.receiveEmbedMessage||(d.wp.receiveEmbedMessage=function(e){var t=e.data;if((t||t.secret||t.message||t.value)&&!\/[^a-zA-Z0-9]\/.test(t.secret)){for(var s,r,n,a=l.querySelectorAll('iframe[data-secret=\"'+t.secret+'\"]'),o=l.querySelectorAll('blockquote[data-secret=\"'+t.secret+'\"]'),c=new RegExp(\"^https?:$\",\"i\"),i=0;i<o.length;i++)o[i].style.display=\"none\";for(i=0;i<a.length;i++)s=a[i],e.source===s.contentWindow&&(s.removeAttribute(\"style\"),\"height\"===t.message?(1e3<(r=parseInt(t.value,10))?r=1e3:~~r<200&&(r=200),s.height=r):\"link\"===t.message&&(r=new URL(s.getAttribute(\"src\")),n=new URL(t.value),c.test(n.protocol))&&n.host===r.host&&l.activeElement===s&&(d.top.location.href=t.value))}},d.addEventListener(\"message\",d.wp.receiveEmbedMessage,!1),l.addEventListener(\"DOMContentLoaded\",function(){for(var e,t,s=l.querySelectorAll(\"iframe.wp-embedded-content\"),r=0;r<s.length;r++)(t=(e=s[r]).getAttribute(\"data-secret\"))||(t=Math.random().toString(36).substring(2,12),e.src+=\"#?secret=\"+t,e.setAttribute(\"data-secret\",t)),e.contentWindow.postMessage({message:\"ready\",secret:t},\"*\")},!1)))}(window,document);\n\/\/# sourceURL=https:\/\/wp.kristdemokraterna.se\/kalmarlan\/wp-includes\/js\/wp-embed.min.js\n\/* ]]> *\/\n<\/script>\n","description":"V\u00e5r sjukv\u00e5rdspolitik bygger p\u00e5 v\u00e5r grundsyn att varje m\u00e4nniska \u00e4r en unik och oers\u00e4ttlig person och har samma absoluta och okr\u00e4nkbara v\u00e4rde oavsett k\u00f6n, \u00e5lder, social position, etnisk och religi\u00f6s tillh\u00f6righet, sexuell l\u00e4ggning eller k\u00f6nsidentitet. M\u00e4nniskan \u00e4r ett m\u00e5l i sig och ingen annan m\u00e4nniska f\u00e5r \u00e4ga henne eller anv\u00e4nda henne som ett medel. I Read More","thumbnail_url":"http:\/\/wp.kristdemokraterna.se\/kalmarlan\/files\/2014\/08\/framsida-212x300.jpg"}