{"id":4165,"date":"2019-01-22T11:09:57","date_gmt":"2019-01-22T10:09:57","guid":{"rendered":"http:\/\/wp.kristdemokraterna.se\/kdsenior\/?page_id=4165"},"modified":"2019-11-29T11:36:40","modified_gmt":"2019-11-29T10:36:40","slug":"om-oss","status":"publish","type":"page","link":"https:\/\/wp.kristdemokraterna.se\/kdsenior\/om-oss\/","title":{"rendered":"Kontakt och info"},"content":{"rendered":"<p><strong>Seniorf\u00f6rbundet<\/strong><br \/>\nMed mottot F\u00f6r en politik med seniora \u00f6gon verkar Kristdemokratiska Seniorf\u00f6rbundet (KD Senior) f\u00f6r att genom politiska reformer fr\u00e4mja \u00e4ldre medm\u00e4nniskors intressen, r\u00e4ttigheter och best\u00e5ende livskvalitet.<br \/>\nSeniorf\u00f6rbundet bildades efter ett beslut av Kristdemokraternas riksting 1993 och \u00e4r sedan dess ett associerat f\u00f6rbund till partiet Kristdemokraterna. F\u00f6rbundet ser som en av sina huvuduppgifter att inom och utom det kristdemokratiska partiet betona vikten av en fullgod v\u00e5rd och omsorg f\u00f6r beh\u00f6vande \u00e4ldre.<\/p>\n<p>Att uppm\u00e4rksamma behovet av en s\u00e4ker finansiering av \u00e4ldrev\u00e5rden liksom av en god ekonomi f\u00f6r \u00e4ldre genom fr\u00e4mst trygga pensioner \u00e4r, inte minst mot bakgrund av den stora \u00f6kningen av \u00e4ldre samh\u00e4llsinv\u00e5nare, som lever allt l\u00e4ngre, en prioriterad uppgift f\u00f6r f\u00f6rbundet. Seniorf\u00f6rbundet agerar f\u00f6r att seniorer ges m\u00f6jligheter att vara fortsatt aktiva i samh\u00e4llet: p\u00e5 arbetsmarknaden, i civilsamh\u00e4llet, med politiska f\u00f6rtroendeuppdrag, med mera. Ett v\u00e4rdigt bem\u00f6tande av \u00e4ldre medm\u00e4nniskor innefattar enligt f\u00f6rbundets uppfattning s\u00e5v\u00e4l en kvalitativ v\u00e5rd och trygg omsorg som s\u00e4kra pensioner samt att \u00e4ldre personers samlade erfarenhet och kunskap tas v\u00e4l tillvara.<\/p>\n<p>Genom att anv\u00e4nda v\u00e5ra medlemmars f\u00f6rv\u00e4rvade kompetens och erfarenhet fr\u00e5n olika samh\u00e4llsf\u00e4lt s\u00f6ker f\u00f6rbundet bidra till att utveckla det kristdemokratiska partiets politik, inte bara i \u00e4ldrefr\u00e5gor utan ocks\u00e5 allm\u00e4nt. F\u00f6rbundet verkar runtom i Sverige och deltar \u2013 genom Europeiska Seniorunionen, ESU \u2013 \u00e4ven i det paneuropeiska seniorsamarbetet.<\/p>\n<p>Genom v\u00e5rt lokala arbete vill f\u00f6rbundet \u00e4ven ge \u00e4ldre kristdemokrater och sympatis\u00f6rer m\u00f6jlighet till en stimulerande samvaro med tillf\u00e4llen till b\u00e5de politiskt tankeutbyte och en social gemenskap.<\/p>\n<p><strong>Ledning, organisation, verksamhet och ekonomi<\/strong><\/p>\n<p>Lars O Molin \u00e4r f\u00f6rbundsordf\u00f6rande sedan 26 april 2019. Leif Hallberg var f\u00f6rbundsordf\u00f6rande\u00a0 14 april 2016-26 april 2019. Han var \u00e4ven f\u00f6rbundsordf\u00f6rande 2007-2013. Tidigare ordf\u00f6randen \u00e4r Jerzy Einhorn (1993 \u2013 2000), Stig Nyman (2000 \u2013 2002), Bror Stefenson (2002 \u2013 2007), Jan Erik \u00c5gren (2013-2015) och Sture Eriksson (2015).<\/p>\n<p>Hedersmedlem och hedersordf\u00f6rande \u00e4r Leif Hallberg sedan 2 april 2019.<\/p>\n<p>Tidigare hedersordf\u00f6rande: Bror Stefenson fram till sin bortg\u00e5ng 2018. Hedersmedlem \u00e4r tidigare partiordf\u00f6randen, fd partiledare och fd europaparlamentariker f\u00f6r KD, Alf Svensson. F\u00f6rbundssekreterare \u00e4r Maria Wilhelmson.<\/p>\n<p><strong>Organisationsstrukturen<\/strong><\/p>\n<p>F\u00f6rbundet verkar p\u00e5 tre niv\u00e5er: riks, regionalt och lokalt. H\u00f6gsta beslutande organ \u00e4r f\u00f6rbundets riks\u00e5rsm\u00f6te, Seniortinget, d\u00e4r varje f\u00f6rbundsdistrikt \u00e4r representerat med ombud. Mellan riks\u00e5rsm\u00f6tena leds f\u00f6rbundet av f\u00f6rbundsstyrelsen samt p\u00e5 regional och lokal niv\u00e5 av seniordistriktens och dessas lokalavdelningars respektive styrelser. F\u00f6rbundets verksamhet bedrivs huvudsakligen som medlemsm\u00f6ten och offentliga m\u00f6ten med politiska diskussioner och samkv\u00e4m.<\/p>\n<p>D\u00e4rut\u00f6ver sker bes\u00f6k p\u00e5 \u00e4ldreboenden, studiebes\u00f6k, medlemsutbildning och utflykter. F\u00f6rbundsledningen och enskilda medlemmar agerar ocks\u00e5 genom debattartiklar och ins\u00e4ndare i tidningarna samt uttalanden och pressmeddelanden. I flera seniordistrikt deltar medlemmarna \u00e4ven i partiorganisationens ut\u00e5triktade aktiviteter. Verksamheten finansieras dels genom bidrag fr\u00e5n det kristdemokratiska partiet, dels genom medlemsavgifter och frivilliga g\u00e5vor.<\/p>\n<p>Seniorf\u00f6rbundet \u00e4r representerat i Kristdemokraternas partistyrelse.<\/p>\n<p>KD Senior finns p\u00e5 Facebook.<\/p>\n","protected":false},"excerpt":{"rendered":"<p>Seniorf\u00f6rbundet Med mottot F\u00f6r en politik med seniora \u00f6gon verkar Kristdemokratiska Seniorf\u00f6rbundet (KD Senior) f\u00f6r att genom politiska reformer fr\u00e4mja \u00e4ldre medm\u00e4nniskors intressen, r\u00e4ttigheter och best\u00e5ende livskvalitet. Seniorf\u00f6rbundet bildades efter ett beslut av Kristdemokraternas riksting 1993 och \u00e4r sedan dess ett associerat f\u00f6rbund till partiet Kristdemokraterna. F\u00f6rbundet ser som en av sina huvuduppgifter att inom <a class=\"read-more-link\" href=\"https:\/\/wp.kristdemokraterna.se\/kdsenior\/om-oss\/\">Read More<\/a><\/p>\n","protected":false},"author":444,"featured_media":4278,"parent":0,"menu_order":0,"comment_status":"closed","ping_status":"closed","template":"page.php","meta":{"_acf_changed":false,"footnotes":""},"class_list":["post-4165","page","type-page","status-publish","hentry"],"acf":[],"yoast_head":"<!-- This site is optimized with the Yoast SEO plugin v27.5 - https:\/\/yoast.com\/product\/yoast-seo-wordpress\/ -->\n<title>Kontakt och info - KD Senior<\/title>\n<meta name=\"robots\" content=\"index, follow, max-snippet:-1, max-image-preview:large, max-video-preview:-1\" \/>\n<link rel=\"canonical\" href=\"https:\/\/wp.kristdemokraterna.se\/kdsenior\/om-oss\/\" \/>\n<meta property=\"og:locale\" content=\"sv_SE\" \/>\n<meta property=\"og:type\" content=\"article\" \/>\n<meta property=\"og:title\" content=\"Kontakt och info - KD Senior\" \/>\n<meta property=\"og:description\" content=\"Seniorf\u00f6rbundet Med mottot F\u00f6r en politik med seniora \u00f6gon verkar Kristdemokratiska Seniorf\u00f6rbundet (KD Senior) f\u00f6r att genom politiska reformer fr\u00e4mja \u00e4ldre medm\u00e4nniskors intressen, r\u00e4ttigheter och best\u00e5ende livskvalitet. Seniorf\u00f6rbundet bildades efter ett beslut av Kristdemokraternas riksting 1993 och \u00e4r sedan dess ett associerat f\u00f6rbund till partiet Kristdemokraterna. F\u00f6rbundet ser som en av sina huvuduppgifter att inom Read More\" \/>\n<meta property=\"og:url\" content=\"https:\/\/wp.kristdemokraterna.se\/kdsenior\/om-oss\/\" \/>\n<meta property=\"og:site_name\" content=\"KD Senior\" \/>\n<meta property=\"article:modified_time\" content=\"2019-11-29T10:36:40+00:00\" \/>\n<meta property=\"og:image\" content=\"https:\/\/wp.kristdemokraterna.se\/kdsenior\/files\/2019\/01\/standard.png\" \/>\n\t<meta property=\"og:image:width\" content=\"770\" \/>\n\t<meta property=\"og:image:height\" content=\"390\" \/>\n\t<meta property=\"og:image:type\" content=\"image\/png\" \/>\n<meta name=\"twitter:card\" content=\"summary_large_image\" \/>\n<meta name=\"twitter:label1\" content=\"Ber\u00e4knad l\u00e4stid\" \/>\n\t<meta name=\"twitter:data1\" content=\"3 minuter\" \/>\n<script type=\"application\/ld+json\" class=\"yoast-schema-graph\">{\"@context\":\"https:\\\/\\\/schema.org\",\"@graph\":[{\"@type\":\"WebPage\",\"@id\":\"https:\\\/\\\/wp.kristdemokraterna.se\\\/kdsenior\\\/om-oss\\\/\",\"url\":\"https:\\\/\\\/wp.kristdemokraterna.se\\\/kdsenior\\\/om-oss\\\/\",\"name\":\"Kontakt och info - KD Senior\",\"isPartOf\":{\"@id\":\"https:\\\/\\\/wp.kristdemokraterna.se\\\/kdsenior\\\/#website\"},\"primaryImageOfPage\":{\"@id\":\"https:\\\/\\\/wp.kristdemokraterna.se\\\/kdsenior\\\/om-oss\\\/#primaryimage\"},\"image\":{\"@id\":\"https:\\\/\\\/wp.kristdemokraterna.se\\\/kdsenior\\\/om-oss\\\/#primaryimage\"},\"thumbnailUrl\":\"https:\\\/\\\/wp.kristdemokraterna.se\\\/kdsenior\\\/files\\\/2019\\\/01\\\/standard.png\",\"datePublished\":\"2019-01-22T10:09:57+00:00\",\"dateModified\":\"2019-11-29T10:36:40+00:00\",\"breadcrumb\":{\"@id\":\"https:\\\/\\\/wp.kristdemokraterna.se\\\/kdsenior\\\/om-oss\\\/#breadcrumb\"},\"inLanguage\":\"sv-SE\",\"potentialAction\":[{\"@type\":\"ReadAction\",\"target\":[\"https:\\\/\\\/wp.kristdemokraterna.se\\\/kdsenior\\\/om-oss\\\/\"]}]},{\"@type\":\"ImageObject\",\"inLanguage\":\"sv-SE\",\"@id\":\"https:\\\/\\\/wp.kristdemokraterna.se\\\/kdsenior\\\/om-oss\\\/#primaryimage\",\"url\":\"https:\\\/\\\/wp.kristdemokraterna.se\\\/kdsenior\\\/files\\\/2019\\\/01\\\/standard.png\",\"contentUrl\":\"https:\\\/\\\/wp.kristdemokraterna.se\\\/kdsenior\\\/files\\\/2019\\\/01\\\/standard.png\",\"width\":770,\"height\":390},{\"@type\":\"BreadcrumbList\",\"@id\":\"https:\\\/\\\/wp.kristdemokraterna.se\\\/kdsenior\\\/om-oss\\\/#breadcrumb\",\"itemListElement\":[{\"@type\":\"ListItem\",\"position\":1,\"name\":\"Hem\",\"item\":\"https:\\\/\\\/wp.kristdemokraterna.se\\\/kdsenior\\\/\"},{\"@type\":\"ListItem\",\"position\":2,\"name\":\"Kontakt och info\"}]},{\"@type\":\"WebSite\",\"@id\":\"https:\\\/\\\/wp.kristdemokraterna.se\\\/kdsenior\\\/#website\",\"url\":\"https:\\\/\\\/wp.kristdemokraterna.se\\\/kdsenior\\\/\",\"name\":\"KD Senior\",\"description\":\"Seniorer h\u00e5ller ihop Sverige!\",\"inLanguage\":\"sv-SE\"}]}<\/script>\n<!-- \/ Yoast SEO plugin. -->","yoast_head_json":{"title":"Kontakt och info - KD Senior","robots":{"index":"index","follow":"follow","max-snippet":"max-snippet:-1","max-image-preview":"max-image-preview:large","max-video-preview":"max-video-preview:-1"},"canonical":"https:\/\/wp.kristdemokraterna.se\/kdsenior\/om-oss\/","og_locale":"sv_SE","og_type":"article","og_title":"Kontakt och info - KD Senior","og_description":"Seniorf\u00f6rbundet Med mottot F\u00f6r en politik med seniora \u00f6gon verkar Kristdemokratiska Seniorf\u00f6rbundet (KD Senior) f\u00f6r att genom politiska reformer fr\u00e4mja \u00e4ldre medm\u00e4nniskors intressen, r\u00e4ttigheter och best\u00e5ende livskvalitet. Seniorf\u00f6rbundet bildades efter ett beslut av Kristdemokraternas riksting 1993 och \u00e4r sedan dess ett associerat f\u00f6rbund till partiet Kristdemokraterna. F\u00f6rbundet ser som en av sina huvuduppgifter att inom Read More","og_url":"https:\/\/wp.kristdemokraterna.se\/kdsenior\/om-oss\/","og_site_name":"KD Senior","article_modified_time":"2019-11-29T10:36:40+00:00","og_image":[{"width":770,"height":390,"url":"https:\/\/wp.kristdemokraterna.se\/kdsenior\/files\/2019\/01\/standard.png","type":"image\/png"}],"twitter_card":"summary_large_image","twitter_misc":{"Ber\u00e4knad l\u00e4stid":"3 minuter"},"schema":{"@context":"https:\/\/schema.org","@graph":[{"@type":"WebPage","@id":"https:\/\/wp.kristdemokraterna.se\/kdsenior\/om-oss\/","url":"https:\/\/wp.kristdemokraterna.se\/kdsenior\/om-oss\/","name":"Kontakt och info - KD Senior","isPartOf":{"@id":"https:\/\/wp.kristdemokraterna.se\/kdsenior\/#website"},"primaryImageOfPage":{"@id":"https:\/\/wp.kristdemokraterna.se\/kdsenior\/om-oss\/#primaryimage"},"image":{"@id":"https:\/\/wp.kristdemokraterna.se\/kdsenior\/om-oss\/#primaryimage"},"thumbnailUrl":"https:\/\/wp.kristdemokraterna.se\/kdsenior\/files\/2019\/01\/standard.png","datePublished":"2019-01-22T10:09:57+00:00","dateModified":"2019-11-29T10:36:40+00:00","breadcrumb":{"@id":"https:\/\/wp.kristdemokraterna.se\/kdsenior\/om-oss\/#breadcrumb"},"inLanguage":"sv-SE","potentialAction":[{"@type":"ReadAction","target":["https:\/\/wp.kristdemokraterna.se\/kdsenior\/om-oss\/"]}]},{"@type":"ImageObject","inLanguage":"sv-SE","@id":"https:\/\/wp.kristdemokraterna.se\/kdsenior\/om-oss\/#primaryimage","url":"https:\/\/wp.kristdemokraterna.se\/kdsenior\/files\/2019\/01\/standard.png","contentUrl":"https:\/\/wp.kristdemokraterna.se\/kdsenior\/files\/2019\/01\/standard.png","width":770,"height":390},{"@type":"BreadcrumbList","@id":"https:\/\/wp.kristdemokraterna.se\/kdsenior\/om-oss\/#breadcrumb","itemListElement":[{"@type":"ListItem","position":1,"name":"Hem","item":"https:\/\/wp.kristdemokraterna.se\/kdsenior\/"},{"@type":"ListItem","position":2,"name":"Kontakt och info"}]},{"@type":"WebSite","@id":"https:\/\/wp.kristdemokraterna.se\/kdsenior\/#website","url":"https:\/\/wp.kristdemokraterna.se\/kdsenior\/","name":"KD Senior","description":"Seniorer h\u00e5ller ihop Sverige!","inLanguage":"sv-SE"}]}},"_links":{"self":[{"href":"https:\/\/wp.kristdemokraterna.se\/kdsenior\/wp-json\/wp\/v2\/pages\/4165","targetHints":{"allow":["GET"]}}],"collection":[{"href":"https:\/\/wp.kristdemokraterna.se\/kdsenior\/wp-json\/wp\/v2\/pages"}],"about":[{"href":"https:\/\/wp.kristdemokraterna.se\/kdsenior\/wp-json\/wp\/v2\/types\/page"}],"author":[{"embeddable":true,"href":"https:\/\/wp.kristdemokraterna.se\/kdsenior\/wp-json\/wp\/v2\/users\/444"}],"replies":[{"embeddable":true,"href":"https:\/\/wp.kristdemokraterna.se\/kdsenior\/wp-json\/wp\/v2\/comments?post=4165"}],"version-history":[{"count":8,"href":"https:\/\/wp.kristdemokraterna.se\/kdsenior\/wp-json\/wp\/v2\/pages\/4165\/revisions"}],"predecessor-version":[{"id":4597,"href":"https:\/\/wp.kristdemokraterna.se\/kdsenior\/wp-json\/wp\/v2\/pages\/4165\/revisions\/4597"}],"wp:featuredmedia":[{"embeddable":true,"href":"https:\/\/wp.kristdemokraterna.se\/kdsenior\/wp-json\/wp\/v2\/media\/4278"}],"wp:attachment":[{"href":"https:\/\/wp.kristdemokraterna.se\/kdsenior\/wp-json\/wp\/v2\/media?parent=4165"}],"curies":[{"name":"wp","href":"https:\/\/api.w.org\/{rel}","templated":true}]}}