{"id":508,"date":"2012-06-07T10:55:14","date_gmt":"2012-06-07T08:55:14","guid":{"rendered":"http:\/\/www.kdsenior.se\/?page_id=508"},"modified":"2026-08-18T16:34:50","modified_gmt":"2026-08-18T14:34:50","slug":"material-att-ladda-ner","status":"publish","type":"page","link":"https:\/\/wp.kristdemokraterna.se\/kdsenior\/om-oss\/material-att-ladda-ner\/","title":{"rendered":"Material att ladda ner"},"content":{"rendered":"<p><strong>H\u00e4r hittar du tryckbara flygblad att ladda ner (klicka p\u00e5 de olika l\u00e4nkarna f\u00f6r att \u00f6ppna filerna och spara dem i din dator).\u00a0<\/strong><\/p>\n<h3 align=\"left\">Aktuella flygblad<\/h3>\n<div align=\"left\"><figure class=\"kdpm-pdf-card kdpm-align-left\" style=\"--kdpm-thumb-width:300px\"><a class=\"kdpm-card-trigger\" href=\"https:\/\/wp.kristdemokraterna.se\/kdsenior\/files\/2026\/06\/flygblad-politik-med-seniora-ogon-2.pdf\" aria-label=\"\u00d6ppna PDF-dokumentet test\" data-kdpm-url=\"https:\/\/wp.kristdemokraterna.se\/kdsenior\/files\/2026\/06\/flygblad-politik-med-seniora-ogon-2.pdf\" data-kdpm-title=\"test\" data-kdpm-view=\"flipbook\" data-kdpm-pages=\"2\" data-kdpm-render-ready=\"1\" data-kdpm-page-base=\"http:\/\/wp.kristdemokraterna.se\/kdsenior\/files\/kd-pdf-manager-pages\/document-5904\/attachment-5866\/\" data-kdpm-page-images=\"[[1,&quot;page-0001.jpg&quot;,1275,1650,&quot;portrait&quot;],[2,&quot;page-0002.jpg&quot;,1275,1650,&quot;portrait&quot;]]\" data-kdpm-download=\"1\" data-kdpm-print=\"1\"><span class=\"kdpm-card-image-wrap\"><img decoding=\"async\" class=\"kdpm-card-image\" src=\"https:\/\/wp.kristdemokraterna.se\/kdsenior\/files\/2026\/06\/flygblad-politik-med-seniora-ogon-2-pdf-232x300.jpg\" alt=\"\"><\/span><span class=\"kdpm-card-title\">test<\/span><span class=\"kdpm-card-info\">2 sidor \u00b7 2,3 MB<\/span><\/a><\/figure><\/div>\n<div align=\"left\"><\/div>\n<div align=\"left\">KD Seniors flygblad &#8221;Politik med seniora \u00f6gon&#8221;.<\/div>\n<div align=\"left\"><a href=\"http:\/\/wp.kristdemokraterna.se\/kdsenior\/files\/2026\/06\/flygblad-politik-med-seniora-ogon-2.pdf\">Flygblad &#8211; Politik med seniora \u00f6gon 2<\/a><\/div>\n<div align=\"left\">\n<p>Flygbladen har samma baksida.<\/p>\n<p><strong>Flygblad 1<\/strong> &#8211; Tid f\u00f6r internationell konvention \u00e4ldres r\u00e4ttigheter.<\/p>\n<p><a href=\"http:\/\/wp.kristdemokraterna.se\/kdsenior\/files\/2025\/10\/seniordagen-1-oktober-a4-flygblad-dubbelsidigt.pdf\">Seniordagen 1 oktober (A4) flygblad dubbelsidigt<\/a><\/p>\n<p><strong>Flygblad 2<\/strong> &#8211; ingen ska beh\u00f6va sluta le<\/p>\n<p><a href=\"http:\/\/wp.kristdemokraterna.se\/kdsenior\/files\/2025\/10\/god-munhalsa-a4-blad.pdf\">god munh\u00e4lsa A4-blad<\/a><\/p>\n<p><strong>Flygblad 3<\/strong><\/p>\n<\/div>\n<div align=\"left\"><a href=\"http:\/\/wp.kristdemokraterna.se\/kdsenior\/files\/2025\/02\/2000-talets-tandvardsreform.pdf\">2000-talets Tandv\u00e5rdsreform\u00a0<\/a><\/div>\n<div align=\"left\"><\/div>\n<div align=\"left\"><\/div>\n<div align=\"left\">H\u00e4r \u00e4r n\u00e5gra lite \u00e4ldre material &#8211; men med fortsatt aktuella fr\u00e5gor.<\/div>\n<div align=\"left\"><\/div>\n<div align=\"left\"><strong>Flygblad 4<\/strong><\/div>\n<div align=\"left\">\n<p><a href=\"http:\/\/wp.kristdemokraterna.se\/kdsenior\/files\/2019\/09\/flygblad_pension.pdf\">Dags att se \u00f6ver pensionssystemet<\/a><\/p>\n<\/div>\n<div align=\"left\">\n<div align=\"left\"><strong>Flygblad 5<\/strong><\/div>\n<div align=\"left\">\n<p><a href=\"http:\/\/wp.kristdemokraterna.se\/kdsenior\/files\/2019\/09\/flygblad_alderism.pdf\">Upp till kamp mot \u00e5lderismen<\/a><\/p>\n<\/div>\n<div align=\"left\">\n<div align=\"left\"><strong>Flygblad 6<\/strong><\/div>\n<div align=\"left\">\n<p><a href=\"http:\/\/wp.kristdemokraterna.se\/kdsenior\/files\/2019\/09\/flygblad_psykhalsa.pdf\">En psykiatri med fokus p\u00e5 seniorers oh\u00e4lsa<\/a><\/p>\n<\/div>\n<\/div>\n<\/div>\n<div align=\"left\"><\/div>\n","protected":false},"excerpt":{"rendered":"<p>H\u00e4r hittar du tryckbara flygblad att ladda ner (klicka p\u00e5 de olika l\u00e4nkarna f\u00f6r att \u00f6ppna filerna och spara dem i din dator).\u00a0 Aktuella flygblad KD Seniors flygblad &#8221;Politik med seniora \u00f6gon&#8221;. Flygblad &#8211; Politik med seniora \u00f6gon 2 Flygbladen har samma baksida. Flygblad 1 &#8211; Tid f\u00f6r internationell konvention \u00e4ldres r\u00e4ttigheter. Seniordagen 1 oktober <a class=\"read-more-link\" href=\"https:\/\/wp.kristdemokraterna.se\/kdsenior\/om-oss\/material-att-ladda-ner\/\">Read More<\/a><\/p>\n","protected":false},"author":819,"featured_media":4278,"parent":4165,"menu_order":3,"comment_status":"closed","ping_status":"closed","template":"","meta":{"_acf_changed":false,"footnotes":""},"class_list":["post-508","page","type-page","status-publish","hentry"],"acf":[],"_links":{"self":[{"href":"https:\/\/wp.kristdemokraterna.se\/kdsenior\/wp-json\/wp\/v2\/pages\/508","targetHints":{"allow":["GET"]}}],"collection":[{"href":"https:\/\/wp.kristdemokraterna.se\/kdsenior\/wp-json\/wp\/v2\/pages"}],"about":[{"href":"https:\/\/wp.kristdemokraterna.se\/kdsenior\/wp-json\/wp\/v2\/types\/page"}],"author":[{"embeddable":true,"href":"https:\/\/wp.kristdemokraterna.se\/kdsenior\/wp-json\/wp\/v2\/users\/819"}],"replies":[{"embeddable":true,"href":"https:\/\/wp.kristdemokraterna.se\/kdsenior\/wp-json\/wp\/v2\/comments?post=508"}],"version-history":[{"count":17,"href":"https:\/\/wp.kristdemokraterna.se\/kdsenior\/wp-json\/wp\/v2\/pages\/508\/revisions"}],"predecessor-version":[{"id":5905,"href":"https:\/\/wp.kristdemokraterna.se\/kdsenior\/wp-json\/wp\/v2\/pages\/508\/revisions\/5905"}],"up":[{"embeddable":true,"href":"https:\/\/wp.kristdemokraterna.se\/kdsenior\/wp-json\/wp\/v2\/pages\/4165"}],"wp:attachment":[{"href":"https:\/\/wp.kristdemokraterna.se\/kdsenior\/wp-json\/wp\/v2\/media?parent=508"}],"curies":[{"name":"wp","href":"https:\/\/api.w.org\/{rel}","templated":true}]}}