{"id":66,"date":"2014-09-03T15:19:26","date_gmt":"2014-09-03T13:19:26","guid":{"rendered":"http:\/\/wp.kristdemokraterna.se\/kinda\/?page_id=66"},"modified":"2014-09-25T12:35:01","modified_gmt":"2014-09-25T10:35:01","slug":"fortroendevalda-2010-2014","status":"publish","type":"page","link":"https:\/\/wp.kristdemokraterna.se\/kinda\/kontakta-oss\/fortroendevalda-2010-2014\/","title":{"rendered":"F\u00f6rtroendevalda 2010-2014"},"content":{"rendered":"<p style=\"text-align: left\"><em>Kinda kommun 2010-2014<\/em><\/p>\n<p><strong>Kommunfullm\u00e4ktige<\/strong> (<span style=\"color: #ff0000\">tom 31 okt 2014<\/span>)<br \/>\n<a href=\"https:\/\/www.kristdemokraterna.se\/Kontaktportal\/Kontaktportalsida\/?pId=17852\" target=\"_blank\">Lena K\u00e4cker Johansson<\/a>, ledamot, gruppledare<br \/>\n<a href=\"https:\/\/www.kristdemokraterna.se\/Kontaktportal\/Kontaktportalsida\/?pId=10551\" target=\"_blank\">Kalle Sandell<\/a>, ledamot<br \/>\n<a href=\"https:\/\/www.kristdemokraterna.se\/Kontaktportal\/Kontaktportalsida\/?pId=91410\" target=\"_blank\">Madelene Westerdahl<\/a>, ers\u00e4ttare<br \/>\n<a href=\"https:\/\/www.kristdemokraterna.se\/Kontaktportal\/Kontaktportalsida\/?pId=9942\" target=\"_blank\">Ingevald Abrahamsson<\/a>, ers\u00e4ttare<\/p>\n<p><strong>Kommunfullm\u00e4ktiges<\/strong> v<strong>alberedning<\/strong> (<span style=\"color: #ff0000\">tom 31 okt 2014<\/span>)<br \/>\n<a href=\"https:\/\/www.kristdemokraterna.se\/Kontaktportal\/Kontaktportalsida\/?pId=17852\" target=\"_blank\">Lena K\u00e4cker Johansson<\/a>, ledamot, gruppledare<\/p>\n<p><strong>Kommunstyrelsen <\/strong><br \/>\n<a href=\"https:\/\/www.kristdemokraterna.se\/Kontaktportal\/Kontaktportalsida\/?pId=10551\" target=\"_blank\">Kalle Sandell<\/a>, ers\u00e4ttare<\/p>\n<p><strong>Barn- och utbildningsn\u00e4mnden<\/strong><br \/>\n<a href=\"https:\/\/www.kristdemokraterna.se\/Kontaktportal\/Kontaktportalsida\/?pId=8598\" target=\"_blank\">Marita Forsman<\/a>, ledamot<\/p>\n<p><strong>Socialn\u00e4mnden<\/strong><br \/>\n<a href=\"https:\/\/www.kristdemokraterna.se\/Kontaktportal\/Kontaktportalsida\/?pId=29034\" target=\"_blank\">Birgitta Olaison<\/a>, 1:e vice ordf\u00f6rande<br \/>\n<a href=\"https:\/\/www.kristdemokraterna.se\/Kontaktportal\/Kontaktportalsida\/?pId=9947\" target=\"_blank\">Carin Olsson<\/a>, ers\u00e4ttare<\/p>\n<p><strong>Socialn\u00e4mndens arbetsutskott<\/strong><br \/>\n<a href=\"https:\/\/www.kristdemokraterna.se\/Kontaktportal\/Kontaktportalsida\/?pId=29034\" target=\"_blank\">Birgitta Olaison<\/a>, 1:e vice ordf\u00f6rande<\/p>\n<p><strong>Milj\u00f6-bygg- och r\u00e4ddningsn\u00e4mnd<\/strong><br \/>\n<a href=\"https:\/\/www.kristdemokraterna.se\/Kontaktportal\/Kontaktportalsida\/?pId=9942\" target=\"_blank\">Ingevald Abrahamsson<\/a>, ers\u00e4ttare<\/p>\n<p><strong>Kultur-fritidsn\u00e4mnd<\/strong><br \/>\n<a href=\"https:\/\/www.kristdemokraterna.se\/Kontaktportal\/Kontaktportalsida\/?pId=17852\" target=\"_blank\">Lena K\u00e4cker Johansson<\/a>, ordf\u00f6rande<br \/>\n<a href=\"https:\/\/www.kristdemokraterna.se\/Kontaktportal\/Kontaktportalsida\/?pId=99153\" target=\"_blank\">Anna Karlsson<\/a>, ers\u00e4ttare<\/p>\n<p><strong>Valn\u00e4mnden<\/strong><br \/>\n<a href=\"https:\/\/www.kristdemokraterna.se\/Kontaktportal\/Kontaktportalsida\/?pId=29033\" target=\"_blank\">Anders Olaison<\/a>, ledamot<br \/>\n<a href=\"https:\/\/www.kristdemokraterna.se\/Kontaktportal\/Kontaktportalsida\/?pId=9942\" target=\"_blank\">Ingevald Abrahamsson<\/a>, ers\u00e4ttare<\/p>\n<p><strong>Revisorer f\u00f6r n\u00e4mnderna och Stiftelsen Kindahus<\/strong><br \/>\n<a href=\"https:\/\/www.kristdemokraterna.se\/Kontaktportal\/Kontaktportalsida\/?pId=82619\" target=\"_blank\">Allan Westerdahl<\/a>, rev<\/p>\n<p><strong>Revisorer Stiftelsen Tolvmannabacken<\/strong><br \/>\n<a href=\"https:\/\/www.kristdemokraterna.se\/Kontaktportal\/Kontaktportalsida\/?pId=82619\" target=\"_blank\">Allan Westerdahl<\/a>, rev ers\u00e4ttare<\/p>\n<p><strong>Revisor stiftelser\/donationsfonder f\u00f6rvaltade av KS<\/strong><br \/>\n<a href=\"https:\/\/www.kristdemokraterna.se\/Kontaktportal\/Kontaktportalsida\/?pId=82619\" target=\"_blank\">Allan Westerdahl<\/a>, rev ers\u00e4ttare<\/p>\n<p><strong>Stiftelsen Kindahus <\/strong>(<a href=\"http:\/\/www.kindahus.se\/\" target=\"_blank\">&gt;&gt;<\/a>)<br \/>\nG\u00f6sta W\u00e5ng, ers\u00e4ttare<\/p>\n<p><strong>Referensgrupp f\u00f6r organisations\u00f6versyn<\/strong><br \/>\n<a href=\"https:\/\/www.kristdemokraterna.se\/Kontaktportal\/Kontaktportalsida\/?pId=17852\" target=\"_blank\">Lena K\u00e4cker Johansson<\/a>, repr<\/p>\n<p><strong>F\u00f6rhandlingsdelegationen f\u00f6r tecknande av lokala kollektivavtal <\/strong><br \/>\n<a href=\"https:\/\/www.kristdemokraterna.se\/Kontaktportal\/Kontaktportalsida\/?pId=10551\" target=\"_blank\">Kalle Sandell<\/a>, ers\u00e4ttare<strong><br \/>\n<\/strong><\/p>\n<p><strong>Huvudm\u00e4n i Kinda-Ydre Sparbank<\/strong><br \/>\n<a href=\"https:\/\/www.kristdemokraterna.se\/Kontaktportal\/Kontaktportalsida\/?pId=29033\" target=\"_blank\">Anders Olaison<\/a>, huvudman<\/p>\n<p><strong>Kvalitetsgrupp (Q-grupp) <\/strong><br \/>\n<a href=\"https:\/\/www.kristdemokraterna.se\/Kontaktportal\/Kontaktportalsida\/?pId=17852\" target=\"_blank\">Lena K\u00e4cker Johansson<\/a>, repr<\/p>\n<p><strong>Projekt Matgl\u00e4dje <\/strong><br \/>\n<a href=\"https:\/\/www.kristdemokraterna.se\/Kontaktportal\/Kontaktportalsida\/?pId=17852\" target=\"_blank\">Lena K\u00e4cker Johansson<\/a>, repr<\/p>\n<hr \/>\n<p style=\"text-align: left\">\u00a0<em>Landstinget i \u00d6sterg\u00f6tland 2010-2014<\/em><br \/>\n<em>Valkrets 3 Kinda-\u00c5tvid-Valdemarsvik-S\u00f6derk\u00f6ping<\/em><\/p>\n<p><strong>H\u00e4lso- och sjukv\u00e5rdsn\u00e4mndens beredning f\u00f6r samverkan<\/strong><br \/>\n<a href=\"https:\/\/www.kristdemokraterna.se\/Kontaktportal\/Kontaktportalsida\/?pId=17852\" target=\"_blank\">Lena K\u00e4cker Johansson<\/a>, ledamot<\/p>\n<hr \/>\n<p style=\"text-align: left\"><em>Regionf\u00f6rbundet \u00d6stsam 2010-2014<\/em><\/p>\n<p style=\"text-align: left\"><strong>Regionf\u00f6rbundets fullm\u00e4ktige <\/strong><br \/>\n<a href=\"https:\/\/www.kristdemokraterna.se\/Kontaktportal\/Kontaktportalsida\/?pId=17852\" target=\"_blank\">Lena K\u00e4cker Johansson<\/a>, ledamot, Kinda kommun<\/p>\n<p><strong>Regionf\u00f6rbundets arbetsgrupp f\u00f6r k<strong><strong>ultur och kreativitet<\/strong><\/strong> (K2)<\/strong><br \/>\n<a href=\"https:\/\/www.kristdemokraterna.se\/Kontaktportal\/Kontaktportalsida\/?pId=17852\" target=\"_blank\">Lena K\u00e4cker Johansson<\/a>, repr, Kinda kommun<\/p>\n<p><strong>Regionf\u00f6rbundets<\/strong> <strong>natur o friluftsr\u00e5det<br \/>\n<\/strong><a href=\"https:\/\/www.kristdemokraterna.se\/Kontaktportal\/Kontaktportalsida\/?pId=17852\" target=\"_blank\">Lena K\u00e4cker Johansson<\/a>, ordf\u00f6rande<\/p>\n","protected":false},"excerpt":{"rendered":"<p>Kinda kommun 2010-2014 Kommunfullm\u00e4ktige (tom 31 okt 2014) Lena K\u00e4cker Johansson, ledamot, gruppledare Kalle Sandell, ledamot Madelene Westerdahl, ers\u00e4ttare Ingevald Abrahamsson, ers\u00e4ttare Kommunfullm\u00e4ktiges valberedning (tom 31 okt 2014) Lena K\u00e4cker Johansson, ledamot, gruppledare Kommunstyrelsen Kalle Sandell, ers\u00e4ttare Barn- och utbildningsn\u00e4mnden Marita Forsman, ledamot Socialn\u00e4mnden Birgitta Olaison, 1:e vice ordf\u00f6rande Carin Olsson, ers\u00e4ttare Socialn\u00e4mndens arbetsutskott Birgitta <a class=\"read-more-link\" href=\"https:\/\/wp.kristdemokraterna.se\/kinda\/kontakta-oss\/fortroendevalda-2010-2014\/\">Read More<\/a><\/p>\n","protected":false},"author":670,"featured_media":0,"parent":19,"menu_order":0,"comment_status":"closed","ping_status":"closed","template":"","meta":{"_acf_changed":false,"footnotes":""},"class_list":["post-66","page","type-page","status-publish","hentry"],"acf":[],"yoast_head":"<!-- This site is optimized with the Yoast SEO plugin v27.5 - https:\/\/yoast.com\/product\/yoast-seo-wordpress\/ -->\n<title>F\u00f6rtroendevalda 2010-2014 - Kinda<\/title>\n<meta name=\"robots\" content=\"index, follow, max-snippet:-1, max-image-preview:large, max-video-preview:-1\" \/>\n<link rel=\"canonical\" href=\"https:\/\/wp.kristdemokraterna.se\/kinda\/kontakta-oss\/fortroendevalda-2010-2014\/\" \/>\n<meta property=\"og:locale\" content=\"sv_SE\" \/>\n<meta property=\"og:type\" content=\"article\" \/>\n<meta property=\"og:title\" content=\"F\u00f6rtroendevalda 2010-2014 - Kinda\" \/>\n<meta property=\"og:description\" content=\"Kinda kommun 2010-2014 Kommunfullm\u00e4ktige (tom 31 okt 2014) Lena K\u00e4cker Johansson, ledamot, gruppledare Kalle Sandell, ledamot Madelene Westerdahl, ers\u00e4ttare Ingevald Abrahamsson, ers\u00e4ttare Kommunfullm\u00e4ktiges valberedning (tom 31 okt 2014) Lena K\u00e4cker Johansson, ledamot, gruppledare Kommunstyrelsen Kalle Sandell, ers\u00e4ttare Barn- och utbildningsn\u00e4mnden Marita Forsman, ledamot Socialn\u00e4mnden Birgitta Olaison, 1:e vice ordf\u00f6rande Carin Olsson, ers\u00e4ttare Socialn\u00e4mndens arbetsutskott Birgitta Read More\" \/>\n<meta property=\"og:url\" content=\"https:\/\/wp.kristdemokraterna.se\/kinda\/kontakta-oss\/fortroendevalda-2010-2014\/\" \/>\n<meta property=\"og:site_name\" content=\"Kinda\" \/>\n<meta property=\"article:modified_time\" content=\"2014-09-25T10:35:01+00:00\" \/>\n<meta name=\"twitter:card\" content=\"summary_large_image\" \/>\n<meta name=\"twitter:label1\" content=\"Ber\u00e4knad l\u00e4stid\" \/>\n\t<meta name=\"twitter:data1\" content=\"1 minut\" \/>\n<script type=\"application\/ld+json\" class=\"yoast-schema-graph\">{\"@context\":\"https:\\\/\\\/schema.org\",\"@graph\":[{\"@type\":\"WebPage\",\"@id\":\"https:\\\/\\\/wp.kristdemokraterna.se\\\/kinda\\\/kontakta-oss\\\/fortroendevalda-2010-2014\\\/\",\"url\":\"https:\\\/\\\/wp.kristdemokraterna.se\\\/kinda\\\/kontakta-oss\\\/fortroendevalda-2010-2014\\\/\",\"name\":\"F\u00f6rtroendevalda 2010-2014 - Kinda\",\"isPartOf\":{\"@id\":\"https:\\\/\\\/wp.kristdemokraterna.se\\\/kinda\\\/#website\"},\"datePublished\":\"2014-09-03T13:19:26+00:00\",\"dateModified\":\"2014-09-25T10:35:01+00:00\",\"breadcrumb\":{\"@id\":\"https:\\\/\\\/wp.kristdemokraterna.se\\\/kinda\\\/kontakta-oss\\\/fortroendevalda-2010-2014\\\/#breadcrumb\"},\"inLanguage\":\"sv-SE\",\"potentialAction\":[{\"@type\":\"ReadAction\",\"target\":[\"https:\\\/\\\/wp.kristdemokraterna.se\\\/kinda\\\/kontakta-oss\\\/fortroendevalda-2010-2014\\\/\"]}]},{\"@type\":\"BreadcrumbList\",\"@id\":\"https:\\\/\\\/wp.kristdemokraterna.se\\\/kinda\\\/kontakta-oss\\\/fortroendevalda-2010-2014\\\/#breadcrumb\",\"itemListElement\":[{\"@type\":\"ListItem\",\"position\":1,\"name\":\"Hem\",\"item\":\"https:\\\/\\\/wp.kristdemokraterna.se\\\/kinda\\\/\"},{\"@type\":\"ListItem\",\"position\":2,\"name\":\"Privat: Kontakta oss (2)\",\"item\":\"https:\\\/\\\/wp.kristdemokraterna.se\\\/kinda\\\/?page_id=19\"},{\"@type\":\"ListItem\",\"position\":3,\"name\":\"F\u00f6rtroendevalda 2010-2014\"}]},{\"@type\":\"WebSite\",\"@id\":\"https:\\\/\\\/wp.kristdemokraterna.se\\\/kinda\\\/#website\",\"url\":\"https:\\\/\\\/wp.kristdemokraterna.se\\\/kinda\\\/\",\"name\":\"Kinda\",\"description\":\"Kristdemokraterna\",\"inLanguage\":\"sv-SE\"}]}<\/script>\n<!-- \/ Yoast SEO plugin. -->","yoast_head_json":{"title":"F\u00f6rtroendevalda 2010-2014 - Kinda","robots":{"index":"index","follow":"follow","max-snippet":"max-snippet:-1","max-image-preview":"max-image-preview:large","max-video-preview":"max-video-preview:-1"},"canonical":"https:\/\/wp.kristdemokraterna.se\/kinda\/kontakta-oss\/fortroendevalda-2010-2014\/","og_locale":"sv_SE","og_type":"article","og_title":"F\u00f6rtroendevalda 2010-2014 - Kinda","og_description":"Kinda kommun 2010-2014 Kommunfullm\u00e4ktige (tom 31 okt 2014) Lena K\u00e4cker Johansson, ledamot, gruppledare Kalle Sandell, ledamot Madelene Westerdahl, ers\u00e4ttare Ingevald Abrahamsson, ers\u00e4ttare Kommunfullm\u00e4ktiges valberedning (tom 31 okt 2014) Lena K\u00e4cker Johansson, ledamot, gruppledare Kommunstyrelsen Kalle Sandell, ers\u00e4ttare Barn- och utbildningsn\u00e4mnden Marita Forsman, ledamot Socialn\u00e4mnden Birgitta Olaison, 1:e vice ordf\u00f6rande Carin Olsson, ers\u00e4ttare Socialn\u00e4mndens arbetsutskott Birgitta Read More","og_url":"https:\/\/wp.kristdemokraterna.se\/kinda\/kontakta-oss\/fortroendevalda-2010-2014\/","og_site_name":"Kinda","article_modified_time":"2014-09-25T10:35:01+00:00","twitter_card":"summary_large_image","twitter_misc":{"Ber\u00e4knad l\u00e4stid":"1 minut"},"schema":{"@context":"https:\/\/schema.org","@graph":[{"@type":"WebPage","@id":"https:\/\/wp.kristdemokraterna.se\/kinda\/kontakta-oss\/fortroendevalda-2010-2014\/","url":"https:\/\/wp.kristdemokraterna.se\/kinda\/kontakta-oss\/fortroendevalda-2010-2014\/","name":"F\u00f6rtroendevalda 2010-2014 - Kinda","isPartOf":{"@id":"https:\/\/wp.kristdemokraterna.se\/kinda\/#website"},"datePublished":"2014-09-03T13:19:26+00:00","dateModified":"2014-09-25T10:35:01+00:00","breadcrumb":{"@id":"https:\/\/wp.kristdemokraterna.se\/kinda\/kontakta-oss\/fortroendevalda-2010-2014\/#breadcrumb"},"inLanguage":"sv-SE","potentialAction":[{"@type":"ReadAction","target":["https:\/\/wp.kristdemokraterna.se\/kinda\/kontakta-oss\/fortroendevalda-2010-2014\/"]}]},{"@type":"BreadcrumbList","@id":"https:\/\/wp.kristdemokraterna.se\/kinda\/kontakta-oss\/fortroendevalda-2010-2014\/#breadcrumb","itemListElement":[{"@type":"ListItem","position":1,"name":"Hem","item":"https:\/\/wp.kristdemokraterna.se\/kinda\/"},{"@type":"ListItem","position":2,"name":"Privat: Kontakta oss (2)","item":"https:\/\/wp.kristdemokraterna.se\/kinda\/?page_id=19"},{"@type":"ListItem","position":3,"name":"F\u00f6rtroendevalda 2010-2014"}]},{"@type":"WebSite","@id":"https:\/\/wp.kristdemokraterna.se\/kinda\/#website","url":"https:\/\/wp.kristdemokraterna.se\/kinda\/","name":"Kinda","description":"Kristdemokraterna","inLanguage":"sv-SE"}]}},"_links":{"self":[{"href":"https:\/\/wp.kristdemokraterna.se\/kinda\/wp-json\/wp\/v2\/pages\/66","targetHints":{"allow":["GET"]}}],"collection":[{"href":"https:\/\/wp.kristdemokraterna.se\/kinda\/wp-json\/wp\/v2\/pages"}],"about":[{"href":"https:\/\/wp.kristdemokraterna.se\/kinda\/wp-json\/wp\/v2\/types\/page"}],"author":[{"embeddable":true,"href":"https:\/\/wp.kristdemokraterna.se\/kinda\/wp-json\/wp\/v2\/users\/670"}],"replies":[{"embeddable":true,"href":"https:\/\/wp.kristdemokraterna.se\/kinda\/wp-json\/wp\/v2\/comments?post=66"}],"version-history":[{"count":27,"href":"https:\/\/wp.kristdemokraterna.se\/kinda\/wp-json\/wp\/v2\/pages\/66\/revisions"}],"predecessor-version":[{"id":179,"href":"https:\/\/wp.kristdemokraterna.se\/kinda\/wp-json\/wp\/v2\/pages\/66\/revisions\/179"}],"up":[{"embeddable":true,"href":"https:\/\/wp.kristdemokraterna.se\/kinda\/wp-json\/wp\/v2\/pages\/19"}],"wp:attachment":[{"href":"https:\/\/wp.kristdemokraterna.se\/kinda\/wp-json\/wp\/v2\/media?parent=66"}],"curies":[{"name":"wp","href":"https:\/\/api.w.org\/{rel}","templated":true}]}}