{"version":"1.0","provider_name":"Klippan","provider_url":"https:\/\/wp.kristdemokraterna.se\/klippan","title":"Tj\u00e4nsten som kulturstrateg - Klippan","type":"rich","width":600,"height":338,"html":"<blockquote class=\"wp-embedded-content\" data-secret=\"rrJ0BOKjXx\"><a href=\"https:\/\/wp.kristdemokraterna.se\/klippan\/589-2\/\">Tj\u00e4nsten som kulturstrateg<\/a><\/blockquote><iframe sandbox=\"allow-scripts\" security=\"restricted\" src=\"https:\/\/wp.kristdemokraterna.se\/klippan\/589-2\/embed\/#?secret=rrJ0BOKjXx\" width=\"600\" height=\"338\" title=\"\u201dTj\u00e4nsten som kulturstrateg\u201d &ndash; Klippan\" data-secret=\"rrJ0BOKjXx\" frameborder=\"0\" marginwidth=\"0\" marginheight=\"0\" scrolling=\"no\" class=\"wp-embedded-content\"><\/iframe><script type=\"text\/javascript\">\n\/* <![CDATA[ *\/\n\/*! This file is auto-generated *\/\n!function(d,l){\"use strict\";l.querySelector&&d.addEventListener&&\"undefined\"!=typeof URL&&(d.wp=d.wp||{},d.wp.receiveEmbedMessage||(d.wp.receiveEmbedMessage=function(e){var t=e.data;if((t||t.secret||t.message||t.value)&&!\/[^a-zA-Z0-9]\/.test(t.secret)){for(var s,r,n,a=l.querySelectorAll('iframe[data-secret=\"'+t.secret+'\"]'),o=l.querySelectorAll('blockquote[data-secret=\"'+t.secret+'\"]'),c=new RegExp(\"^https?:$\",\"i\"),i=0;i<o.length;i++)o[i].style.display=\"none\";for(i=0;i<a.length;i++)s=a[i],e.source===s.contentWindow&&(s.removeAttribute(\"style\"),\"height\"===t.message?(1e3<(r=parseInt(t.value,10))?r=1e3:~~r<200&&(r=200),s.height=r):\"link\"===t.message&&(r=new URL(s.getAttribute(\"src\")),n=new URL(t.value),c.test(n.protocol))&&n.host===r.host&&l.activeElement===s&&(d.top.location.href=t.value))}},d.addEventListener(\"message\",d.wp.receiveEmbedMessage,!1),l.addEventListener(\"DOMContentLoaded\",function(){for(var e,t,s=l.querySelectorAll(\"iframe.wp-embedded-content\"),r=0;r<s.length;r++)(t=(e=s[r]).getAttribute(\"data-secret\"))||(t=Math.random().toString(36).substring(2,12),e.src+=\"#?secret=\"+t,e.setAttribute(\"data-secret\",t)),e.contentWindow.postMessage({message:\"ready\",secret:t},\"*\")},!1)))}(window,document);\n\/\/# sourceURL=https:\/\/wp.kristdemokraterna.se\/klippan\/wp-includes\/js\/wp-embed.min.js\n\/* ]]> *\/\n<\/script>\n","description":"N\u00e4r tj\u00e4nsten som kulturstrateg inr\u00e4ttades var v\u00e5rt uttalade syfte att den skulle fungera som en motor f\u00f6r att utveckla allm\u00e4nkulturen och l\u00e5ta fler f\u00e5 del av den sj\u00e4lsliga syres\u00e4ttningen. Tanken var ocks\u00e5 att Klippans kommun skulle kunna flytta fram positionerna som kulturkommun. Tj\u00e4nsten har nu legat i tr\u00e4da alldeles f\u00f6r l\u00e4nge och \u201dutvecklingen\u201d har g\u00e5tt Read More"}