{"version":"1.0","provider_name":"Knivsta","provider_url":"https:\/\/wp.kristdemokraterna.se\/knivsta","title":"Intresse att lyssna p\u00e5 KD saknades - Knivsta","type":"rich","width":600,"height":338,"html":"<blockquote class=\"wp-embedded-content\" data-secret=\"LJLpRhUNVz\"><a href=\"https:\/\/wp.kristdemokraterna.se\/knivsta\/intresse-att-lyssna-pa-kd-saknades\/\">Intresse att lyssna p\u00e5 KD saknades<\/a><\/blockquote><iframe sandbox=\"allow-scripts\" security=\"restricted\" src=\"https:\/\/wp.kristdemokraterna.se\/knivsta\/intresse-att-lyssna-pa-kd-saknades\/embed\/#?secret=LJLpRhUNVz\" width=\"600\" height=\"338\" title=\"\u201dIntresse att lyssna p\u00e5 KD saknades\u201d &ndash; Knivsta\" data-secret=\"LJLpRhUNVz\" frameborder=\"0\" marginwidth=\"0\" marginheight=\"0\" scrolling=\"no\" class=\"wp-embedded-content\"><\/iframe><script type=\"text\/javascript\">\n\/* <![CDATA[ *\/\n\/*! This file is auto-generated *\/\n!function(d,l){\"use strict\";l.querySelector&&d.addEventListener&&\"undefined\"!=typeof URL&&(d.wp=d.wp||{},d.wp.receiveEmbedMessage||(d.wp.receiveEmbedMessage=function(e){var t=e.data;if((t||t.secret||t.message||t.value)&&!\/[^a-zA-Z0-9]\/.test(t.secret)){for(var s,r,n,a=l.querySelectorAll('iframe[data-secret=\"'+t.secret+'\"]'),o=l.querySelectorAll('blockquote[data-secret=\"'+t.secret+'\"]'),c=new RegExp(\"^https?:$\",\"i\"),i=0;i<o.length;i++)o[i].style.display=\"none\";for(i=0;i<a.length;i++)s=a[i],e.source===s.contentWindow&&(s.removeAttribute(\"style\"),\"height\"===t.message?(1e3<(r=parseInt(t.value,10))?r=1e3:~~r<200&&(r=200),s.height=r):\"link\"===t.message&&(r=new URL(s.getAttribute(\"src\")),n=new URL(t.value),c.test(n.protocol))&&n.host===r.host&&l.activeElement===s&&(d.top.location.href=t.value))}},d.addEventListener(\"message\",d.wp.receiveEmbedMessage,!1),l.addEventListener(\"DOMContentLoaded\",function(){for(var e,t,s=l.querySelectorAll(\"iframe.wp-embedded-content\"),r=0;r<s.length;r++)(t=(e=s[r]).getAttribute(\"data-secret\"))||(t=Math.random().toString(36).substring(2,12),e.src+=\"#?secret=\"+t,e.setAttribute(\"data-secret\",t)),e.contentWindow.postMessage({message:\"ready\",secret:t},\"*\")},!1)))}(window,document);\n\/\/# sourceURL=https:\/\/wp.kristdemokraterna.se\/knivsta\/wp-includes\/js\/wp-embed.min.js\n\/* ]]> *\/\n<\/script>\n","thumbnail_url":"https:\/\/wp.kristdemokraterna.se\/knivsta\/files\/2019\/03\/lyssna.jpg","thumbnail_width":1500,"thumbnail_height":810,"description":"Innan valr\u00f6relsen meddelade KD i Knivsta att vi g\u00e5r till val som eget parti och inte som en del av en allians eftersom vi ville kunna f\u00f6ra fram v\u00e5ra medlemmars st\u00e5ndpunkter om\u00a0 l\u00e4gre byggnadstakt och kritik mot fyrsp\u00e5rsavtalet. Samtidigt siktade vi p\u00e5 ett borgerligt styre."}