{"version":"1.0","provider_name":"Knivsta","provider_url":"https:\/\/wp.kristdemokraterna.se\/knivsta","title":"Viktigt med bra bem\u00f6tande - Knivsta","type":"rich","width":600,"height":338,"html":"<blockquote class=\"wp-embedded-content\" data-secret=\"KPW9OZfupA\"><a href=\"https:\/\/wp.kristdemokraterna.se\/knivsta\/viktigt-med-bra-bemotande\/\">Viktigt med bra bem\u00f6tande<\/a><\/blockquote><iframe sandbox=\"allow-scripts\" security=\"restricted\" src=\"https:\/\/wp.kristdemokraterna.se\/knivsta\/viktigt-med-bra-bemotande\/embed\/#?secret=KPW9OZfupA\" width=\"600\" height=\"338\" title=\"\u201dViktigt med bra bem\u00f6tande\u201d &ndash; Knivsta\" data-secret=\"KPW9OZfupA\" frameborder=\"0\" marginwidth=\"0\" marginheight=\"0\" scrolling=\"no\" class=\"wp-embedded-content\"><\/iframe><script type=\"text\/javascript\">\n\/* <![CDATA[ *\/\n\/*! This file is auto-generated *\/\n!function(d,l){\"use strict\";l.querySelector&&d.addEventListener&&\"undefined\"!=typeof URL&&(d.wp=d.wp||{},d.wp.receiveEmbedMessage||(d.wp.receiveEmbedMessage=function(e){var t=e.data;if((t||t.secret||t.message||t.value)&&!\/[^a-zA-Z0-9]\/.test(t.secret)){for(var s,r,n,a=l.querySelectorAll('iframe[data-secret=\"'+t.secret+'\"]'),o=l.querySelectorAll('blockquote[data-secret=\"'+t.secret+'\"]'),c=new RegExp(\"^https?:$\",\"i\"),i=0;i<o.length;i++)o[i].style.display=\"none\";for(i=0;i<a.length;i++)s=a[i],e.source===s.contentWindow&&(s.removeAttribute(\"style\"),\"height\"===t.message?(1e3<(r=parseInt(t.value,10))?r=1e3:~~r<200&&(r=200),s.height=r):\"link\"===t.message&&(r=new URL(s.getAttribute(\"src\")),n=new URL(t.value),c.test(n.protocol))&&n.host===r.host&&l.activeElement===s&&(d.top.location.href=t.value))}},d.addEventListener(\"message\",d.wp.receiveEmbedMessage,!1),l.addEventListener(\"DOMContentLoaded\",function(){for(var e,t,s=l.querySelectorAll(\"iframe.wp-embedded-content\"),r=0;r<s.length;r++)(t=(e=s[r]).getAttribute(\"data-secret\"))||(t=Math.random().toString(36).substring(2,12),e.src+=\"#?secret=\"+t,e.setAttribute(\"data-secret\",t)),e.contentWindow.postMessage({message:\"ready\",secret:t},\"*\")},!1)))}(window,document);\n\/\/# sourceURL=https:\/\/wp.kristdemokraterna.se\/knivsta\/wp-includes\/js\/wp-embed.min.js\n\/* ]]> *\/\n<\/script>\n","description":"KD i Knivsta beklagar konflikten kring &#8221;Mojjens&#8221; placering i Knivsta. Det \u00e4r tr\u00e5kigt n\u00e4r en kommuninv\u00e5nare k\u00e4nner sig or\u00e4ttvist behandlad. V\u00e5r \u00f6nskan \u00e4r\u00a0att alla medborgare ska bem\u00f6tas p\u00e5 ett tydligt och r\u00e4ttss\u00e4kert s\u00e4tt. Att uppleva att\u00a0man som enskild kan lita p\u00e5 politiker och ansvariga tj\u00e4nstem\u00e4n i kontakten med dem \u00e4r mycket viktigt f\u00f6r oss. Vi Read More"}