{"id":12,"date":"2014-03-11T12:35:45","date_gmt":"2014-03-11T11:35:45","guid":{"rendered":"http:\/\/wp.kristdemokraterna.se\/koping\/?page_id=12"},"modified":"2024-01-18T03:13:12","modified_gmt":"2024-01-18T02:13:12","slug":"var-politik","status":"publish","type":"page","link":"https:\/\/wp.kristdemokraterna.se\/koping\/var-politik\/","title":{"rendered":"V\u00e5r politik"},"content":{"rendered":"<h2><strong>&gt; Kristdemokraternas I<\/strong>deologi och principprogram<\/h2>\n<h2><a href=\"https:\/\/kristdemokraterna.se\/var-politik\/ideologi-och-principprogram\/\"><strong>&gt; <\/strong><\/a><a href=\"http:\/\/wp.kristdemokraterna.se\/vastmanland\/files\/2018\/04\/lansprogram-2018-22.pdf\">L\u00e4nsprogram\u00a0 f\u00f6r V\u00e4stmanland<\/a><\/h2>\n<ul>\n<li><a href=\"http:\/\/wp.kristdemokraterna.se\/vastmanland\/files\/2018\/04\/15-forslag-for-ett-tryggare-vastmanland.pdf\">15 f\u00f6rslag f\u00f6r ett tryggare V\u00e4stmanland<\/a><\/li>\n<\/ul>\n<h1><span style=\"font-size: 16px;\"><a href=\"https:\/\/wp.kristdemokraterna.se\/koping\/val-2022\/kommunpolitiska-program-kd-ko-ping-2022\/\" rel=\"attachment wp-att-1528\">JOD\u00c5, K\u00d6PING KAN B\u00c4TTRE! <\/a><\/span><span style=\"font-size: 16px;\"><a href=\"https:\/\/wp.kristdemokraterna.se\/koping\/val-2022\/kommunpolitiska-program-kd-ko-ping-2022\/\" rel=\"attachment wp-att-1528\">Kommunpolitiska program KD Ko\u0308ping 2022-2026<\/a><\/span><\/h1>\n<h2><strong><a href=\"https:\/\/kristdemokraterna.se\/var-politik\/ideologi-och-principprogram\/\">&gt; <\/a><\/strong><a href=\"http:\/\/wp.kristdemokraterna.se\/koping\/files\/2018\/09\/valprogram-koping-2018-1-2.pdf\">Kommunprogram f\u00f6r K\u00f6ping 2018<\/a><\/h2>\n<ul>\n<li><a href=\"https:\/\/wp.kristdemokraterna.se\/koping\/2020\/03\/15\/sammanfattande-programpunkter-for-kopings-kommun-2019-2022\/\">Sammanfattande programpunkter f\u00f6r K\u00f6ping<\/a><\/li>\n<\/ul>\n<h1><a href=\"http:\/\/wp.kristdemokraterna.se\/koping\/var-politik\/ska-rmavbild-2020-11-20-kl-13-44-06\/\" rel=\"attachment wp-att-812\"><img loading=\"lazy\" decoding=\"async\" class=\"size-medium wp-image-812 alignnone\" src=\"http:\/\/wp.kristdemokraterna.se\/koping\/files\/2020\/11\/ska\u0308rmavbild-2020-11-20-kl.-13.44.06-300x231.png\" alt=\"\" width=\"300\" height=\"231\" srcset=\"https:\/\/wp.kristdemokraterna.se\/koping\/files\/2020\/11\/ska\u0308rmavbild-2020-11-20-kl.-13.44.06-300x231.png 300w, https:\/\/wp.kristdemokraterna.se\/koping\/files\/2020\/11\/ska\u0308rmavbild-2020-11-20-kl.-13.44.06-1024x788.png 1024w, https:\/\/wp.kristdemokraterna.se\/koping\/files\/2020\/11\/ska\u0308rmavbild-2020-11-20-kl.-13.44.06-768x591.png 768w, https:\/\/wp.kristdemokraterna.se\/koping\/files\/2020\/11\/ska\u0308rmavbild-2020-11-20-kl.-13.44.06-260x200.png 260w, https:\/\/wp.kristdemokraterna.se\/koping\/files\/2020\/11\/ska\u0308rmavbild-2020-11-20-kl.-13.44.06-370x285.png 370w, https:\/\/wp.kristdemokraterna.se\/koping\/files\/2020\/11\/ska\u0308rmavbild-2020-11-20-kl.-13.44.06-770x593.png 770w, https:\/\/wp.kristdemokraterna.se\/koping\/files\/2020\/11\/ska\u0308rmavbild-2020-11-20-kl.-13.44.06-450x346.png 450w, https:\/\/wp.kristdemokraterna.se\/koping\/files\/2020\/11\/ska\u0308rmavbild-2020-11-20-kl.-13.44.06-280x216.png 280w, https:\/\/wp.kristdemokraterna.se\/koping\/files\/2020\/11\/ska\u0308rmavbild-2020-11-20-kl.-13.44.06-340x262.png 340w, https:\/\/wp.kristdemokraterna.se\/koping\/files\/2020\/11\/ska\u0308rmavbild-2020-11-20-kl.-13.44.06-200x154.png 200w, https:\/\/wp.kristdemokraterna.se\/koping\/files\/2020\/11\/ska\u0308rmavbild-2020-11-20-kl.-13.44.06-73x56.png 73w, https:\/\/wp.kristdemokraterna.se\/koping\/files\/2020\/11\/ska\u0308rmavbild-2020-11-20-kl.-13.44.06.png 1220w\" sizes=\"auto, (max-width: 300px) 100vw, 300px\" \/><\/a><\/h1>\n<h1><a href=\"http:\/\/wp.kristdemokraterna.se\/koping\/var-politik\/kd-budget-2021\/\" rel=\"attachment wp-att-810\">KD Budget 2021 K\u00f6pings kommun<\/a><\/h1>\n<h2><a href=\"http:\/\/wp.kristdemokraterna.se\/koping\/var-politik\/ja-mfo-r-4-budgetar-2021\/\" rel=\"attachment wp-att-825\">Ja\u0308mfo\u0308r 4 budgetar 2021<\/a><\/h2>\n<p>&nbsp;<\/p>\n<p>&nbsp;<\/p>\n<h2><a href=\"http:\/\/wp.kristdemokraterna.se\/koping\/var-politik\/ska-rmavbild-2020-11-16-kl-20-39-02\/\" rel=\"attachment wp-att-808\"><img loading=\"lazy\" decoding=\"async\" class=\"size-medium wp-image-808 alignnone\" src=\"http:\/\/wp.kristdemokraterna.se\/koping\/files\/2020\/11\/ska\u0308rmavbild-2020-11-16-kl.-20.39.02-300x236.png\" alt=\"\" width=\"300\" height=\"236\" srcset=\"https:\/\/wp.kristdemokraterna.se\/koping\/files\/2020\/11\/ska\u0308rmavbild-2020-11-16-kl.-20.39.02-300x236.png 300w, https:\/\/wp.kristdemokraterna.se\/koping\/files\/2020\/11\/ska\u0308rmavbild-2020-11-16-kl.-20.39.02-768x603.png 768w, https:\/\/wp.kristdemokraterna.se\/koping\/files\/2020\/11\/ska\u0308rmavbild-2020-11-16-kl.-20.39.02-255x200.png 255w, https:\/\/wp.kristdemokraterna.se\/koping\/files\/2020\/11\/ska\u0308rmavbild-2020-11-16-kl.-20.39.02-370x291.png 370w, https:\/\/wp.kristdemokraterna.se\/koping\/files\/2020\/11\/ska\u0308rmavbild-2020-11-16-kl.-20.39.02-770x605.png 770w, https:\/\/wp.kristdemokraterna.se\/koping\/files\/2020\/11\/ska\u0308rmavbild-2020-11-16-kl.-20.39.02-450x353.png 450w, https:\/\/wp.kristdemokraterna.se\/koping\/files\/2020\/11\/ska\u0308rmavbild-2020-11-16-kl.-20.39.02-280x220.png 280w, https:\/\/wp.kristdemokraterna.se\/koping\/files\/2020\/11\/ska\u0308rmavbild-2020-11-16-kl.-20.39.02-340x267.png 340w, https:\/\/wp.kristdemokraterna.se\/koping\/files\/2020\/11\/ska\u0308rmavbild-2020-11-16-kl.-20.39.02-200x157.png 200w, https:\/\/wp.kristdemokraterna.se\/koping\/files\/2020\/11\/ska\u0308rmavbild-2020-11-16-kl.-20.39.02-71x56.png 71w, https:\/\/wp.kristdemokraterna.se\/koping\/files\/2020\/11\/ska\u0308rmavbild-2020-11-16-kl.-20.39.02.png 917w\" sizes=\"auto, (max-width: 300px) 100vw, 300px\" \/><\/a><\/h2>\n<h1><a href=\"http:\/\/wp.kristdemokraterna.se\/koping\/var-politik\/rapporten\/\" rel=\"attachment wp-att-805\">K\u00d6PING KAN B\u00c4TTRE!<\/a><a href=\"http:\/\/wp.kristdemokraterna.se\/koping\/var-politik\/rapporten\/\" rel=\"attachment wp-att-805\"><br \/>\nRapport fr\u00e5n 130 f\u00f6retagsbes\u00f6k om K\u00f6pings n\u00e4ringsklimat<\/a><\/h1>\n<h1><\/h1>\n<h1>N\u00e5gra Kristdemokratiska ageranden i K\u00f6ping<\/h1>\n<ul>\n<li>\n<h5><a href=\"https:\/\/wp.kristdemokraterna.se\/koping\/2020\/12\/10\/skapa-trygghet-pa-gator-och-torg-i-koping\/\">Trygghet p\u00e5 gator och torg i K\u00f6ping<\/a><\/h5>\n<\/li>\n<li>\n<h5><a href=\"https:\/\/wp.kristdemokraterna.se\/koping\/2020\/10\/12\/hog-tid-att-satta-skolan-i-fokus-i-koping\/\">Unders\u00f6k intresset f\u00f6r friskola i K\u00f6ping<\/a><\/h5>\n<\/li>\n<li>\n<h5><a href=\"https:\/\/wp.kristdemokraterna.se\/koping\/2020\/09\/21\/peka-ut-omraden-for-bostadsbyggande-i-attraktiva-strandnara-lagen\/\">Bygg bost\u00e4der i strandn\u00e4ra l\u00e4gen<\/a><\/h5>\n<\/li>\n<li>\n<h5><a href=\"https:\/\/wp.kristdemokraterna.se\/koping\/2020\/07\/03\/hur-mar-kopings-va-nat\/\">Hur m\u00e5r K\u00f6pings VA-n\u00e4t<\/a><\/h5>\n<\/li>\n<li>\n<h5><a href=\"https:\/\/wp.kristdemokraterna.se\/koping\/2020\/06\/09\/nysatsning-pa-odlingslotter-i-koping\/\">Satsning p\u00e5 odlingslotter i K\u00f6ping<\/a><\/h5>\n<\/li>\n<li>\n<h5><a href=\"https:\/\/wp.kristdemokraterna.se\/koping\/2020\/03\/17\/hur-tillampas-1-regeln-i-koping\/\">Hur till\u00e4mpas 1%-regeln i kommunen<\/a><\/h5>\n<\/li>\n<li>\n<h5><a href=\"https:\/\/wp.kristdemokraterna.se\/koping\/2020\/03\/15\/trygghetsboende-i-koping\/\">Det beh\u00f6vs trygghetsboenden i K\u00f6ping<\/a><\/h5>\n<\/li>\n<li>\n<h5><a href=\"https:\/\/wp.kristdemokraterna.se\/koping\/2019\/12\/20\/reservation-till-kopings-samhallsbyggnadsnamnds-avslagsbeslut-den-19-dec-2019-ang-inrattande-av-enskilt-avlopp-for-alvesta-2-35\/\">Reservation om enskilt avlopp i Alvesta<\/a><\/h5>\n<\/li>\n<li>\n<h5><a href=\"https:\/\/wp.kristdemokraterna.se\/koping\/2019\/12\/10\/infor-bostad-forst-i-kopings-kommun\/\">Bostad f\u00f6rst till heml\u00f6sa i V\u00e4stra M\u00e4lardalen<\/a><\/h5>\n<\/li>\n<li>\n<h5><a href=\"https:\/\/wp.kristdemokraterna.se\/koping\/2019\/12\/02\/infor-lagen-om-valfrihet-lov-i-kopings-kommun\/\">Lagen om valfrihet (LOV) ocks\u00e5 i k\u00f6ping<\/a><\/h5>\n<\/li>\n<li>\n<h5><a href=\"https:\/\/wp.kristdemokraterna.se\/koping\/2019\/11\/27\/reservation-till-beslut-om-tvangsanslutning-av-kommunalt-va\/\">Nej till tv\u00e5ngsanslutning till kommunalt VA<\/a><\/h5>\n<\/li>\n<li>\n<h5><a href=\"https:\/\/wp.kristdemokraterna.se\/koping\/2019\/11\/27\/reservation-till-avslag-om-bygglov-for-talt-for-tolago-infra\/\">Fel att neka f\u00f6retag s\u00e4tta upp t\u00e4lt p\u00e5 egen industrimark<\/a><\/h5>\n<\/li>\n<li>\n<h5><a href=\"https:\/\/wp.kristdemokraterna.se\/koping\/2019\/11\/27\/hog-tid-forbattra-foretagsklimatet-i-koping\/\">F\u00f6rb\u00e4ttra f\u00f6retagarklimatet i K\u00f6ping<\/a><\/h5>\n<\/li>\n<li>\n<h5><a href=\"https:\/\/wp.kristdemokraterna.se\/koping\/2020\/02\/19\/raddakrillan\/\">R\u00e4dda Krillan<\/a><\/h5>\n<\/li>\n<li>\n<h5><a href=\"https:\/\/wp.kristdemokraterna.se\/koping\/2020\/02\/19\/dags-for-s-v-m-och-l-att-lagga-korten-pa-bordet\/\">Dags f\u00f6r S,V,M, L att l\u00e4gga korten p\u00e5 bordet<\/a><\/h5>\n<\/li>\n<li>\n<h5><a href=\"https:\/\/wp.kristdemokraterna.se\/koping\/2019\/11\/27\/inratta-en-f-till-9-skola-i-koping\/\">Inf\u00f6r en F till 9-skola i K\u00f6ping\u00a0\u00a0<\/a><\/h5>\n<\/li>\n<li>\n<h5><a href=\"https:\/\/wp.kristdemokraterna.se\/koping\/2019\/11\/27\/hur-gar-det-med-rondellen-vid-big-inn\/\">Det beh\u00f6vs en rondell vid Big Inn\u00a0<\/a><\/h5>\n<\/li>\n<li>\n<h5><a href=\"https:\/\/wp.kristdemokraterna.se\/koping\/2019\/11\/27\/motion-ang-problem-med-brunnslock-i-korbanan\/\">Problem med brunnslock i k\u00f6rbanan<\/a><\/h5>\n<\/li>\n<li>\n<h5><a href=\"https:\/\/wp.kristdemokraterna.se\/koping\/2019\/11\/27\/lat-kolsvaborna-valja-sin-egen-kommundelsnamnd\/\">L\u00e5t Kolsvaborna v\u00e4lja sin egen kommundelsn\u00e4mnd<\/a><\/h5>\n<\/li>\n<li>\n<h5><a href=\"https:\/\/wp.kristdemokraterna.se\/koping\/2019\/11\/27\/se-over-grundstodets-andel-av-det-kommunala-partistodet\/\">H\u00f6j grundst\u00f6dets andel i det kommunala partist\u00f6det<\/a><\/h5>\n<\/li>\n<\/ul>\n<p>&nbsp;<\/p>\n<p>&nbsp;<\/p>\n<h1><span style=\"color: #000080;\">Kristdemokraternas kommunprogram f\u00f6r K\u00d6PING 2018-2022<\/span><\/h1>\n<h2>Inneh\u00e5llsf\u00f6rteckning:<\/h2>\n<p>1. F\u00f6rord 2<br \/>\n2. V\u00e5ra v\u00e4rderingar 2<br \/>\n3. St\u00f6d till familjerna f\u00f6r trygga uppv\u00e4xtf\u00f6rh\u00e5llanden 4<br \/>\n4. Tid f\u00f6r varje barn \u2013 valfrihet och mindre barngrupper i f\u00f6rskolan 4<br \/>\n5. Skola f\u00f6r trygghet, kunskap och bildning 6<br \/>\n6. Gymnasieskola \u2013 forts\u00e4ttning in i vuxenlivet 7<br \/>\n7. \u00c4ldreomsorg med valfrihet och delaktighet 8<br \/>\n8. Funktionsneds\u00e4ttning och tillg\u00e4nglighet 10<br \/>\n9. Socialt ansvar 11<br \/>\n10. Hj\u00e4lp unga fr\u00e5n utanf\u00f6rskap och kriminalitet 12<br \/>\n11. Kultur ock fritid f\u00f6r livskvalitet 13<br \/>\n12. En kommun f\u00f6r h\u00e5llbar utveckling 14<br \/>\n13. Stadsplanering f\u00f6r trivsel och trygghet 16<br \/>\n14. En jobbpolitik med fler i arbete 17<br \/>\n15. Kommunal ekonomi 18<br \/>\n16. Lokal och regional tillv\u00e4xt \u2013 n\u00e4ringslivets betydelse 18<br \/>\n17. Kolsva kommundel och andra kommundelar. 19<br \/>\n18. Samarbete inom KAK 19<\/p>\n<h2><span style=\"color: #000080;\">1. F\u00f6rord<\/span><\/h2>\n<p>Kristdemokraterna g\u00f6r ett varmare och modigare K\u00f6ping<br \/>\nVi jobbar f\u00f6r att K\u00f6ping ska bli Sveriges b\u00e4sta stad att v\u00e4xa upp i\u2028Barns och ungas uppv\u00e4xtvillkor p\u00e5verkar f\u00f6ruts\u00e4ttningarna f\u00f6r hur v\u00e5rt K\u00f6ping och samh\u00e4llet i stort skall utvecklas. M\u00e4nniskor som m\u00e5r bra, l\u00e4r sig mer och presterar b\u00e4ttre. Hemmilj\u00f6n, familjelivet och uppv\u00e4xtf\u00f6rh\u00e5llandena p\u00e5verkar v\u00e5r h\u00e4lsa och livskvalitet.<br \/>\nEn sund och framg\u00e5ngsrik utveckling m\u00e5ste d\u00e4rf\u00f6r utg\u00e5 fr\u00e5n familjens villkor, oavsett hur familjen ser ut. Ingen m\u00e4nniska kan fungera i sina olika positiva roller i livet utan balans i tillvaron. Det \u00e4r viktigt f\u00f6r oss vuxna, men inte minst viktigt f\u00f6r barnen som \u00e4r helt beroende av vuxnas och f\u00f6r\u00e4ldrars omsorg och fostran.<br \/>\nEtt modigare K\u00f6ping som v\u00e5gar ta plats\u2028Alla kommuner i Sverige har olika f\u00f6ruts\u00e4ttningar och utmaningar, men i K\u00f6ping \u00e4r vi beroende av att st\u00e4rka kompetensf\u00f6rs\u00f6rjningen och, att det skapas fler arbetstillf\u00e4llen. Vi beh\u00f6ver bli mycket b\u00e4ttre p\u00e5 att f\u00e5 livskraftiga f\u00f6retag och fler f\u00f6retagare inom fler sektorer \u00e4n bara teknik. Vi har m\u00e5nga modiga och uppfinningsrika m\u00e4nniskor i v\u00e5r kommun och den drivkraften m\u00e5ste vi ta vara p\u00e5 b\u00e4ttre och vara r\u00e4dda om.<br \/>\nEtt varmt K\u00f6ping med m\u00e4nniskor som ser och bryr sig om varandra\u2028Alla vi i K\u00f6ping m\u00e5ste bidra med m\u00e4nsklig v\u00e4rme, vilja och f\u00f6rm\u00e5ga. Vi tror att vi alla gemensamt kan bidra till att g\u00f6ra K\u00f6ping till en varmare, sp\u00e4nnande, kreativare och till och med vackrare stad att vilja bo och leva i. M\u00e4nniskor idag l\u00e4ngtar efter att bli sedda, f\u00e5 k\u00e4nna trygghet, att k\u00e4nna sig beh\u00f6vd, att k\u00e4nna gemenskap med andra.<br \/>\nEn r\u00f6st p\u00e5 Kristdemokraterna g\u00f6r verklig skillnad \u2013 r\u00f6sta d\u00e4rf\u00f6r KD i valet den 14 september 2014! K\u00f6ping beh\u00f6ver bli varmare och modigare s\u00e5 att K\u00f6ping kan bli Sveriges b\u00e4sta stad att v\u00e4xa upp i.<\/p>\n<h2><span style=\"color: #000080;\">2. L\u00e4r k\u00e4nna v\u00e5r politik genom v\u00e5ra v\u00e4rderingar<\/span><\/h2>\n<p>Kristdemokraterna baserar sin politik utifr\u00e5n sina grundl\u00e4ggande v\u00e4rderingar .<br \/>\nEnligt den kristdemokratiska ideologin har m\u00e4nniskan inte bara fysiska eller materiella behov, utan \u00e4ven sj\u00e4lsliga och andliga behov. Id\u00e9n om m\u00e4nniskan som enskild och unik men i behov av ett liv i gemenskap med andra \u00e4r allts\u00e5 viktig. Detta skiljer sig mot den individualistiskt f\u00e4rgade liberalismen, liksom den kollektivistiskt fokuserande socialismen. Till skillnad fr\u00e5n dessa ideologier bejakar den kristdemokratiska filosofin n\u00e4mligen betydelsen av de sm\u00e5 och naturliga gemenskaperna.<br \/>\nAlla m\u00e4nniskors lika och unika v\u00e4rde<br \/>\nKristdemokratisk ideologi har sin grund i den kristna m\u00e4nniskosynen. Enligt denna har alla m\u00e4nniskor samma absoluta och okr\u00e4nkbara v\u00e4rde. Detta inneb\u00e4r att ingen m\u00e4nniska f\u00e5r behandlas kr\u00e4nkande eller diskrimineras p\u00e5 grund av till exempel k\u00f6n, \u00e5lder, social status, etnisk tillh\u00f6righet, funktionshinder, sexuell identitet eller religion. Det \u00e4r den absoluta respekten f\u00f6r alla m\u00e4nniskors lika och unika v\u00e4rde som skapar det goda samh\u00e4llet. M\u00e4nniskov\u00e4rdet utg\u00f6r grunden f\u00f6r det demokratiska samh\u00e4llet och garantin f\u00f6r m\u00e4nskliga fri- och r\u00e4ttigheter.<br \/>\nPrincipen om alla m\u00e4nniskors lika v\u00e4rde \u00e4r grunden f\u00f6r j\u00e4mst\u00e4lldhet mellan m\u00e4n och kvinnor. J\u00e4mst\u00e4lldhet kr\u00e4ver likv\u00e4rdiga villkor f\u00f6r m\u00e4n och kvinnor, b\u00e5de formellt och informellt. Detta g\u00e4ller inom familjen, p\u00e5 arbetet liksom i samh\u00e4llet i \u00f6vrigt. H\u00e4r \u00e4r ofta oj\u00e4mlikheten stor. Vi ska medvetet och aktivt jobba f\u00f6r att kvinnors och m\u00e4ns lika v\u00e4rde m\u00e4rks i b\u00e5de arbetsinsatser och l\u00f6n.<br \/>\nAtt alla m\u00e4nniskor \u00e4r unika inneb\u00e4r att det inte finns n\u00e5gra l\u00f6sningar som passar alla. Vad som \u00e4r b\u00e4st f\u00f6r en person, beh\u00f6ver inte n\u00f6dv\u00e4ndigtvis passa f\u00f6r en annan. Det \u00e4r d\u00e4rf\u00f6r viktigt att alla m\u00e4nniskor har makt att sj\u00e4lva best\u00e4mma \u00f6ver sin vardag, och att alla ges r\u00e4tt att utvecklas utifr\u00e5n sina egna f\u00f6ruts\u00e4ttningar.<br \/>\nDet gemensamma b\u00e4sta<br \/>\nM\u00e4nniskan \u00e4r till sin natur social. Hon utvecklas i relationer med andra och olika former av gemenskaper \u00e4r n\u00f6dv\u00e4ndiga f\u00f6r v\u00e5r personliga utveckling. En gemenskap k\u00e4nnetecknas av att den bildas kring ett gemensamt \u00e4ndam\u00e5l och kan vara allt fr\u00e5n den n\u00e4rmaste familjen, sl\u00e4kten och v\u00e4nnerna, till intressef\u00f6reningar, organisationer eller andra sammanslutningar. Dessa gemenskaper \u2013 det civila samh\u00e4llet \u2013 utg\u00f6r samh\u00e4llets bas.<br \/>\nKommunens uppgift \u00e4r att verka f\u00f6r det gemensamma b\u00e4sta, det vill s\u00e4ga underl\u00e4tta f\u00f6r dessa gemenskaper att fungera fritt och se till att deras syften och \u00e4ndam\u00e5l inte krockar med varandra. Politiker ska inte fr\u00e5nta v\u00e4ster\u00e5sarna best\u00e4mmander\u00e4tten \u00f6ver det som de sj\u00e4lva kan sk\u00f6ta. Kommunen ska uppmuntra och ta tillvara de initiativ som kommer ifr\u00e5n det civila samh\u00e4llet. Det \u00e4r kommunen som \u00e4r till f\u00f6r m\u00e4nniskorna och deras gemenskaper \u2013 inte tv\u00e4rtom.<br \/>\nValfrihet<br \/>\nF\u00f6r Kristdemokraterna \u00e4r valfriheten sj\u00e4lvklar. F\u00f6r en familj inneb\u00e4r valfrihet exempelvis att kommunen inte ska best\u00e4mma hur familjen ska ordna sin barnomsorg. Vi \u00e4r \u00f6vertygade om att det \u00e4r f\u00f6r\u00e4ldrarna sj\u00e4lva som vet vad som passar den egna familjen b\u00e4st. Det offentliga samh\u00e4llet ska inte styra familjernas val mot en viss barnomsorgsform, utan ge f\u00f6r\u00e4ldrarna verklig och ekonomisk m\u00f6jlighet att v\u00e4lja det som \u00e4r b\u00e4st f\u00f6r just dem. P\u00e5 samma s\u00e4tt ska elever och f\u00f6r\u00e4ldrar ges \u00f6kad m\u00f6jlighet att fritt v\u00e4lja skola. \u00c4ldre som bor hemma ska kunna v\u00e4lja vad de vill ha hj\u00e4lp med och vem som ska g\u00f6ra det. De som inte l\u00e4ngre kan eller vill bo kvar hemma ska ha r\u00e4tt att fritt v\u00e4lja boendeform, oavsett utf\u00f6rare. All \u00e4ldreomsorg, liksom skola och f\u00f6rskola, ska vara fortsatt gemensamt och solidariskt finansierad genom skatter, men med valfrihet mellan olika utf\u00f6rare.<br \/>\nSolidaritet<br \/>\nDen som k\u00e4nner solidaritet med andra behandlar dem ocks\u00e5 med v\u00e4rme och medk\u00e4nsla. Hur vi behandlar dem som just nu har det sv\u00e5rt kan ses som ett m\u00e5tt p\u00e5 hur civiliserat ett samh\u00e4lle \u00e4r. Det \u00e4r kommunens skyldighet att fr\u00e4mja dess inv\u00e5nares ekonomiska och sociala trygghet. Men vi har \u00e4ven alla ett ansvar som medm\u00e4nniskor. Den kristdemokratiska ideologin betonar solidaritet. Denna solidaritet g\u00e4ller inte bara inom den egna gruppen eller inom geografiska gr\u00e4nser, utan omfattar s\u00e5v\u00e4l utsatta och svaga i v\u00e5rt eget samh\u00e4lle som medm\u00e4nniskor i den internationella gemenskapen. Solidariteten \u00e4r grunden f\u00f6r social r\u00e4ttvisa, det vill s\u00e4ga ambitionen att utj\u00e4mna strukturella or\u00e4ttvisor och att skapa en r\u00e4ttvis f\u00f6rdelning inom det goda samh\u00e4llet.<br \/>\nF\u00f6rvaltarskap<br \/>\nF\u00f6rvaltarskapstanken \u00e4r central f\u00f6r Kristdemokraterna. Vi kan inte nog betona f\u00f6rvaltarskapets storhet. Det \u00e4r inte bara ett \u00f6verl\u00e4gset politiskt instrument utan g\u00e5r bortom politiken till att innefatta en hel livsstil. Resultatet av f\u00f6rvaltarskap \u00e4r ekologisk, ekonomisk, social och kulturell h\u00e5llbar utveckling. Vi vill ju alla l\u00e4mna \u00f6ver en bra v\u00e4rld till v\u00e5ra barn och barnbarn. Det \u00e4r inte f\u00f6rsvarbart att l\u00e5na och konsumera f\u00f6r att sedan l\u00e4mpa \u00f6ver en ekologisk eller ekonomisk skuld v\u00e5ra barn och barnbarn. Naturligtvis handlar f\u00f6rvaltarskap v\u00e4ldigt mycket om v\u00e5r milj\u00f6 och att skapa ett h\u00e5llbart samh\u00e4lle. Vi har ett gemensamt ansvar att minska utsl\u00e4ppen. Klimatf\u00f6r\u00e4ndringarna, som orsakas av m\u00e4nniskans utsl\u00e4pp, g\u00f6r det uppenbart att Sverige och den nationella beslutsniv\u00e5n inte \u00e4r tillr\u00e4cklig. Det \u00e4r sj\u00e4lvklart viktigt vilka val vi var och en g\u00f6r och vad Sverige beslutar men samarbete \u00f6ver gr\u00e4nserna \u00e4r avg\u00f6rande.<\/p>\n<h2><span style=\"color: #000080;\">3. St\u00f6d till familjer f\u00f6r trygga uppv\u00e4xtf\u00f6rh\u00e5llanden<\/span><\/h2>\n<p>Familjen \u00e4r den viktigaste gemenskapen i samh\u00e4llet och den beh\u00f6vs f\u00f6r att m\u00e4nniskor ska kunna v\u00e4xa och m\u00e5 bra. Familjen \u00e4r basen f\u00f6r att varje m\u00e4nniska ska f\u00e5 sina m\u00e4nskliga behov. Fungerar inte familjen som en trygg bas fungerar inte heller samh\u00e4llet. Men ingen familj \u00e4r perfekt. Ibland eller ofta orkar vi inte och f\u00e5r inte livspusslet att g\u00e5 ihop. D\u00e5 m\u00e5ste vi hj\u00e4lpa varandra.<\/p>\n<p>Familjer ser olika ut och har olika f\u00f6ruts\u00e4ttningar. Det kan vara en f\u00f6r\u00e4lder eller fyra. Det kan vara mormor och ett barnbarn. Det \u00e4r ofta olika fr\u00e5n dag till dag. Barn har olika behov och f\u00f6r\u00e4ldrar har olika \u00f6nskem\u00e5l och g\u00f6r olika prioriteringar. Familjepolitiken ska st\u00f6dja familjer, oavsett hur de ser ut. Den ska m\u00f6jligg\u00f6ra mera tid f\u00f6r barnen, \u00f6ka familjens frihet och skapa m\u00f6jligheter till en bra kvalitativ barnomsorg.<\/p>\n<p>Hemmilj\u00f6 och familjeliv p\u00e5verkar v\u00e5r h\u00e4lsa och livskvalitet. Familjens situation och f\u00f6ruts\u00e4ttningar f\u00e5r ocks\u00e5 l\u00e5ngsiktiga effekter d\u00e5 det \u00e4r d\u00e4r n\u00e4sta generation medborgare formas.<\/p>\n<p>Politiska beslut m\u00e5ste analyseras utifr\u00e5n vilka konsekvenser de f\u00e5r f\u00f6r familjeekonomin, balansen mellan arbete och fritid, tid f\u00f6r att v\u00e5rda familjerelationer, barnens f\u00f6ruts\u00e4ttningar f\u00f6r ett gott liv. Politiska beslut m\u00e5ste vara bra f\u00f6r familjer.<\/p>\n<p>Nu startar en familjecentral i Kolsva. Den f\u00f6rtj\u00e4nar allt st\u00f6d med resurser och uppm\u00e4rksamhet av b\u00e5de kommun och landsting som den beh\u00f6ver ha. Vi beh\u00f6ver \u00e4ven familjecentraler i K\u00f6pings t\u00e4tort.<\/p>\n<p>Kristdemokraterna anser att:<br \/>\n\u2022 Politiska beslut ska analyseras utifr\u00e5n vilka konsekvenser de f\u00e5r f\u00f6r familjer och n\u00e4ra relationer.<br \/>\n\u2022 Varje familj skall kunna ha tillg\u00e5ng till en familjecentral och dess tj\u00e4nster<br \/>\n\u2022 Familjer\u00e5dgivningen ska marknadsf\u00f6ras och utvecklas. Alla som \u00f6nskar samtal skall erh\u00e5lla det inom rimlig tid.<br \/>\n\u2022 en gratis familjer\u00e5dgivningscheck med tv\u00e5 bes\u00f6k ges till alla blivande \/ nyblivna f\u00f6r\u00e4ldrar.<br \/>\n\u2022 kommunen marknadsf\u00f6r f\u00f6r\u00e4ldrast\u00f6det Komet och ton\u00e5rs-Komet b\u00e4ttre s\u00e5 att tillg\u00e5ngen och tillg\u00e4ngligheten utvecklas.<\/p>\n<h2><span style=\"color: #000080;\">4. Tid f\u00f6r varje barn<\/span><br \/>\n<span style=\"color: #000080;\">\u2013 valfrihet och mindre barngrupper i barnomsorgen<\/span><\/h2>\n<p>Barns och familjers behov ska vara utg\u00e5ngspunkten f\u00f6r barnomsorgen. Respekt f\u00f6r barnets f\u00f6r\u00e4ldrar, f\u00f6r barnets egen kulturella identitet, eget spr\u00e5k och egna v\u00e4rden \u00e4r grundl\u00e4ggande.<\/p>\n<p>Det \u00e4r viktigt att familjerna f\u00e5r ett inflytande \u00f6ver formerna f\u00f6r barnens omsorg och f\u00f6rskoleverksamhet. Barnomsorgen ska vara ett st\u00f6d f\u00f6r familjerna i deras ansvar f\u00f6r barnens fostran, utveckling och v\u00e4xande. Barnomsorgens verksamhet ska drivas utifr\u00e5n barns perspektiv och villkor d\u00e4r barn v\u00e4xer genom delaktighet och inflytande.<\/p>\n<p>Barnomsorgen ska pr\u00e4glas av god kvalitet d\u00e4r det ska finnas personal med b\u00e5de pedagogisk och omv\u00e5rdande kompetens. F\u00f6r barns utveckling, v\u00e4xande och l\u00e4rande \u00e4r leken som pedagogisk metod viktig, inte minst f\u00f6r den spr\u00e5kliga utvecklingen.<\/p>\n<p>Barngruppernas storlek i barnomsorgen ska begr\u00e4nsas och h\u00e5llas p\u00e5 en f\u00f6r barnen och verksamheten rimlig niv\u00e5. Gruppens storlek har stor betydelse f\u00f6r barnens trygghet och m\u00f6jlighet till identitets- och spr\u00e5kutveckling.<\/p>\n<p>Kristdemokraterna i K\u00f6ping anser att en f\u00f6rskola ska ha max 4 avdelningar. Vi har fr\u00e5n b\u00f6rjan varit mot att bygga f\u00f6rskolan vid Johannisdalsskogen s\u00e5 stor som 8 avdelningar.<\/p>\n<p>F\u00f6r\u00e4ldrar skall ha stor valm\u00f6jlighet i att kunna v\u00e4lja den omsorgsform som passar deras situation och deras barn b\u00e4st.<br \/>\nVi vill att f\u00f6r\u00e4ldrar ocks\u00e5 ska kunna f\u00e5 barnomsorgspeng f\u00f6r omsorg om enbart egna barn i hemmet. \u00c4ven n\u00e4rst\u00e5ende ska kunna st\u00e5 f\u00f6r omsorgen. Barnomsorgspengen f\u00f6r egna barn b\u00f6r vara skattepliktig och uppg\u00e5 till 90 procent av kommunens kostnad f\u00f6r en plats i pedagogisk omsorg, vilket motsvarar drygt 7 000 kronor per m\u00e5nad och barn f\u00f6re skatt.<\/p>\n<p>Kommunalt drivna och enskilda f\u00f6rskolor \/ familjedaghem ska ges samma ekonomiska och resursm\u00e4ssiga f\u00f6ruts\u00e4ttningar.<\/p>\n<p>Kommunen ska ha som m\u00e5ls\u00e4ttning att barnen vistas i giftfria milj\u00f6er och kunna \u00e4ta giftfri mat.<\/p>\n<p>Kristdemokraterna anser att:<br \/>\n\u2022 valfrihet och m\u00e5ngfald b\u00f6r finnas f\u00f6r f\u00f6r\u00e4ldrar att utifr\u00e5n egna behov v\u00e4lja bland f\u00f6rskolor eller annan barnomsorg. Kristdemokraterna uppmuntrar olika driftsformer.<br \/>\n\u2022 barngruppernas storlek ska minskas. I sm\u00e5barnsgrupperna ska det vara max 12 barn.<br \/>\n\u2022 familjedaghem med god kvalitet skall forts\u00e4tta erbjudas som en fullv\u00e4rdig f\u00f6rskoleverksamhet och ut\u00f6kas.<br \/>\n\u2022 barnomsorgspeng ska kunna erbjudas f\u00f6r egna barn samt som ytterligare ett alternativ f\u00f6r att forma barnomsorgen tillsammans med andra f\u00f6r\u00e4ldrar. Detta kan vara alternativ till kv\u00e4lls- och natt\u00f6ppna f\u00f6rskolor.<br \/>\n\u2022 v\u00e5rdnadsbidrag skall erbjudas alla i K\u00f6ping.<br \/>\n\u2022 f\u00f6rskolepersonalens administrativa och dokumenterande arbetsuppgifter ska minskas &#8211; ge st\u00f6rre utrymme f\u00f6r personalen att prioritera tid med barnen!<br \/>\n\u2022 det ska finnas minst en \u00f6ppen f\u00f6rskola i K\u00f6pings t\u00e4tort.<br \/>\n\u2022 det ska finnas kompetens om hemspr\u00e5kets roll och om andraspr\u00e5ksinl\u00e4rning och spr\u00e5kutvecklande arbetss\u00e4tt.<br \/>\n\u2022 barnomsorgen ska ges stor m\u00f6jlighet att ta del av kommunens kulturutbud.<br \/>\n\u2022 kontinuerlig kompetensutveckling ska tillhandah\u00e5llas barnomsorgens hela personal.<\/p>\n<h2><span style=\"color: #000080;\">5. Grundskola f\u00f6r trygghet, kunskap och bildning<\/span><\/h2>\n<p>Skolans v\u00e4rdegrund \u00e4r viktig f\u00f6r eleverna<br \/>\nSkolan har ett bildningsuppdrag d\u00e4r kunskap och v\u00e4rdegrund finns som en helhet f\u00f6r att ge eleverna kunskaper och f\u00e4rdigheter f\u00f6r att m\u00f6ta framtiden. Det ska finnas ett n\u00e4ra samarbete med hemmen f\u00f6r att fr\u00e4mja elevens utveckling. K\u00f6pings kommun ska ha skolor d\u00e4r ingen h\u00e5lls tillbaka och ingen l\u00e4mnas efter.<br \/>\nV\u00e4rdegrundsarbetet \u00e4r grundl\u00e4ggande och ska genomsyra hela skolans arbete. Det ska ta sin utg\u00e5ngspunkt i den etik och m\u00e4nniskosyn som f\u00f6rvaltas av den kristna och v\u00e4sterl\u00e4ndska id\u00e9traditionen.<br \/>\nSkolan &#8211; en kreativ milj\u00f6<br \/>\nSkolan ska m\u00f6ta varje elevs f\u00f6ruts\u00e4ttningar i l\u00e4randet f\u00f6r att kunna uppn\u00e5 kunskapsm\u00e5len. Skolan ska erbjuda en kreativ och motiverande l\u00e4randemilj\u00f6 som st\u00f6der och stimulerar eleven att utveckla alla sina f\u00f6rm\u00e5gor f\u00f6r att uppn\u00e5 kunskapsm\u00e5len och n\u00e5 sin fulla potential.<br \/>\nEn god studie- och yrkesv\u00e4gledning \u00e4r viktig f\u00f6r att elever ska utbilda sig b\u00e5de till det som de kommer trivas med och som efterfr\u00e5gas.<br \/>\nDuktiga l\u00e4rare ger duktiga elever<br \/>\nV\u00e4l utbildade och pedagogiskt skickliga l\u00e4rare \u00e4r den enskilt viktigaste faktorn f\u00f6r en bra skola. Den pedagogiska kompetensen ska ge st\u00f6d f\u00f6r en god l\u00e4randemilj\u00f6. Det \u00e4r s\u00e4rskilt viktigt f\u00f6r barn med s\u00e4rskilda behov.<br \/>\nSkickliga l\u00e4rare ska d\u00e4rf\u00f6r ha en god l\u00f6neutveckling under yrkeskarri\u00e4ren. Vi vill ocks\u00e5 forts\u00e4tta arbetet med att prioritera bland l\u00e4rares uppgifter och ansvar f\u00f6r att frig\u00f6ra tid f\u00f6r mer l\u00e4rarledd \u00e4mnesundervisning.<br \/>\nGod l\u00e4sf\u00f6rst\u00e5else \u00e4r nyckeln till framg\u00e5ng i de flesta av skolans \u00e4mnen och grunden f\u00f6r ett livsl\u00e5ngt l\u00e4rande och ett aktivt liv som samh\u00e4llsmedborgare. Vi vill satsa p\u00e5 mer l\u00e4rarledd tid och s\u00e4rskilt prioritera svenska och l\u00e4sning.<br \/>\nUppv\u00e4rdera bildning \u2013 inf\u00f6r en klassikerlista<br \/>\nI ett samh\u00e4lle som n\u00e5gorlunda drar \u00e5t samma h\u00e5ll beh\u00f6vs gemensamma begrepp &#8211; att man kan kommunicera om samma saker. Astrid Lindgrens b\u00f6cker och filmer fyllde ett tag till viss del det behovet. Om kulturen har en gemensam begreppsskatt kan t ex konstn\u00e4rer, l\u00e5tskrivare, poeter och filmmakare bygga vidare p\u00e5 det ist\u00e4llet f\u00f6r att beh\u00f6va b\u00f6rja fr\u00e5n b\u00f6rjan hela tiden f\u00f6r att kunna n\u00e5 fram med ett budskap. Hur m\u00e5nga vet t ex vad ett kainsm\u00e4rke eller en rumpnisse \u00e4r? Kristdemokraterna vill d\u00e4rf\u00f6r att skolan inf\u00f6r en klassikerlista med litter\u00e4ra verk, \u00e4ven utl\u00e4ndska \u2013 romaner, noveller, ess\u00e4er, sagor, dikter, \u2013 men ocks\u00e5 filmer och musik, som alla elever ska ha tagit del av under sin skolg\u00e5ng. Det \u00e4r s\u00e4rskilt viktigt f\u00f6r barn som v\u00e4xer upp i hem utan b\u00f6cker och utan l\u00e4stradition. Listan ska kunna \u00e4ndras.<br \/>\nF\u00e4rre elever i klassen<br \/>\nKlassernas elevantal beh\u00f6ver minska f\u00f6r att f\u00e5 en lugnare inl\u00e4rningsmilj\u00f6, f\u00f6r att l\u00e4rare ska f\u00e5 mer tid f\u00f6r varje elev och att varje elev k\u00e4nner att de f\u00e5r det st\u00f6d de beh\u00f6ver av sin l\u00e4rare.<br \/>\nFritidshemmen ska inte vara en f\u00f6rvaring av barn medan f\u00f6r\u00e4ldrarna jobbar utan en kreativ och\/eller lugn och l\u00e4rande milj\u00f6. Gruppstorlekarna ska inte inte vara st\u00f6rre \u00e4n 20 barn.<br \/>\nElever som m\u00e5r b\u00e4ttre g\u00f6r b\u00e4ttre resultat<br \/>\nSkolan ska uppm\u00e4rksamma barns och ungdomars fysiska och psykiska h\u00e4lsa. Det m\u00e5ste vara en sj\u00e4lvklarhet p\u00e5 varje skola att estetik, r\u00f6relse, teori, reflektion och vila blandas. P\u00e5 m\u00e5nga skolor \u00e4r inte rasterna en vila f\u00f6r alla elever.<br \/>\nKD bidrog till att det blev kuratorer p\u00e5 grundskolan. Nu g\u00e5r vi vidare. Skolan m\u00e5ste forts\u00e4tta uppm\u00e4rksamma hur eleverna m\u00e5r och de ska kunna f\u00e5 hj\u00e4lp fort av n\u00e5gon i elevh\u00e4lsoteamet.<br \/>\nFler timmar idrott<br \/>\nN\u00e4r man r\u00f6r sig och \u00f6ver huvud taget g\u00f6r praktiska och estetiska saker som sl\u00f6jd, bild och idrott, skapas f\u00f6ruts\u00e4ttningar f\u00f6r att b\u00e4ttre lyckas med teoretiska uppgifter. Kristdemokraterna vill d\u00e4rf\u00f6r att antalet idrottstimmar i ett f\u00f6rsta steg ut\u00f6kas fr\u00e5n dagens 500 till 600 i grundskolan och att det preciseras hur f\u00f6rdelningen ska se ut mellan \u00e5rskurserna. F\u00f6r att m\u00f6jligg\u00f6ra detta vill vi minska p\u00e5 timmarna f\u00f6r elevens val. V\u00e5rt m\u00e5l \u00e4r att det ska vara idrott med fysisk aktivitet p\u00e5 schemat varje dag.<\/p>\n<p>Kristdemokraterna anser att:<br \/>\n\u2022 elever som inte uppn\u00e5tt m\u00e5len i f\u00f6rst och fr\u00e4mst k\u00e4rn\u00e4mnen skall forts\u00e4tta erbjudas sommar- och lovskola.<br \/>\n\u2022 l\u00e4rarnas arbetstid ska ha fokus p\u00e5 mer undervisningstid \u2013 det administrativa arbetet ska minska.<br \/>\n\u2022 gruppstorlekarna ska minska och personalt\u00e4theten \u00f6ka i fritidsverksamheten.<br \/>\n\u2022 skolorna ska ha kompetens och avs\u00e4tta resurser f\u00f6r att tidigt se och st\u00f6dja elever i behov av s\u00e4rskilt st\u00f6d genom att ha tillg\u00e5ng till speciall\u00e4rartj\u00e4nster och specialpedagogtj\u00e4nster<br \/>\n\u2022 skolorna ska aktivt arbeta mot mobbning och kr\u00e4nkande behandling samt mot klotter och d\u00e5lig milj\u00f6<br \/>\n\u2022 skickliga l\u00e4rare ska ha god l\u00f6neutveckling under yrkeskarri\u00e4ren. Kristdemokraterna ska verka f\u00f6r att h\u00f6ja l\u00f6nerna f\u00f6r alla kunniga och utvecklingsinriktade l\u00e4rare.<br \/>\n\u2022 en satsning p\u00e5 skolorna i de mest utsatta omr\u00e5dena skall genomf\u00f6ras. Kommunen skall ansvara f\u00f6r att minska klassernas storlek d\u00e4r det beh\u00f6vs samt rekrytera de b\u00e4sta och mest motiverade l\u00e4rarna genom att bland annat erbjuda h\u00f6gre l\u00f6n.<br \/>\n\u2022 en elevh\u00e4lsogaranti ska finnas d\u00e4r eleven garanteras st\u00f6d och hj\u00e4lp inom ett dygn.<br \/>\n\u2022 ett n\u00e4ra samarbete mellan skolan och det lokala n\u00e4ringslivet ska utvecklas.<br \/>\n\u2022 fler vuxna i skolan ska finnas genom t ex utbildade klassmorfar och kamratst\u00f6djare<br \/>\n\u2022 arbetsmilj\u00f6vandringar skall regelbundet och ofta g\u00f6ras i skolan d\u00e4r eleverna deltar f\u00f6r att identifiera arbetsmilj\u00f6problem<br \/>\n\u2022 ett \u00f6kat inslag av fysisk aktivitet skall erbjudas, b\u00e5de schemalagt och spontant i samband med raster<br \/>\n\u2022 s\u00e4rskolan ges tillr\u00e4ckliga resurser och utbildningen anpassas efter varje elevs f\u00f6rm\u00e5ga och behov<\/p>\n<h2><span style=\"color: #000080;\">6. Gymnasieskolan \u2013 forts\u00e4ttningen in i vuxenlivet<\/span><\/h2>\n<p>Utbildningar med m\u00e5nga m\u00f6jligheter<br \/>\nGymnasieskolan ska ge en stabil grund inf\u00f6r vuxenlivet. Gymnasieskolan ska i s\u00e5 h\u00f6g grad som m\u00f6jligt utg\u00e5 fr\u00e5n elevernas intressen, behov, framtidsplaner och m\u00f6jlighet till personlig utveckling. K\u00f6pings kommun ska sj\u00e4lv erbjuda de gymnasieprogram som efterfr\u00e5gas av m\u00e5nga. Samarbete om utbildningsplatser ska i andra hand finnas med Arboga och Kungs\u00f6r, i tredje hand med platser i regionen, fr a V\u00e4ster\u00e5s. Programmen ska ha en tydlig profil med olika inriktningar \u00e4ven utifr\u00e5n lokala n\u00e4ringslivets behov. En bredd av b\u00e5de teoretiska och praktiska program ska erbjudas eleverna. Till det ska olika former av l\u00e4rlingsprogram finnas i n\u00e4ra samverkan med det lokala n\u00e4ringslivet. Kommunala praktikanst\u00e4llningar ska erbjudas p\u00e5 sommarlovet.<\/p>\n<p>H\u00f6gskola p\u00e5 gymnasiet<br \/>\nGymnasieskolan ska ocks\u00e5 ha en stor \u00f6ppenhet f\u00f6r elever som vill ta ytterligare steg fram\u00e5t att kunna l\u00e4sa h\u00f6gskolekurser under sin gymnasietid.<\/p>\n<p>Fysisk och psykisk h\u00e4lsa \u00e4r grunden<br \/>\n\u00c4ven i gymnasieskolan \u00e4r den fysiska och psykiska h\u00e4lsan viktig &#8211; inte bara f\u00f6r skolresultaten utan f\u00f6r hela livssituationen. Alla \u00e4r \u00f6verens om att ett h\u00e4lsosamt liv grundl\u00e4ggs i ungdomen och i detta ska gymnasieskolan inte skapa problem utan bidra till att en god grund l\u00e4ggs.<\/p>\n<p>Gymnasieskolan ska samarbeta med civila samh\u00e4llet<br \/>\nGymnasieskolan skall uppmuntra ideellt engagemang i det civila samh\u00e4llet som f\u00f6reningar, idrottsorganisationer och liknande. Skolan skall d\u00e4rmed visa p\u00e5 det civila samh\u00e4llets m\u00f6jligheter och betydelse f\u00f6r den personliga utvecklingen.<\/p>\n<p>Gymnasieskolan ska samarbeta med n\u00e4ringslivet<br \/>\nDet \u00e4r n\u00f6dv\u00e4ndigt att gymnasieskolan utbildar ungdomar till de yrken som kommer efterfr\u00e5gas i framtiden. Teknikcollege och V\u00e5rdcollege \u00e4r viktiga organ f\u00f6r samverkan mellan skola och arbetsliv. Detta samarbete beh\u00f6ver vidgas till fler branscher f\u00f6r att st\u00e4rka kompetensf\u00f6rs\u00f6rjningen, t. ex inom handel och logistik.<br \/>\nGymnasieskolans uppdrag \u00e4r att se till att alla elever f\u00e5r samma r\u00e4tt till utbildning och l\u00e4rande. En \u00f6kad samverkan med n\u00e4ringslivet kan \u00e4ven p\u00e5verka m\u00f6jligheten f\u00f6r fler ungdomar med funktionsneds\u00e4ttning att komma ut i ordinarie arbetsmarknad.<\/p>\n<p>Kristdemokraterna anser att:<br \/>\n\u2022 gymnasieskolan skall pr\u00e4glas av m\u00e5ngfald n\u00e4r det g\u00e4ller teoretiska och praktiska program, liksom m\u00f6jlighet till valfrihet f\u00f6r eleverna att v\u00e4lja mellan frist\u00e5ende eller kommunal skola.<br \/>\n\u2022 kommunen skall sj\u00e4lv och i samarbete med tillverkningsindustrin och \u00f6vriga delar av n\u00e4ringslivet erbjuda kvalificerad s\u00e5v\u00e4l teoretisk som praktisk yrkesutbildning p\u00e5 gymnasieniv\u00e5. Utbildningen skall uppfylla f\u00f6ruts\u00e4ttningar f\u00f6r fortsatta studier p\u00e5 universitetsniv\u00e5.<br \/>\n\u2022 Kungs\u00f6r, Arboga och K\u00f6ping skall samarbeta och samverka med den gymnasiala utbildningen.<br \/>\n\u2022 Elever p\u00e5 gymnasieskolans olika program skall erbjudas anst\u00e4llningar som kommunala sommarpraktikanter relaterat till gymnasieutbildningen.<br \/>\n\u2022 antalet veckor i den arbetsplatsf\u00f6rlagda utbildningen ska \u00f6ka p\u00e5 gymnasieskolan.<br \/>\n\u2022 elever i gymnasieskolan ska ges m\u00f6jligheter att l\u00e4sa h\u00f6gskolekurser.<br \/>\n\u2022 en elevh\u00e4lsogaranti ska finnas d\u00e4r eleven garanteras st\u00f6d och hj\u00e4lp inom ett dygn.<br \/>\n\u2022 gymnasieskolan skall verka f\u00f6r att de elever som har intresse och m\u00f6jlighet skall erbjudas praktik och \/ eller l\u00e4rlingsplatser i samarbete med det lokala n\u00e4ringslivet.<\/p>\n<h2><span style=\"color: #000080;\">7. \u00c4ldreomsorg med v\u00e4rdighet och delaktighet<\/span><\/h2>\n<p>\u00c4ldreomsorgen skall pr\u00e4glas av trygghet, v\u00e4rdighet och delaktighet. Det inneb\u00e4r att service, v\u00e5rd och omsorg ska vara tillg\u00e4nglig och ges utifr\u00e5n en helhetssyn p\u00e5 den enskilde och h\u00e4nsyn tas till s\u00e5v\u00e4l sj\u00e4lsliga, andliga och materiella behov. M\u00e4nniskov\u00e4rdet beror inte p\u00e5 \u00e5ldern eller den egna f\u00f6rm\u00e5gan.<\/p>\n<p>Det civila samh\u00e4llet beh\u00f6vs i kommunens \u00e4ldreomsorg<br \/>\nDen enskilde k\u00e4nner b\u00e4st sina egna behov. Delaktighet, inflytande och valfrihet ska d\u00e4rf\u00f6r vara centrala begrepp inom \u00e4ldreomsorgen. Ingen offentlig verksamhet kan tillfullo tillfredsst\u00e4lla m\u00e4nniskors behov av n\u00e4rhet och gemenskap. D\u00e4r har det civila samh\u00e4llet en viktig funktion att fylla. D\u00e4rf\u00f6r m\u00e5ste \u00e4ldreomsorgen ta vara p\u00e5 samarbetet med exempelvis anh\u00f6riga, f\u00f6reningar, kyrkor och andra ideella krafter.<\/p>\n<p>M\u00e5ngfald ger kvalitet<br \/>\nKvaliteten utvecklas av m\u00e5ngfald. Det \u00e4r inte kommunens politiker och personal som ska avg\u00f6ra vilken v\u00e5rd jag ska f\u00e5 utifr\u00e5n mitt v\u00e5rdbehov. D\u00e4rf\u00f6r b\u00f6r alla utf\u00f6rare som kan erbjuda v\u00e5rd och omsorg av h\u00f6g kvalitet v\u00e4lkomnas, s\u00e5v\u00e4l ideella, kooperativa, privata som offentliga.<\/p>\n<p>Boendet ska vara tryggt<br \/>\nBoendet \u00e4r viktigt f\u00f6r alla. Behoven varierar \u00f6ver tid. Tillg\u00e4ngliga bost\u00e4der med m\u00f6jlighet till gemenskap \u00e4r n\u00e5got m\u00e5nga efterfr\u00e5gar, s\u00e5 kallade Trygghetsboenden, d\u00e4r det finns m\u00f6jlighet till gemenskap och viss tillg\u00e5ng till personal.<\/p>\n<p>V\u00e4rdighetsgarantin<br \/>\nTack vare att Kristdemokraterna suttit i regeringsstyre under de senaste \u00e5tta \u00e5ren har m\u00e5nga f\u00f6rb\u00e4ttringar gjorts. Bland annat har en v\u00e4rdighetsgaranti inf\u00f6rts f\u00f6r \u00e4ldre, \u00e4ven i K\u00f6pings kommun. Nu \u00e4r det upp till de styrande i kommunen att se till att det skapas st\u00f6rre m\u00f6jligheter f\u00f6r kommunen att kontrollera att det verkligen \u00e4r de \u00e4ldre som f\u00e5tt v\u00e4lja. Kontakter med andra ska uppmuntras. Vi vill lyfta fram medarbetare som arbetar vision\u00e4rt. Den tystnadskultur n\u00e4r det g\u00e4ller oegentligheter som \u00e4ven f\u00f6rekommer i kommunens v\u00e5rd &amp; omsorg ska aktivt motarbetas. Brister ska lyftas upp till ytan och motarbetas.<\/p>\n<p>Kristdemokraterna anser att:<br \/>\nen tj\u00e4nst \u201d\u00c4ldre direkt\u201d ska inr\u00e4ttas dit man kan v\u00e4nda sig f\u00f6r att snabbt och enkelt f\u00e5 v\u00e4gledning och hj\u00e4lp att komma till r\u00e4tt instanser n\u00e4r det g\u00e4ller flera behov.<br \/>\n\u2022 det ska finnas r\u00e4tt till valfrihet inom \u00e4ldreomsorgen t ex hemtj\u00e4nst, f\u00e4rdtj\u00e4nst och mat.<br \/>\n\u2022 kommunen ska satsa p\u00e5 \u00e4ldres mat och m\u00e5ltider.<br \/>\n\u2022 det ska finnas regelbundna tr\u00e4ffar f\u00f6r n\u00e4rst\u00e5ende till de \u00e4ldre.<br \/>\n\u2022 kommunen skall utf\u00f6ra tydliga uppf\u00f6ljningar av all \u00e4ldreomsorg, s\u00e5v\u00e4l avseende egen regi som alternativa utf\u00f6rare.<br \/>\n\u2022 kommunen skall utf\u00e4rda v\u00e4rdighetsgarantier d\u00e4r det tydligt specificeras vilken service och omsorg som den enskilde kan f\u00f6rv\u00e4nta sig, med tydligt besked om vilka ers\u00e4ttningskrav det blir f\u00f6r kommunen om det garanterade ej uppfylls.<br \/>\n\u2022 Brukarunders\u00f6kningar och kvalitetsuppf\u00f6ljningar ska utf\u00f6ras regelbundet och redovisas \u00f6ppet och l\u00e4ttf\u00f6rst\u00e5eligt p\u00e5 exempelvis kommunens hemsida, som st\u00f6d f\u00f6r den \u00e4ldre eller dennes anh\u00f6riga att v\u00e4lja utf\u00f6rare.<br \/>\n\u2022 v\u00e5rdens och omsorgens inneh\u00e5ll ska utvecklas f\u00f6r att b\u00e4ttre passa \u00e4ldres skiftande behov och \u00f6nskem\u00e5l genom att erbjuda profilering av verksamheterna, exempelvis mot intressen, spr\u00e5k, livs\u00e5sk\u00e5dning och v\u00e5rdprofil.<br \/>\n\u2022 Alla \u00f6ver 85 \u00e5r ska sj\u00e4lva f\u00e5 best\u00e4mma om de vill flytta in p\u00e5 ett \u00e4ldreboende.<br \/>\n\u2022 Kommunen b\u00f6r erbjuda \u00e4ldre friskv\u00e5rdande aktiviteter som stimulerar h\u00e4lsa och livskvalitet genom samarbete med det civila samh\u00e4llet s\u00e5som pension\u00e4rsorganisationer, studief\u00f6rbund och \u00f6vriga ideella organisationer.<br \/>\n\u2022 Trygghetsboenden utvecklas efter medborgarnas \u00f6nskem\u00e5l.<br \/>\n\u2022 Den palliativa v\u00e5rden ska planeras utifr\u00e5n patienten och anh\u00f6rigas behov och \u00f6nskem\u00e5l.<br \/>\nDe som anst\u00e4lls inom \u00e4ldreomsorgen ska uppn\u00e5 fastst\u00e4llda kunskapsniv\u00e5er och l\u00e4mplighet.<br \/>\nKommunen ska anst\u00e4lla fler personer med specialkompetens inom \u00e4ldres sjukdomar.<br \/>\nKommun och landsting i samverkan ska ha tydliga riktlinjer f\u00f6r att p\u00e5 b\u00e4sta s\u00e4tt kunna m\u00f6ta och ge v\u00e5rd och v\u00e5rdnad f\u00f6r multisjuka.<\/p>\n<h2><span style=\"color: #000080;\">8. Funktionsneds\u00e4ttning och tillg\u00e4nglighet<\/span><\/h2>\n<p>Alla m\u00e4nniskor skall ha lika f\u00f6ruts\u00e4ttningar att f\u00f6rverkliga sin potential- Funktionsneds\u00e4ttning blir ett hinder f\u00f6r den enskilde f\u00f6rst om samh\u00e4llet inte f\u00f6rm\u00e5r att kompensera bristerna. Personer med funktionsneds\u00e4ttningar riskerar att hindras fr\u00e5n att delta i samh\u00e4llslivet p\u00e5 lika villkor. Graden av funktionsneds\u00e4ttning \u00e4r inte statisk, utan snarare ett resultat av samh\u00e4llets f\u00f6rm\u00e5ga eller of\u00f6rm\u00e5ga att m\u00f6ta personer med funktionsneds\u00e4ttning.<\/p>\n<p>Personer med funktionsneds\u00e4ttning riskerar att i olika sammanhang bli negativt s\u00e4rbehandlade. Insatserna m\u00e5ste anpassas s\u00e5 att de motsvarar olika m\u00e4nniskors olika f\u00f6ruts\u00e4ttningar och behov. Bem\u00f6tande, v\u00e5rd och behandling ska erbjudas p\u00e5 lika villkor till alla oavsett personliga f\u00f6ruts\u00e4ttningar.<\/p>\n<p>LSS (Lagen om st\u00f6d och service) \u00e4r en betydelsefull reform som p\u00e5 ett avg\u00f6rande s\u00e4tt har f\u00f6rb\u00e4ttrat levnadsvillkoren f\u00f6r dem som omfattas av lagen. Det handlar om r\u00e4ttigheter och det \u00e4r angel\u00e4get att h\u00e5lla fast vid att hanteringen av lagarna skall vara r\u00e4ttss\u00e4kra.<\/p>\n<p>Det ska vara en sj\u00e4lvklarhet att h\u00e4nsyn tas till funktionsnedsattas behov av god tillg\u00e4nglighet vid utformningen av offentliga lokaler, anl\u00e4ggningar och informationssystem.<\/p>\n<p>L\u00e5ngt ifr\u00e5n alla funktionsneds\u00e4ttningar \u00e4r synliga. Psykisk oh\u00e4lsa tillh\u00f6r den kategori funktionsneds\u00e4ttningar vars yttringar inte alltid syns. S\u00e4rskilt viktigt \u00e4r att arbeta mot de f\u00f6rdomar och skamk\u00e4nslor som i alltf\u00f6r stor utstr\u00e4ckning pr\u00e4glat attityder till psykiska sjukdomar. M\u00e5nga personer med funktionsneds\u00e4ttning erbjuds endast daglig verksamhet som syssels\u00e4ttning. En tillg\u00e4nglig arbetsmarknad \u00e4r viktig och \u00e4ven personer med funktionsneds\u00e4ttning m\u00e5ste ges m\u00f6jlighet att pr\u00f6vas mot den ordinarie arbetsmarknaden.<\/p>\n<p>Kristdemokraterna anser att:<br \/>\n\u2022 kommunen ska forts\u00e4tta att utveckla sin handlingsplan f\u00f6r tillg\u00e4nglighet, delaktighet och j\u00e4mlikhet ur brukarnas perspektiv<br \/>\n\u2022 kommunen ska forts\u00e4tta att utveckla samverkan med handikapporganisationer<br \/>\n\u2022 kommunen skall g\u00e5 f\u00f6re med gott exempel genom matchning av lediga tj\u00e4nster och anst\u00e4lla fler personer med funktionsneds\u00e4ttning<br \/>\n\u2022 kommunens anst\u00e4llda ska ges utbildning f\u00f6r att b\u00e4ttre bem\u00f6ta personer med funktionsneds\u00e4ttning<br \/>\n\u2022 kommunen ska aktivt delta i samverkansprojekt med F\u00f6rs\u00e4kringskassan, Arbetsf\u00f6rmedlingen och Landstinget i fr\u00e5gor som r\u00f6r personer med funktionsneds\u00e4ttning och deras m\u00f6jligheter till delaktighet och att komma till arbete.<br \/>\n\u2022 F\u00f6r de som \u00f6nskar och har m\u00f6jligheter skall praktikplatser liksom ordinarie arbete kunna pr\u00f6vas som alternativ till daglig verksamhet.<\/p>\n<h2><span style=\"color: #000080;\">9.\u00a0 Socialt ansvar<\/span><\/h2>\n<p>Den sociala omsorgen ska utg\u00e5 fr\u00e5n m\u00e4nniskans behov av sm\u00e5, naturliga gemenskaper, fr\u00e4mst familjens. De sociala insatserna ska st\u00f6dja n\u00e4r det brister och stimulera de positiva krafter som finns hos varje person och \u00e4ven visa p\u00e5 det personliga ansvaret f\u00f6r ett bra resultat i slut\u00e4nden. Men det \u00e4r ocks\u00e5 viktigt att betona att det \u00e4r en r\u00e4ttighet att f\u00e5 hj\u00e4lp n\u00e4r man sj\u00e4lv inte ser n\u00e5gon l\u00f6sning.<\/p>\n<p>Solidaritet motiverar till gemensamt ansvar f\u00f6r alla m\u00e4nniskor. Politikern ska vara medborgarnas f\u00f6retr\u00e4dare, inte minst f\u00f6r de mest utsatta. Alla ska ha m\u00f6jlighet att leva ett tryggt och v\u00e4rdigt liv. Offentlig, ideell och privat verksamhet ska komplettera varandra. Sociala insatser ska pr\u00e4glas av respekt f\u00f6r den personliga integriteten och ge f\u00f6ruts\u00e4ttningar f\u00f6r inflytande och delaktighet f\u00f6r s\u00e5v\u00e4l vuxna som barn. Barnens r\u00e4tt till en trygg uppv\u00e4xtmilj\u00f6 \u00e4r grundl\u00e4ggande. Barn som inte \u00e4r trygga hemma \u00e4r de mest s\u00e5rbara i samh\u00e4llet och de m\u00e5ste ha samh\u00e4llets st\u00f6d och skydd. Det alkohol- och drogf\u00f6rebyggande arbetet \u00e4r viktigt. \u00c4ven i K\u00f6ping lever barn i f\u00f6rh\u00e5llanden d\u00e4r b\u00e5da eller n\u00e5gon av f\u00f6r\u00e4ldrarna har ett riskbruk eller missbruk av alkohol. Alltf\u00f6r m\u00e5nga ungdomar har dryckes- och drogvanor som m\u00e5ste brytas. H\u00e4r beh\u00f6vs ytterligare utvecklad samverkan mellan skola och socialtj\u00e4nst liksom samverkan med f\u00f6r\u00e4ldrar och det civila samh\u00e4llet.<\/p>\n<p>Det sociala arbetet skall s\u00e4rskilt uppm\u00e4rksamma n\u00f6dv\u00e4ndigheten av ett bra bem\u00f6tande oavsett anledningen till den hj\u00e4lps\u00f6kandes \u00e4rende. S\u00e4rskilt viktigt \u00e4r detta i m\u00f6tet med barn och unga. Barns r\u00e4tt att komma till tals skall tillgodoses i alla kontakter med socialtj\u00e4nsten.<\/p>\n<p>Det sociala arbetet ska ha fokus p\u00e5 att f\u00f6rebygga och hj\u00e4lpa s\u00e5 att personer inte hamnar i ett beroende av f\u00f6rs\u00f6rjningsst\u00f6d. Det handlar ocks\u00e5 om samverkan med f\u00f6rs\u00e4kringskassa och arbetsf\u00f6rmedling f\u00f6r att minska antalet personer med f\u00f6rs\u00f6rjningsst\u00f6d s\u00e5 att de skall kunna g\u00e5 till egen f\u00f6rs\u00f6rjning.<\/p>\n<p>Kristdemokraterna anser att:<br \/>\n\u2022 kommunerna skall ha en bred samverkan med ideella och privata verksamheter f\u00f6r<br \/>\nst\u00f6dverksamhet inom s\u00e5v\u00e4l barn- och ungdomsv\u00e5rd som \u00f6vrig socialtj\u00e4nst.<br \/>\n\u2022 kommunen ska forts\u00e4tta att bedriva ett aktivt drog- och alkoholf\u00f6rebyggande arbete f\u00f6r att motverka tidig alkoholdebut genom samverkan med skola och information direkt till elever och f\u00f6r\u00e4ldrar. F\u00f6rebyggande \u00e5tg\u00e4rder ska vidtas f\u00f6r att minimera riskbruk och missbruk av s\u00e5v\u00e4l alkohol som droger samt spel-och n\u00e4tmissbruk i synnerhet bland barn och unga.<br \/>\n\u2022 insatser skall g\u00f6ras f\u00f6r att uppt\u00e4cka och f\u00f6rebygga misshandel, missbruk och v\u00e5ld i n\u00e4ra relationer. Kvinnojouren i K\u00f6ping ska st\u00f6djas och samarbete ska ske med mansjouren i l\u00e4net<br \/>\n\u2022 en strategi skall tas fram f\u00f6r att hj\u00e4lpa barn som lever i ekonomiskt svaga hush\u00e5ll.<br \/>\n\u2022 det ska finnas en god beredskap f\u00f6r omh\u00e4ndertagande f\u00f6r att kunna erbjuda barn- och ungdomsv\u00e5rd eller HVB-hem i egen regi eller i samverkan med ideella organisationer och f\u00f6retag.<br \/>\n\u2022 det f\u00f6rebyggande arbetet skall prioriteras, bl a genom st\u00f6d till familjer.<br \/>\n\u2022 st\u00f6dinsatser skall forts\u00e4tta ges f\u00f6r att hj\u00e4lpa enskilda att g\u00e5 fr\u00e5n ekonomiskt bist\u00e5nd till egen f\u00f6rs\u00f6rjning.<br \/>\n\u2022 kommunen ska ha en aktiv plan f\u00f6r att arbeta mot heml\u00f6shet d\u00e4r modellen \u201dBostad f\u00f6rst\u201d skall prioriteras och skapa ett boende f\u00f6r heml\u00f6sa.<br \/>\n\u2022 kommunen ska ha ett aktivt arbete i samverkan med bostadsf\u00f6retagen f\u00f6r att kunna motverka vr\u00e4kning, s\u00e4rskilt d\u00e4r barn finns med i bilden.<br \/>\n\u2022 Kommunen ska erbjuda st\u00f6d med ekonomisk r\u00e5dgivning, skuldsanering och gode m\u00e4n f\u00f6r dem som beh\u00f6ver det.<\/p>\n<h2><span style=\"color: #000080;\">10. Hj\u00e4lp unga bort fr\u00e5n utanf\u00f6rskap och kriminalitet<\/span><\/h2>\n<p>bildk\u00e4lla: www.Fotografgruppen.se<\/p>\n<p>Varje m\u00e4nniska har r\u00e4tt till att utvecklas till den han eller hon vill vara. Men ibland g\u00e5r det snett. F\u00f6r att minska risken f\u00f6r att unga ska komma i kriminella s\u00e4llskap beh\u00f6ver b\u00e5de det offentliga samh\u00e4llet (som skola och socialf\u00f6rvaltning) och det civila samh\u00e4llet (som grannar och f\u00f6reningar) g\u00f6ra insatser .<br \/>\nAllt b\u00f6rjar med familjen. En trygg uppv\u00e4xt p\u00e5verkar barns och ungas livsval. Familjens positiva roll f\u00f6r barns och ungas utveckling g\u00e5r inte att snacka bort. Den rollen kan aldrig tillr\u00e4ckligt ers\u00e4ttas av f\u00f6rskolor och insatser av socialtj\u00e4nsten. Men ingen familj \u00e4r perfekt. Ett samh\u00e4lle som har t\u00e4nkt igenom hur det ska st\u00f6dja familjer \u00e4r alltid en grundl\u00e4ggande f\u00f6ruts\u00e4ttning f\u00f6r ett fungerande brottsf\u00f6rebyggande arbete. Dels beh\u00f6vs f\u00f6rebyggande insatser som t ex st\u00f6d f\u00f6r familjer, dels beh\u00f6ver barnomsorgen och skolan st\u00f6d att erbjuda ordning och reda, och redskap till att jobba f\u00f6r att aktivt motverka utanf\u00f6rskap och \u00f6ka m\u00f6jligheterna f\u00f6r unga att f\u00e5 jobb.<br \/>\nKriminella ungdomsg\u00e4ng har blivit vanligare. Skadeg\u00f6relse, hot och v\u00e5ld ger upphov till otrygghet och vantrivsel i de bostadsomr\u00e5den d\u00e4r g\u00e4ngen \u00e4r aktiva. Samh\u00e4llets reaktion mot ungas kriminella beteende m\u00e5ste markeras tydligt och bli kraftfullt. Men vi f\u00e5r inte gl\u00f6mma m\u00e4nniskan bakom den kanske tuffa fasaden . Vi m\u00e5ste g\u00f6ra allt som st\u00e5r i v\u00e5r makt f\u00f6r att f\u00e5 tillbaka ungdomar till trygga individer.<\/p>\n<p>Tillf\u00e4llen f\u00f6r m\u00f6ten och medling mellan brottsling och brottsoffer beh\u00f6ver etableras.<\/p>\n<p>Kristdemokraterna anser att:<br \/>\n\u2022 Kommunen och civilsamh\u00e4llet m\u00e5ste tydligt markera att det \u00e4r oacceptabelt med kriminalitet<br \/>\n\u2022 Kommunen skall jobba aktivt med m\u00e4nskliga r\u00e4ttigheter och mot fr\u00e4mlingsfientlighet genom \u00e5tg\u00e4rder f\u00f6r att m\u00f6ta ungdomar i v\u00e4rderingsfr\u00e5gor.<br \/>\n\u2022 Det civila samh\u00e4llets roll har stor betydelse. F\u00f6reningar ska uppmuntras att finnas med som en del i kommunens s\u00e5v\u00e4l kontinuerliga som f\u00f6rebyggande arbete f\u00f6r att motverka kriminalitet och fr\u00e4mlingsfientliga tendenser.<br \/>\n\u2022 Aktivt uppf\u00f6ljningsarbete ska g\u00f6ras inom socialtj\u00e4nsten f\u00f6r att uppm\u00e4rksamma personer som \u00e5terkommande f\u00f6rekommer i \u00e4renden inom barn- och ungdomsenheten.<br \/>\n\u2022 Verksamhet med st\u00f6dcentrum f\u00f6r unga brottsoffer och kontaktmannaskap f\u00f6r unga kriminella ska finnas. \u00c4ven livsstilskunskap kan innefattas i detta arbete.<br \/>\nTillf\u00e4llen f\u00f6r m\u00f6ten och medling mellan brottsling och brottsoffer beh\u00f6ver etableras.<br \/>\n\u2022 Avhopparjour ska etableras, dit kriminella kan v\u00e4nda sig n\u00e4r de vill l\u00e4mna sitt kriminella liv.<br \/>\n\u2022 Som f\u00f6rebyggande insatser och f\u00f6r att m\u00f6ta problem b\u00f6r bekymringssamtal, orosm\u00f6ten och liknande erbjudas till personer som identifieras med kriminella kretsar.<br \/>\n\u2022 Samarbete mellan polisen och skolan b\u00f6r utvecklas, ev med en utn\u00e4mnd polis knuten till varje h\u00f6gstadieskola och Ullvigymnasiet.<\/p>\n<h2><span style=\"color: #000080;\">11. Kultur och fritid f\u00f6r livskvalitet<\/span><\/h2>\n<p>Ett rikt och varierat kultur- och fritidsutbud har stor betydelse f\u00f6r att g\u00f6ra K\u00f6ping \u00e4nnu mer attraktivt. Kulturen har stor betydelse i v\u00e5rt m\u00e5ngkulturella samh\u00e4lle f\u00f6r att vara en enande kraft \u00f6ver etniska och religi\u00f6sa gr\u00e4nser. D\u00e4rf\u00f6r \u00e4r det politikens uppgift att skapa goda f\u00f6ruts\u00e4ttningar f\u00f6r att f\u00e5 kulturen att blomstra. Kulturen bidrar till att skapa f\u00f6rst\u00e5else och respekt f\u00f6r olikheter.<\/p>\n<p>K\u00f6ping har ett stort och varierande f\u00f6reningsliv. Det civila samh\u00e4llet har stor betydelse f\u00f6r utvecklingen av kultur- och fritidsutbudet. Kommunen ska forts\u00e4tta st\u00f6dja f\u00f6reningarna och det ideella engagemanget.<\/p>\n<p>Kommunens kultur- och fritidspolitik ska k\u00e4nnetecknas av m\u00e5ngfald och tillg\u00e4nglighet f\u00f6r alla. Oavsett \u00e5lder, k\u00f6n, etniskt ursprung, livs\u00e5sk\u00e5dning eller funktionshinder ska inv\u00e5narna ha stor frihet att ta del av och \u00e4ven ut\u00f6va kultur- och fritidsaktiviteter. S\u00e4rskilt viktigt \u00e4r det f\u00f6r barn och unga.<\/p>\n<p>Kultur handlar om m\u00e4nskliga m\u00f6ten. Vi har alla behov av kultur. Ett samh\u00e4lle utan ett rikt kulturliv \u00e4r fattigt och missar den inspiration som kulturella uttryck f\u00f6rmedlar.<\/p>\n<p>Kristdemokraterna anser att:<br \/>\n\u2022 Kultur- och fritidsaktiviteter ska s\u00e5 l\u00e5ngt som m\u00f6jligt drivas inom civilsamh\u00e4llets, d v s bland annat studief\u00f6rbunden, f\u00f6reningar, kyrkor och organisationer<br \/>\n\u2022 Kommunen ska i sin egen verksamhet ta tillvara de initiativ och den kreativitet som finns i civilsamh\u00e4llet f\u00f6r att d\u00e4rigenom vara en naturlig del i den samlade kultur- och fritidsverksamheten.<br \/>\n\u2022 Personer med funktionsneds\u00e4ttning ska ha goda m\u00f6jligheter till s\u00e5v\u00e4l idrott som andra kultur- och fritidsutbud.<br \/>\n\u2022 Idrottsanl\u00e4ggningar ska vara s\u00e5 anpassade att de ger funktionshindrade m\u00f6jlighet att kunna bes\u00f6ka evenemang.<br \/>\n\u2022 Musik- och kulturskolan ska vara en viktig del f\u00f6r kommunens barn- och ungdomsverksamhet.<br \/>\n\u2022 Kommunen ska vid planering av nya bostadsomr\u00e5den skapa ytor f\u00f6r spontanidrott.<br \/>\n\u2022 Kommunala anl\u00e4ggningar ska vara tillg\u00e4ngliga f\u00f6r f\u00f6reningslivet och de ska \u00e4ven kunna erbjuda f\u00f6reningarna att driva anl\u00e4ggningarna d\u00e4r s\u00e5 \u00e4r m\u00f6jligt.<br \/>\n\u2022 Barn i f\u00f6rskola \/ skola ska n\u00e5gon g\u00e5ng per \u00e5r erbjudas m\u00f6jlighet att delta i kulturella utbud.<br \/>\n\u2022 Kulturmilj\u00f6v\u00e5rden skall ing\u00e5 i kommunens kulturarbete.<br \/>\n\u2022 Sambandet mellan kultur och h\u00e4lsa ska tas tillvara genom \u00f6kade inslag av kulturaktiviteter p\u00e5 \u00e4ldreboenden.<br \/>\n\u2022 Kommunen skall i samarbete med f\u00f6reningslivet fr\u00e4mja \/ st\u00f6dja drog- och alkoholfria aktiviteter.<br \/>\n\u2022 Kultursommarjobb b\u00f6r forts\u00e4tta erbjudas ungdomar inom kommunen.<\/p>\n<h2><span style=\"color: #000080;\">12. En kommun f\u00f6r milj\u00f6m\u00e4ssigt h\u00e5llbar utveckling<\/span><\/h2>\n<p>F\u00f6rvaltarskapstanken \u00e4r den b\u00e4rande ideologiska grundstenen f\u00f6r att n\u00e5 visionen om trygga uppv\u00e4xtvillkor f\u00f6r barn och unga. Kommunen har en s\u00e4rskild nyckelroll i arbetet att bygga ett samh\u00e4lle d\u00e4r skadlig milj\u00f6p\u00e5verkan minimeras, energin \u00e4r f\u00f6rnyelsebar, trafiksystemen \u00e4r h\u00e5llbara, bostadsmilj\u00f6er \u00e4r sunda och d\u00e4r naturresurser tas tillvara i kretsloppst\u00e4nkande. Insatserna m\u00e5ste b\u00f6rja tidigt och tydligt g\u00e5 mot en klar inriktning f\u00f6r anv\u00e4ndande av resurssn\u00e5la och milj\u00f6v\u00e4nliga produkter och processer.<\/p>\n<p>Kristdemokraterna anser att:<br \/>\n\u2022 arbetet med att utveckla en energistrategi med visioner och m\u00e5l f\u00f6r K\u00f6ping ska forts\u00e4tta. Det ska klart framg\u00e5 n\u00e4r det ska g\u00f6ras och finansieras.<br \/>\n\u2022 kommunen skall arbeta f\u00f6r en \u00f6kad andel ekologiska och n\u00e4rproducerade livsmedel i m\u00e5ltidsverksamheten. Upphandling av ekologiska livsmedel till f\u00f6rskolor, skolor, \u00e4ldreboenden, och andra verksamheter ska fr\u00e4mjas genom delad upphandling f\u00f6r att fler leverant\u00f6rer skall kunna medverka.<br \/>\n\u2022 kommunen skall l\u00f6pande driva p\u00e5 f\u00f6r att f\u00f6rb\u00e4ttra och utveckla lokal kollektivtrafik. Alla fordon som anv\u00e4nds till kommunal verksamhet skall kunna drivas med fossilfria br\u00e4nslen.<br \/>\n\u2022 kommunen ska uppmuntra medborgarnas resvanor i en h\u00e5llbar utveckling samt g\u00f6ra planer f\u00f6r att avs\u00e4tta medel f\u00f6r utbyggnad av g\u00e5ng- och cykelv\u00e4gn\u00e4tet till bl a Kungs\u00f6r (via Malm\u00f6n), Valskog, Himmeta och Munktorp. Byggandet \u00e4r t\u00e4nkt att ske i samverkan med Trafikverket.<br \/>\n\u2022 Kommunen ska verka f\u00f6r att f\u00f6rskolor och skolor drivs med \u201dmilj\u00f6profil\u201d.<br \/>\nAlla f\u00f6rskolor och skolor ska arbeta l\u00e5ngsiktigt med milj\u00f6fr\u00e5gor som giftfri mat och lekutrustning.<br \/>\n\u2022 Det ska inte finnas n\u00e5gon tung och milj\u00f6farlig trafik d\u00e4r det finns m\u00e5nga barn och \u00e4ldre.<br \/>\n\u2022 Vid upphandlingar ska milj\u00f6v\u00e4nliga alternativ fr\u00e4mjas.<br \/>\n\u2022 Kommunen ska vid sin egen nybyggnation\/ ombyggnation st\u00e4lla h\u00f6ga klimat- och energikrav.<br \/>\nH\u00e5llbart transportsystem<br \/>\nTrafikpolitiken b\u00e5de p\u00e5 riksniv\u00e5 och lokal niv\u00e5 ska syfta till att erbjuda medborgare och n\u00e4ringsliv ett tillfredsst\u00e4llande, s\u00e4kert och milj\u00f6anpassat trafiksystem till l\u00e4gsta m\u00f6jliga samh\u00e4llsekonomiska kostnad. K\u00f6ping ska \u00e4ven forts\u00e4ttningsvis ha en stark cykelprofil.<br \/>\nKristdemokraterna anser att:<\/p>\n<p>Milj\u00f6h\u00e4nsyn ska alltid v\u00e4gas in vid val av reses\u00e4tt och transports\u00e4tt. Kommunen ska p\u00e5verka medborgarnas resvanor i en h\u00e5llbar riktning.Kommunens fordonspark ska successivt ers\u00e4ttas av supermilj\u00f6anpassade bilar och transportfordon.<br \/>\nKommunen ska inf\u00f6ra<br \/>\nG\u00e5ng- och cykelv\u00e4gn\u00e4tet ska byggas ut.<br \/>\n\u2022 K\u00f6pings kommun ska bidra till utvecklingen av bilpooler.<br \/>\n\u2022 Satsa p\u00e5 ett system med hyrcyklar i K\u00f6ping. En cykel som anv\u00e4nds kan st\u00e4llas i s\u00e4rskilda cykelst\u00e4ll och sedan anv\u00e4ndas av andra som har tillg\u00e5ng till systemet. Det ger flexibilitet. (Detta system skulle ocks\u00e5 kunna inbegripa bilar eller andra fordonsslag i framtiden.).<br \/>\nKristdemokraterna vill diskutera framtidens transporter i K\u00f6pings t\u00e4tort under mandatperioden. Finns det alternativ till bilen? Idag ser vi kristdemokrater inte det, men vi \u00e4r \u00f6ppna f\u00f6r nya l\u00f6sningar. H\u00e4r kanske EU-medel kan hj\u00e4lpa till.<br \/>\n\u2022 F\u00f6renkla att st\u00e4lla cykeln p\u00e5 s\u00e4krare s\u00e4tt vid K\u00f6pings station.<br \/>\n\u2022 Eco driving-konceptet utvecklas hos b\u00e5de kommunens inv\u00e5nare och anst\u00e4llda.<br \/>\n\u2022 Vi ska l\u00f6pande f\u00f6rb\u00e4ttra och utveckla lokal och regional kollektivtrafik \u2013 fortsatt med fossilfria br\u00e4nslen.<br \/>\n\u2022 Staden ska aktivt arbeta f\u00f6r att det finns fler tankst\u00e4llen som erbjuder fordonsgas och fler laddningsstationer f\u00f6r elbilar.<br \/>\nGodstransporter p\u00e5 j\u00e4rnv\u00e4g och till sj\u00f6ss ska uppmuntras.<br \/>\nK\u00f6pings hamn och farleden ska forts\u00e4tta utvecklas.<br \/>\nInfrastrukturinsatser som fr\u00e4mjar h\u00e5llbara resor ska kombineras med \u00e5tg\u00e4rder f\u00f6r ett<br \/>\nmilj\u00f6riktigt resebeteende.<\/p>\n<p>H\u00e5llbart energisystem<br \/>\nKristdemokraternas energipolitik grundar sig p\u00e5 f\u00f6rvaltarskapsprincipen. Med denna princip menar vi att m\u00e4nniskan har ett ansvar att f\u00f6rvalta, inte f\u00f6rbruka, de \u00e4ndliga resurserna och naturv\u00e4rdena. Vi m\u00e5ste d\u00e4rf\u00f6r st\u00e4lla h\u00f6ga krav p\u00e5 en energipolitik som m\u00f6jligg\u00f6r f\u00f6r kommande generationer att leva och verka p\u00e5 v\u00e5r jord. Ocks\u00e5 vad g\u00e4ller energif\u00f6rs\u00f6rjningen och kostnader f\u00f6r hush\u00e5ll och f\u00f6retag, \u00e4r det n\u00f6dv\u00e4ndigt att politiken \u00e4r l\u00e5ngsiktigt h\u00e5llbar och stabil. De tre grundpelarna f\u00f6r den svenska energipolitiken, s\u00e5v\u00e4l p\u00e5 den lokala niv\u00e5n i K\u00f6ping b\u00f6r d\u00e4rf\u00f6r vara ekologisk h\u00e5llbarhet, f\u00f6rs\u00f6rjningstrygghet och konkurrenskraft. M\u00e5ngfald ska efterstr\u00e4vas och investeringar i biobr\u00e4nslebaserad kraftv\u00e4rme, vindkraftverk, solenergi och sm\u00e5skalig vattenkraft ska st\u00f6djas.<\/p>\n<p>Kristdemokraterna anser att:<br \/>\nFossil energi ska fasas ut och staden ska ist\u00e4llet \u00f6ka tillf\u00f6rseln av f\u00f6rnyelsebar energi.<br \/>\n\u2022 Minska energianv\u00e4ndningen och \u00f6ka andelen f\u00f6rnybar energi i stadens verksamheter.<br \/>\n\u2022 K\u00f6pings kommun ska uppmuntra byggande av l\u00e5genergihus.<br \/>\n\u2022 K\u00f6ping ska leda utvecklingen med solceller p\u00e5 hustak och fasader. Uppmuntra dem som bygger att bygga med takvinkeln i s\u00f6derl\u00e4ge. Samarbeta med byggherrar och f\u00f6r dialog vid detaljplaner samt bygglov.<br \/>\n\u2022 M\u00e4larenergi ska inf\u00f6ra h\u00f6gre andel r\u00f6rligt pris f\u00f6r fj\u00e4rrv\u00e4rme och el med l\u00e4gre fasta avgifter. Syftet \u00e4r att det ska vara l\u00f6nsamt att energieffektivisera och spara p\u00e5 el samt v\u00e4rme.<br \/>\n\u2022 P\u00e5 kort sikt kan sopf\u00f6rbr\u00e4nning vara bra. Vi f\u00f6rbr\u00e4nner avfall som annars skulle spridas i naturen eller l\u00e4ggas p\u00e5 deponi. Men p\u00e5 l\u00e4ngre sikt vill vi hitta nya l\u00f6sningar.<br \/>\nUpphandla avfallshantering i s\u00e5 stor utstr\u00e4ckning som m\u00f6jligt. L\u00e5t kommunalf\u00f6rbundet Vafab Milj\u00f6 upphandla.<\/p>\n<p>Sundare K\u00f6ping<br \/>\nV\u00e4rldens ekosystem \u00f6verutnyttjas och utarmas. \u00c4ven i Sverige hotas m\u00e5nga ekosystem och de arter som lever h\u00e4r. Kristdemokraterna vill bryta denna utveckling. Jordbruket ger utrymme f\u00f6r m\u00e5nga olika arter. Kristdemokraterna v\u00e4rnar d\u00e4rf\u00f6r om ett varierat odlingslandskap. Jordbruket skulle i h\u00f6gre utstr\u00e4ckning kunna bli en nyckelakt\u00f6r f\u00f6r att v\u00e4rna den biologiska m\u00e5ngfalden. Det finns i ett v\u00e4rde i de tj\u00e4nster som naturen producerar. Det handlar till exempel om bins pollinering av blommor och de gr\u00f6dor vi \u00e4ter och tr\u00e4den som ger oss syre och utg\u00f6r s\u00e4nker f\u00f6r kol. V\u00e5tmarker som renar vattnet har ocks\u00e5 ett ekonomiskt v\u00e4rde. Det kallas ekosystemtj\u00e4nster.<\/p>\n<p>Kristdemokraterna anser att:<br \/>\n\u2022 Vi ska kontinuerligt inventera, restaurera och bygga nya v\u00e5tmarker. K\u00f6pings\u00e5n och dess tillfl\u00f6den l\u00e4mpar sig utm\u00e4rkt till det.<br \/>\n\u2022 Tillg\u00e5ng till grundvatten av god kvalitet och i tillr\u00e4cklig m\u00e4ngd ska s\u00e4kras.<br \/>\n\u2022 Tillf\u00f6rseln av n\u00e4rings\u00e4mnen och f\u00f6roreningar till vattendrag, sj\u00f6ar och M\u00e4laren ska minimeras bl a genom att p\u00e5verka str\u00f6mhastigheten.<br \/>\n\u2022 Aktivt minska anv\u00e4ndningen av naturresurser och att f\u00f6rebygga f\u00f6roreningar.<br \/>\n\u2022 Bevara och gynna den biologiska m\u00e5ngfalden. Vi vill att det utvecklas ett system f\u00f6r att tillvarata v\u00e4rden p\u00e5 ekosystemtj\u00e4nster. P\u00e5 sikt kan dessa tydligg\u00f6ras i budgetarbete p\u00e5 alla niv\u00e5er.<br \/>\n\u2022 K\u00f6pings kommun ska vara en f\u00f6reg\u00e5ngare inom ekosystemtj\u00e4nster.<br \/>\nTj\u00e4nstem\u00e4n och f\u00f6rtroendevalda ska \u00f6ka sin kunskapsniv\u00e5 inom ekosystemtj\u00e4nster.<br \/>\n\u2022 Planering, byggande och f\u00f6rvaltning inom kommunen ska vara milj\u00f6anpassad.<br \/>\n\u2022 K\u00f6ping ska ta tillvara och utveckla natur- och kulturmilj\u00f6n.<br \/>\n\u2022 Vi ska i staden f\u00f6rs\u00e4kra oss om att kompetens f\u00f6r tillsyn av luft- och vattenkvalitet f\u00f6r en god h\u00e4lsa.<br \/>\n\u2022 Kommunen ska kartl\u00e4gga och planera f\u00f6r &#8221;tysta zoner&#8221; vid nybyggnation.<br \/>\n\u2022 Riktlinjer f\u00f6r trygga boendemilj\u00f6er ska tas fram.<br \/>\nDet ska forts\u00e4tta vara m\u00f6jligt att hemkompostera.<br \/>\nF\u00f6rkorta handl\u00e4ggningstiderna f\u00f6r kommunala tillst\u00e5nd.<br \/>\nL\u00e4gg ut mer kommunal verksamhet p\u00e5 entreprenad.<\/p>\n<h2><span style=\"color: #000080;\">13. Samh\u00e4llsplanering f\u00f6r trygghet, trivsel och \u00f6kat antal kommuninnev\u00e5nare<\/span><\/h2>\n<p>Hur landsbygd, st\u00e4der och samh\u00e4llen planeras och utformas spelar en stor roll f\u00f6r hur de utvecklas och upplevs. Om det g\u00f6rs bra lockar det till inflyttning, s\u00e4rskilt fr\u00e5n st\u00f6rre st\u00e4der. Det goda samh\u00e4llet planeras f\u00f6r l\u00e5ngsiktig kvalitet och h\u00e5llbarhet \u2013 ekonomiskt, socialt och ekologiskt. N\u00e4r bost\u00e4der, arbetsplatser, handel m m kan samverka i ett och samma omr\u00e5de skapas m\u00e5ngfald, folkliv och m\u00f6tesplatser. Det upplevs som tryggare och samh\u00e4llet lever en st\u00f6rre del av dygnet.<\/p>\n<p>Bostadsbyggandet \u00e4r en v\u00e4sentlig del av samh\u00e4llsbygget. Men det \u00e4r viktigt att inte bara fokusera p\u00e5 antalet bost\u00e4der utan ocks\u00e5 p\u00e5 hur de nya bost\u00e4derna byggs. F\u00f6r att skapa attraktiva omr\u00e5den ska kvarteren variera i f\u00e4rg, form och h\u00f6jd. Energif\u00f6rbrukningen skall vara l\u00e5g och sunda material v\u00e4ljas med l\u00e5g milj\u00f6p\u00e5verkan. Innerg\u00e5rdar och parker ska planeras f\u00f6r att bli m\u00f6tesplatser f\u00f6r m\u00e4nniskor. Bottenv\u00e5ningar b\u00f6r s\u00e5 l\u00e5ngt som m\u00f6jligt planeras f\u00f6r annat \u00e4n bost\u00e4der s\u00e5som arbetsplatser och handel.<\/p>\n<p>Bost\u00e4der ska planeras f\u00f6r olika m\u00e4nniskors behov. Hyresr\u00e4tter, bostadsr\u00e4tter och kooperativ ska blandas och sm\u00e5 l\u00e4genheter skall planeras i samma hus som st\u00f6rre l\u00e4genheter. F\u00f6rskolor, skolor samt boende f\u00f6r \u00e4ldre och f\u00f6r personer med funktionsneds\u00e4ttning ska finnas med tidigt i planeringen. Trygghetsanalyser beh\u00f6ver g\u00f6ras f\u00f6r att bostadsomr\u00e5den ska k\u00e4nnas trygga dygnet runt. Belysning, v\u00e4xtlighet och trafikfl\u00f6den spelar stor roll i det arbetet. Planering av bebyggelsen ska synkroniseras med s\u00e4ker trafikplanering och goda m\u00f6jligheter \u00e4ven till cykel-, g\u00e5ng- och kollektivtrafik.<\/p>\n<p>Kristdemokraterna anser att<br \/>\n\u2022 olika grupper bl.a.barn, unga, \u00e4ldre och funktionshindrade skall ges st\u00f6rre delaktighet i kommunens hela planering<br \/>\n\u2022 trygghets- och trivselaspekterna ska beaktas vid samh\u00e4llsplaneringen.<br \/>\n\u2022 lyset i g\u00e5ng- och cykeltunnlarna ska lysa l\u00e4ngre tid.<br \/>\n\u2022 det ska bli farthinder f\u00f6r cyklar p\u00e5 Stora gatan.<br \/>\ntrivselh\u00f6jande kulturinslag som gatumusik ska uppmuntras i Centrum.<br \/>\n\u2022 det ska vara mer blandat med enfamiljshus och flerfamiljshus och blandat med hyresr\u00e4tter och bostadsr\u00e4tter i bostadsomr\u00e5den.<br \/>\nparkeringsskivor inf\u00f6rs f\u00f6r att f\u00e5 bort l\u00e5ngtidsparkering p\u00e5 fel st\u00e4llen.<br \/>\ndet ska byggas mer bost\u00e4der i centrum. Fler m\u00e4nniskor som bor d\u00e4r medf\u00f6r fler som \u00e4r d\u00e4r under kv\u00e4llar och n\u00e4tter.<br \/>\nK\u00f6pings centrum ska p\u00e5 sikt v\u00e4xa mot K\u00f6pings station och vattnet d\u00e4r markf\u00f6rh\u00e5llandena till\u00e5ter. Bergsgatan kan t e x f\u00f6rl\u00e4ngas mot J\u00e4rnv\u00e4gsgatan.<\/p>\n<h2><span style=\"color: #000080;\">14. En jobbpolitik med fler i arbete<\/span><\/h2>\n<p>En framg\u00e5ngsrik arbetsmarknadspolitik \u00e4r starkt beroende av ett fungerande utbildningssystem och en n\u00e4ringspolitik, som fr\u00e4mjar f\u00f6retagande. Med fler i l\u00f6nearbete kan fler f\u00f6rs\u00f6rja sig sj\u00e4lva och d\u00e4rmed f\u00e5 mer m\u00f6jligheter. Med fler sysselsatta skapas ocks\u00e5 resurser f\u00f6r att f\u00f6rst\u00e4rka samh\u00e4llsekonomin och d\u00e4rmed v\u00e4rna v\u00e4lf\u00e4rdssystemen s\u00e5 att de som b\u00e4st beh\u00f6ver samh\u00e4llets st\u00f6d kan f\u00e5 detta.<\/p>\n<p>Trots den positiva \u00e5terh\u00e4mtningen p\u00e5 arbetsmarknaden i KAK \u00e4r det m\u00e5nga av de tidigare uppsagda personerna som har sv\u00e5rt att f\u00e5 ett nytt arbete. Det r\u00f6r sig om \u00e4ldre, personer med oh\u00e4lsa eller funktionsneds\u00e4ttningar och personer med otillr\u00e4cklig kompetens. Dessutom finns det mycket stora grupper unga och personer med utl\u00e4ndsk bakgrund som har sv\u00e5rt att komma in p\u00e5 arbetsmarknaden. Att bek\u00e4mpa arbetsl\u00f6sheten \u00e4r en av de viktigaste utmaningarna. K\u00f6pings kommun beh\u00f6ver ocks\u00e5 ta st\u00f6rre ansvar f\u00f6r att anst\u00e4lla personer med funktionsneds\u00e4ttning.<\/p>\n<p>Efterfr\u00e5gan p\u00e5 kvalificerad personal \u00f6kar till b\u00e5de stora och sm\u00e5 f\u00f6retag. Kommunen i samverkan med arbetsf\u00f6rmedling och f\u00f6retag beh\u00f6ver f\u00f6rb\u00e4ttra sitt matchningsarbete n\u00e4r m\u00e5nga s\u00f6ker jobben men inte har r\u00e4tt kompetens.<\/p>\n<p>Kristdemokraterna anser att:<br \/>\n\u2022 Jobbcenter ska finnas kvar och utvecklas. D\u00e4r ska kommunen forts\u00e4tta ha en drivande roll f\u00f6r samverkan mellan olika akt\u00f6rer f\u00f6r att flera skall g\u00e5 fr\u00e5n arbetsl\u00f6shet till arbete eller studier.<br \/>\n\u2022 kommunen i samverkan med n\u00e4ringslivet ska m\u00f6jligg\u00f6ra fler yrkesinriktade avl\u00f6nade praktikplatser f\u00f6r att arbetsl\u00f6sa l\u00e4ttare ska komma in i samh\u00e4llet och f\u00e5 in en fot p\u00e5 arbetsmarknaden.<br \/>\n\u2022 gymnasieskolan ska uppmuntra fler elever att starta och driva f\u00f6retag, t ex med st\u00f6d av Ung F\u00f6retagsamhet.<br \/>\n\u2022 kommunen skall f\u00f6reg\u00e5 med gott exempel d\u00e5 det g\u00e4ller att anst\u00e4lla personer med n\u00e5gon form av arbetshinder som till exempel funktionsneds\u00e4ttning, spr\u00e5ksv\u00e5righeter till f\u00f6ljd av utl\u00e4ndsk bakgrund, sociala sk\u00e4l eller personer som \u00e4r i behov av rehabilitering.<br \/>\n\u2022 dagsers\u00e4ttningen ska inte minskas f\u00f6r deltagare om anordnare eller arbetsgivare vill ge deltagaren m\u00f6jlighet till tillf\u00e4lliga extra jobb.<\/p>\n<h2><span style=\"color: #000080;\">15. Kommunal ekonomi<\/span><\/h2>\n<p>En god kommunal ekonomi \u00e4r en f\u00f6ruts\u00e4ttning f\u00f6r en v\u00e4l fungerande kommun. Ett v\u00e4l fungerande n\u00e4ringsliv och fler personer i arbete skapar de skatteint\u00e4kter som kr\u00e4vs f\u00f6r en fungerande v\u00e4lf\u00e4rd. All verksamhet som kommunen finansierar ska vara av god kvalitet och kostnadseffektiv. Det st\u00e4ller krav p\u00e5 styrning och uppf\u00f6ljning av sambandet mellan resurser, prestationer och effektivitet i verksamheterna.<br \/>\nEtt gott och j\u00e4mlikt samh\u00e4lle beh\u00f6ver en v\u00e4l fungerande offentlig sektor, som i sin tur beh\u00f6ver en v\u00e4l fungerande arbetsgivarpolitik. Personalkostnaden utg\u00f6r ca 2\/3 av kommunens totala kostnader. De f\u00f6rtroendevalda politikerna har en viktig roll som arbetsgivare och ledare.<\/p>\n<p>Kommunerna har f\u00e5tt ett allt st\u00f6rre \u00e5tagande, vilket betyder att arbetsgivaransvaret omfattar flera yrkeskompetenser. Kommunen m\u00e5ste tydligt markera vad som \u00e4r k\u00e4rnverksamhet och vad som ing\u00e5r i det offentliga \u00e5tagandet, politikens gr\u00e4nser. Kommunen ska inte \u00f6verta enskildas ansvar eller uppgifter, utan st\u00f6dja den enskilde i sin vardag.<\/p>\n<p>Kristdemokraterna anser att:<br \/>\n\u2022 kommunen ska drivas med b\u00e4sta m\u00f6jliga verksamhet och kvalitet och med h\u00e4nsyn tagen till kostnaderna f\u00f6r att undvika f\u00f6r h\u00f6gt skatteuttag fr\u00e5n medborgarna.<br \/>\n\u2022 V\u00e4lf\u00e4rdstj\u00e4nsterna ska kunna levereras med en m\u00e5ngfald av utf\u00f6rare, bl a genom att anv\u00e4nda LOV och LOU.<br \/>\n\u2022 Tydliga kommunala servicegarantier utf\u00e4rdas f\u00f6r kommunens tj\u00e4nster, med besked om vilka effekter det blir f\u00f6r kommunen om garantin inte uppfylls.<br \/>\n\u2022 Vid beslut om avgifter och skatter skall kommunen utf\u00f6ra konsekvensanalys av hur den sammantagna effekten av skatt och avgifter p\u00e5verkar hush\u00e5llens och f\u00f6retagens ekonomi.<br \/>\n\u2022 Karri\u00e4rutveckling, kompetensh\u00f6jning och fortbildning ska utvecklas f\u00f6r s\u00e5v\u00e4l anst\u00e4llda som arbetsledare \/ chefer.<br \/>\n\u2022 Internkontrollen ska ha tydliga regelverk som kan granskas via \u00f6vergripande och \u00f6ppna kvalitetssystem.<br \/>\n\u2022 Kommunen skall ha tydliga uppf\u00f6randekoder f\u00f6r att kunna st\u00e4lla och f\u00f6lja upp sociala, milj\u00f6m\u00e4ssiga och ekonomiska etiska krav vid all upphandling.<\/p>\n<h2><span style=\"color: #000080;\">16. Lokal och regional tillv\u00e4xt \u2013 n\u00e4ringslivets betydelse<\/span><\/h2>\n<p>Kristdemokraterna i V\u00e4stmanland inser att jobb och f\u00f6retagande \u00e4r grunden f\u00f6r v\u00e5r v\u00e4lf\u00e4rd och kommunens och hela l\u00e4nets fortsatta utveckling. Jobb \u00e4r ocks\u00e5 nyckeln till frihet och egenmakt f\u00f6r s\u00e5v\u00e4l enskilda som familjer och det ger arbetsgemenskap och samh\u00f6righet. V\u00e4stra M\u00e4lardalen har ett unikt centralt logistiskt l\u00e4ge f\u00f6r s\u00e5v\u00e4l v\u00e4g- j\u00e4rnv\u00e4gs- och b\u00e5ttrafik som m\u00e5ste tas tillvara b\u00e4ttre.\u2028F\u00f6r att skapa f\u00f6ruts\u00e4ttningar f\u00f6r starkare familjer och b\u00e4sta t\u00e4nkbara uppv\u00e4xtvillkor f\u00f6r K\u00f6pings unga m\u00e5ste vi forts\u00e4tta f\u00f6rb\u00e4ttra arbetet f\u00f6r fler jobb och f\u00f6retag.\u2028Det b\u00e4sta s\u00e4ttet att skapa fler jobb \u00e4r ett f\u00f6retagsklimat d\u00e4r m\u00e4nniskors id\u00e9er, kreativitet och entrepren\u00f6rskap f\u00e5r blomstra. Det g\u00e4ller att ta till vara av v\u00e5ra talanger och g\u00e5vor.\u2028Ett bra n\u00e4ringslivsklimat med v\u00e4lm\u00e5ende f\u00f6retag, som ger arbete och utkomst \u00e4r av avg\u00f6rande betydelse f\u00f6r v\u00e4lf\u00e4rdens finansiering och tillv\u00e4xten i v\u00e5ra kommuner. Att f\u00f6rb\u00e4ttra attityderna till f\u00f6retagande \u00e4r d\u00e4rf\u00f6r en angel\u00e4gen politisk fr\u00e5ga. Detta arbete kr\u00e4ver en kommunledning som g\u00e5r f\u00f6re och och agerar som det goda exemplet. F\u00f6r kommunen g\u00e4ller det att skapa en inblick i och f\u00f6rst\u00e5else f\u00f6r f\u00f6retagens situation och behov, men \u00e4ven att skapa f\u00f6rst\u00e5else hos f\u00f6retagen f\u00f6r kommunens arbete. F\u00f6r oss Kristdemokrater \u00e4r det en sj\u00e4lvklarhet att fr\u00e4mja f\u00f6retagande.<\/p>\n<p>Kristdemokraterna anser att:<\/p>\n<p>\u2022 Kommunen samarbetar med n\u00e4ringslivet f\u00f6r att ta fram en policy samt riktlinjer f\u00f6r arbetet mot osund konkurrens.<br \/>\n\u2022 De offentliga upphandlingarna, LOU, ska f\u00f6renklas genom mindre detaljstyrning.<br \/>\n\u2022 Det skall st\u00e4llas krav p\u00e5 kvalitet i upphandlingarna och det skall g\u00e5 att f\u00f6lja upp vilka kvaliteter som levereras.<br \/>\n\u2022 Lokalt producerat livsmedel m\u00e5ste ges st\u00f6rre betydelse.<br \/>\n\u2022 Kommunen skall satsa p\u00e5 entrepren\u00f6rskap i grundskolan och gymnasieskolan.<br \/>\n\u2022 Skolungdomar i gymnasiet ska erbjudas att bli \u201dsommarlovsentrepren\u00f6rer\u201d.<br \/>\n\u2022 K\u00f6ping beh\u00f6ver \u00f6ver huvud taget satsa p\u00e5 fler sommarpraktikanter.<br \/>\n\u2022 Vi ska ta vara p\u00e5 K\u00f6pings goda logistikl\u00e4ge i samarbete med lokala och regionala n\u00e4ringslivet.<\/p>\n<h2><span style=\"color: #000080;\">17. Kolsva och \u00f6vriga kommundelar<\/span><\/h2>\n<p>Beslut ska fattas s\u00e5 n\u00e4ra medborgarna som m\u00f6jligt. D\u00e4rf\u00f6r vill vi att Kolsva kommundel finns kvar i kommunens organisation. Men kommundelarna beh\u00f6ver profileras mer f\u00f6r att framh\u00e4va allt bra som finns och g\u00f6rs. Kolsva och Munktorps centra beh\u00f6ver bli mysigare. I det l\u00e5ngsiktiga arbetet beh\u00f6ver inv\u00e5narnas \u00e5sikter, framf\u00f6r allt de ungas, tas med. Uppmuntra bostadsbyggandet inklusive markbost\u00e4der f\u00f6r \u00e4ldre, t ex i Odensvi. Det \u00e4r viktigt att de som inte har tillg\u00e5ng till bil ganska l\u00e4tt kan ta sig till och fr\u00e5n kommundelarna. Goda exempel finns att l\u00e4ra av andra kommuner. Uppmuntra och underl\u00e4tta f\u00f6r egna f\u00f6retagare i glesbygd. H\u00e4r kan kommunen hj\u00e4lpa lokala ideella krafter som samf\u00e4lligheter och hembygdsf\u00f6reningar att t ex ta tillvara det europeiska samarbetet. Sommarjobb ska finnas \u00e4ven i kommundelarna.<br \/>\nKristdemokraterna anser att:<br \/>\nett eller flera landsbygdsr\u00e5d f\u00f6r samarbete med akt\u00f6rer i kommundelarna ska komma ig\u00e5ng igen.<\/p>\n<h2><span style=\"color: #000080;\">18.\u00a0 Samarbete inom KAK-regionen<\/span><\/h2>\n<p>De tre kommunerna Kungs\u00f6r, Arboga och K\u00f6ping bildar KAK-regionen. De b\u00f6r samarbeta s\u00e5 mycket som m\u00f6jligt t ex med gymnasieutbildningar. Men det \u00e4r mycket viktigt att medborgarna har stor insyn och delaktighet i gemensamma beslut s\u00e5 att demokratin \u00f6kar ist\u00e4llet f\u00f6r minskar. T ex ska ber\u00f6rdas \u00e5sikter efterfr\u00e5gas och beaktas vid viktiga beslut.<\/p>\n<p>Kontaktperson: Anna-Carin Ragnarsson, o76-3365894, anna-carin.ragnarsson@kristdemokraterna.se<\/p>\n","protected":false},"excerpt":{"rendered":"<p>&gt; Kristdemokraternas Ideologi och principprogram &gt; L\u00e4nsprogram\u00a0 f\u00f6r V\u00e4stmanland 15 f\u00f6rslag f\u00f6r ett tryggare V\u00e4stmanland JOD\u00c5, K\u00d6PING KAN B\u00c4TTRE! Kommunpolitiska program KD Ko\u0308ping 2022-2026 &gt; Kommunprogram f\u00f6r K\u00f6ping 2018 Sammanfattande programpunkter f\u00f6r K\u00f6ping KD Budget 2021 K\u00f6pings kommun Ja\u0308mfo\u0308r 4 budgetar 2021 &nbsp; &nbsp; K\u00d6PING KAN B\u00c4TTRE! Rapport fr\u00e5n 130 f\u00f6retagsbes\u00f6k om K\u00f6pings n\u00e4ringsklimat N\u00e5gra <a class=\"read-more-link\" href=\"https:\/\/wp.kristdemokraterna.se\/koping\/var-politik\/\">Read More<\/a><\/p>\n","protected":false},"author":533,"featured_media":0,"parent":0,"menu_order":1,"comment_status":"closed","ping_status":"closed","template":"","meta":{"_acf_changed":false,"footnotes":""},"class_list":["post-12","page","type-page","status-publish","hentry"],"acf":[],"yoast_head":"<!-- This site is optimized with the Yoast SEO plugin v27.5 - https:\/\/yoast.com\/product\/yoast-seo-wordpress\/ -->\n<title>V\u00e5r politik - Kristdemokraterna | K\u00f6ping<\/title>\n<meta name=\"robots\" content=\"index, follow, max-snippet:-1, max-image-preview:large, max-video-preview:-1\" \/>\n<link rel=\"canonical\" href=\"https:\/\/wp.kristdemokraterna.se\/koping\/var-politik\/\" \/>\n<meta property=\"og:locale\" content=\"sv_SE\" \/>\n<meta property=\"og:type\" content=\"article\" \/>\n<meta property=\"og:title\" content=\"V\u00e5r politik - Kristdemokraterna | K\u00f6ping\" \/>\n<meta property=\"og:description\" content=\"&gt; Kristdemokraternas Ideologi och principprogram &gt; L\u00e4nsprogram\u00a0 f\u00f6r V\u00e4stmanland 15 f\u00f6rslag f\u00f6r ett tryggare V\u00e4stmanland JOD\u00c5, K\u00d6PING KAN B\u00c4TTRE! Kommunpolitiska program KD Ko\u0308ping 2022-2026 &gt; Kommunprogram f\u00f6r K\u00f6ping 2018 Sammanfattande programpunkter f\u00f6r K\u00f6ping KD Budget 2021 K\u00f6pings kommun Ja\u0308mfo\u0308r 4 budgetar 2021 &nbsp; &nbsp; K\u00d6PING KAN B\u00c4TTRE! Rapport fr\u00e5n 130 f\u00f6retagsbes\u00f6k om K\u00f6pings n\u00e4ringsklimat N\u00e5gra Read More\" \/>\n<meta property=\"og:url\" content=\"https:\/\/wp.kristdemokraterna.se\/koping\/var-politik\/\" \/>\n<meta property=\"og:site_name\" content=\"Kristdemokraterna | K\u00f6ping\" \/>\n<meta property=\"article:modified_time\" content=\"2024-01-18T02:13:12+00:00\" \/>\n<meta name=\"twitter:card\" content=\"summary_large_image\" \/>\n<meta name=\"twitter:label1\" content=\"Ber\u00e4knad l\u00e4stid\" \/>\n\t<meta name=\"twitter:data1\" content=\"42 minuter\" \/>\n<script type=\"application\/ld+json\" class=\"yoast-schema-graph\">{\"@context\":\"https:\\\/\\\/schema.org\",\"@graph\":[{\"@type\":\"WebPage\",\"@id\":\"https:\\\/\\\/wp.kristdemokraterna.se\\\/koping\\\/var-politik\\\/\",\"url\":\"https:\\\/\\\/wp.kristdemokraterna.se\\\/koping\\\/var-politik\\\/\",\"name\":\"V\u00e5r politik - Kristdemokraterna | K\u00f6ping\",\"isPartOf\":{\"@id\":\"https:\\\/\\\/wp.kristdemokraterna.se\\\/koping\\\/#website\"},\"datePublished\":\"2014-03-11T11:35:45+00:00\",\"dateModified\":\"2024-01-18T02:13:12+00:00\",\"breadcrumb\":{\"@id\":\"https:\\\/\\\/wp.kristdemokraterna.se\\\/koping\\\/var-politik\\\/#breadcrumb\"},\"inLanguage\":\"sv-SE\",\"potentialAction\":[{\"@type\":\"ReadAction\",\"target\":[\"https:\\\/\\\/wp.kristdemokraterna.se\\\/koping\\\/var-politik\\\/\"]}]},{\"@type\":\"BreadcrumbList\",\"@id\":\"https:\\\/\\\/wp.kristdemokraterna.se\\\/koping\\\/var-politik\\\/#breadcrumb\",\"itemListElement\":[{\"@type\":\"ListItem\",\"position\":1,\"name\":\"Hem\",\"item\":\"https:\\\/\\\/wp.kristdemokraterna.se\\\/koping\\\/\"},{\"@type\":\"ListItem\",\"position\":2,\"name\":\"V\u00e5r politik\"}]},{\"@type\":\"WebSite\",\"@id\":\"https:\\\/\\\/wp.kristdemokraterna.se\\\/koping\\\/#website\",\"url\":\"https:\\\/\\\/wp.kristdemokraterna.se\\\/koping\\\/\",\"name\":\"Kristdemokraterna | K\u00f6ping\",\"description\":\"K\u00f6ping beh\u00f6ver ett nytt styre - men inga bilar p\u00e5 Stora gatan\",\"inLanguage\":\"sv-SE\"}]}<\/script>\n<!-- \/ Yoast SEO plugin. -->","yoast_head_json":{"title":"V\u00e5r politik - Kristdemokraterna | K\u00f6ping","robots":{"index":"index","follow":"follow","max-snippet":"max-snippet:-1","max-image-preview":"max-image-preview:large","max-video-preview":"max-video-preview:-1"},"canonical":"https:\/\/wp.kristdemokraterna.se\/koping\/var-politik\/","og_locale":"sv_SE","og_type":"article","og_title":"V\u00e5r politik - Kristdemokraterna | K\u00f6ping","og_description":"&gt; Kristdemokraternas Ideologi och principprogram &gt; L\u00e4nsprogram\u00a0 f\u00f6r V\u00e4stmanland 15 f\u00f6rslag f\u00f6r ett tryggare V\u00e4stmanland JOD\u00c5, K\u00d6PING KAN B\u00c4TTRE! Kommunpolitiska program KD Ko\u0308ping 2022-2026 &gt; Kommunprogram f\u00f6r K\u00f6ping 2018 Sammanfattande programpunkter f\u00f6r K\u00f6ping KD Budget 2021 K\u00f6pings kommun Ja\u0308mfo\u0308r 4 budgetar 2021 &nbsp; &nbsp; K\u00d6PING KAN B\u00c4TTRE! Rapport fr\u00e5n 130 f\u00f6retagsbes\u00f6k om K\u00f6pings n\u00e4ringsklimat N\u00e5gra Read More","og_url":"https:\/\/wp.kristdemokraterna.se\/koping\/var-politik\/","og_site_name":"Kristdemokraterna | K\u00f6ping","article_modified_time":"2024-01-18T02:13:12+00:00","twitter_card":"summary_large_image","twitter_misc":{"Ber\u00e4knad l\u00e4stid":"42 minuter"},"schema":{"@context":"https:\/\/schema.org","@graph":[{"@type":"WebPage","@id":"https:\/\/wp.kristdemokraterna.se\/koping\/var-politik\/","url":"https:\/\/wp.kristdemokraterna.se\/koping\/var-politik\/","name":"V\u00e5r politik - Kristdemokraterna | K\u00f6ping","isPartOf":{"@id":"https:\/\/wp.kristdemokraterna.se\/koping\/#website"},"datePublished":"2014-03-11T11:35:45+00:00","dateModified":"2024-01-18T02:13:12+00:00","breadcrumb":{"@id":"https:\/\/wp.kristdemokraterna.se\/koping\/var-politik\/#breadcrumb"},"inLanguage":"sv-SE","potentialAction":[{"@type":"ReadAction","target":["https:\/\/wp.kristdemokraterna.se\/koping\/var-politik\/"]}]},{"@type":"BreadcrumbList","@id":"https:\/\/wp.kristdemokraterna.se\/koping\/var-politik\/#breadcrumb","itemListElement":[{"@type":"ListItem","position":1,"name":"Hem","item":"https:\/\/wp.kristdemokraterna.se\/koping\/"},{"@type":"ListItem","position":2,"name":"V\u00e5r politik"}]},{"@type":"WebSite","@id":"https:\/\/wp.kristdemokraterna.se\/koping\/#website","url":"https:\/\/wp.kristdemokraterna.se\/koping\/","name":"Kristdemokraterna | K\u00f6ping","description":"K\u00f6ping beh\u00f6ver ett nytt styre - men inga bilar p\u00e5 Stora gatan","inLanguage":"sv-SE"}]}},"_links":{"self":[{"href":"https:\/\/wp.kristdemokraterna.se\/koping\/wp-json\/wp\/v2\/pages\/12","targetHints":{"allow":["GET"]}}],"collection":[{"href":"https:\/\/wp.kristdemokraterna.se\/koping\/wp-json\/wp\/v2\/pages"}],"about":[{"href":"https:\/\/wp.kristdemokraterna.se\/koping\/wp-json\/wp\/v2\/types\/page"}],"author":[{"embeddable":true,"href":"https:\/\/wp.kristdemokraterna.se\/koping\/wp-json\/wp\/v2\/users\/533"}],"replies":[{"embeddable":true,"href":"https:\/\/wp.kristdemokraterna.se\/koping\/wp-json\/wp\/v2\/comments?post=12"}],"version-history":[{"count":65,"href":"https:\/\/wp.kristdemokraterna.se\/koping\/wp-json\/wp\/v2\/pages\/12\/revisions"}],"predecessor-version":[{"id":1783,"href":"https:\/\/wp.kristdemokraterna.se\/koping\/wp-json\/wp\/v2\/pages\/12\/revisions\/1783"}],"wp:attachment":[{"href":"https:\/\/wp.kristdemokraterna.se\/koping\/wp-json\/wp\/v2\/media?parent=12"}],"curies":[{"name":"wp","href":"https:\/\/api.w.org\/{rel}","templated":true}]}}