{"id":1824,"date":"2024-01-18T11:06:33","date_gmt":"2024-01-18T10:06:33","guid":{"rendered":"https:\/\/wp.kristdemokraterna.se\/koping\/?page_id=1824"},"modified":"2024-01-19T12:04:58","modified_gmt":"2024-01-19T11:04:58","slug":"kopings-skolor","status":"publish","type":"page","link":"https:\/\/wp.kristdemokraterna.se\/koping\/swisha-var-valfond\/kopings-skolor\/","title":{"rendered":"K\u00f6pings skolor"},"content":{"rendered":"<p><strong><em>Skolan har tv\u00e5 huvuduppgifter: Att stimulera elevernas intellektuella och praktiska kunskapsutveckling och kritiska t\u00e4nkande och att tillsammans med f\u00f6r\u00e4ldrarna, fostra eleverna till ansvarsfulla samh\u00e4llsmedborgare.<\/em><\/strong><\/p>\n<p>Kristdemokraternas vision \u00e4r en skola d\u00e4r ingen h\u00e5lls tillbaka och ingen l\u00e4mnas efter; en skola d\u00e4r varje barn och elev f\u00e5r utvecklas efter sin fulla potential, till vidare studier, ett meningsfullt yrkesliv och delaktighet i samh\u00e4llsgemenskapen.<\/p>\n<p>Alla barn kan och ska klara grundskolan och en betydligt st\u00f6rre andel av eleverna i K\u00f6ping ska g\u00e5 ut gymnasieskolan. Elever har olika f\u00f6ruts\u00e4ttningar och beh\u00f6ver olika pedagogik.<\/p>\n<p>Skolan ska ha h\u00f6ga f\u00f6rv\u00e4ntningar p\u00e5 b\u00e5de elever och personal och m\u00f6ta varje elevs utmaningar med tro p\u00e5 elevens potential att lyckas efter b\u00e4sta f\u00f6rm\u00e5ga. Eleven ska tydligt veta vad som kr\u00e4vs av honom eller henne f\u00f6r att n\u00e5 ett visst betyg.<\/p>\n<p>Ett st\u00f6rre fokus b\u00f6r l\u00e4ggas p\u00e5 att studierna kopplas till arbetsmarknadens behov av utbildad arbetskraft. Det finns m\u00e5nga exempel p\u00e5 att Sverige idag inte har den kompetens som efterfr\u00e5gas p\u00e5 arbetsmarknaden.<\/p>\n<p><strong>V\u00c5RA F\u00d6RSLAG 2022-2026<\/strong><\/p>\n<ul>\n<li>Nolltolerans mot mobbning och annan kr\u00e4nkande behandling i alla K\u00f6pings skolor.<\/li>\n<li>Det ska vara studiero i skolan. Varje elev ska m\u00f6tas utifr\u00e5n sina f\u00f6ruts\u00e4ttningar f\u00f6r att f\u00e5 m\u00f6jlighet att f\u00f6rverkliga 100 % av sin potential.<\/li>\n<li>\u201dAnsvarskontrakt\u201d mellan elev, f\u00f6r\u00e4ldrar och personal f\u00f6r att n\u00e5 uppsatta m\u00e5l.<\/li>\n<li>Det ska finnas resurser f\u00f6r l\u00e4romedel och digitala verktyg med god kvalitet som st\u00f6ttar alla elevers olika f\u00f6ruts\u00e4ttningar f\u00f6r l\u00e4rande.<\/li>\n<li>Garanti att n\u00e5 elevh\u00e4lsan inom 24 timmar (arbetsdagar) f\u00f6r att s\u00e4tta in \u00e5tg\u00e4rder s\u00e5 fort som m\u00f6jligt. Snabbsp\u00e5r fr\u00e5n skolan f\u00f6r utredning och kortare v\u00e4ntetid hos barn- och ungdomspsykiatrin.<\/li>\n<li>Barn med s\u00e4rskilda behov ska erbjudas anpassad undervisning i mindre grupper.<\/li>\n<li>Skolan ska aktivt och utan dr\u00f6jsm\u00e5l uppm\u00e4rksamma elever med problematisk fr\u00e5nvaro och vidta de \u00e5tg\u00e4rder som kr\u00e4vs f\u00f6r att f\u00e5 tillbaka eleverna.<\/li>\n<li>All skolpersonal ska utbildas om Neuropsykiatrisk Funktionsneds\u00e4ttning (NPF)<\/li>\n<li>Satsning p\u00e5 tv\u00e5l\u00e4rarskap, d\u00e4r de har gemensamt ansvar i och utanf\u00f6r klassrum.<\/li>\n<li>Mer fokus p\u00e5 undervisning och kontakt med elever. Det administrativa arbetet ska minska.<\/li>\n<li>Alla elever ska ges m\u00f6jlighet att \u00e5terkommande tr\u00e4ffa utbildad studie- och yrkesv\u00e4gledare (SYV) f\u00f6r att kunna g\u00f6ra v\u00e4lgrundade studie- och yrkesval.<\/li>\n<li>Fler gymnasieelever ska ges m\u00f6jlighet att l\u00e4sa kursen entrepren\u00f6rskap. Arbetet kring Ung F\u00f6retagsamhet (UF) ska uppmuntras och utvecklas \u00e4ven p\u00e5 grundskolorna.<\/li>\n<li>Ett n\u00e4ra samarbete ska forts\u00e4tta finnas och utvecklas mellan skolan och det lokala n\u00e4ringslivet n\u00e4r det g\u00e4ller l\u00e4rlingsutbildningar och praktikplatser.<\/li>\n<li>Kommunen ska verka f\u00f6r att alla ungdomar mellan 16 och 18 \u00e5r erbjuds feriejobb.<\/li>\n<li>Den som medvetet f\u00f6rst\u00f6r skolmilj\u00f6n, t ex genom klotter, ska medverka till att \u00e5terst\u00e4lla skadan.<\/li>\n<li>En polis, som eleverna l\u00e4r k\u00e4nna, ska vara knuten till varje skola.<\/li>\n<li>Skolan ska i samverkan med polis och socialtj\u00e4nst utbilda elever om missbruk, beroende, brott och straff.<\/li>\n<li>\u00c4ldre elever uppmuntras att vara positiva f\u00f6rebilder f\u00f6r yngre.<\/li>\n<li>Skolan ska verka f\u00f6r att f\u00e5 fler bra vuxna f\u00f6rebilder i skolan, i samverkan med civilsamh\u00e4llet.<\/li>\n<li>N\u00e4rproducerade livsmedel med god kvalitet ska serveras i skolan.<\/li>\n<li>Etablering av friskola i kommunen ska uppmuntras. En ma\u030angfald av skolor, sa\u030ava\u0308l avseende utfo\u0308rare som profil, ska efterstr\u00e4vas.<\/li>\n<li>\u00d6ppna j\u00e4mf\u00f6relser mellan skolor i kommunen ska finnas p\u00e5 kommunens hemsida f\u00f6r att underl\u00e4tta aktiva skolval.<\/li>\n<li>\u00c5tg\u00e4rder m\u00e5ste s\u00e4ttas in f\u00f6r att K\u00f6pings skolresultat ska g\u00e5 fr\u00e5n bottenniv\u00e5er till topp 100 inom fem \u00e5r.<\/li>\n<\/ul>\n","protected":false},"excerpt":{"rendered":"<p>Skolan har tv\u00e5 huvuduppgifter: Att stimulera elevernas intellektuella och praktiska kunskapsutveckling och kritiska t\u00e4nkande och att tillsammans med f\u00f6r\u00e4ldrarna, fostra eleverna till ansvarsfulla samh\u00e4llsmedborgare. Kristdemokraternas vision \u00e4r en skola d\u00e4r ingen h\u00e5lls tillbaka och ingen l\u00e4mnas efter; en skola d\u00e4r varje barn och elev f\u00e5r utvecklas efter sin fulla potential, till vidare studier, ett meningsfullt <a class=\"read-more-link\" href=\"https:\/\/wp.kristdemokraterna.se\/koping\/swisha-var-valfond\/kopings-skolor\/\">Read More<\/a><\/p>\n","protected":false},"author":444,"featured_media":0,"parent":391,"menu_order":0,"comment_status":"closed","ping_status":"closed","template":"page.php","meta":{"_acf_changed":false,"footnotes":""},"class_list":["post-1824","page","type-page","status-publish","hentry"],"acf":[],"yoast_head":"<!-- This site is optimized with the Yoast SEO plugin v27.4 - https:\/\/yoast.com\/product\/yoast-seo-wordpress\/ -->\n<title>K\u00f6pings skolor - Kristdemokraterna | K\u00f6ping<\/title>\n<meta name=\"robots\" content=\"index, follow, max-snippet:-1, max-image-preview:large, max-video-preview:-1\" \/>\n<link rel=\"canonical\" href=\"https:\/\/wp.kristdemokraterna.se\/koping\/swisha-var-valfond\/kopings-skolor\/\" \/>\n<meta property=\"og:locale\" content=\"sv_SE\" \/>\n<meta property=\"og:type\" content=\"article\" \/>\n<meta property=\"og:title\" content=\"K\u00f6pings skolor - Kristdemokraterna | K\u00f6ping\" \/>\n<meta property=\"og:description\" content=\"Skolan har tv\u00e5 huvuduppgifter: Att stimulera elevernas intellektuella och praktiska kunskapsutveckling och kritiska t\u00e4nkande och att tillsammans med f\u00f6r\u00e4ldrarna, fostra eleverna till ansvarsfulla samh\u00e4llsmedborgare. Kristdemokraternas vision \u00e4r en skola d\u00e4r ingen h\u00e5lls tillbaka och ingen l\u00e4mnas efter; en skola d\u00e4r varje barn och elev f\u00e5r utvecklas efter sin fulla potential, till vidare studier, ett meningsfullt Read More\" \/>\n<meta property=\"og:url\" content=\"https:\/\/wp.kristdemokraterna.se\/koping\/swisha-var-valfond\/kopings-skolor\/\" \/>\n<meta property=\"og:site_name\" content=\"Kristdemokraterna | K\u00f6ping\" \/>\n<meta property=\"article:modified_time\" content=\"2024-01-19T11:04:58+00:00\" \/>\n<meta name=\"twitter:card\" content=\"summary_large_image\" \/>\n<meta name=\"twitter:label1\" content=\"Ber\u00e4knad l\u00e4stid\" \/>\n\t<meta name=\"twitter:data1\" content=\"3 minuter\" \/>\n<script type=\"application\/ld+json\" class=\"yoast-schema-graph\">{\"@context\":\"https:\\\/\\\/schema.org\",\"@graph\":[{\"@type\":\"WebPage\",\"@id\":\"https:\\\/\\\/wp.kristdemokraterna.se\\\/koping\\\/swisha-var-valfond\\\/kopings-skolor\\\/\",\"url\":\"https:\\\/\\\/wp.kristdemokraterna.se\\\/koping\\\/swisha-var-valfond\\\/kopings-skolor\\\/\",\"name\":\"K\u00f6pings skolor - Kristdemokraterna | K\u00f6ping\",\"isPartOf\":{\"@id\":\"https:\\\/\\\/wp.kristdemokraterna.se\\\/koping\\\/#website\"},\"datePublished\":\"2024-01-18T10:06:33+00:00\",\"dateModified\":\"2024-01-19T11:04:58+00:00\",\"breadcrumb\":{\"@id\":\"https:\\\/\\\/wp.kristdemokraterna.se\\\/koping\\\/swisha-var-valfond\\\/kopings-skolor\\\/#breadcrumb\"},\"inLanguage\":\"sv-SE\",\"potentialAction\":[{\"@type\":\"ReadAction\",\"target\":[\"https:\\\/\\\/wp.kristdemokraterna.se\\\/koping\\\/swisha-var-valfond\\\/kopings-skolor\\\/\"]}]},{\"@type\":\"BreadcrumbList\",\"@id\":\"https:\\\/\\\/wp.kristdemokraterna.se\\\/koping\\\/swisha-var-valfond\\\/kopings-skolor\\\/#breadcrumb\",\"itemListElement\":[{\"@type\":\"ListItem\",\"position\":1,\"name\":\"Hem\",\"item\":\"https:\\\/\\\/wp.kristdemokraterna.se\\\/koping\\\/\"},{\"@type\":\"ListItem\",\"position\":2,\"name\":\"V\u00e5r kommunpolitik\",\"item\":\"https:\\\/\\\/wp.kristdemokraterna.se\\\/koping\\\/swisha-var-valfond\\\/\"},{\"@type\":\"ListItem\",\"position\":3,\"name\":\"K\u00f6pings skolor\"}]},{\"@type\":\"WebSite\",\"@id\":\"https:\\\/\\\/wp.kristdemokraterna.se\\\/koping\\\/#website\",\"url\":\"https:\\\/\\\/wp.kristdemokraterna.se\\\/koping\\\/\",\"name\":\"Kristdemokraterna | K\u00f6ping\",\"description\":\"K\u00f6ping beh\u00f6ver ett nytt styre - men inga bilar p\u00e5 Stora gatan\",\"inLanguage\":\"sv-SE\"}]}<\/script>\n<!-- \/ Yoast SEO plugin. -->","yoast_head_json":{"title":"K\u00f6pings skolor - Kristdemokraterna | K\u00f6ping","robots":{"index":"index","follow":"follow","max-snippet":"max-snippet:-1","max-image-preview":"max-image-preview:large","max-video-preview":"max-video-preview:-1"},"canonical":"https:\/\/wp.kristdemokraterna.se\/koping\/swisha-var-valfond\/kopings-skolor\/","og_locale":"sv_SE","og_type":"article","og_title":"K\u00f6pings skolor - Kristdemokraterna | K\u00f6ping","og_description":"Skolan har tv\u00e5 huvuduppgifter: Att stimulera elevernas intellektuella och praktiska kunskapsutveckling och kritiska t\u00e4nkande och att tillsammans med f\u00f6r\u00e4ldrarna, fostra eleverna till ansvarsfulla samh\u00e4llsmedborgare. Kristdemokraternas vision \u00e4r en skola d\u00e4r ingen h\u00e5lls tillbaka och ingen l\u00e4mnas efter; en skola d\u00e4r varje barn och elev f\u00e5r utvecklas efter sin fulla potential, till vidare studier, ett meningsfullt Read More","og_url":"https:\/\/wp.kristdemokraterna.se\/koping\/swisha-var-valfond\/kopings-skolor\/","og_site_name":"Kristdemokraterna | K\u00f6ping","article_modified_time":"2024-01-19T11:04:58+00:00","twitter_card":"summary_large_image","twitter_misc":{"Ber\u00e4knad l\u00e4stid":"3 minuter"},"schema":{"@context":"https:\/\/schema.org","@graph":[{"@type":"WebPage","@id":"https:\/\/wp.kristdemokraterna.se\/koping\/swisha-var-valfond\/kopings-skolor\/","url":"https:\/\/wp.kristdemokraterna.se\/koping\/swisha-var-valfond\/kopings-skolor\/","name":"K\u00f6pings skolor - Kristdemokraterna | K\u00f6ping","isPartOf":{"@id":"https:\/\/wp.kristdemokraterna.se\/koping\/#website"},"datePublished":"2024-01-18T10:06:33+00:00","dateModified":"2024-01-19T11:04:58+00:00","breadcrumb":{"@id":"https:\/\/wp.kristdemokraterna.se\/koping\/swisha-var-valfond\/kopings-skolor\/#breadcrumb"},"inLanguage":"sv-SE","potentialAction":[{"@type":"ReadAction","target":["https:\/\/wp.kristdemokraterna.se\/koping\/swisha-var-valfond\/kopings-skolor\/"]}]},{"@type":"BreadcrumbList","@id":"https:\/\/wp.kristdemokraterna.se\/koping\/swisha-var-valfond\/kopings-skolor\/#breadcrumb","itemListElement":[{"@type":"ListItem","position":1,"name":"Hem","item":"https:\/\/wp.kristdemokraterna.se\/koping\/"},{"@type":"ListItem","position":2,"name":"V\u00e5r kommunpolitik","item":"https:\/\/wp.kristdemokraterna.se\/koping\/swisha-var-valfond\/"},{"@type":"ListItem","position":3,"name":"K\u00f6pings skolor"}]},{"@type":"WebSite","@id":"https:\/\/wp.kristdemokraterna.se\/koping\/#website","url":"https:\/\/wp.kristdemokraterna.se\/koping\/","name":"Kristdemokraterna | K\u00f6ping","description":"K\u00f6ping beh\u00f6ver ett nytt styre - men inga bilar p\u00e5 Stora gatan","inLanguage":"sv-SE"}]}},"_links":{"self":[{"href":"https:\/\/wp.kristdemokraterna.se\/koping\/wp-json\/wp\/v2\/pages\/1824","targetHints":{"allow":["GET"]}}],"collection":[{"href":"https:\/\/wp.kristdemokraterna.se\/koping\/wp-json\/wp\/v2\/pages"}],"about":[{"href":"https:\/\/wp.kristdemokraterna.se\/koping\/wp-json\/wp\/v2\/types\/page"}],"author":[{"embeddable":true,"href":"https:\/\/wp.kristdemokraterna.se\/koping\/wp-json\/wp\/v2\/users\/444"}],"replies":[{"embeddable":true,"href":"https:\/\/wp.kristdemokraterna.se\/koping\/wp-json\/wp\/v2\/comments?post=1824"}],"version-history":[{"count":2,"href":"https:\/\/wp.kristdemokraterna.se\/koping\/wp-json\/wp\/v2\/pages\/1824\/revisions"}],"predecessor-version":[{"id":1993,"href":"https:\/\/wp.kristdemokraterna.se\/koping\/wp-json\/wp\/v2\/pages\/1824\/revisions\/1993"}],"up":[{"embeddable":true,"href":"https:\/\/wp.kristdemokraterna.se\/koping\/wp-json\/wp\/v2\/pages\/391"}],"wp:attachment":[{"href":"https:\/\/wp.kristdemokraterna.se\/koping\/wp-json\/wp\/v2\/media?parent=1824"}],"curies":[{"name":"wp","href":"https:\/\/api.w.org\/{rel}","templated":true}]}}