{"id":1830,"date":"2024-01-18T11:09:17","date_gmt":"2024-01-18T10:09:17","guid":{"rendered":"https:\/\/wp.kristdemokraterna.se\/koping\/?page_id=1830"},"modified":"2024-01-19T12:06:31","modified_gmt":"2024-01-19T11:06:31","slug":"ett-samhalle-tillgangligt-for-alla","status":"publish","type":"page","link":"https:\/\/wp.kristdemokraterna.se\/koping\/swisha-var-valfond\/ett-samhalle-tillgangligt-for-alla\/","title":{"rendered":"Ett samh\u00e4lle tillg\u00e4ngligt f\u00f6r alla"},"content":{"rendered":"<p><strong><em>Politiken ma\u030aste fo\u0308rankras i en ma\u0308nniskosyn som erk\u00e4nner att ma\u0308nniskan har ett absolut och okra\u0308nkbart va\u0308rde. Alla ma\u0308nniskor har olika bega\u030avning, intressen och fo\u0308rutsa\u0308ttningar. Detta a\u0308r en utga\u030angspunkt fo\u0308r va\u030ar politik.<\/em><\/strong><\/p>\n<p>Gemensamt fo\u0308r oss ma\u0308nniskor a\u0308r att vi a\u0308r sociala varelser med behov av sma\u030a, naturliga gemenskaper. Da\u0308rfo\u0308r bo\u0308r familjen och andra anho\u0308riga ges en central plats i det sto\u0308d som ges. Den egna familjen a\u0308r alltid no\u0308dva\u0308ndig, men inte alltid tillra\u0308cklig, fo\u0308r att klara av alla utmaningar. Insatserna ska sto\u0308dja na\u0308r det brister och stimulera de goda krafter som finns hos varje person &#8211; det personliga ansvaret ska alltid vara en utga\u030angspunkt.<\/p>\n<p><strong>V\u00c5RA F\u00d6RSLAG 2022-2026<\/strong><\/p>\n<ul>\n<li>Kommunen ska i sin bostadsfo\u0308rso\u0308rjningsplan ha en tydlig ambition att sa\u0308kersta\u0308lla fo\u0308rso\u0308rjningen av bosta\u0308der fo\u0308r personer med funktionsvariation.<\/li>\n<li>Na\u0308r personer inom LSS erbjuds boende ska stor vikt la\u0308ggas vid personliga o\u0308nskema\u030al.<\/li>\n<li>Kommunens tja\u0308nster inom LSS, daglig verksamhet och assistans ska pro\u0308vas enligt Lagen om valfrihetssystem (LOV) eller Lagen om offentlig upphandling (LOU).<\/li>\n<li>Utifra\u030an fo\u0308rma\u030aga och fo\u0308rutsa\u0308ttningar ska praktik, la\u0308rlingsplats eller ordinarie arbete erbjudas. Kommunen ska vara ett fo\u0308redo\u0308me i att ansta\u0308lla fler personer som av olika ska\u0308l sta\u030ar la\u030angt ifra\u030an arbetsmarknaden.<\/li>\n<li>Kollektivtrafiken ska anpassas s\u00e5 att den \u00e4r tillg\u00e4nglig.<\/li>\n<\/ul>\n","protected":false},"excerpt":{"rendered":"<p>Politiken ma\u030aste fo\u0308rankras i en ma\u0308nniskosyn som erk\u00e4nner att ma\u0308nniskan har ett absolut och okra\u0308nkbart va\u0308rde. Alla ma\u0308nniskor har olika bega\u030avning, intressen och fo\u0308rutsa\u0308ttningar. Detta a\u0308r en utga\u030angspunkt fo\u0308r va\u030ar politik. Gemensamt fo\u0308r oss ma\u0308nniskor a\u0308r att vi a\u0308r sociala varelser med behov av sma\u030a, naturliga gemenskaper. Da\u0308rfo\u0308r bo\u0308r familjen och andra anho\u0308riga ges en <a class=\"read-more-link\" href=\"https:\/\/wp.kristdemokraterna.se\/koping\/swisha-var-valfond\/ett-samhalle-tillgangligt-for-alla\/\">Read More<\/a><\/p>\n","protected":false},"author":444,"featured_media":0,"parent":391,"menu_order":0,"comment_status":"closed","ping_status":"closed","template":"page.php","meta":{"_acf_changed":false,"footnotes":""},"class_list":["post-1830","page","type-page","status-publish","hentry"],"acf":[],"yoast_head":"<!-- This site is optimized with the Yoast SEO plugin v27.4 - https:\/\/yoast.com\/product\/yoast-seo-wordpress\/ -->\n<title>Ett samh\u00e4lle tillg\u00e4ngligt f\u00f6r alla - Kristdemokraterna | K\u00f6ping<\/title>\n<meta name=\"robots\" content=\"index, follow, max-snippet:-1, max-image-preview:large, max-video-preview:-1\" \/>\n<link rel=\"canonical\" href=\"https:\/\/wp.kristdemokraterna.se\/koping\/swisha-var-valfond\/ett-samhalle-tillgangligt-for-alla\/\" \/>\n<meta property=\"og:locale\" content=\"sv_SE\" \/>\n<meta property=\"og:type\" content=\"article\" \/>\n<meta property=\"og:title\" content=\"Ett samh\u00e4lle tillg\u00e4ngligt f\u00f6r alla - Kristdemokraterna | K\u00f6ping\" \/>\n<meta property=\"og:description\" content=\"Politiken ma\u030aste fo\u0308rankras i en ma\u0308nniskosyn som erk\u00e4nner att ma\u0308nniskan har ett absolut och okra\u0308nkbart va\u0308rde. Alla ma\u0308nniskor har olika bega\u030avning, intressen och fo\u0308rutsa\u0308ttningar. Detta a\u0308r en utga\u030angspunkt fo\u0308r va\u030ar politik. Gemensamt fo\u0308r oss ma\u0308nniskor a\u0308r att vi a\u0308r sociala varelser med behov av sma\u030a, naturliga gemenskaper. Da\u0308rfo\u0308r bo\u0308r familjen och andra anho\u0308riga ges en Read More\" \/>\n<meta property=\"og:url\" content=\"https:\/\/wp.kristdemokraterna.se\/koping\/swisha-var-valfond\/ett-samhalle-tillgangligt-for-alla\/\" \/>\n<meta property=\"og:site_name\" content=\"Kristdemokraterna | K\u00f6ping\" \/>\n<meta property=\"article:modified_time\" content=\"2024-01-19T11:06:31+00:00\" \/>\n<meta name=\"twitter:card\" content=\"summary_large_image\" \/>\n<meta name=\"twitter:label1\" content=\"Ber\u00e4knad l\u00e4stid\" \/>\n\t<meta name=\"twitter:data1\" content=\"1 minut\" \/>\n<script type=\"application\/ld+json\" class=\"yoast-schema-graph\">{\"@context\":\"https:\\\/\\\/schema.org\",\"@graph\":[{\"@type\":\"WebPage\",\"@id\":\"https:\\\/\\\/wp.kristdemokraterna.se\\\/koping\\\/swisha-var-valfond\\\/ett-samhalle-tillgangligt-for-alla\\\/\",\"url\":\"https:\\\/\\\/wp.kristdemokraterna.se\\\/koping\\\/swisha-var-valfond\\\/ett-samhalle-tillgangligt-for-alla\\\/\",\"name\":\"Ett samh\u00e4lle tillg\u00e4ngligt f\u00f6r alla - Kristdemokraterna | K\u00f6ping\",\"isPartOf\":{\"@id\":\"https:\\\/\\\/wp.kristdemokraterna.se\\\/koping\\\/#website\"},\"datePublished\":\"2024-01-18T10:09:17+00:00\",\"dateModified\":\"2024-01-19T11:06:31+00:00\",\"breadcrumb\":{\"@id\":\"https:\\\/\\\/wp.kristdemokraterna.se\\\/koping\\\/swisha-var-valfond\\\/ett-samhalle-tillgangligt-for-alla\\\/#breadcrumb\"},\"inLanguage\":\"sv-SE\",\"potentialAction\":[{\"@type\":\"ReadAction\",\"target\":[\"https:\\\/\\\/wp.kristdemokraterna.se\\\/koping\\\/swisha-var-valfond\\\/ett-samhalle-tillgangligt-for-alla\\\/\"]}]},{\"@type\":\"BreadcrumbList\",\"@id\":\"https:\\\/\\\/wp.kristdemokraterna.se\\\/koping\\\/swisha-var-valfond\\\/ett-samhalle-tillgangligt-for-alla\\\/#breadcrumb\",\"itemListElement\":[{\"@type\":\"ListItem\",\"position\":1,\"name\":\"Hem\",\"item\":\"https:\\\/\\\/wp.kristdemokraterna.se\\\/koping\\\/\"},{\"@type\":\"ListItem\",\"position\":2,\"name\":\"V\u00e5r kommunpolitik\",\"item\":\"https:\\\/\\\/wp.kristdemokraterna.se\\\/koping\\\/swisha-var-valfond\\\/\"},{\"@type\":\"ListItem\",\"position\":3,\"name\":\"Ett samh\u00e4lle tillg\u00e4ngligt f\u00f6r alla\"}]},{\"@type\":\"WebSite\",\"@id\":\"https:\\\/\\\/wp.kristdemokraterna.se\\\/koping\\\/#website\",\"url\":\"https:\\\/\\\/wp.kristdemokraterna.se\\\/koping\\\/\",\"name\":\"Kristdemokraterna | K\u00f6ping\",\"description\":\"K\u00f6ping beh\u00f6ver ett nytt styre - men inga bilar p\u00e5 Stora gatan\",\"inLanguage\":\"sv-SE\"}]}<\/script>\n<!-- \/ Yoast SEO plugin. -->","yoast_head_json":{"title":"Ett samh\u00e4lle tillg\u00e4ngligt f\u00f6r alla - Kristdemokraterna | K\u00f6ping","robots":{"index":"index","follow":"follow","max-snippet":"max-snippet:-1","max-image-preview":"max-image-preview:large","max-video-preview":"max-video-preview:-1"},"canonical":"https:\/\/wp.kristdemokraterna.se\/koping\/swisha-var-valfond\/ett-samhalle-tillgangligt-for-alla\/","og_locale":"sv_SE","og_type":"article","og_title":"Ett samh\u00e4lle tillg\u00e4ngligt f\u00f6r alla - Kristdemokraterna | K\u00f6ping","og_description":"Politiken ma\u030aste fo\u0308rankras i en ma\u0308nniskosyn som erk\u00e4nner att ma\u0308nniskan har ett absolut och okra\u0308nkbart va\u0308rde. Alla ma\u0308nniskor har olika bega\u030avning, intressen och fo\u0308rutsa\u0308ttningar. Detta a\u0308r en utga\u030angspunkt fo\u0308r va\u030ar politik. Gemensamt fo\u0308r oss ma\u0308nniskor a\u0308r att vi a\u0308r sociala varelser med behov av sma\u030a, naturliga gemenskaper. Da\u0308rfo\u0308r bo\u0308r familjen och andra anho\u0308riga ges en Read More","og_url":"https:\/\/wp.kristdemokraterna.se\/koping\/swisha-var-valfond\/ett-samhalle-tillgangligt-for-alla\/","og_site_name":"Kristdemokraterna | K\u00f6ping","article_modified_time":"2024-01-19T11:06:31+00:00","twitter_card":"summary_large_image","twitter_misc":{"Ber\u00e4knad l\u00e4stid":"1 minut"},"schema":{"@context":"https:\/\/schema.org","@graph":[{"@type":"WebPage","@id":"https:\/\/wp.kristdemokraterna.se\/koping\/swisha-var-valfond\/ett-samhalle-tillgangligt-for-alla\/","url":"https:\/\/wp.kristdemokraterna.se\/koping\/swisha-var-valfond\/ett-samhalle-tillgangligt-for-alla\/","name":"Ett samh\u00e4lle tillg\u00e4ngligt f\u00f6r alla - Kristdemokraterna | K\u00f6ping","isPartOf":{"@id":"https:\/\/wp.kristdemokraterna.se\/koping\/#website"},"datePublished":"2024-01-18T10:09:17+00:00","dateModified":"2024-01-19T11:06:31+00:00","breadcrumb":{"@id":"https:\/\/wp.kristdemokraterna.se\/koping\/swisha-var-valfond\/ett-samhalle-tillgangligt-for-alla\/#breadcrumb"},"inLanguage":"sv-SE","potentialAction":[{"@type":"ReadAction","target":["https:\/\/wp.kristdemokraterna.se\/koping\/swisha-var-valfond\/ett-samhalle-tillgangligt-for-alla\/"]}]},{"@type":"BreadcrumbList","@id":"https:\/\/wp.kristdemokraterna.se\/koping\/swisha-var-valfond\/ett-samhalle-tillgangligt-for-alla\/#breadcrumb","itemListElement":[{"@type":"ListItem","position":1,"name":"Hem","item":"https:\/\/wp.kristdemokraterna.se\/koping\/"},{"@type":"ListItem","position":2,"name":"V\u00e5r kommunpolitik","item":"https:\/\/wp.kristdemokraterna.se\/koping\/swisha-var-valfond\/"},{"@type":"ListItem","position":3,"name":"Ett samh\u00e4lle tillg\u00e4ngligt f\u00f6r alla"}]},{"@type":"WebSite","@id":"https:\/\/wp.kristdemokraterna.se\/koping\/#website","url":"https:\/\/wp.kristdemokraterna.se\/koping\/","name":"Kristdemokraterna | K\u00f6ping","description":"K\u00f6ping beh\u00f6ver ett nytt styre - men inga bilar p\u00e5 Stora gatan","inLanguage":"sv-SE"}]}},"_links":{"self":[{"href":"https:\/\/wp.kristdemokraterna.se\/koping\/wp-json\/wp\/v2\/pages\/1830","targetHints":{"allow":["GET"]}}],"collection":[{"href":"https:\/\/wp.kristdemokraterna.se\/koping\/wp-json\/wp\/v2\/pages"}],"about":[{"href":"https:\/\/wp.kristdemokraterna.se\/koping\/wp-json\/wp\/v2\/types\/page"}],"author":[{"embeddable":true,"href":"https:\/\/wp.kristdemokraterna.se\/koping\/wp-json\/wp\/v2\/users\/444"}],"replies":[{"embeddable":true,"href":"https:\/\/wp.kristdemokraterna.se\/koping\/wp-json\/wp\/v2\/comments?post=1830"}],"version-history":[{"count":2,"href":"https:\/\/wp.kristdemokraterna.se\/koping\/wp-json\/wp\/v2\/pages\/1830\/revisions"}],"predecessor-version":[{"id":1999,"href":"https:\/\/wp.kristdemokraterna.se\/koping\/wp-json\/wp\/v2\/pages\/1830\/revisions\/1999"}],"up":[{"embeddable":true,"href":"https:\/\/wp.kristdemokraterna.se\/koping\/wp-json\/wp\/v2\/pages\/391"}],"wp:attachment":[{"href":"https:\/\/wp.kristdemokraterna.se\/koping\/wp-json\/wp\/v2\/media?parent=1830"}],"curies":[{"name":"wp","href":"https:\/\/api.w.org\/{rel}","templated":true}]}}