{"id":478,"date":"2020-01-10T11:51:35","date_gmt":"2020-01-10T10:51:35","guid":{"rendered":"http:\/\/wp.kristdemokraterna.se\/koping\/?page_id=478"},"modified":"2024-01-25T17:57:20","modified_gmt":"2024-01-25T16:57:20","slug":"du-ska-kunna-lita-pa-koping","status":"publish","type":"page","link":"https:\/\/wp.kristdemokraterna.se\/koping\/du-ska-kunna-lita-pa-koping\/","title":{"rendered":"Alla ska kunna k\u00e4nna sig trygga &#8230;"},"content":{"rendered":"<h3>P\u00e5 gator och torg<\/h3>\n<ul>\n<li>Vi vill ha ett levande centrum med folk som r\u00f6r sig \u00e4ven p\u00e5 kv\u00e4llstid. Men m\u00e5nga k\u00e4nner otrygghet och v\u00e5gar inte g\u00e5 ensam p\u00e5 stan under kv\u00e4llstid. K\u00f6pings centrum beh\u00f6ver b\u00e5de v\u00e4ktare och poliser i yttre tj\u00e4nst som syns p\u00e5 stan, kan hj\u00e4lpa till och skapa trygghet.<\/li>\n<\/ul>\n<h3>I \u00e4ldreomsorgen<\/h3>\n<ul>\n<li>Det ska finnas st\u00f6d och hj\u00e4lp p\u00e5 gamla dar i det egna hemmet eller om man beh\u00f6ver plats p\u00e5 ett \u00e4ldreboende. Det var KD som inf\u00f6rde parboende-garantin som nu alla har r\u00e4tt till .<\/li>\n<\/ul>\n<h3>I v\u00e5rden<\/h3>\n<ul>\n<li>Du ska kunna f\u00e5 v\u00e5rd och behandling n\u00e4r du beh\u00f6ver den. KD lyckades halvera v\u00e5rdk\u00f6erna i landet men med den nuvarande regeringen har v\u00e5rdk\u00f6erna mer sedan dess har de f\u00f6rdubblats igen. Det handlar idag om att r\u00e5ka bo i r\u00e4tt del av landet f\u00f6r snabbt att f\u00e5 tillg\u00e5ng till en operation om den beh\u00f6vs. KD vill f\u00f6rstatliga sjukv\u00e5rden s\u00e5 att vi kan f\u00e5 v\u00e5rd utan att beh\u00f6va v\u00e4nta olagligt l\u00e4nge oavsett var vi bor i landet.<\/li>\n<\/ul>\n<p>&nbsp;<\/p>\n<p>&nbsp;<\/p>\n<p>&nbsp;<\/p>\n","protected":false},"excerpt":{"rendered":"<p>P\u00e5 gator och torg Vi vill ha ett levande centrum med folk som r\u00f6r sig \u00e4ven p\u00e5 kv\u00e4llstid. Men m\u00e5nga k\u00e4nner otrygghet och v\u00e5gar inte g\u00e5 ensam p\u00e5 stan under kv\u00e4llstid. K\u00f6pings centrum beh\u00f6ver b\u00e5de v\u00e4ktare och poliser i yttre tj\u00e4nst som syns p\u00e5 stan, kan hj\u00e4lpa till och skapa trygghet. I \u00e4ldreomsorgen Det ska <a class=\"read-more-link\" href=\"https:\/\/wp.kristdemokraterna.se\/koping\/du-ska-kunna-lita-pa-koping\/\">Read More<\/a><\/p>\n","protected":false},"author":444,"featured_media":0,"parent":0,"menu_order":0,"comment_status":"closed","ping_status":"closed","template":"page.php","meta":{"_acf_changed":false,"footnotes":""},"class_list":["post-478","page","type-page","status-publish","hentry"],"acf":[],"yoast_head":"<!-- This site is optimized with the Yoast SEO plugin v27.4 - https:\/\/yoast.com\/product\/yoast-seo-wordpress\/ -->\n<title>Alla ska kunna k\u00e4nna sig trygga ... - Kristdemokraterna | K\u00f6ping<\/title>\n<meta name=\"robots\" content=\"index, follow, max-snippet:-1, max-image-preview:large, max-video-preview:-1\" \/>\n<link rel=\"canonical\" href=\"https:\/\/wp.kristdemokraterna.se\/koping\/du-ska-kunna-lita-pa-koping\/\" \/>\n<meta property=\"og:locale\" content=\"sv_SE\" \/>\n<meta property=\"og:type\" content=\"article\" \/>\n<meta property=\"og:title\" content=\"Alla ska kunna k\u00e4nna sig trygga ... - Kristdemokraterna | K\u00f6ping\" \/>\n<meta property=\"og:description\" content=\"P\u00e5 gator och torg Vi vill ha ett levande centrum med folk som r\u00f6r sig \u00e4ven p\u00e5 kv\u00e4llstid. Men m\u00e5nga k\u00e4nner otrygghet och v\u00e5gar inte g\u00e5 ensam p\u00e5 stan under kv\u00e4llstid. K\u00f6pings centrum beh\u00f6ver b\u00e5de v\u00e4ktare och poliser i yttre tj\u00e4nst som syns p\u00e5 stan, kan hj\u00e4lpa till och skapa trygghet. I \u00e4ldreomsorgen Det ska Read More\" \/>\n<meta property=\"og:url\" content=\"https:\/\/wp.kristdemokraterna.se\/koping\/du-ska-kunna-lita-pa-koping\/\" \/>\n<meta property=\"og:site_name\" content=\"Kristdemokraterna | K\u00f6ping\" \/>\n<meta property=\"article:modified_time\" content=\"2024-01-25T16:57:20+00:00\" \/>\n<meta name=\"twitter:card\" content=\"summary_large_image\" \/>\n<meta name=\"twitter:label1\" content=\"Ber\u00e4knad l\u00e4stid\" \/>\n\t<meta name=\"twitter:data1\" content=\"1 minut\" \/>\n<script type=\"application\/ld+json\" class=\"yoast-schema-graph\">{\"@context\":\"https:\\\/\\\/schema.org\",\"@graph\":[{\"@type\":\"WebPage\",\"@id\":\"https:\\\/\\\/wp.kristdemokraterna.se\\\/koping\\\/du-ska-kunna-lita-pa-koping\\\/\",\"url\":\"https:\\\/\\\/wp.kristdemokraterna.se\\\/koping\\\/du-ska-kunna-lita-pa-koping\\\/\",\"name\":\"Alla ska kunna k\u00e4nna sig trygga ... - Kristdemokraterna | K\u00f6ping\",\"isPartOf\":{\"@id\":\"https:\\\/\\\/wp.kristdemokraterna.se\\\/koping\\\/#website\"},\"datePublished\":\"2020-01-10T10:51:35+00:00\",\"dateModified\":\"2024-01-25T16:57:20+00:00\",\"breadcrumb\":{\"@id\":\"https:\\\/\\\/wp.kristdemokraterna.se\\\/koping\\\/du-ska-kunna-lita-pa-koping\\\/#breadcrumb\"},\"inLanguage\":\"sv-SE\",\"potentialAction\":[{\"@type\":\"ReadAction\",\"target\":[\"https:\\\/\\\/wp.kristdemokraterna.se\\\/koping\\\/du-ska-kunna-lita-pa-koping\\\/\"]}]},{\"@type\":\"BreadcrumbList\",\"@id\":\"https:\\\/\\\/wp.kristdemokraterna.se\\\/koping\\\/du-ska-kunna-lita-pa-koping\\\/#breadcrumb\",\"itemListElement\":[{\"@type\":\"ListItem\",\"position\":1,\"name\":\"Hem\",\"item\":\"https:\\\/\\\/wp.kristdemokraterna.se\\\/koping\\\/\"},{\"@type\":\"ListItem\",\"position\":2,\"name\":\"Alla ska kunna k\u00e4nna sig trygga &#8230;\"}]},{\"@type\":\"WebSite\",\"@id\":\"https:\\\/\\\/wp.kristdemokraterna.se\\\/koping\\\/#website\",\"url\":\"https:\\\/\\\/wp.kristdemokraterna.se\\\/koping\\\/\",\"name\":\"Kristdemokraterna | K\u00f6ping\",\"description\":\"K\u00f6ping beh\u00f6ver ett nytt styre - men inga bilar p\u00e5 Stora gatan\",\"inLanguage\":\"sv-SE\"}]}<\/script>\n<!-- \/ Yoast SEO plugin. -->","yoast_head_json":{"title":"Alla ska kunna k\u00e4nna sig trygga ... - Kristdemokraterna | K\u00f6ping","robots":{"index":"index","follow":"follow","max-snippet":"max-snippet:-1","max-image-preview":"max-image-preview:large","max-video-preview":"max-video-preview:-1"},"canonical":"https:\/\/wp.kristdemokraterna.se\/koping\/du-ska-kunna-lita-pa-koping\/","og_locale":"sv_SE","og_type":"article","og_title":"Alla ska kunna k\u00e4nna sig trygga ... - Kristdemokraterna | K\u00f6ping","og_description":"P\u00e5 gator och torg Vi vill ha ett levande centrum med folk som r\u00f6r sig \u00e4ven p\u00e5 kv\u00e4llstid. Men m\u00e5nga k\u00e4nner otrygghet och v\u00e5gar inte g\u00e5 ensam p\u00e5 stan under kv\u00e4llstid. K\u00f6pings centrum beh\u00f6ver b\u00e5de v\u00e4ktare och poliser i yttre tj\u00e4nst som syns p\u00e5 stan, kan hj\u00e4lpa till och skapa trygghet. I \u00e4ldreomsorgen Det ska Read More","og_url":"https:\/\/wp.kristdemokraterna.se\/koping\/du-ska-kunna-lita-pa-koping\/","og_site_name":"Kristdemokraterna | K\u00f6ping","article_modified_time":"2024-01-25T16:57:20+00:00","twitter_card":"summary_large_image","twitter_misc":{"Ber\u00e4knad l\u00e4stid":"1 minut"},"schema":{"@context":"https:\/\/schema.org","@graph":[{"@type":"WebPage","@id":"https:\/\/wp.kristdemokraterna.se\/koping\/du-ska-kunna-lita-pa-koping\/","url":"https:\/\/wp.kristdemokraterna.se\/koping\/du-ska-kunna-lita-pa-koping\/","name":"Alla ska kunna k\u00e4nna sig trygga ... - Kristdemokraterna | K\u00f6ping","isPartOf":{"@id":"https:\/\/wp.kristdemokraterna.se\/koping\/#website"},"datePublished":"2020-01-10T10:51:35+00:00","dateModified":"2024-01-25T16:57:20+00:00","breadcrumb":{"@id":"https:\/\/wp.kristdemokraterna.se\/koping\/du-ska-kunna-lita-pa-koping\/#breadcrumb"},"inLanguage":"sv-SE","potentialAction":[{"@type":"ReadAction","target":["https:\/\/wp.kristdemokraterna.se\/koping\/du-ska-kunna-lita-pa-koping\/"]}]},{"@type":"BreadcrumbList","@id":"https:\/\/wp.kristdemokraterna.se\/koping\/du-ska-kunna-lita-pa-koping\/#breadcrumb","itemListElement":[{"@type":"ListItem","position":1,"name":"Hem","item":"https:\/\/wp.kristdemokraterna.se\/koping\/"},{"@type":"ListItem","position":2,"name":"Alla ska kunna k\u00e4nna sig trygga &#8230;"}]},{"@type":"WebSite","@id":"https:\/\/wp.kristdemokraterna.se\/koping\/#website","url":"https:\/\/wp.kristdemokraterna.se\/koping\/","name":"Kristdemokraterna | K\u00f6ping","description":"K\u00f6ping beh\u00f6ver ett nytt styre - men inga bilar p\u00e5 Stora gatan","inLanguage":"sv-SE"}]}},"_links":{"self":[{"href":"https:\/\/wp.kristdemokraterna.se\/koping\/wp-json\/wp\/v2\/pages\/478","targetHints":{"allow":["GET"]}}],"collection":[{"href":"https:\/\/wp.kristdemokraterna.se\/koping\/wp-json\/wp\/v2\/pages"}],"about":[{"href":"https:\/\/wp.kristdemokraterna.se\/koping\/wp-json\/wp\/v2\/types\/page"}],"author":[{"embeddable":true,"href":"https:\/\/wp.kristdemokraterna.se\/koping\/wp-json\/wp\/v2\/users\/444"}],"replies":[{"embeddable":true,"href":"https:\/\/wp.kristdemokraterna.se\/koping\/wp-json\/wp\/v2\/comments?post=478"}],"version-history":[{"count":6,"href":"https:\/\/wp.kristdemokraterna.se\/koping\/wp-json\/wp\/v2\/pages\/478\/revisions"}],"predecessor-version":[{"id":2165,"href":"https:\/\/wp.kristdemokraterna.se\/koping\/wp-json\/wp\/v2\/pages\/478\/revisions\/2165"}],"wp:attachment":[{"href":"https:\/\/wp.kristdemokraterna.se\/koping\/wp-json\/wp\/v2\/media?parent=478"}],"curies":[{"name":"wp","href":"https:\/\/api.w.org\/{rel}","templated":true}]}}