{"id":34,"date":"2013-03-06T18:49:08","date_gmt":"2013-03-06T17:49:08","guid":{"rendered":"http:\/\/wp.kristdemokraterna.se\/kronoberg\/?page_id=34"},"modified":"2022-11-17T12:04:06","modified_gmt":"2022-11-17T11:04:06","slug":"distriktsstyrelsen","status":"publish","type":"page","link":"https:\/\/wp.kristdemokraterna.se\/kronoberg\/hem\/distriktsstyrelsen\/","title":{"rendered":"Distriktsstyrelsen"},"content":{"rendered":"<p><strong>Kristdemokraterna Kronobergs distriktsstyrelse <\/strong><\/p>\n<table>\n<tbody>\n<tr>\n<td>Jon Malmqvist<\/td>\n<td>Ordf\u00f6rande<\/td>\n<td>V\u00e4xj\u00f6<\/td>\n<td><\/td>\n<\/tr>\n<tr>\n<td>Eva Johnsson<\/td>\n<td>1:a vice Ordf\u00f6rande<\/td>\n<td>\u00a0V\u00e4xj\u00f6<\/td>\n<td><\/td>\n<\/tr>\n<tr>\n<td>Rut Bj\u00f6rkstr\u00f6m<\/td>\n<td>2:a vice Ordf\u00f6rande<\/td>\n<td>\u00a0Ljungby<\/td>\n<td><\/td>\n<\/tr>\n<tr>\n<td>\u00a0<strong>Ledam\u00f6ter<\/strong><\/td>\n<td><\/td>\n<td><\/td>\n<td>\u00a0<strong>Ers\u00e4ttare<\/strong><\/td>\n<\/tr>\n<tr>\n<td>\u00a0Patrik \u00c5kesson<\/td>\n<td>\u00a0V\u00e4xj\u00f6<\/td>\n<td>\u00a0<span style=\"color: #ffffff\">mellanrum<\/span><\/td>\n<td>\u00a0Hilda Ardash<\/td>\n<td>\u00a0\u00c4lmhult<\/td>\n<\/tr>\n<tr>\n<td>\u00a0Jan Popovski<\/td>\n<td>\u00a0Tingsryd<\/td>\n<td><\/td>\n<td>\u00a0Lennart Olsson<\/td>\n<td>\u00a0Ljungby<\/td>\n<\/tr>\n<tr>\n<td>\u00a0Jessica Johansson<\/td>\n<td>\u00a0Alvesta<\/td>\n<td><\/td>\n<td>\u00a0Emil Torstensson<\/td>\n<td>\u00a0Ljungby<\/td>\n<\/tr>\n<tr>\n<td>\u00a0J\u00f6rgen Johansson<\/td>\n<td>\u00a0Markaryd<\/td>\n<td><\/td>\n<td>\u00a0Carl-Eric Svens\u00e4ter<\/td>\n<td>\u00a0Markaryd<\/td>\n<\/tr>\n<tr>\n<td>\u00a0Anna Zelvin<\/td>\n<td>\u00a0V\u00e4xj\u00f6<\/td>\n<td><\/td>\n<td>\u00a0Kaj-Mikael Petersson<\/td>\n<td>\u00a0V\u00e4xj\u00f6<\/td>\n<\/tr>\n<tr>\n<td>\u00a0Mattias Albrektsson<\/td>\n<td>\u00a0Lessebo<\/td>\n<td><\/td>\n<td>\u00a0Malin Stadig Lundgren<\/td>\n<td>\u00a0V\u00e4xj\u00f6<\/td>\n<\/tr>\n<tr>\n<td>\u00a0Ricardo Chavez<\/td>\n<td>\u00a0V\u00e4xj\u00f6<\/td>\n<td><\/td>\n<td>\u00a0Bertil Eriksson<\/td>\n<td>\u00a0Uppvidinge<\/td>\n<\/tr>\n<tr>\n<td>\u00a0Bengt Germundsson<\/td>\n<td>\u00a0Markaryd<\/td>\n<td><\/td>\n<td>\u00a0Simon Bystr\u00f6m<\/td>\n<td>\u00a0Ljungby<\/td>\n<\/tr>\n<\/tbody>\n<\/table>\n<p>&nbsp;<\/p>\n","protected":false},"excerpt":{"rendered":"<p>Kristdemokraterna Kronobergs distriktsstyrelse Jon Malmqvist Ordf\u00f6rande V\u00e4xj\u00f6 Eva Johnsson 1:a vice Ordf\u00f6rande \u00a0V\u00e4xj\u00f6 Rut Bj\u00f6rkstr\u00f6m 2:a vice Ordf\u00f6rande \u00a0Ljungby \u00a0Ledam\u00f6ter \u00a0Ers\u00e4ttare \u00a0Patrik \u00c5kesson \u00a0V\u00e4xj\u00f6 \u00a0mellanrum \u00a0Hilda Ardash \u00a0\u00c4lmhult \u00a0Jan Popovski \u00a0Tingsryd \u00a0Lennart Olsson \u00a0Ljungby \u00a0Jessica Johansson \u00a0Alvesta \u00a0Emil Torstensson \u00a0Ljungby \u00a0J\u00f6rgen Johansson \u00a0Markaryd \u00a0Carl-Eric Svens\u00e4ter \u00a0Markaryd \u00a0Anna Zelvin \u00a0V\u00e4xj\u00f6 \u00a0Kaj-Mikael Petersson \u00a0V\u00e4xj\u00f6 \u00a0Mattias Albrektsson \u00a0Lessebo <a class=\"read-more-link\" href=\"https:\/\/wp.kristdemokraterna.se\/kronoberg\/hem\/distriktsstyrelsen\/\">Read More<\/a><\/p>\n","protected":false},"author":450,"featured_media":0,"parent":181,"menu_order":0,"comment_status":"closed","ping_status":"closed","template":"page.php","meta":{"_acf_changed":false,"footnotes":""},"class_list":["post-34","page","type-page","status-publish","hentry"],"acf":[],"yoast_head":"<!-- This site is optimized with the Yoast SEO plugin v27.4 - https:\/\/yoast.com\/product\/yoast-seo-wordpress\/ -->\n<title>Distriktsstyrelsen - Kristdemokraterna i Kronoberg<\/title>\n<meta name=\"robots\" content=\"index, follow, max-snippet:-1, max-image-preview:large, max-video-preview:-1\" \/>\n<link rel=\"canonical\" href=\"https:\/\/wp.kristdemokraterna.se\/kronoberg\/hem\/distriktsstyrelsen\/\" \/>\n<meta property=\"og:locale\" content=\"sv_SE\" \/>\n<meta property=\"og:type\" content=\"article\" \/>\n<meta property=\"og:title\" content=\"Distriktsstyrelsen - Kristdemokraterna i Kronoberg\" \/>\n<meta property=\"og:description\" content=\"Kristdemokraterna Kronobergs distriktsstyrelse Jon Malmqvist Ordf\u00f6rande V\u00e4xj\u00f6 Eva Johnsson 1:a vice Ordf\u00f6rande \u00a0V\u00e4xj\u00f6 Rut Bj\u00f6rkstr\u00f6m 2:a vice Ordf\u00f6rande \u00a0Ljungby \u00a0Ledam\u00f6ter \u00a0Ers\u00e4ttare \u00a0Patrik \u00c5kesson \u00a0V\u00e4xj\u00f6 \u00a0mellanrum \u00a0Hilda Ardash \u00a0\u00c4lmhult \u00a0Jan Popovski \u00a0Tingsryd \u00a0Lennart Olsson \u00a0Ljungby \u00a0Jessica Johansson \u00a0Alvesta \u00a0Emil Torstensson \u00a0Ljungby \u00a0J\u00f6rgen Johansson \u00a0Markaryd \u00a0Carl-Eric Svens\u00e4ter \u00a0Markaryd \u00a0Anna Zelvin \u00a0V\u00e4xj\u00f6 \u00a0Kaj-Mikael Petersson \u00a0V\u00e4xj\u00f6 \u00a0Mattias Albrektsson \u00a0Lessebo Read More\" \/>\n<meta property=\"og:url\" content=\"https:\/\/wp.kristdemokraterna.se\/kronoberg\/hem\/distriktsstyrelsen\/\" \/>\n<meta property=\"og:site_name\" content=\"Kristdemokraterna i Kronoberg\" \/>\n<meta property=\"article:modified_time\" content=\"2022-11-17T11:04:06+00:00\" \/>\n<meta name=\"twitter:card\" content=\"summary_large_image\" \/>\n<meta name=\"twitter:label1\" content=\"Ber\u00e4knad l\u00e4stid\" \/>\n\t<meta name=\"twitter:data1\" content=\"1 minut\" \/>\n<script type=\"application\/ld+json\" class=\"yoast-schema-graph\">{\"@context\":\"https:\\\/\\\/schema.org\",\"@graph\":[{\"@type\":\"WebPage\",\"@id\":\"https:\\\/\\\/wp.kristdemokraterna.se\\\/kronoberg\\\/hem\\\/distriktsstyrelsen\\\/\",\"url\":\"https:\\\/\\\/wp.kristdemokraterna.se\\\/kronoberg\\\/hem\\\/distriktsstyrelsen\\\/\",\"name\":\"Distriktsstyrelsen - Kristdemokraterna i Kronoberg\",\"isPartOf\":{\"@id\":\"https:\\\/\\\/wp.kristdemokraterna.se\\\/kronoberg\\\/#website\"},\"datePublished\":\"2013-03-06T17:49:08+00:00\",\"dateModified\":\"2022-11-17T11:04:06+00:00\",\"breadcrumb\":{\"@id\":\"https:\\\/\\\/wp.kristdemokraterna.se\\\/kronoberg\\\/hem\\\/distriktsstyrelsen\\\/#breadcrumb\"},\"inLanguage\":\"sv-SE\",\"potentialAction\":[{\"@type\":\"ReadAction\",\"target\":[\"https:\\\/\\\/wp.kristdemokraterna.se\\\/kronoberg\\\/hem\\\/distriktsstyrelsen\\\/\"]}]},{\"@type\":\"BreadcrumbList\",\"@id\":\"https:\\\/\\\/wp.kristdemokraterna.se\\\/kronoberg\\\/hem\\\/distriktsstyrelsen\\\/#breadcrumb\",\"itemListElement\":[{\"@type\":\"ListItem\",\"position\":1,\"name\":\"Hem\",\"item\":\"https:\\\/\\\/wp.kristdemokraterna.se\\\/kronoberg\\\/\"},{\"@type\":\"ListItem\",\"position\":2,\"name\":\"Kristdemokraterna i Kronoberg\",\"item\":\"https:\\\/\\\/wp.kristdemokraterna.se\\\/kronoberg\\\/\"},{\"@type\":\"ListItem\",\"position\":3,\"name\":\"Distriktsstyrelsen\"}]},{\"@type\":\"WebSite\",\"@id\":\"https:\\\/\\\/wp.kristdemokraterna.se\\\/kronoberg\\\/#website\",\"url\":\"https:\\\/\\\/wp.kristdemokraterna.se\\\/kronoberg\\\/\",\"name\":\"Kristdemokraterna i Kronoberg\",\"description\":\"Kristdemokraterna i Kronoberg\",\"inLanguage\":\"sv-SE\"}]}<\/script>\n<!-- \/ Yoast SEO plugin. -->","yoast_head_json":{"title":"Distriktsstyrelsen - Kristdemokraterna i Kronoberg","robots":{"index":"index","follow":"follow","max-snippet":"max-snippet:-1","max-image-preview":"max-image-preview:large","max-video-preview":"max-video-preview:-1"},"canonical":"https:\/\/wp.kristdemokraterna.se\/kronoberg\/hem\/distriktsstyrelsen\/","og_locale":"sv_SE","og_type":"article","og_title":"Distriktsstyrelsen - Kristdemokraterna i Kronoberg","og_description":"Kristdemokraterna Kronobergs distriktsstyrelse Jon Malmqvist Ordf\u00f6rande V\u00e4xj\u00f6 Eva Johnsson 1:a vice Ordf\u00f6rande \u00a0V\u00e4xj\u00f6 Rut Bj\u00f6rkstr\u00f6m 2:a vice Ordf\u00f6rande \u00a0Ljungby \u00a0Ledam\u00f6ter \u00a0Ers\u00e4ttare \u00a0Patrik \u00c5kesson \u00a0V\u00e4xj\u00f6 \u00a0mellanrum \u00a0Hilda Ardash \u00a0\u00c4lmhult \u00a0Jan Popovski \u00a0Tingsryd \u00a0Lennart Olsson \u00a0Ljungby \u00a0Jessica Johansson \u00a0Alvesta \u00a0Emil Torstensson \u00a0Ljungby \u00a0J\u00f6rgen Johansson \u00a0Markaryd \u00a0Carl-Eric Svens\u00e4ter \u00a0Markaryd \u00a0Anna Zelvin \u00a0V\u00e4xj\u00f6 \u00a0Kaj-Mikael Petersson \u00a0V\u00e4xj\u00f6 \u00a0Mattias Albrektsson \u00a0Lessebo Read More","og_url":"https:\/\/wp.kristdemokraterna.se\/kronoberg\/hem\/distriktsstyrelsen\/","og_site_name":"Kristdemokraterna i Kronoberg","article_modified_time":"2022-11-17T11:04:06+00:00","twitter_card":"summary_large_image","twitter_misc":{"Ber\u00e4knad l\u00e4stid":"1 minut"},"schema":{"@context":"https:\/\/schema.org","@graph":[{"@type":"WebPage","@id":"https:\/\/wp.kristdemokraterna.se\/kronoberg\/hem\/distriktsstyrelsen\/","url":"https:\/\/wp.kristdemokraterna.se\/kronoberg\/hem\/distriktsstyrelsen\/","name":"Distriktsstyrelsen - Kristdemokraterna i Kronoberg","isPartOf":{"@id":"https:\/\/wp.kristdemokraterna.se\/kronoberg\/#website"},"datePublished":"2013-03-06T17:49:08+00:00","dateModified":"2022-11-17T11:04:06+00:00","breadcrumb":{"@id":"https:\/\/wp.kristdemokraterna.se\/kronoberg\/hem\/distriktsstyrelsen\/#breadcrumb"},"inLanguage":"sv-SE","potentialAction":[{"@type":"ReadAction","target":["https:\/\/wp.kristdemokraterna.se\/kronoberg\/hem\/distriktsstyrelsen\/"]}]},{"@type":"BreadcrumbList","@id":"https:\/\/wp.kristdemokraterna.se\/kronoberg\/hem\/distriktsstyrelsen\/#breadcrumb","itemListElement":[{"@type":"ListItem","position":1,"name":"Hem","item":"https:\/\/wp.kristdemokraterna.se\/kronoberg\/"},{"@type":"ListItem","position":2,"name":"Kristdemokraterna i Kronoberg","item":"https:\/\/wp.kristdemokraterna.se\/kronoberg\/"},{"@type":"ListItem","position":3,"name":"Distriktsstyrelsen"}]},{"@type":"WebSite","@id":"https:\/\/wp.kristdemokraterna.se\/kronoberg\/#website","url":"https:\/\/wp.kristdemokraterna.se\/kronoberg\/","name":"Kristdemokraterna i Kronoberg","description":"Kristdemokraterna i Kronoberg","inLanguage":"sv-SE"}]}},"_links":{"self":[{"href":"https:\/\/wp.kristdemokraterna.se\/kronoberg\/wp-json\/wp\/v2\/pages\/34","targetHints":{"allow":["GET"]}}],"collection":[{"href":"https:\/\/wp.kristdemokraterna.se\/kronoberg\/wp-json\/wp\/v2\/pages"}],"about":[{"href":"https:\/\/wp.kristdemokraterna.se\/kronoberg\/wp-json\/wp\/v2\/types\/page"}],"author":[{"embeddable":true,"href":"https:\/\/wp.kristdemokraterna.se\/kronoberg\/wp-json\/wp\/v2\/users\/450"}],"replies":[{"embeddable":true,"href":"https:\/\/wp.kristdemokraterna.se\/kronoberg\/wp-json\/wp\/v2\/comments?post=34"}],"version-history":[{"count":20,"href":"https:\/\/wp.kristdemokraterna.se\/kronoberg\/wp-json\/wp\/v2\/pages\/34\/revisions"}],"predecessor-version":[{"id":480,"href":"https:\/\/wp.kristdemokraterna.se\/kronoberg\/wp-json\/wp\/v2\/pages\/34\/revisions\/480"}],"up":[{"embeddable":true,"href":"https:\/\/wp.kristdemokraterna.se\/kronoberg\/wp-json\/wp\/v2\/pages\/181"}],"wp:attachment":[{"href":"https:\/\/wp.kristdemokraterna.se\/kronoberg\/wp-json\/wp\/v2\/media?parent=34"}],"curies":[{"name":"wp","href":"https:\/\/api.w.org\/{rel}","templated":true}]}}