{"version":"1.0","provider_name":"Kristdemokraterna Leksand","provider_url":"https:\/\/wp.kristdemokraterna.se\/leksand","title":"Milj\u00f6 &amp; klimat - Kristdemokraterna Leksand","type":"rich","width":600,"height":338,"html":"<blockquote class=\"wp-embedded-content\" data-secret=\"Oe7ZTtUK1V\"><a href=\"https:\/\/wp.kristdemokraterna.se\/leksand\/var-politik\/politikomraden\/klimat\/\">Milj\u00f6 &amp; klimat<\/a><\/blockquote><iframe sandbox=\"allow-scripts\" security=\"restricted\" src=\"https:\/\/wp.kristdemokraterna.se\/leksand\/var-politik\/politikomraden\/klimat\/embed\/#?secret=Oe7ZTtUK1V\" width=\"600\" height=\"338\" title=\"\u201dMilj\u00f6 &amp; klimat\u201d &ndash; Kristdemokraterna Leksand\" data-secret=\"Oe7ZTtUK1V\" frameborder=\"0\" marginwidth=\"0\" marginheight=\"0\" scrolling=\"no\" class=\"wp-embedded-content\"><\/iframe><script type=\"text\/javascript\">\n\/* <![CDATA[ *\/\n\/*! This file is auto-generated *\/\n!function(d,l){\"use strict\";l.querySelector&&d.addEventListener&&\"undefined\"!=typeof URL&&(d.wp=d.wp||{},d.wp.receiveEmbedMessage||(d.wp.receiveEmbedMessage=function(e){var t=e.data;if((t||t.secret||t.message||t.value)&&!\/[^a-zA-Z0-9]\/.test(t.secret)){for(var s,r,n,a=l.querySelectorAll('iframe[data-secret=\"'+t.secret+'\"]'),o=l.querySelectorAll('blockquote[data-secret=\"'+t.secret+'\"]'),c=new RegExp(\"^https?:$\",\"i\"),i=0;i<o.length;i++)o[i].style.display=\"none\";for(i=0;i<a.length;i++)s=a[i],e.source===s.contentWindow&&(s.removeAttribute(\"style\"),\"height\"===t.message?(1e3<(r=parseInt(t.value,10))?r=1e3:~~r<200&&(r=200),s.height=r):\"link\"===t.message&&(r=new URL(s.getAttribute(\"src\")),n=new URL(t.value),c.test(n.protocol))&&n.host===r.host&&l.activeElement===s&&(d.top.location.href=t.value))}},d.addEventListener(\"message\",d.wp.receiveEmbedMessage,!1),l.addEventListener(\"DOMContentLoaded\",function(){for(var e,t,s=l.querySelectorAll(\"iframe.wp-embedded-content\"),r=0;r<s.length;r++)(t=(e=s[r]).getAttribute(\"data-secret\"))||(t=Math.random().toString(36).substring(2,12),e.src+=\"#?secret=\"+t,e.setAttribute(\"data-secret\",t)),e.contentWindow.postMessage({message:\"ready\",secret:t},\"*\")},!1)))}(window,document);\n\/\/# sourceURL=https:\/\/wp.kristdemokraterna.se\/leksand\/wp-includes\/js\/wp-embed.min.js\n\/* ]]> *\/\n<\/script>\n","description":"F\u00f6rvaltarskapstanken \u00e4r en b\u00e4rande del i den kristdemokratiska ideologin. P\u00e5 milj\u00f6- och klimat omr\u00e5det inneb\u00e4r det att vi inte f\u00e5r f\u00f6rbruka v\u00e5r jord och dess tillg\u00e5ngar. F\u00f6r att p\u00e5 riktigt ta ansvar f\u00f6r detta vill vi att Leksands kommun \u00e4r klimatpositiv till 2040. Det inneb\u00e4r att vi beh\u00f6ver minska p\u00e5 koldioxiden som vi sl\u00e4pper ut Read More"}