{"version":"1.0","provider_name":"Liding\u00f6","provider_url":"https:\/\/wp.kristdemokraterna.se\/lidingo","title":"Vad h\u00e4nder - Vad g\u00f6r vi? Kvartal 2 2021 - Liding\u00f6","type":"rich","width":600,"height":338,"html":"<blockquote class=\"wp-embedded-content\" data-secret=\"DfnNdGpv0M\"><a href=\"https:\/\/wp.kristdemokraterna.se\/lidingo\/vad-hander-vad-gor-vi-kvartal-2-2021\/\">Vad h\u00e4nder &#8211; Vad g\u00f6r vi? Kvartal 2 2021<\/a><\/blockquote><iframe sandbox=\"allow-scripts\" security=\"restricted\" src=\"https:\/\/wp.kristdemokraterna.se\/lidingo\/vad-hander-vad-gor-vi-kvartal-2-2021\/embed\/#?secret=DfnNdGpv0M\" width=\"600\" height=\"338\" title=\"\u201dVad h\u00e4nder &#8211; Vad g\u00f6r vi? Kvartal 2 2021\u201d &ndash; Liding\u00f6\" data-secret=\"DfnNdGpv0M\" frameborder=\"0\" marginwidth=\"0\" marginheight=\"0\" scrolling=\"no\" class=\"wp-embedded-content\"><\/iframe><script type=\"text\/javascript\">\n\/* <![CDATA[ *\/\n\/*! This file is auto-generated *\/\n!function(d,l){\"use strict\";l.querySelector&&d.addEventListener&&\"undefined\"!=typeof URL&&(d.wp=d.wp||{},d.wp.receiveEmbedMessage||(d.wp.receiveEmbedMessage=function(e){var t=e.data;if((t||t.secret||t.message||t.value)&&!\/[^a-zA-Z0-9]\/.test(t.secret)){for(var s,r,n,a=l.querySelectorAll('iframe[data-secret=\"'+t.secret+'\"]'),o=l.querySelectorAll('blockquote[data-secret=\"'+t.secret+'\"]'),c=new RegExp(\"^https?:$\",\"i\"),i=0;i<o.length;i++)o[i].style.display=\"none\";for(i=0;i<a.length;i++)s=a[i],e.source===s.contentWindow&&(s.removeAttribute(\"style\"),\"height\"===t.message?(1e3<(r=parseInt(t.value,10))?r=1e3:~~r<200&&(r=200),s.height=r):\"link\"===t.message&&(r=new URL(s.getAttribute(\"src\")),n=new URL(t.value),c.test(n.protocol))&&n.host===r.host&&l.activeElement===s&&(d.top.location.href=t.value))}},d.addEventListener(\"message\",d.wp.receiveEmbedMessage,!1),l.addEventListener(\"DOMContentLoaded\",function(){for(var e,t,s=l.querySelectorAll(\"iframe.wp-embedded-content\"),r=0;r<s.length;r++)(t=(e=s[r]).getAttribute(\"data-secret\"))||(t=Math.random().toString(36).substring(2,12),e.src+=\"#?secret=\"+t,e.setAttribute(\"data-secret\",t)),e.contentWindow.postMessage({message:\"ready\",secret:t},\"*\")},!1)))}(window,document);\n\/\/# sourceURL=https:\/\/wp.kristdemokraterna.se\/lidingo\/wp-includes\/js\/wp-embed.min.js\n\/* ]]> *\/\n<\/script>\n","description":"NYTT SENIORBOENDE TOR 2 Vi kristdemokrater gick till val 2018 p\u00e5 att ett nytt seniorboende skulle byggas som komplement till Tor. Nu p\u00e5g\u00e5r planeringen och ett nytt boende med m\u00f6tesplats f\u00f6r v\u00e5ra seniorer b\u00f6r kunna st\u00e5 f\u00e4rdigt om 2-3 \u00e5r. SATSNING P\u00c5 EN TRYGGARE \u00c4LDREOMSORG Det borde vara sj\u00e4lvklart att v\u00e5ra \u00e4ldre p\u00e5 s\u00e4rskilda boenden Read More","thumbnail_url":"http:\/\/wp.kristdemokraterna.se\/lidingo\/files\/2021\/03\/vad-hander-vad-gor-vi-2-3-300x300.jpg"}