{"version":"1.0","provider_name":"KRISTDEMOKRATERNA I LIDK\u00d6PING","provider_url":"https:\/\/wp.kristdemokraterna.se\/lidkoping","title":"2010-04-26 Familjecentral - KRISTDEMOKRATERNA I LIDK\u00d6PING","type":"rich","width":600,"height":338,"html":"<blockquote class=\"wp-embedded-content\" data-secret=\"vHcPLVl6lv\"><a href=\"https:\/\/wp.kristdemokraterna.se\/lidkoping\/2010-04-26-familjecentral\/\">2010-04-26 Familjecentral<\/a><\/blockquote><iframe sandbox=\"allow-scripts\" security=\"restricted\" src=\"https:\/\/wp.kristdemokraterna.se\/lidkoping\/2010-04-26-familjecentral\/embed\/#?secret=vHcPLVl6lv\" width=\"600\" height=\"338\" title=\"\u201d2010-04-26 Familjecentral\u201d &ndash; KRISTDEMOKRATERNA I LIDK\u00d6PING\" data-secret=\"vHcPLVl6lv\" frameborder=\"0\" marginwidth=\"0\" marginheight=\"0\" scrolling=\"no\" class=\"wp-embedded-content\"><\/iframe><script type=\"text\/javascript\">\n\/* <![CDATA[ *\/\n\/*! This file is auto-generated *\/\n!function(d,l){\"use strict\";l.querySelector&&d.addEventListener&&\"undefined\"!=typeof URL&&(d.wp=d.wp||{},d.wp.receiveEmbedMessage||(d.wp.receiveEmbedMessage=function(e){var t=e.data;if((t||t.secret||t.message||t.value)&&!\/[^a-zA-Z0-9]\/.test(t.secret)){for(var s,r,n,a=l.querySelectorAll('iframe[data-secret=\"'+t.secret+'\"]'),o=l.querySelectorAll('blockquote[data-secret=\"'+t.secret+'\"]'),c=new RegExp(\"^https?:$\",\"i\"),i=0;i<o.length;i++)o[i].style.display=\"none\";for(i=0;i<a.length;i++)s=a[i],e.source===s.contentWindow&&(s.removeAttribute(\"style\"),\"height\"===t.message?(1e3<(r=parseInt(t.value,10))?r=1e3:~~r<200&&(r=200),s.height=r):\"link\"===t.message&&(r=new URL(s.getAttribute(\"src\")),n=new URL(t.value),c.test(n.protocol))&&n.host===r.host&&l.activeElement===s&&(d.top.location.href=t.value))}},d.addEventListener(\"message\",d.wp.receiveEmbedMessage,!1),l.addEventListener(\"DOMContentLoaded\",function(){for(var e,t,s=l.querySelectorAll(\"iframe.wp-embedded-content\"),r=0;r<s.length;r++)(t=(e=s[r]).getAttribute(\"data-secret\"))||(t=Math.random().toString(36).substring(2,12),e.src+=\"#?secret=\"+t,e.setAttribute(\"data-secret\",t)),e.contentWindow.postMessage({message:\"ready\",secret:t},\"*\")},!1)))}(window,document);\n\/\/# sourceURL=https:\/\/wp.kristdemokraterna.se\/lidkoping\/wp-includes\/js\/wp-embed.min.js\n\/* ]]> *\/\n<\/script>\n","description":"Kristdemokraterna i Lidk\u00f6ping och Milj\u00f6partiet i Lidk\u00f6ping Motion till Lidk\u00f6pings kommunalfullm\u00e4ktige Inf\u00f6rande av Familjecentral i Lidk\u00f6pings kommun Lidk\u00f6ping hade f\u00f6r ett antal \u00e5r sedan en familjecentral som ans\u00e5gs som ett f\u00f6red\u00f6me s\u00e5v\u00e4l nationellt som internationellt, men tyv\u00e4rr tvingades den att l\u00e4ggas ner av skilda sk\u00e4l. Vi vill nu att den \u00e5terskapas i kommunen. Familjecentralen i Read More"}