{"version":"1.0","provider_name":"Lindesberg","provider_url":"https:\/\/wp.kristdemokraterna.se\/lindesberg","title":"V\u00e5r politik i kommunen - Lindesberg","type":"rich","width":600,"height":338,"html":"<blockquote class=\"wp-embedded-content\" data-secret=\"7GasrIaXny\"><a href=\"https:\/\/wp.kristdemokraterna.se\/lindesberg\/var-politik\/var-politik-i-kommunen\/\">V\u00e5r politik i kommunen<\/a><\/blockquote><iframe sandbox=\"allow-scripts\" security=\"restricted\" src=\"https:\/\/wp.kristdemokraterna.se\/lindesberg\/var-politik\/var-politik-i-kommunen\/embed\/#?secret=7GasrIaXny\" width=\"600\" height=\"338\" title=\"\u201dV\u00e5r politik i kommunen\u201d &ndash; Lindesberg\" data-secret=\"7GasrIaXny\" frameborder=\"0\" marginwidth=\"0\" marginheight=\"0\" scrolling=\"no\" class=\"wp-embedded-content\"><\/iframe><script type=\"text\/javascript\">\n\/* <![CDATA[ *\/\n\/*! This file is auto-generated *\/\n!function(d,l){\"use strict\";l.querySelector&&d.addEventListener&&\"undefined\"!=typeof URL&&(d.wp=d.wp||{},d.wp.receiveEmbedMessage||(d.wp.receiveEmbedMessage=function(e){var t=e.data;if((t||t.secret||t.message||t.value)&&!\/[^a-zA-Z0-9]\/.test(t.secret)){for(var s,r,n,a=l.querySelectorAll('iframe[data-secret=\"'+t.secret+'\"]'),o=l.querySelectorAll('blockquote[data-secret=\"'+t.secret+'\"]'),c=new RegExp(\"^https?:$\",\"i\"),i=0;i<o.length;i++)o[i].style.display=\"none\";for(i=0;i<a.length;i++)s=a[i],e.source===s.contentWindow&&(s.removeAttribute(\"style\"),\"height\"===t.message?(1e3<(r=parseInt(t.value,10))?r=1e3:~~r<200&&(r=200),s.height=r):\"link\"===t.message&&(r=new URL(s.getAttribute(\"src\")),n=new URL(t.value),c.test(n.protocol))&&n.host===r.host&&l.activeElement===s&&(d.top.location.href=t.value))}},d.addEventListener(\"message\",d.wp.receiveEmbedMessage,!1),l.addEventListener(\"DOMContentLoaded\",function(){for(var e,t,s=l.querySelectorAll(\"iframe.wp-embedded-content\"),r=0;r<s.length;r++)(t=(e=s[r]).getAttribute(\"data-secret\"))||(t=Math.random().toString(36).substring(2,12),e.src+=\"#?secret=\"+t,e.setAttribute(\"data-secret\",t)),e.contentWindow.postMessage({message:\"ready\",secret:t},\"*\")},!1)))}(window,document);\n\/\/# sourceURL=https:\/\/wp.kristdemokraterna.se\/lindesberg\/wp-includes\/js\/wp-embed.min.js\n\/* ]]> *\/\n<\/script>\n","thumbnail_url":null,"thumbnail_width":null,"thumbnail_height":null,"description":"Familjen M\u00e4nniskor utvecklas, mognar och m\u00e5r b\u00e4st i sm\u00e5 grupper. I den lilla gemenskap som en familj utg\u00f6r f\u00e5r familjemedlemmarna m\u00f6jlighet att ge och m\u00f6ta k\u00e4rlek, omtanke och f\u00f6rst\u00e5else men ocks\u00e5 st\u00e4llas inf\u00f6r krav och l\u00e4ra sig ta ansvar. Utg\u00e5ngspunkten ska vara att familjen sj\u00e4lv ska ha makten att utforma den egna vardagen. Det offentligas L\u00e4s mer"}