{"version":"1.0","provider_name":"Kristdemokraterna i Link\u00f6ping","provider_url":"https:\/\/wp.kristdemokraterna.se\/linkoping","title":"Ebba Busch Thor inleder v\u00e4lf\u00e4rdsturn\u00e9 i Link\u00f6ping - Kristdemokraterna i Link\u00f6ping","type":"rich","width":600,"height":338,"html":"<blockquote class=\"wp-embedded-content\" data-secret=\"IMJcdIXGbS\"><a href=\"https:\/\/wp.kristdemokraterna.se\/linkoping\/ebba-busch-thor-inleder-valfardsturne-i-linkoping\/\">Ebba Busch Thor inleder v\u00e4lf\u00e4rdsturn\u00e9 i Link\u00f6ping<\/a><\/blockquote><iframe sandbox=\"allow-scripts\" security=\"restricted\" src=\"https:\/\/wp.kristdemokraterna.se\/linkoping\/ebba-busch-thor-inleder-valfardsturne-i-linkoping\/embed\/#?secret=IMJcdIXGbS\" width=\"600\" height=\"338\" title=\"\u201dEbba Busch Thor inleder v\u00e4lf\u00e4rdsturn\u00e9 i Link\u00f6ping\u201d &ndash; Kristdemokraterna i Link\u00f6ping\" data-secret=\"IMJcdIXGbS\" frameborder=\"0\" marginwidth=\"0\" marginheight=\"0\" scrolling=\"no\" class=\"wp-embedded-content\"><\/iframe><script type=\"text\/javascript\">\n\/* <![CDATA[ *\/\n\/*! This file is auto-generated *\/\n!function(d,l){\"use strict\";l.querySelector&&d.addEventListener&&\"undefined\"!=typeof URL&&(d.wp=d.wp||{},d.wp.receiveEmbedMessage||(d.wp.receiveEmbedMessage=function(e){var t=e.data;if((t||t.secret||t.message||t.value)&&!\/[^a-zA-Z0-9]\/.test(t.secret)){for(var s,r,n,a=l.querySelectorAll('iframe[data-secret=\"'+t.secret+'\"]'),o=l.querySelectorAll('blockquote[data-secret=\"'+t.secret+'\"]'),c=new RegExp(\"^https?:$\",\"i\"),i=0;i<o.length;i++)o[i].style.display=\"none\";for(i=0;i<a.length;i++)s=a[i],e.source===s.contentWindow&&(s.removeAttribute(\"style\"),\"height\"===t.message?(1e3<(r=parseInt(t.value,10))?r=1e3:~~r<200&&(r=200),s.height=r):\"link\"===t.message&&(r=new URL(s.getAttribute(\"src\")),n=new URL(t.value),c.test(n.protocol))&&n.host===r.host&&l.activeElement===s&&(d.top.location.href=t.value))}},d.addEventListener(\"message\",d.wp.receiveEmbedMessage,!1),l.addEventListener(\"DOMContentLoaded\",function(){for(var e,t,s=l.querySelectorAll(\"iframe.wp-embedded-content\"),r=0;r<s.length;r++)(t=(e=s[r]).getAttribute(\"data-secret\"))||(t=Math.random().toString(36).substring(2,12),e.src+=\"#?secret=\"+t,e.setAttribute(\"data-secret\",t)),e.contentWindow.postMessage({message:\"ready\",secret:t},\"*\")},!1)))}(window,document);\n\/\/# sourceURL=https:\/\/wp.kristdemokraterna.se\/linkoping\/wp-includes\/js\/wp-embed.min.js\n\/* ]]> *\/\n<\/script>\n","thumbnail_url":"https:\/\/wp.kristdemokraterna.se\/linkoping\/files\/2017\/10\/ebba_gul-770x390.jpg","thumbnail_width":770,"thumbnail_height":390,"description":"Kristdemokraternas partiledare Ebba Busch Thor inleder en resa i Sverige f\u00f6r att presentera v\u00e4lf\u00e4rdsl\u00f6ftet f\u00f6r \u00e4ldre. F\u00f6rsta stoppet &#8211; Link\u00f6ping. Ebba kommer att m\u00f6ta pension\u00e4rsorganisationer, bes\u00f6ka \u00e4ldreboenden och tillsammans med lokala f\u00f6retr\u00e4dare presentera ett \u00e4ldreprogram med f\u00f6rslag p\u00e5 kommunal niv\u00e5 f\u00f6r att garantera att \u00e4ldre har tillg\u00e5ng till en god v\u00e5rd och omsorg. F\u00f6rsta bes\u00f6ket Read More"}