{"version":"1.0","provider_name":"Kristdemokraterna i Link\u00f6ping","provider_url":"https:\/\/wp.kristdemokraterna.se\/linkoping","title":"F\u00f6r\u00e4ndringar f\u00f6r framtidens hemtj\u00e4nst - Kristdemokraterna i Link\u00f6ping","type":"rich","width":600,"height":338,"html":"<blockquote class=\"wp-embedded-content\" data-secret=\"MG3SWdhuWy\"><a href=\"https:\/\/wp.kristdemokraterna.se\/linkoping\/forandringar-for-framtidens-hemtjanst\/\">F\u00f6r\u00e4ndringar f\u00f6r framtidens hemtj\u00e4nst<\/a><\/blockquote><iframe sandbox=\"allow-scripts\" security=\"restricted\" src=\"https:\/\/wp.kristdemokraterna.se\/linkoping\/forandringar-for-framtidens-hemtjanst\/embed\/#?secret=MG3SWdhuWy\" width=\"600\" height=\"338\" title=\"\u201dF\u00f6r\u00e4ndringar f\u00f6r framtidens hemtj\u00e4nst\u201d &ndash; Kristdemokraterna i Link\u00f6ping\" data-secret=\"MG3SWdhuWy\" frameborder=\"0\" marginwidth=\"0\" marginheight=\"0\" scrolling=\"no\" class=\"wp-embedded-content\"><\/iframe><script type=\"text\/javascript\">\n\/* <![CDATA[ *\/\n\/*! This file is auto-generated *\/\n!function(d,l){\"use strict\";l.querySelector&&d.addEventListener&&\"undefined\"!=typeof URL&&(d.wp=d.wp||{},d.wp.receiveEmbedMessage||(d.wp.receiveEmbedMessage=function(e){var t=e.data;if((t||t.secret||t.message||t.value)&&!\/[^a-zA-Z0-9]\/.test(t.secret)){for(var s,r,n,a=l.querySelectorAll('iframe[data-secret=\"'+t.secret+'\"]'),o=l.querySelectorAll('blockquote[data-secret=\"'+t.secret+'\"]'),c=new RegExp(\"^https?:$\",\"i\"),i=0;i<o.length;i++)o[i].style.display=\"none\";for(i=0;i<a.length;i++)s=a[i],e.source===s.contentWindow&&(s.removeAttribute(\"style\"),\"height\"===t.message?(1e3<(r=parseInt(t.value,10))?r=1e3:~~r<200&&(r=200),s.height=r):\"link\"===t.message&&(r=new URL(s.getAttribute(\"src\")),n=new URL(t.value),c.test(n.protocol))&&n.host===r.host&&l.activeElement===s&&(d.top.location.href=t.value))}},d.addEventListener(\"message\",d.wp.receiveEmbedMessage,!1),l.addEventListener(\"DOMContentLoaded\",function(){for(var e,t,s=l.querySelectorAll(\"iframe.wp-embedded-content\"),r=0;r<s.length;r++)(t=(e=s[r]).getAttribute(\"data-secret\"))||(t=Math.random().toString(36).substring(2,12),e.src+=\"#?secret=\"+t,e.setAttribute(\"data-secret\",t)),e.contentWindow.postMessage({message:\"ready\",secret:t},\"*\")},!1)))}(window,document);\n\/\/# sourceURL=https:\/\/wp.kristdemokraterna.se\/linkoping\/wp-includes\/js\/wp-embed.min.js\n\/* ]]> *\/\n<\/script>\n","description":"F\u00f6r att kunna m\u00f6ta framtidens behov av v\u00e5rd och omsorg beh\u00f6ver insatser till medborgare samordnas f\u00f6r att m\u00f6ta dagens och framtidens behov p\u00e5 ett b\u00e4ttre s\u00e4tt. D\u00e4rf\u00f6r finns det nu ett f\u00f6rslag till beslut om en ny modell f\u00f6r hur \u00e4ldreomsorgen ska bedrivas och upphandlas. Vi m\u00e5ste v\u00e5ga lyfta blicken och t\u00e4nka fram\u00e5t, eftersom vi Read More"}