{"version":"1.0","provider_name":"Kristdemokraterna i Link\u00f6ping","provider_url":"https:\/\/wp.kristdemokraterna.se\/linkoping","title":"Information fr\u00e5n kommunalr\u00e5det v.18-19 2020 - Kristdemokraterna i Link\u00f6ping","type":"rich","width":600,"height":338,"html":"<blockquote class=\"wp-embedded-content\" data-secret=\"uc2ISpJBG4\"><a href=\"https:\/\/wp.kristdemokraterna.se\/linkoping\/information-fran-kommunalradet-v-18-19-2020\/\">Information fr\u00e5n kommunalr\u00e5det v.18-19 2020<\/a><\/blockquote><iframe sandbox=\"allow-scripts\" security=\"restricted\" src=\"https:\/\/wp.kristdemokraterna.se\/linkoping\/information-fran-kommunalradet-v-18-19-2020\/embed\/#?secret=uc2ISpJBG4\" width=\"600\" height=\"338\" title=\"\u201dInformation fr\u00e5n kommunalr\u00e5det v.18-19 2020\u201d &ndash; Kristdemokraterna i Link\u00f6ping\" data-secret=\"uc2ISpJBG4\" frameborder=\"0\" marginwidth=\"0\" marginheight=\"0\" scrolling=\"no\" class=\"wp-embedded-content\"><\/iframe><script type=\"text\/javascript\">\n\/* <![CDATA[ *\/\n\/*! This file is auto-generated *\/\n!function(d,l){\"use strict\";l.querySelector&&d.addEventListener&&\"undefined\"!=typeof URL&&(d.wp=d.wp||{},d.wp.receiveEmbedMessage||(d.wp.receiveEmbedMessage=function(e){var t=e.data;if((t||t.secret||t.message||t.value)&&!\/[^a-zA-Z0-9]\/.test(t.secret)){for(var s,r,n,a=l.querySelectorAll('iframe[data-secret=\"'+t.secret+'\"]'),o=l.querySelectorAll('blockquote[data-secret=\"'+t.secret+'\"]'),c=new RegExp(\"^https?:$\",\"i\"),i=0;i<o.length;i++)o[i].style.display=\"none\";for(i=0;i<a.length;i++)s=a[i],e.source===s.contentWindow&&(s.removeAttribute(\"style\"),\"height\"===t.message?(1e3<(r=parseInt(t.value,10))?r=1e3:~~r<200&&(r=200),s.height=r):\"link\"===t.message&&(r=new URL(s.getAttribute(\"src\")),n=new URL(t.value),c.test(n.protocol))&&n.host===r.host&&l.activeElement===s&&(d.top.location.href=t.value))}},d.addEventListener(\"message\",d.wp.receiveEmbedMessage,!1),l.addEventListener(\"DOMContentLoaded\",function(){for(var e,t,s=l.querySelectorAll(\"iframe.wp-embedded-content\"),r=0;r<s.length;r++)(t=(e=s[r]).getAttribute(\"data-secret\"))||(t=Math.random().toString(36).substring(2,12),e.src+=\"#?secret=\"+t,e.setAttribute(\"data-secret\",t)),e.contentWindow.postMessage({message:\"ready\",secret:t},\"*\")},!1)))}(window,document);\n\/\/# sourceURL=https:\/\/wp.kristdemokraterna.se\/linkoping\/wp-includes\/js\/wp-embed.min.js\n\/* ]]> *\/\n<\/script>\n","description":"Hej v\u00e4nner! Det ligger fortsatt en Coronaskugga vilandes \u00f6ver Stadshuset \u00e4ven om det vardagliga gnetet forts\u00e4tter. Vi ser att v\u00e4rlden p\u00e5 flera h\u00e5ll b\u00f6rjar \u00f6ppna upp och l\u00e4tta p\u00e5 restriktionerna \u00e4ven om det finns en oro f\u00f6r \u201den andra v\u00e5g\u201d. Fr\u00e5n Link\u00f6pings kommuns h\u00e5ll forts\u00e4tter vi att f\u00f6lja FHMs rekommendationer. Enligt den prognos jag f\u00e5tt Read More"}