{"version":"1.0","provider_name":"Kristdemokraterna i Link\u00f6ping","provider_url":"https:\/\/wp.kristdemokraterna.se\/linkoping","title":"Informationsbrev fr\u00e5n kommunalradet v20 - Kristdemokraterna i Link\u00f6ping","type":"rich","width":600,"height":338,"html":"<blockquote class=\"wp-embedded-content\" data-secret=\"8fCsmbOdQu\"><a href=\"https:\/\/wp.kristdemokraterna.se\/linkoping\/informationsbrev-fran-kommunalradet-v-20\/\">Informationsbrev fr\u00e5n kommunalradet v20<\/a><\/blockquote><iframe sandbox=\"allow-scripts\" security=\"restricted\" src=\"https:\/\/wp.kristdemokraterna.se\/linkoping\/informationsbrev-fran-kommunalradet-v-20\/embed\/#?secret=8fCsmbOdQu\" width=\"600\" height=\"338\" title=\"\u201dInformationsbrev fr\u00e5n kommunalradet v20\u201d &ndash; Kristdemokraterna i Link\u00f6ping\" data-secret=\"8fCsmbOdQu\" frameborder=\"0\" marginwidth=\"0\" marginheight=\"0\" scrolling=\"no\" class=\"wp-embedded-content\"><\/iframe><script type=\"text\/javascript\">\n\/* <![CDATA[ *\/\n\/*! This file is auto-generated *\/\n!function(d,l){\"use strict\";l.querySelector&&d.addEventListener&&\"undefined\"!=typeof URL&&(d.wp=d.wp||{},d.wp.receiveEmbedMessage||(d.wp.receiveEmbedMessage=function(e){var t=e.data;if((t||t.secret||t.message||t.value)&&!\/[^a-zA-Z0-9]\/.test(t.secret)){for(var s,r,n,a=l.querySelectorAll('iframe[data-secret=\"'+t.secret+'\"]'),o=l.querySelectorAll('blockquote[data-secret=\"'+t.secret+'\"]'),c=new RegExp(\"^https?:$\",\"i\"),i=0;i<o.length;i++)o[i].style.display=\"none\";for(i=0;i<a.length;i++)s=a[i],e.source===s.contentWindow&&(s.removeAttribute(\"style\"),\"height\"===t.message?(1e3<(r=parseInt(t.value,10))?r=1e3:~~r<200&&(r=200),s.height=r):\"link\"===t.message&&(r=new URL(s.getAttribute(\"src\")),n=new URL(t.value),c.test(n.protocol))&&n.host===r.host&&l.activeElement===s&&(d.top.location.href=t.value))}},d.addEventListener(\"message\",d.wp.receiveEmbedMessage,!1),l.addEventListener(\"DOMContentLoaded\",function(){for(var e,t,s=l.querySelectorAll(\"iframe.wp-embedded-content\"),r=0;r<s.length;r++)(t=(e=s[r]).getAttribute(\"data-secret\"))||(t=Math.random().toString(36).substring(2,12),e.src+=\"#?secret=\"+t,e.setAttribute(\"data-secret\",t)),e.contentWindow.postMessage({message:\"ready\",secret:t},\"*\")},!1)))}(window,document);\n\/\/# sourceURL=https:\/\/wp.kristdemokraterna.se\/linkoping\/wp-includes\/js\/wp-embed.min.js\n\/* ]]> *\/\n<\/script>\n","description":"Hej v\u00e4nner! P\u00e5 Coronafronten forts\u00e4tter l\u00e4get att vara f\u00f6rh\u00e5llandevis stabilt. Vi har en b\u00e4ttre tillf\u00f6rsel av skyddsmaterial \u00e4n vi haft tidigare, j\u00e4mnt fl\u00f6de vad g\u00e4ller de personella resurserna samt ut\u00f6kad kapacitet f\u00f6r smittestning. Antalet patienter som v\u00e5rdas i intensivv\u00e5rd \u00e4r nu den l\u00e4gsta sedan den 26 mars enligt dagens rapport fr\u00e5n Region \u00d6sterg\u00f6tland. Vi beh\u00f6ver Read More"}