{"version":"1.0","provider_name":"Kristdemokraterna i Link\u00f6ping","provider_url":"https:\/\/wp.kristdemokraterna.se\/linkoping","title":"Kommunalr\u00e5dets veckobrev V.4 - Kristdemokraterna i Link\u00f6ping","type":"rich","width":600,"height":338,"html":"<blockquote class=\"wp-embedded-content\" data-secret=\"MQ79AfvtHh\"><a href=\"https:\/\/wp.kristdemokraterna.se\/linkoping\/kommunalradets-veckobrev-v-4\/\">Kommunalr\u00e5dets veckobrev V.4<\/a><\/blockquote><iframe sandbox=\"allow-scripts\" security=\"restricted\" src=\"https:\/\/wp.kristdemokraterna.se\/linkoping\/kommunalradets-veckobrev-v-4\/embed\/#?secret=MQ79AfvtHh\" width=\"600\" height=\"338\" title=\"\u201dKommunalr\u00e5dets veckobrev V.4\u201d &ndash; Kristdemokraterna i Link\u00f6ping\" data-secret=\"MQ79AfvtHh\" frameborder=\"0\" marginwidth=\"0\" marginheight=\"0\" scrolling=\"no\" class=\"wp-embedded-content\"><\/iframe><script type=\"text\/javascript\">\n\/* <![CDATA[ *\/\n\/*! This file is auto-generated *\/\n!function(d,l){\"use strict\";l.querySelector&&d.addEventListener&&\"undefined\"!=typeof URL&&(d.wp=d.wp||{},d.wp.receiveEmbedMessage||(d.wp.receiveEmbedMessage=function(e){var t=e.data;if((t||t.secret||t.message||t.value)&&!\/[^a-zA-Z0-9]\/.test(t.secret)){for(var s,r,n,a=l.querySelectorAll('iframe[data-secret=\"'+t.secret+'\"]'),o=l.querySelectorAll('blockquote[data-secret=\"'+t.secret+'\"]'),c=new RegExp(\"^https?:$\",\"i\"),i=0;i<o.length;i++)o[i].style.display=\"none\";for(i=0;i<a.length;i++)s=a[i],e.source===s.contentWindow&&(s.removeAttribute(\"style\"),\"height\"===t.message?(1e3<(r=parseInt(t.value,10))?r=1e3:~~r<200&&(r=200),s.height=r):\"link\"===t.message&&(r=new URL(s.getAttribute(\"src\")),n=new URL(t.value),c.test(n.protocol))&&n.host===r.host&&l.activeElement===s&&(d.top.location.href=t.value))}},d.addEventListener(\"message\",d.wp.receiveEmbedMessage,!1),l.addEventListener(\"DOMContentLoaded\",function(){for(var e,t,s=l.querySelectorAll(\"iframe.wp-embedded-content\"),r=0;r<s.length;r++)(t=(e=s[r]).getAttribute(\"data-secret\"))||(t=Math.random().toString(36).substring(2,12),e.src+=\"#?secret=\"+t,e.setAttribute(\"data-secret\",t)),e.contentWindow.postMessage({message:\"ready\",secret:t},\"*\")},!1)))}(window,document);\n\/\/# sourceURL=https:\/\/wp.kristdemokraterna.se\/linkoping\/wp-includes\/js\/wp-embed.min.js\n\/* ]]> *\/\n<\/script>\n","description":"Till KD-gruppen Hej v\u00e4nner! Redan s\u00f6ndag!\u00a0Hoppas ni haft en bra vecka\u00a0&#8211; det har jag. N\u00e4sta vecka blir dock \u00e4nnu b\u00e4ttre f\u00f6r d\u00e5 ska jag och pol.sek Tobias b.la \u00e5ka upp p\u00e5 partiets ledningsdag p\u00e5 SKR. Vi ska \u00e4ven delta p\u00e5 Kristdemokraternas inspirationsdag l\u00f6rdag 1 februari p\u00e5 Hotell Ekoxen, visst har ni anm\u00e4lt er? Fram tills Read More"}