{"version":"1.0","provider_name":"Kristdemokraterna i Link\u00f6ping","provider_url":"https:\/\/wp.kristdemokraterna.se\/linkoping","title":"Manifestation till st\u00f6d f\u00f6r Ukraina - Kristdemokraterna i Link\u00f6ping","type":"rich","width":600,"height":338,"html":"<blockquote class=\"wp-embedded-content\" data-secret=\"DJQ9Z4HKXM\"><a href=\"https:\/\/wp.kristdemokraterna.se\/linkoping\/manifestation-till-stod-for-ukraina\/\">Manifestation till st\u00f6d f\u00f6r Ukraina<\/a><\/blockquote><iframe sandbox=\"allow-scripts\" security=\"restricted\" src=\"https:\/\/wp.kristdemokraterna.se\/linkoping\/manifestation-till-stod-for-ukraina\/embed\/#?secret=DJQ9Z4HKXM\" width=\"600\" height=\"338\" title=\"\u201dManifestation till st\u00f6d f\u00f6r Ukraina\u201d &ndash; Kristdemokraterna i Link\u00f6ping\" data-secret=\"DJQ9Z4HKXM\" frameborder=\"0\" marginwidth=\"0\" marginheight=\"0\" scrolling=\"no\" class=\"wp-embedded-content\"><\/iframe><script type=\"text\/javascript\">\n\/* <![CDATA[ *\/\n\/*! This file is auto-generated *\/\n!function(d,l){\"use strict\";l.querySelector&&d.addEventListener&&\"undefined\"!=typeof URL&&(d.wp=d.wp||{},d.wp.receiveEmbedMessage||(d.wp.receiveEmbedMessage=function(e){var t=e.data;if((t||t.secret||t.message||t.value)&&!\/[^a-zA-Z0-9]\/.test(t.secret)){for(var s,r,n,a=l.querySelectorAll('iframe[data-secret=\"'+t.secret+'\"]'),o=l.querySelectorAll('blockquote[data-secret=\"'+t.secret+'\"]'),c=new RegExp(\"^https?:$\",\"i\"),i=0;i<o.length;i++)o[i].style.display=\"none\";for(i=0;i<a.length;i++)s=a[i],e.source===s.contentWindow&&(s.removeAttribute(\"style\"),\"height\"===t.message?(1e3<(r=parseInt(t.value,10))?r=1e3:~~r<200&&(r=200),s.height=r):\"link\"===t.message&&(r=new URL(s.getAttribute(\"src\")),n=new URL(t.value),c.test(n.protocol))&&n.host===r.host&&l.activeElement===s&&(d.top.location.href=t.value))}},d.addEventListener(\"message\",d.wp.receiveEmbedMessage,!1),l.addEventListener(\"DOMContentLoaded\",function(){for(var e,t,s=l.querySelectorAll(\"iframe.wp-embedded-content\"),r=0;r<s.length;r++)(t=(e=s[r]).getAttribute(\"data-secret\"))||(t=Math.random().toString(36).substring(2,12),e.src+=\"#?secret=\"+t,e.setAttribute(\"data-secret\",t)),e.contentWindow.postMessage({message:\"ready\",secret:t},\"*\")},!1)))}(window,document);\n\/\/# sourceURL=https:\/\/wp.kristdemokraterna.se\/linkoping\/wp-includes\/js\/wp-embed.min.js\n\/* ]]> *\/\n<\/script>\n","description":"En del av Stora torget i Link\u00f6ping fylldes under m\u00e5ndagen av demonstranter till st\u00f6d f\u00f6r Ukraina. M\u00e5nga bar bl\u00e5gula plakat och flaggor. Olika personer turades om om att h\u00e5lla tal och ber\u00e4tta om sina k\u00e4nslor inf\u00f6r kriget i Ukraina. Borgm\u00e4staren Lars Vikinge och biskop Martin Mod\u00e9us var n\u00e5gra av talarna. \u00c4ven kommunens politiker visade en Read More"}