{"version":"1.0","provider_name":"Kristdemokraterna i Link\u00f6ping","provider_url":"https:\/\/wp.kristdemokraterna.se\/linkoping","title":"Ny modell f\u00f6r framtidens v\u00e5rd och omsorg - Kristdemokraterna i Link\u00f6ping","type":"rich","width":600,"height":338,"html":"<blockquote class=\"wp-embedded-content\" data-secret=\"M5T6PxP0Sv\"><a href=\"https:\/\/wp.kristdemokraterna.se\/linkoping\/ny-modell-for-framtidens-vard-och-omsorg\/\">Ny modell f\u00f6r framtidens v\u00e5rd och omsorg<\/a><\/blockquote><iframe sandbox=\"allow-scripts\" security=\"restricted\" src=\"https:\/\/wp.kristdemokraterna.se\/linkoping\/ny-modell-for-framtidens-vard-och-omsorg\/embed\/#?secret=M5T6PxP0Sv\" width=\"600\" height=\"338\" title=\"\u201dNy modell f\u00f6r framtidens v\u00e5rd och omsorg\u201d &ndash; Kristdemokraterna i Link\u00f6ping\" data-secret=\"M5T6PxP0Sv\" frameborder=\"0\" marginwidth=\"0\" marginheight=\"0\" scrolling=\"no\" class=\"wp-embedded-content\"><\/iframe><script type=\"text\/javascript\">\n\/* <![CDATA[ *\/\n\/*! This file is auto-generated *\/\n!function(d,l){\"use strict\";l.querySelector&&d.addEventListener&&\"undefined\"!=typeof URL&&(d.wp=d.wp||{},d.wp.receiveEmbedMessage||(d.wp.receiveEmbedMessage=function(e){var t=e.data;if((t||t.secret||t.message||t.value)&&!\/[^a-zA-Z0-9]\/.test(t.secret)){for(var s,r,n,a=l.querySelectorAll('iframe[data-secret=\"'+t.secret+'\"]'),o=l.querySelectorAll('blockquote[data-secret=\"'+t.secret+'\"]'),c=new RegExp(\"^https?:$\",\"i\"),i=0;i<o.length;i++)o[i].style.display=\"none\";for(i=0;i<a.length;i++)s=a[i],e.source===s.contentWindow&&(s.removeAttribute(\"style\"),\"height\"===t.message?(1e3<(r=parseInt(t.value,10))?r=1e3:~~r<200&&(r=200),s.height=r):\"link\"===t.message&&(r=new URL(s.getAttribute(\"src\")),n=new URL(t.value),c.test(n.protocol))&&n.host===r.host&&l.activeElement===s&&(d.top.location.href=t.value))}},d.addEventListener(\"message\",d.wp.receiveEmbedMessage,!1),l.addEventListener(\"DOMContentLoaded\",function(){for(var e,t,s=l.querySelectorAll(\"iframe.wp-embedded-content\"),r=0;r<s.length;r++)(t=(e=s[r]).getAttribute(\"data-secret\"))||(t=Math.random().toString(36).substring(2,12),e.src+=\"#?secret=\"+t,e.setAttribute(\"data-secret\",t)),e.contentWindow.postMessage({message:\"ready\",secret:t},\"*\")},!1)))}(window,document);\n\/\/# sourceURL=https:\/\/wp.kristdemokraterna.se\/linkoping\/wp-includes\/js\/wp-embed.min.js\n\/* ]]> *\/\n<\/script>\n","description":"Den h\u00e4r veckan fattade \u00e4ldren\u00e4mnden beslut om hur en ny modell f\u00f6r omr\u00e5desbaserad hemtj\u00e4nst, hemsjukv\u00e5rd och rehabilitering ska genomf\u00f6ras. Den nya modellen \u00e4r ett s\u00e4tt att utveckla och f\u00f6rb\u00e4ttra v\u00e5rden och omsorgen i hemmet. Link\u00f6pings kommun delas upp i tre geografiska omr\u00e5den. Inom varje geografiskt omr\u00e5de upphandlas en del, den andra delen kommer den kommunala Read More"}