{"version":"1.0","provider_name":"Kristdemokraterna i Link\u00f6ping","provider_url":"https:\/\/wp.kristdemokraterna.se\/linkoping","title":"Pressinbjudan: Walk and talk med kommunalr\u00e5den - Kristdemokraterna i Link\u00f6ping","type":"rich","width":600,"height":338,"html":"<blockquote class=\"wp-embedded-content\" data-secret=\"1ZRyqQGMUb\"><a href=\"https:\/\/wp.kristdemokraterna.se\/linkoping\/pressinbjudan-walk-and-talk-med-kommunalraden\/\">Pressinbjudan: Walk and talk med kommunalr\u00e5den<\/a><\/blockquote><iframe sandbox=\"allow-scripts\" security=\"restricted\" src=\"https:\/\/wp.kristdemokraterna.se\/linkoping\/pressinbjudan-walk-and-talk-med-kommunalraden\/embed\/#?secret=1ZRyqQGMUb\" width=\"600\" height=\"338\" title=\"\u201dPressinbjudan: Walk and talk med kommunalr\u00e5den\u201d &ndash; Kristdemokraterna i Link\u00f6ping\" data-secret=\"1ZRyqQGMUb\" frameborder=\"0\" marginwidth=\"0\" marginheight=\"0\" scrolling=\"no\" class=\"wp-embedded-content\"><\/iframe><script type=\"text\/javascript\">\n\/* <![CDATA[ *\/\n\/*! This file is auto-generated *\/\n!function(d,l){\"use strict\";l.querySelector&&d.addEventListener&&\"undefined\"!=typeof URL&&(d.wp=d.wp||{},d.wp.receiveEmbedMessage||(d.wp.receiveEmbedMessage=function(e){var t=e.data;if((t||t.secret||t.message||t.value)&&!\/[^a-zA-Z0-9]\/.test(t.secret)){for(var s,r,n,a=l.querySelectorAll('iframe[data-secret=\"'+t.secret+'\"]'),o=l.querySelectorAll('blockquote[data-secret=\"'+t.secret+'\"]'),c=new RegExp(\"^https?:$\",\"i\"),i=0;i<o.length;i++)o[i].style.display=\"none\";for(i=0;i<a.length;i++)s=a[i],e.source===s.contentWindow&&(s.removeAttribute(\"style\"),\"height\"===t.message?(1e3<(r=parseInt(t.value,10))?r=1e3:~~r<200&&(r=200),s.height=r):\"link\"===t.message&&(r=new URL(s.getAttribute(\"src\")),n=new URL(t.value),c.test(n.protocol))&&n.host===r.host&&l.activeElement===s&&(d.top.location.href=t.value))}},d.addEventListener(\"message\",d.wp.receiveEmbedMessage,!1),l.addEventListener(\"DOMContentLoaded\",function(){for(var e,t,s=l.querySelectorAll(\"iframe.wp-embedded-content\"),r=0;r<s.length;r++)(t=(e=s[r]).getAttribute(\"data-secret\"))||(t=Math.random().toString(36).substring(2,12),e.src+=\"#?secret=\"+t,e.setAttribute(\"data-secret\",t)),e.contentWindow.postMessage({message:\"ready\",secret:t},\"*\")},!1)))}(window,document);\n\/\/# sourceURL=https:\/\/wp.kristdemokraterna.se\/linkoping\/wp-includes\/js\/wp-embed.min.js\n\/* ]]> *\/\n<\/script>\n","description":"Pressinbjudan 2015-05-19 Walk and talk med kommunalr\u00e5den Idag beslutar kommunstyrelsen om samr\u00e5d f\u00f6r utvecklingsplan f\u00f6r innerstaden. Ett av de senaste \u00e5rens viktigaste strategiska dokument. Stadskvalitet \u00e4r ett av de viktigaste konkurrensmedlen mellan st\u00e4der. Ska Link\u00f6ping forts\u00e4tta v\u00e4xa som en attraktiv stad s\u00e5 beh\u00f6ver vi ocks\u00e5 utveckla innerstadsmilj\u00f6erna.","thumbnail_url":"http:\/\/wp.kristdemokraterna.se\/linkoping\/files\/2015\/05\/image.jpg"}