{"version":"1.0","provider_name":"Kristdemokraterna i Link\u00f6ping","provider_url":"https:\/\/wp.kristdemokraterna.se\/linkoping","title":"S\u00e4tt stopp f\u00f6r ungdomsbrottsligheten - Kristdemokraterna i Link\u00f6ping","type":"rich","width":600,"height":338,"html":"<blockquote class=\"wp-embedded-content\" data-secret=\"bovGDShqIy\"><a href=\"https:\/\/wp.kristdemokraterna.se\/linkoping\/satt-stopp-for-ungdomsbrottsligheten\/\">S\u00e4tt stopp f\u00f6r ungdomsbrottsligheten<\/a><\/blockquote><iframe sandbox=\"allow-scripts\" security=\"restricted\" src=\"https:\/\/wp.kristdemokraterna.se\/linkoping\/satt-stopp-for-ungdomsbrottsligheten\/embed\/#?secret=bovGDShqIy\" width=\"600\" height=\"338\" title=\"\u201dS\u00e4tt stopp f\u00f6r ungdomsbrottsligheten\u201d &ndash; Kristdemokraterna i Link\u00f6ping\" data-secret=\"bovGDShqIy\" frameborder=\"0\" marginwidth=\"0\" marginheight=\"0\" scrolling=\"no\" class=\"wp-embedded-content\"><\/iframe><script type=\"text\/javascript\">\n\/* <![CDATA[ *\/\n\/*! This file is auto-generated *\/\n!function(d,l){\"use strict\";l.querySelector&&d.addEventListener&&\"undefined\"!=typeof URL&&(d.wp=d.wp||{},d.wp.receiveEmbedMessage||(d.wp.receiveEmbedMessage=function(e){var t=e.data;if((t||t.secret||t.message||t.value)&&!\/[^a-zA-Z0-9]\/.test(t.secret)){for(var s,r,n,a=l.querySelectorAll('iframe[data-secret=\"'+t.secret+'\"]'),o=l.querySelectorAll('blockquote[data-secret=\"'+t.secret+'\"]'),c=new RegExp(\"^https?:$\",\"i\"),i=0;i<o.length;i++)o[i].style.display=\"none\";for(i=0;i<a.length;i++)s=a[i],e.source===s.contentWindow&&(s.removeAttribute(\"style\"),\"height\"===t.message?(1e3<(r=parseInt(t.value,10))?r=1e3:~~r<200&&(r=200),s.height=r):\"link\"===t.message&&(r=new URL(s.getAttribute(\"src\")),n=new URL(t.value),c.test(n.protocol))&&n.host===r.host&&l.activeElement===s&&(d.top.location.href=t.value))}},d.addEventListener(\"message\",d.wp.receiveEmbedMessage,!1),l.addEventListener(\"DOMContentLoaded\",function(){for(var e,t,s=l.querySelectorAll(\"iframe.wp-embedded-content\"),r=0;r<s.length;r++)(t=(e=s[r]).getAttribute(\"data-secret\"))||(t=Math.random().toString(36).substring(2,12),e.src+=\"#?secret=\"+t,e.setAttribute(\"data-secret\",t)),e.contentWindow.postMessage({message:\"ready\",secret:t},\"*\")},!1)))}(window,document);\n\/\/# sourceURL=https:\/\/wp.kristdemokraterna.se\/linkoping\/wp-includes\/js\/wp-embed.min.js\n\/* ]]> *\/\n<\/script>\n","description":"V\u00e5rt kommunalr\u00e5d Denis\u00e9 Cassel skriver i dagens Corren tillsammans med partiledare Ebba Busch och v\u00e5r r\u00e4ttspolitiska talesperson Andreas Carlson om den eskalerade ungdomsbrottsligheten. G\u00e5ng p\u00e5 g\u00e5ng har regeringen lovat att tvinga tillbaka v\u00e5ldet, krossa g\u00e4ngen och stoppa nyrekryteringen, men utan synbara resultat. Kristdemokraterna vill se ett batteri av \u00e5tg\u00e4rder f\u00f6r att f\u00f6r\u00e4ndra kriminalpolitiken som r\u00f6r Read More","thumbnail_url":"https:\/\/static.xx.fbcdn.net\/images\/emoji.php\/v9\/t8e\/1\/16\/1f5de.png"}