{"version":"1.0","provider_name":"Kristdemokraterna i Link\u00f6ping","provider_url":"https:\/\/wp.kristdemokraterna.se\/linkoping","title":"Stor satsning p\u00e5 \u00e4ldreomsorgen i Link\u00f6ping - Kristdemokraterna i Link\u00f6ping","type":"rich","width":600,"height":338,"html":"<blockquote class=\"wp-embedded-content\" data-secret=\"qQkVqlUTRx\"><a href=\"https:\/\/wp.kristdemokraterna.se\/linkoping\/stor-satsning-pa-aldreomsorgen-i-linkoping\/\">Stor satsning p\u00e5 \u00e4ldreomsorgen i Link\u00f6ping<\/a><\/blockquote><iframe sandbox=\"allow-scripts\" security=\"restricted\" src=\"https:\/\/wp.kristdemokraterna.se\/linkoping\/stor-satsning-pa-aldreomsorgen-i-linkoping\/embed\/#?secret=qQkVqlUTRx\" width=\"600\" height=\"338\" title=\"\u201dStor satsning p\u00e5 \u00e4ldreomsorgen i Link\u00f6ping\u201d &ndash; Kristdemokraterna i Link\u00f6ping\" data-secret=\"qQkVqlUTRx\" frameborder=\"0\" marginwidth=\"0\" marginheight=\"0\" scrolling=\"no\" class=\"wp-embedded-content\"><\/iframe><script type=\"text\/javascript\">\n\/* <![CDATA[ *\/\n\/*! This file is auto-generated *\/\n!function(d,l){\"use strict\";l.querySelector&&d.addEventListener&&\"undefined\"!=typeof URL&&(d.wp=d.wp||{},d.wp.receiveEmbedMessage||(d.wp.receiveEmbedMessage=function(e){var t=e.data;if((t||t.secret||t.message||t.value)&&!\/[^a-zA-Z0-9]\/.test(t.secret)){for(var s,r,n,a=l.querySelectorAll('iframe[data-secret=\"'+t.secret+'\"]'),o=l.querySelectorAll('blockquote[data-secret=\"'+t.secret+'\"]'),c=new RegExp(\"^https?:$\",\"i\"),i=0;i<o.length;i++)o[i].style.display=\"none\";for(i=0;i<a.length;i++)s=a[i],e.source===s.contentWindow&&(s.removeAttribute(\"style\"),\"height\"===t.message?(1e3<(r=parseInt(t.value,10))?r=1e3:~~r<200&&(r=200),s.height=r):\"link\"===t.message&&(r=new URL(s.getAttribute(\"src\")),n=new URL(t.value),c.test(n.protocol))&&n.host===r.host&&l.activeElement===s&&(d.top.location.href=t.value))}},d.addEventListener(\"message\",d.wp.receiveEmbedMessage,!1),l.addEventListener(\"DOMContentLoaded\",function(){for(var e,t,s=l.querySelectorAll(\"iframe.wp-embedded-content\"),r=0;r<s.length;r++)(t=(e=s[r]).getAttribute(\"data-secret\"))||(t=Math.random().toString(36).substring(2,12),e.src+=\"#?secret=\"+t,e.setAttribute(\"data-secret\",t)),e.contentWindow.postMessage({message:\"ready\",secret:t},\"*\")},!1)))}(window,document);\n\/\/# sourceURL=https:\/\/wp.kristdemokraterna.se\/linkoping\/wp-includes\/js\/wp-embed.min.js\n\/* ]]> *\/\n<\/script>\n","description":"\u00c4ldren\u00e4mndens ordf\u00f6rande Liselotte Fager (KD) kallade till presstr\u00e4ff framf\u00f6r Stadshuset under m\u00e5ndagen. F\u00f6retr\u00e4dare f\u00f6r lokal media var inbjudna. Budskapet var att en fortsatt ut\u00f6kad grundbemanning, f\u00f6rb\u00e4ttrade arbetsvillkor, f\u00f6rst\u00e4rkt demensv\u00e5rd och fler kuratorer som ska m\u00f6ta \u00e4ldres psykiska oh\u00e4lsa. Det \u00e4r n\u00e5gra av de satsningar som \u00e4ldren\u00e4mnden kan g\u00f6ra tack vare \u00f6kade statsbidrag och ett \u00f6verskott Read More"}