{"id":1062,"date":"2019-01-03T14:28:39","date_gmt":"2019-01-03T13:28:39","guid":{"rendered":"http:\/\/wp.kristdemokraterna.se\/linkoping\/?page_id=1062"},"modified":"2020-12-21T14:25:31","modified_gmt":"2020-12-21T13:25:31","slug":"kommunala-uppdrag","status":"publish","type":"page","link":"https:\/\/wp.kristdemokraterna.se\/linkoping\/kommunala-uppdrag\/","title":{"rendered":"Kommunala uppdrag"},"content":{"rendered":"<p>Kristdemokraternas uppdrag i Link\u00f6pings kommun mandatperioden 2018-2022<\/p>\n<p><strong>Denise Cassel, <\/strong><a href=\"mailto:denise.cassel@linkoping.se\"><strong>e-post<\/strong><\/a><br \/>\nKommunalr\u00e5d<br \/>\nGruppledare<br \/>\nKommunstyrelsen, 1:e vice ordf\u00f6rande<br \/>\nKommunstyrelsens arbetsmarknadsutskott, Ledamot<br \/>\nKommunstyrelsens personalutskott, Ledamot<br \/>\nKommunstyrelsens strategiska utskott, Ledamot<br \/>\nKommunstyrelsens \u00e4rendeberedning, Ledamot<br \/>\nKommunfullm\u00e4ktiges valberedning, Ledamot<br \/>\nKommunfullm\u00e4ktige, ledamot<br \/>\nLink\u00f6pings Stadshus AB, Ledamot<br \/>\nKrisledningsn\u00e4mnden, Ers\u00e4ttare<\/p>\n<p><strong>Liselotte Fager, tfn 0760-48 14 90,\u00a0<a href=\"mailto:liselotte.fager@kristdemokraterna.se\">e-post\u00a0<\/a><\/strong><br \/>\n\u00c4ldren\u00e4mnden, Ordf\u00f6rande<br \/>\nKommunfullm\u00e4ktige, Ledamot<br \/>\nAB St\u00e5ng\u00e5staden, Ledamot<br \/>\nKommunstyrelsen, Ers\u00e4ttare<br \/>\nUtskott f\u00f6r medborgardialog (Vreta Kloster), Ledamot<\/p>\n<p><strong>Per Larsson, tfn 0702-88 21 34,\u00a0<a href=\"mailto:per.larsson@kristdemokraterna.se\">e-post\u00a0<\/a><\/strong><br \/>\nVisit Link\u00f6ping &amp; Co AB,\u00a0Ledamot<\/p>\n<p><strong>Magnus Engstr\u00f6m, tfn 0708-86 50 04,\u00a0<a href=\"mailto:magnus.engstrom@kristdemokraterna.se\">e-post\u00a0<\/a><\/strong><br \/>\nLejonfastigheter, Ordf\u00f6rande<br \/>\nUtskott f\u00f6r medborgardialog (V\u00e4st), Ordf\u00f6rande<br \/>\nKommunfullm\u00e4ktige, Ledamot<\/p>\n<p><strong>Yvonne Svalin, tfn 0705-29 86 42,\u00a0<a href=\"mailto:yvonne.svalin@linkoping.se\">e-post<\/a><br \/>\n<\/strong>Kommunfullm\u00e4ktige, Ledamot<br \/>\nKultur- och fritidsn\u00e4mnden, Ledamot<br \/>\nUtskott f\u00f6r medborgardialog (Valkebo), Ledamot<br \/>\nLink\u00f6pings Tingsr\u00e4tt, N\u00e4mndeman<\/p>\n<p><strong>Kjell O Lejon, tfn 0760-49 50 60,\u00a0<a href=\"mailto:kjell.o.lejon@liu.se\">e-post<\/a><br \/>\n<\/strong>Kommunfullm\u00e4ktige, Ledamot<br \/>\nBildningsn\u00e4mnden, Ledamot<br \/>\nSankt Kors Fastighets AB, Ledamot<\/p>\n<p><strong>Johan H\u00e4ggblom, tfn 0736-15 14 24,\u00a0<a href=\"mailto:johan.haggblom@kristdemokraterna.se\">e-post<\/a><br \/>\n<\/strong>Kommunfullm\u00e4ktige, Ers\u00e4ttare<br \/>\nKommunfullm\u00e4ktiges valberedning, Ers\u00e4ttare<br \/>\nSamh\u00e4llsbyggnadsn\u00e4mnden, Ers\u00e4ttare<br \/>\nOrdf\u00f6rande f\u00f6r Kristdemokraterna Link\u00f6pings partiavdelning<\/p>\n<p><strong>Magnus Landberg, tfn 0734-18 38 65,\u00a0<a href=\"mailto:magnus.landberg@linkoping.se\">e-post<\/a><br \/>\n<\/strong>Kommunfullm\u00e4ktige, Ers\u00e4ttare<br \/>\nArbetsmarknadsn\u00e4mnden, Ledamot<\/p>\n<p><strong>Rihab Chahaf, tfn\u00a0 0739-64 41 25,\u00a0<a href=\"mailto:rihab.chahaf@gmail.com\">e-post<\/a><br \/>\n<\/strong>Kommunfullm\u00e4ktige, Ers\u00e4ttare<strong><br \/>\n<\/strong>Arbetsmarknadsn\u00e4mnden, Ers\u00e4ttare<\/p>\n<p><strong>Solveig Danielsson, tfn 0703-76 84 58,\u00a0<\/strong><strong><a href=\"mailto:solveig.danielson@hotmail.se\">e-post<\/a><\/strong><br \/>\nSocial- och omsorgsna\u0308mnden, Ledamot<\/p>\n<p><strong>Richard Svenselius, tfn 0706-66 91 49,\u00a0<a href=\"mailto:richard.svenselius@kristdemokraterna.se\">e-post<br \/>\n<\/a><\/strong>Samh\u00e4llsbyggnadsn\u00e4mnden, Ledamot<br \/>\nStiftelsen Link\u00f6pings Tr\u00e4dg\u00e5rdsf\u00f6renings Park, ledamot<br \/>\nStiftelsen \u00d6sterg\u00f6tlands L\u00e4nsmuseum, Ers\u00e4ttare<br \/>\nKommunfullm\u00e4ktige, ers\u00e4ttare<\/p>\n<p><strong>Gabor Lorant, tfn 0730-58 41 12,\u00a0<\/strong><a href=\"mailto:gabor@lorants.net\"><strong>e-post<\/strong><\/a><br \/>\nValn\u00e4mnden, Ledamot<br \/>\nLink\u00f6pings Tingsr\u00e4tt, N\u00e4mndeman<\/p>\n<p><strong>Martina Melb\u00e9us, tfn 0701-68 58 30,<\/strong> <a href=\"mailto:martina.melbeus@kristdemokraterna.se\">e-post<\/a><br \/>\nBygg- och milj\u00f6n\u00e4mnden, Ers\u00e4ttare<\/p>\n<p><strong>Henrik Blosfeldt, <a href=\"mailto:henrik.blosfeldt@linkoping.se\">e-post<\/a><br \/>\n<\/strong>Barn och ungdomsn\u00e4mnden, Ledamot<\/p>\n<p><strong>Alexandro Mastrandrea, <a href=\"mailto:alexandro.mastrandrea@linkoping.se\">e-post<\/a><br \/>\n<\/strong>Bildningsn\u00e4mnden, Ers\u00e4ttare<\/p>\n<div class=\"page\" title=\"Page 1\">\n<div class=\"layoutArea\">\n<div class=\"column\">\n<p><strong>Su\u0308leyman Wannes,\u00a0<a href=\"mailto:suleyman.wannes@tele2.se\">e-post<\/a><br \/>\n<\/strong>Kultur- och fritidsn\u00e4mnden, Ers\u00e4ttare<\/p>\n<p><strong>Lars Rox\u00e5,\u00a0 <a href=\"mailto:lars.roxa@linkoping.se\">e-post<\/a><br \/>\n<\/strong>\u00c4ldren\u00e4mnden, Ers\u00e4ttare<\/p>\n<p><strong>Fredrik Andr\u00e9n, tfn 0737-73 45 55\u00a0<a href=\"mailto:fredrik2dren@gmail.se\">e-post<\/a><br \/>\n<\/strong>Valn\u00e4mnden, Ers\u00e4ttare<\/p>\n<\/div>\n<\/div>\n<\/div>\n<p><strong>Lars Eklund, tfn 0706-22 63 74,\u00a0<\/strong><a href=\"mailto:larseklund42@gmail.com\"><strong>e-post<\/strong><\/a><br \/>\nTekniska Verken AB, Ledamot<br \/>\nBorgerlig vigself\u00f6rr\u00e4ttare<br \/>\nOmbud enligt begravningslagen<\/p>\n<p><strong>Anders Riedenfalk, tfn 0709-64 48 82,\u00a0<a href=\"mailto:anders.riedenfalk@kristdemokraterna.se\">e-post<\/a><\/strong><br \/>\nLink\u00f6pings f\u00f6rel\u00e4sningsf\u00f6rening, Ledamot<br \/>\nLink\u00f6pings djurf\u00f6rs\u00f6ksetiska n\u00e4mnd, Ledamot<\/p>\n<p><strong>Claes Bengtsson, tfn 0707-99 43 16,\u00a0<a href=\"mailto:claes.bengtsson122@gmail.com\">e-post<\/a><br \/>\n<\/strong>Science Park Mj\u00e4rdevi AB, Ordf\u00f6rande<br \/>\nBygg- och milj\u00f6n\u00e4mnden, Ledamot<\/p>\n<p><strong>Tommy Sennehed, tfn 0702-290 88 79,\u00a0<a href=\"mailto:tommy.sennehed@gmail.com\">e-post<\/a><br \/>\n<\/strong>Styrelsen f\u00f6r Valla Folkh\u00f6gskola, Ledamot<\/p>\n<p><strong>Arne Jacobsson, tfn 0702-91 99 13,\u00a0<a href=\"mailto:arne@jacobsson.se\">e-post<\/a><\/strong><br \/>\nLeonard och Ida Westmans fond fo\u0308r Link\u00f6pings prydande med konstverk, Ledamot<\/p>\n<p><strong>Ingegerd Widmark, tfn 0706-10 96 38,\u00a0<a href=\"mailto:ingegerd.widmark@telia.com\">e-post<\/a>\u00a0<\/strong><br \/>\nLink\u00f6pings Tingsr\u00e4tt<strong>,\u00a0<\/strong>N\u00e4mndeman<\/p>\n<p><strong>Tanya Yngstr\u00f6m, tfn 0725-47 56 65,\u00a0<a href=\"mailto:tanya.yngstrom@kristdemokraterna.se\">e-post<\/a><br \/>\n<\/strong>Barn- och ungdomsn\u00e4mnden, Ers\u00e4ttare<\/p>\n<p><strong>Berit K Lehn\u00e9r, tfn 0734- 28 03 85\u00a0\u00a0<a href=\"mailto:beritlehner649@gmail.com\">e-post<\/a><br \/>\n<\/strong>Lekmannarevisor<\/p>\n<p>&nbsp;<\/p>\n","protected":false},"excerpt":{"rendered":"<p>Kristdemokraternas uppdrag i Link\u00f6pings kommun mandatperioden 2018-2022 Denise Cassel, e-post Kommunalr\u00e5d Gruppledare Kommunstyrelsen, 1:e vice ordf\u00f6rande Kommunstyrelsens arbetsmarknadsutskott, Ledamot Kommunstyrelsens personalutskott, Ledamot Kommunstyrelsens strategiska utskott, Ledamot Kommunstyrelsens \u00e4rendeberedning, Ledamot Kommunfullm\u00e4ktiges valberedning, Ledamot Kommunfullm\u00e4ktige, ledamot Link\u00f6pings Stadshus AB, Ledamot Krisledningsn\u00e4mnden, Ers\u00e4ttare Liselotte Fager, tfn 0760-48 14 90,\u00a0e-post\u00a0 \u00c4ldren\u00e4mnden, Ordf\u00f6rande Kommunfullm\u00e4ktige, Ledamot AB St\u00e5ng\u00e5staden, Ledamot Kommunstyrelsen, Ers\u00e4ttare <a class=\"read-more-link\" href=\"https:\/\/wp.kristdemokraterna.se\/linkoping\/kommunala-uppdrag\/\">Read More<\/a><\/p>\n","protected":false},"author":410,"featured_media":0,"parent":0,"menu_order":6,"comment_status":"closed","ping_status":"closed","template":"","meta":{"_acf_changed":false,"footnotes":""},"class_list":["post-1062","page","type-page","status-publish","hentry"],"acf":[],"yoast_head":"<!-- This site is optimized with the Yoast SEO plugin v27.5 - https:\/\/yoast.com\/product\/yoast-seo-wordpress\/ -->\n<title>Kommunala uppdrag - Kristdemokraterna i Link\u00f6ping<\/title>\n<meta name=\"robots\" content=\"index, follow, max-snippet:-1, max-image-preview:large, max-video-preview:-1\" \/>\n<link rel=\"canonical\" href=\"https:\/\/wp.kristdemokraterna.se\/linkoping\/kommunala-uppdrag\/\" \/>\n<meta property=\"og:locale\" content=\"sv_SE\" \/>\n<meta property=\"og:type\" content=\"article\" \/>\n<meta property=\"og:title\" content=\"Kommunala uppdrag - Kristdemokraterna i Link\u00f6ping\" \/>\n<meta property=\"og:description\" content=\"Kristdemokraternas uppdrag i Link\u00f6pings kommun mandatperioden 2018-2022 Denise Cassel, e-post Kommunalr\u00e5d Gruppledare Kommunstyrelsen, 1:e vice ordf\u00f6rande Kommunstyrelsens arbetsmarknadsutskott, Ledamot Kommunstyrelsens personalutskott, Ledamot Kommunstyrelsens strategiska utskott, Ledamot Kommunstyrelsens \u00e4rendeberedning, Ledamot Kommunfullm\u00e4ktiges valberedning, Ledamot Kommunfullm\u00e4ktige, ledamot Link\u00f6pings Stadshus AB, Ledamot Krisledningsn\u00e4mnden, Ers\u00e4ttare Liselotte Fager, tfn 0760-48 14 90,\u00a0e-post\u00a0 \u00c4ldren\u00e4mnden, Ordf\u00f6rande Kommunfullm\u00e4ktige, Ledamot AB St\u00e5ng\u00e5staden, Ledamot Kommunstyrelsen, Ers\u00e4ttare Read More\" \/>\n<meta property=\"og:url\" content=\"https:\/\/wp.kristdemokraterna.se\/linkoping\/kommunala-uppdrag\/\" \/>\n<meta property=\"og:site_name\" content=\"Kristdemokraterna i Link\u00f6ping\" \/>\n<meta property=\"article:modified_time\" content=\"2020-12-21T13:25:31+00:00\" \/>\n<meta name=\"twitter:card\" content=\"summary_large_image\" \/>\n<meta name=\"twitter:label1\" content=\"Ber\u00e4knad l\u00e4stid\" \/>\n\t<meta name=\"twitter:data1\" content=\"2 minuter\" \/>\n<script type=\"application\/ld+json\" class=\"yoast-schema-graph\">{\"@context\":\"https:\\\/\\\/schema.org\",\"@graph\":[{\"@type\":\"WebPage\",\"@id\":\"https:\\\/\\\/wp.kristdemokraterna.se\\\/linkoping\\\/kommunala-uppdrag\\\/\",\"url\":\"https:\\\/\\\/wp.kristdemokraterna.se\\\/linkoping\\\/kommunala-uppdrag\\\/\",\"name\":\"Kommunala uppdrag - Kristdemokraterna i Link\u00f6ping\",\"isPartOf\":{\"@id\":\"https:\\\/\\\/wp.kristdemokraterna.se\\\/linkoping\\\/#website\"},\"datePublished\":\"2019-01-03T13:28:39+00:00\",\"dateModified\":\"2020-12-21T13:25:31+00:00\",\"breadcrumb\":{\"@id\":\"https:\\\/\\\/wp.kristdemokraterna.se\\\/linkoping\\\/kommunala-uppdrag\\\/#breadcrumb\"},\"inLanguage\":\"sv-SE\",\"potentialAction\":[{\"@type\":\"ReadAction\",\"target\":[\"https:\\\/\\\/wp.kristdemokraterna.se\\\/linkoping\\\/kommunala-uppdrag\\\/\"]}]},{\"@type\":\"BreadcrumbList\",\"@id\":\"https:\\\/\\\/wp.kristdemokraterna.se\\\/linkoping\\\/kommunala-uppdrag\\\/#breadcrumb\",\"itemListElement\":[{\"@type\":\"ListItem\",\"position\":1,\"name\":\"Hem\",\"item\":\"https:\\\/\\\/wp.kristdemokraterna.se\\\/linkoping\\\/\"},{\"@type\":\"ListItem\",\"position\":2,\"name\":\"Kommunala uppdrag\"}]},{\"@type\":\"WebSite\",\"@id\":\"https:\\\/\\\/wp.kristdemokraterna.se\\\/linkoping\\\/#website\",\"url\":\"https:\\\/\\\/wp.kristdemokraterna.se\\\/linkoping\\\/\",\"name\":\"Kristdemokraterna i Link\u00f6ping\",\"description\":\"\",\"inLanguage\":\"sv-SE\"}]}<\/script>\n<!-- \/ Yoast SEO plugin. -->","yoast_head_json":{"title":"Kommunala uppdrag - Kristdemokraterna i Link\u00f6ping","robots":{"index":"index","follow":"follow","max-snippet":"max-snippet:-1","max-image-preview":"max-image-preview:large","max-video-preview":"max-video-preview:-1"},"canonical":"https:\/\/wp.kristdemokraterna.se\/linkoping\/kommunala-uppdrag\/","og_locale":"sv_SE","og_type":"article","og_title":"Kommunala uppdrag - Kristdemokraterna i Link\u00f6ping","og_description":"Kristdemokraternas uppdrag i Link\u00f6pings kommun mandatperioden 2018-2022 Denise Cassel, e-post Kommunalr\u00e5d Gruppledare Kommunstyrelsen, 1:e vice ordf\u00f6rande Kommunstyrelsens arbetsmarknadsutskott, Ledamot Kommunstyrelsens personalutskott, Ledamot Kommunstyrelsens strategiska utskott, Ledamot Kommunstyrelsens \u00e4rendeberedning, Ledamot Kommunfullm\u00e4ktiges valberedning, Ledamot Kommunfullm\u00e4ktige, ledamot Link\u00f6pings Stadshus AB, Ledamot Krisledningsn\u00e4mnden, Ers\u00e4ttare Liselotte Fager, tfn 0760-48 14 90,\u00a0e-post\u00a0 \u00c4ldren\u00e4mnden, Ordf\u00f6rande Kommunfullm\u00e4ktige, Ledamot AB St\u00e5ng\u00e5staden, Ledamot Kommunstyrelsen, Ers\u00e4ttare Read More","og_url":"https:\/\/wp.kristdemokraterna.se\/linkoping\/kommunala-uppdrag\/","og_site_name":"Kristdemokraterna i Link\u00f6ping","article_modified_time":"2020-12-21T13:25:31+00:00","twitter_card":"summary_large_image","twitter_misc":{"Ber\u00e4knad l\u00e4stid":"2 minuter"},"schema":{"@context":"https:\/\/schema.org","@graph":[{"@type":"WebPage","@id":"https:\/\/wp.kristdemokraterna.se\/linkoping\/kommunala-uppdrag\/","url":"https:\/\/wp.kristdemokraterna.se\/linkoping\/kommunala-uppdrag\/","name":"Kommunala uppdrag - Kristdemokraterna i Link\u00f6ping","isPartOf":{"@id":"https:\/\/wp.kristdemokraterna.se\/linkoping\/#website"},"datePublished":"2019-01-03T13:28:39+00:00","dateModified":"2020-12-21T13:25:31+00:00","breadcrumb":{"@id":"https:\/\/wp.kristdemokraterna.se\/linkoping\/kommunala-uppdrag\/#breadcrumb"},"inLanguage":"sv-SE","potentialAction":[{"@type":"ReadAction","target":["https:\/\/wp.kristdemokraterna.se\/linkoping\/kommunala-uppdrag\/"]}]},{"@type":"BreadcrumbList","@id":"https:\/\/wp.kristdemokraterna.se\/linkoping\/kommunala-uppdrag\/#breadcrumb","itemListElement":[{"@type":"ListItem","position":1,"name":"Hem","item":"https:\/\/wp.kristdemokraterna.se\/linkoping\/"},{"@type":"ListItem","position":2,"name":"Kommunala uppdrag"}]},{"@type":"WebSite","@id":"https:\/\/wp.kristdemokraterna.se\/linkoping\/#website","url":"https:\/\/wp.kristdemokraterna.se\/linkoping\/","name":"Kristdemokraterna i Link\u00f6ping","description":"","inLanguage":"sv-SE"}]}},"_links":{"self":[{"href":"https:\/\/wp.kristdemokraterna.se\/linkoping\/wp-json\/wp\/v2\/pages\/1062","targetHints":{"allow":["GET"]}}],"collection":[{"href":"https:\/\/wp.kristdemokraterna.se\/linkoping\/wp-json\/wp\/v2\/pages"}],"about":[{"href":"https:\/\/wp.kristdemokraterna.se\/linkoping\/wp-json\/wp\/v2\/types\/page"}],"author":[{"embeddable":true,"href":"https:\/\/wp.kristdemokraterna.se\/linkoping\/wp-json\/wp\/v2\/users\/410"}],"replies":[{"embeddable":true,"href":"https:\/\/wp.kristdemokraterna.se\/linkoping\/wp-json\/wp\/v2\/comments?post=1062"}],"version-history":[{"count":16,"href":"https:\/\/wp.kristdemokraterna.se\/linkoping\/wp-json\/wp\/v2\/pages\/1062\/revisions"}],"predecessor-version":[{"id":1614,"href":"https:\/\/wp.kristdemokraterna.se\/linkoping\/wp-json\/wp\/v2\/pages\/1062\/revisions\/1614"}],"wp:attachment":[{"href":"https:\/\/wp.kristdemokraterna.se\/linkoping\/wp-json\/wp\/v2\/media?parent=1062"}],"curies":[{"name":"wp","href":"https:\/\/api.w.org\/{rel}","templated":true}]}}