{"id":1148,"date":"2019-03-24T11:36:36","date_gmt":"2019-03-24T10:36:36","guid":{"rendered":"http:\/\/wp.kristdemokraterna.se\/linkoping\/?page_id=1148"},"modified":"2026-04-07T17:43:04","modified_gmt":"2026-04-07T15:43:04","slug":"torbjorn-nibelius","status":"publish","type":"page","link":"https:\/\/wp.kristdemokraterna.se\/linkoping\/vart-parti\/fullmaktigegruppen\/torbjorn-nibelius\/","title":{"rendered":"Torbj\u00f6rn Nibelius"},"content":{"rendered":"<p><img loading=\"lazy\" decoding=\"async\" class=\"alignnone wp-image-2892 size-medium\" src=\"https:\/\/wp.kristdemokraterna.se\/linkoping\/files\/2026\/04\/tprbjorn_nibelius_low_res-200x300.jpg\" alt=\"\" width=\"200\" height=\"300\" srcset=\"https:\/\/wp.kristdemokraterna.se\/linkoping\/files\/2026\/04\/tprbjorn_nibelius_low_res-200x300.jpg 200w, https:\/\/wp.kristdemokraterna.se\/linkoping\/files\/2026\/04\/tprbjorn_nibelius_low_res-360x540.jpg 360w, https:\/\/wp.kristdemokraterna.se\/linkoping\/files\/2026\/04\/tprbjorn_nibelius_low_res-133x200.jpg 133w, https:\/\/wp.kristdemokraterna.se\/linkoping\/files\/2026\/04\/tprbjorn_nibelius_low_res-370x555.jpg 370w, https:\/\/wp.kristdemokraterna.se\/linkoping\/files\/2026\/04\/tprbjorn_nibelius_low_res-268x402.jpg 268w, https:\/\/wp.kristdemokraterna.se\/linkoping\/files\/2026\/04\/tprbjorn_nibelius_low_res-340x510.jpg 340w, https:\/\/wp.kristdemokraterna.se\/linkoping\/files\/2026\/04\/tprbjorn_nibelius_low_res-37x56.jpg 37w, https:\/\/wp.kristdemokraterna.se\/linkoping\/files\/2026\/04\/tprbjorn_nibelius_low_res.jpg 445w\" sizes=\"auto, (max-width: 200px) 100vw, 200px\" \/><\/p>\n<p><b>Namn: <\/b>Torbj\u00f6rn Nibelius<\/p>\n<p><b>F\u00f6dd:\u00a0<\/b>P\u00e5 H\u00e4llefors BB i Bergslagen en v\u00e5rdag i mars.<\/p>\n<p><b>Familj: <\/b>Gift med Preeya och fyra utflugna barn varav tre egna. Yngste bonusbarnet \u00e4r snart flygf\u00e4rdigt.<\/p>\n<p><b>Uppvuxen:\u00a0<\/b>I Bergslagen. H\u00e4llefors, Filipstad, Karlstad och Kristinehamn k\u00e4nner jag v\u00e4l innan flytt till Link\u00f6ping f\u00f6r studier.<\/p>\n<p><b>Vad har du f\u00f6r bakgrund utanf\u00f6r politiken?<\/b><br \/>\n\u00c4r utbildad kemiingenj\u00f6r och civilekonom. \u00c4r krigsplacerad reservofficer. Har arbetat i stora internationella f\u00f6retag i flera \u00e5r i olika chefsbefattningar bl a i England och Sydafrika.\u00a0Ocks\u00e5 en period i FN i Mellersta \u00d6stern.<\/p>\n<p><b>Vilka fr\u00e5gor brinner du extra f\u00f6r?<\/b><\/p>\n<p>Jag brinner f\u00f6r hur samh\u00e4llet skall organiseras och hur det ska byggas, dvs b\u00e5de mjuka och h\u00e5rda fr\u00e5gor.<span class=\"Apple-converted-space\">\u00a0<\/span><\/p>\n<p><b>Vad \u00e4r styrkan i Kristdemokraternas KF-grupp?\u00a0<\/b><\/p>\n<p>Gruppen \u00e4r ett g\u00e4ng med olika bakgrund och kompetenser. Med olika angrepps\u00e4tt att analysera och l\u00f6sa problem skapar vi positiv energi.<span class=\"Apple-converted-space\">\u00a0<\/span><\/p>\n<p><b>Har du andra politiska uppdrag ut\u00f6ver kommunfullm\u00e4ktige?\u00a0<\/b><\/p>\n<p>Link\u00f6pings Stadshus AB, Ledamot<\/p>\n<p>&nbsp;<\/p>\n<p><b>Foto:\u00a0<\/b>Fredrik Topplund<\/p>\n","protected":false},"excerpt":{"rendered":"<p>Namn: Torbj\u00f6rn Nibelius F\u00f6dd:\u00a0P\u00e5 H\u00e4llefors BB i Bergslagen en v\u00e5rdag i mars. Familj: Gift med Preeya och fyra utflugna barn varav tre egna. Yngste bonusbarnet \u00e4r snart flygf\u00e4rdigt. Uppvuxen:\u00a0I Bergslagen. H\u00e4llefors, Filipstad, Karlstad och Kristinehamn k\u00e4nner jag v\u00e4l innan flytt till Link\u00f6ping f\u00f6r studier. Vad har du f\u00f6r bakgrund utanf\u00f6r politiken? \u00c4r utbildad kemiingenj\u00f6r och <a class=\"read-more-link\" href=\"https:\/\/wp.kristdemokraterna.se\/linkoping\/vart-parti\/fullmaktigegruppen\/torbjorn-nibelius\/\">Read More<\/a><\/p>\n","protected":false},"author":410,"featured_media":0,"parent":1873,"menu_order":6,"comment_status":"closed","ping_status":"closed","template":"","meta":{"_acf_changed":false,"footnotes":""},"class_list":["post-1148","page","type-page","status-publish","hentry"],"acf":[],"yoast_head":"<!-- This site is optimized with the Yoast SEO plugin v27.4 - https:\/\/yoast.com\/product\/yoast-seo-wordpress\/ -->\n<title>Torbj\u00f6rn Nibelius - Kristdemokraterna i Link\u00f6ping<\/title>\n<meta name=\"robots\" content=\"index, follow, max-snippet:-1, max-image-preview:large, max-video-preview:-1\" \/>\n<link rel=\"canonical\" href=\"https:\/\/wp.kristdemokraterna.se\/linkoping\/vart-parti\/fullmaktigegruppen\/torbjorn-nibelius\/\" \/>\n<meta property=\"og:locale\" content=\"sv_SE\" \/>\n<meta property=\"og:type\" content=\"article\" \/>\n<meta property=\"og:title\" content=\"Torbj\u00f6rn Nibelius - Kristdemokraterna i Link\u00f6ping\" \/>\n<meta property=\"og:description\" content=\"Namn: Torbj\u00f6rn Nibelius F\u00f6dd:\u00a0P\u00e5 H\u00e4llefors BB i Bergslagen en v\u00e5rdag i mars. Familj: Gift med Preeya och fyra utflugna barn varav tre egna. Yngste bonusbarnet \u00e4r snart flygf\u00e4rdigt. Uppvuxen:\u00a0I Bergslagen. H\u00e4llefors, Filipstad, Karlstad och Kristinehamn k\u00e4nner jag v\u00e4l innan flytt till Link\u00f6ping f\u00f6r studier. Vad har du f\u00f6r bakgrund utanf\u00f6r politiken? \u00c4r utbildad kemiingenj\u00f6r och Read More\" \/>\n<meta property=\"og:url\" content=\"https:\/\/wp.kristdemokraterna.se\/linkoping\/vart-parti\/fullmaktigegruppen\/torbjorn-nibelius\/\" \/>\n<meta property=\"og:site_name\" content=\"Kristdemokraterna i Link\u00f6ping\" \/>\n<meta property=\"article:modified_time\" content=\"2026-04-07T15:43:04+00:00\" \/>\n<meta property=\"og:image\" content=\"https:\/\/wp.kristdemokraterna.se\/linkoping\/files\/2026\/04\/tprbjorn_nibelius_low_res.jpg\" \/>\n\t<meta property=\"og:image:width\" content=\"445\" \/>\n\t<meta property=\"og:image:height\" content=\"667\" \/>\n\t<meta property=\"og:image:type\" content=\"image\/jpeg\" \/>\n<meta name=\"twitter:card\" content=\"summary_large_image\" \/>\n<meta name=\"twitter:label1\" content=\"Ber\u00e4knad l\u00e4stid\" \/>\n\t<meta name=\"twitter:data1\" content=\"1 minut\" \/>\n<script type=\"application\/ld+json\" class=\"yoast-schema-graph\">{\"@context\":\"https:\\\/\\\/schema.org\",\"@graph\":[{\"@type\":\"WebPage\",\"@id\":\"https:\\\/\\\/wp.kristdemokraterna.se\\\/linkoping\\\/vart-parti\\\/fullmaktigegruppen\\\/torbjorn-nibelius\\\/\",\"url\":\"https:\\\/\\\/wp.kristdemokraterna.se\\\/linkoping\\\/vart-parti\\\/fullmaktigegruppen\\\/torbjorn-nibelius\\\/\",\"name\":\"Torbj\u00f6rn Nibelius - Kristdemokraterna i Link\u00f6ping\",\"isPartOf\":{\"@id\":\"https:\\\/\\\/wp.kristdemokraterna.se\\\/linkoping\\\/#website\"},\"primaryImageOfPage\":{\"@id\":\"https:\\\/\\\/wp.kristdemokraterna.se\\\/linkoping\\\/vart-parti\\\/fullmaktigegruppen\\\/torbjorn-nibelius\\\/#primaryimage\"},\"image\":{\"@id\":\"https:\\\/\\\/wp.kristdemokraterna.se\\\/linkoping\\\/vart-parti\\\/fullmaktigegruppen\\\/torbjorn-nibelius\\\/#primaryimage\"},\"thumbnailUrl\":\"https:\\\/\\\/wp.kristdemokraterna.se\\\/linkoping\\\/files\\\/2026\\\/04\\\/tprbjorn_nibelius_low_res-200x300.jpg\",\"datePublished\":\"2019-03-24T10:36:36+00:00\",\"dateModified\":\"2026-04-07T15:43:04+00:00\",\"breadcrumb\":{\"@id\":\"https:\\\/\\\/wp.kristdemokraterna.se\\\/linkoping\\\/vart-parti\\\/fullmaktigegruppen\\\/torbjorn-nibelius\\\/#breadcrumb\"},\"inLanguage\":\"sv-SE\",\"potentialAction\":[{\"@type\":\"ReadAction\",\"target\":[\"https:\\\/\\\/wp.kristdemokraterna.se\\\/linkoping\\\/vart-parti\\\/fullmaktigegruppen\\\/torbjorn-nibelius\\\/\"]}]},{\"@type\":\"ImageObject\",\"inLanguage\":\"sv-SE\",\"@id\":\"https:\\\/\\\/wp.kristdemokraterna.se\\\/linkoping\\\/vart-parti\\\/fullmaktigegruppen\\\/torbjorn-nibelius\\\/#primaryimage\",\"url\":\"https:\\\/\\\/wp.kristdemokraterna.se\\\/linkoping\\\/files\\\/2026\\\/04\\\/tprbjorn_nibelius_low_res.jpg\",\"contentUrl\":\"https:\\\/\\\/wp.kristdemokraterna.se\\\/linkoping\\\/files\\\/2026\\\/04\\\/tprbjorn_nibelius_low_res.jpg\",\"width\":445,\"height\":667},{\"@type\":\"BreadcrumbList\",\"@id\":\"https:\\\/\\\/wp.kristdemokraterna.se\\\/linkoping\\\/vart-parti\\\/fullmaktigegruppen\\\/torbjorn-nibelius\\\/#breadcrumb\",\"itemListElement\":[{\"@type\":\"ListItem\",\"position\":1,\"name\":\"Hem\",\"item\":\"https:\\\/\\\/wp.kristdemokraterna.se\\\/linkoping\\\/\"},{\"@type\":\"ListItem\",\"position\":2,\"name\":\"V\u00e5rt parti\",\"item\":\"https:\\\/\\\/wp.kristdemokraterna.se\\\/linkoping\\\/vart-parti\\\/\"},{\"@type\":\"ListItem\",\"position\":3,\"name\":\"Fullm\u00e4ktigegruppen\",\"item\":\"https:\\\/\\\/wp.kristdemokraterna.se\\\/linkoping\\\/vart-parti\\\/fullmaktigegruppen\\\/\"},{\"@type\":\"ListItem\",\"position\":4,\"name\":\"Torbj\u00f6rn Nibelius\"}]},{\"@type\":\"WebSite\",\"@id\":\"https:\\\/\\\/wp.kristdemokraterna.se\\\/linkoping\\\/#website\",\"url\":\"https:\\\/\\\/wp.kristdemokraterna.se\\\/linkoping\\\/\",\"name\":\"Kristdemokraterna i Link\u00f6ping\",\"description\":\"\",\"inLanguage\":\"sv-SE\"}]}<\/script>\n<!-- \/ Yoast SEO plugin. -->","yoast_head_json":{"title":"Torbj\u00f6rn Nibelius - Kristdemokraterna i Link\u00f6ping","robots":{"index":"index","follow":"follow","max-snippet":"max-snippet:-1","max-image-preview":"max-image-preview:large","max-video-preview":"max-video-preview:-1"},"canonical":"https:\/\/wp.kristdemokraterna.se\/linkoping\/vart-parti\/fullmaktigegruppen\/torbjorn-nibelius\/","og_locale":"sv_SE","og_type":"article","og_title":"Torbj\u00f6rn Nibelius - Kristdemokraterna i Link\u00f6ping","og_description":"Namn: Torbj\u00f6rn Nibelius F\u00f6dd:\u00a0P\u00e5 H\u00e4llefors BB i Bergslagen en v\u00e5rdag i mars. Familj: Gift med Preeya och fyra utflugna barn varav tre egna. Yngste bonusbarnet \u00e4r snart flygf\u00e4rdigt. Uppvuxen:\u00a0I Bergslagen. H\u00e4llefors, Filipstad, Karlstad och Kristinehamn k\u00e4nner jag v\u00e4l innan flytt till Link\u00f6ping f\u00f6r studier. Vad har du f\u00f6r bakgrund utanf\u00f6r politiken? \u00c4r utbildad kemiingenj\u00f6r och Read More","og_url":"https:\/\/wp.kristdemokraterna.se\/linkoping\/vart-parti\/fullmaktigegruppen\/torbjorn-nibelius\/","og_site_name":"Kristdemokraterna i Link\u00f6ping","article_modified_time":"2026-04-07T15:43:04+00:00","og_image":[{"width":445,"height":667,"url":"https:\/\/wp.kristdemokraterna.se\/linkoping\/files\/2026\/04\/tprbjorn_nibelius_low_res.jpg","type":"image\/jpeg"}],"twitter_card":"summary_large_image","twitter_misc":{"Ber\u00e4knad l\u00e4stid":"1 minut"},"schema":{"@context":"https:\/\/schema.org","@graph":[{"@type":"WebPage","@id":"https:\/\/wp.kristdemokraterna.se\/linkoping\/vart-parti\/fullmaktigegruppen\/torbjorn-nibelius\/","url":"https:\/\/wp.kristdemokraterna.se\/linkoping\/vart-parti\/fullmaktigegruppen\/torbjorn-nibelius\/","name":"Torbj\u00f6rn Nibelius - Kristdemokraterna i Link\u00f6ping","isPartOf":{"@id":"https:\/\/wp.kristdemokraterna.se\/linkoping\/#website"},"primaryImageOfPage":{"@id":"https:\/\/wp.kristdemokraterna.se\/linkoping\/vart-parti\/fullmaktigegruppen\/torbjorn-nibelius\/#primaryimage"},"image":{"@id":"https:\/\/wp.kristdemokraterna.se\/linkoping\/vart-parti\/fullmaktigegruppen\/torbjorn-nibelius\/#primaryimage"},"thumbnailUrl":"https:\/\/wp.kristdemokraterna.se\/linkoping\/files\/2026\/04\/tprbjorn_nibelius_low_res-200x300.jpg","datePublished":"2019-03-24T10:36:36+00:00","dateModified":"2026-04-07T15:43:04+00:00","breadcrumb":{"@id":"https:\/\/wp.kristdemokraterna.se\/linkoping\/vart-parti\/fullmaktigegruppen\/torbjorn-nibelius\/#breadcrumb"},"inLanguage":"sv-SE","potentialAction":[{"@type":"ReadAction","target":["https:\/\/wp.kristdemokraterna.se\/linkoping\/vart-parti\/fullmaktigegruppen\/torbjorn-nibelius\/"]}]},{"@type":"ImageObject","inLanguage":"sv-SE","@id":"https:\/\/wp.kristdemokraterna.se\/linkoping\/vart-parti\/fullmaktigegruppen\/torbjorn-nibelius\/#primaryimage","url":"https:\/\/wp.kristdemokraterna.se\/linkoping\/files\/2026\/04\/tprbjorn_nibelius_low_res.jpg","contentUrl":"https:\/\/wp.kristdemokraterna.se\/linkoping\/files\/2026\/04\/tprbjorn_nibelius_low_res.jpg","width":445,"height":667},{"@type":"BreadcrumbList","@id":"https:\/\/wp.kristdemokraterna.se\/linkoping\/vart-parti\/fullmaktigegruppen\/torbjorn-nibelius\/#breadcrumb","itemListElement":[{"@type":"ListItem","position":1,"name":"Hem","item":"https:\/\/wp.kristdemokraterna.se\/linkoping\/"},{"@type":"ListItem","position":2,"name":"V\u00e5rt parti","item":"https:\/\/wp.kristdemokraterna.se\/linkoping\/vart-parti\/"},{"@type":"ListItem","position":3,"name":"Fullm\u00e4ktigegruppen","item":"https:\/\/wp.kristdemokraterna.se\/linkoping\/vart-parti\/fullmaktigegruppen\/"},{"@type":"ListItem","position":4,"name":"Torbj\u00f6rn Nibelius"}]},{"@type":"WebSite","@id":"https:\/\/wp.kristdemokraterna.se\/linkoping\/#website","url":"https:\/\/wp.kristdemokraterna.se\/linkoping\/","name":"Kristdemokraterna i Link\u00f6ping","description":"","inLanguage":"sv-SE"}]}},"_links":{"self":[{"href":"https:\/\/wp.kristdemokraterna.se\/linkoping\/wp-json\/wp\/v2\/pages\/1148","targetHints":{"allow":["GET"]}}],"collection":[{"href":"https:\/\/wp.kristdemokraterna.se\/linkoping\/wp-json\/wp\/v2\/pages"}],"about":[{"href":"https:\/\/wp.kristdemokraterna.se\/linkoping\/wp-json\/wp\/v2\/types\/page"}],"author":[{"embeddable":true,"href":"https:\/\/wp.kristdemokraterna.se\/linkoping\/wp-json\/wp\/v2\/users\/410"}],"replies":[{"embeddable":true,"href":"https:\/\/wp.kristdemokraterna.se\/linkoping\/wp-json\/wp\/v2\/comments?post=1148"}],"version-history":[{"count":24,"href":"https:\/\/wp.kristdemokraterna.se\/linkoping\/wp-json\/wp\/v2\/pages\/1148\/revisions"}],"predecessor-version":[{"id":2894,"href":"https:\/\/wp.kristdemokraterna.se\/linkoping\/wp-json\/wp\/v2\/pages\/1148\/revisions\/2894"}],"up":[{"embeddable":true,"href":"https:\/\/wp.kristdemokraterna.se\/linkoping\/wp-json\/wp\/v2\/pages\/1873"}],"wp:attachment":[{"href":"https:\/\/wp.kristdemokraterna.se\/linkoping\/wp-json\/wp\/v2\/media?parent=1148"}],"curies":[{"name":"wp","href":"https:\/\/api.w.org\/{rel}","templated":true}]}}