{"version":"1.0","provider_name":"Kristdemokraterna Ljungby","provider_url":"https:\/\/wp.kristdemokraterna.se\/ljungby","title":"Kristdemokraterna p\u00e5 Ljungbydagarnas partigata - Kristdemokraterna Ljungby","type":"rich","width":600,"height":338,"html":"<blockquote class=\"wp-embedded-content\" data-secret=\"Xx5k7ideXN\"><a href=\"https:\/\/wp.kristdemokraterna.se\/ljungby\/kristdemokraterna-pa-ljungbydagarnas-partigata\/\">Kristdemokraterna p\u00e5 Ljungbydagarnas partigata<\/a><\/blockquote><iframe sandbox=\"allow-scripts\" security=\"restricted\" src=\"https:\/\/wp.kristdemokraterna.se\/ljungby\/kristdemokraterna-pa-ljungbydagarnas-partigata\/embed\/#?secret=Xx5k7ideXN\" width=\"600\" height=\"338\" title=\"\u201dKristdemokraterna p\u00e5 Ljungbydagarnas partigata\u201d &ndash; Kristdemokraterna Ljungby\" data-secret=\"Xx5k7ideXN\" frameborder=\"0\" marginwidth=\"0\" marginheight=\"0\" scrolling=\"no\" class=\"wp-embedded-content\"><\/iframe><script type=\"text\/javascript\">\n\/* <![CDATA[ *\/\n\/*! This file is auto-generated *\/\n!function(d,l){\"use strict\";l.querySelector&&d.addEventListener&&\"undefined\"!=typeof URL&&(d.wp=d.wp||{},d.wp.receiveEmbedMessage||(d.wp.receiveEmbedMessage=function(e){var t=e.data;if((t||t.secret||t.message||t.value)&&!\/[^a-zA-Z0-9]\/.test(t.secret)){for(var s,r,n,a=l.querySelectorAll('iframe[data-secret=\"'+t.secret+'\"]'),o=l.querySelectorAll('blockquote[data-secret=\"'+t.secret+'\"]'),c=new RegExp(\"^https?:$\",\"i\"),i=0;i<o.length;i++)o[i].style.display=\"none\";for(i=0;i<a.length;i++)s=a[i],e.source===s.contentWindow&&(s.removeAttribute(\"style\"),\"height\"===t.message?(1e3<(r=parseInt(t.value,10))?r=1e3:~~r<200&&(r=200),s.height=r):\"link\"===t.message&&(r=new URL(s.getAttribute(\"src\")),n=new URL(t.value),c.test(n.protocol))&&n.host===r.host&&l.activeElement===s&&(d.top.location.href=t.value))}},d.addEventListener(\"message\",d.wp.receiveEmbedMessage,!1),l.addEventListener(\"DOMContentLoaded\",function(){for(var e,t,s=l.querySelectorAll(\"iframe.wp-embedded-content\"),r=0;r<s.length;r++)(t=(e=s[r]).getAttribute(\"data-secret\"))||(t=Math.random().toString(36).substring(2,12),e.src+=\"#?secret=\"+t,e.setAttribute(\"data-secret\",t)),e.contentWindow.postMessage({message:\"ready\",secret:t},\"*\")},!1)))}(window,document);\n\/\/# sourceURL=https:\/\/wp.kristdemokraterna.se\/ljungby\/wp-includes\/js\/wp-embed.min.js\n\/* ]]> *\/\n<\/script>\n","thumbnail_url":"https:\/\/wp.kristdemokraterna.se\/ljungby\/files\/2014\/08\/eva-j-009.jpg","thumbnail_width":1347,"thumbnail_height":1701,"description":"P\u00e5 l\u00f6rdag 20:e augusti mellan 10 och 15 \u00a0kommer det vara en partigata p\u00e5 Ljungbydagarna d\u00e4r Kristdemokraterna givetvis \u00e4r med. Vi kommer f\u00f6rutom en del lokala representanter \u00e4ven ha Eva Johnsson som \u00e4r v\u00e5r gruppledare i Region Kronoberg p\u00e5 bes\u00f6k samt representanter fr\u00e5n KDU Kronoberg. V\u00e4lkomna att komma och samtala med oss om aktuella politiska Read More"}