{"id":1104,"date":"2022-08-10T11:38:29","date_gmt":"2022-08-10T09:38:29","guid":{"rendered":"https:\/\/wp.kristdemokraterna.se\/ljungby\/?page_id=1104"},"modified":"2026-04-21T09:15:55","modified_gmt":"2026-04-21T07:15:55","slug":"vara-kandidater-i-kommunalvalet-2026","status":"publish","type":"page","link":"https:\/\/wp.kristdemokraterna.se\/ljungby\/vara-kandidater-i-kommunalvalet-2026\/","title":{"rendered":"V\u00e5ra kandidater i kommunalvalet 2026"},"content":{"rendered":"<p>1. Emil Torstensson<br \/>\n2. Frida Bondesson<br \/>\n3. Bo-Lennart Jonasson<br \/>\n4. Lennart Olsson<br \/>\n5. Maria C Larsson<br \/>\n6. Martin Anderberg<br \/>\n7. H\u00e5kan Larsson<br \/>\n8. Christer Holmstr\u00f6m<br \/>\n9. Rut Bj\u00f6rkstr\u00f6m<br \/>\n10. Thommy Rosberg<br \/>\n11. Solveig Roos<br \/>\n12. Anna Torstensson<br \/>\n13. Mats \u00c5berg<br \/>\n14. Jakob Wide<br \/>\n15. Vera Pettersson<br \/>\n16. Simon Bojestig<br \/>\n17. Kristin Qvarfordt<br \/>\n18. Jonatan Wiesel<br \/>\n19. Evelina Jonsson<br \/>\n20. Simon Bystr\u00f6m<br \/>\n21. Dan Qvarfordt<br \/>\n22. Gerd Lansler<br \/>\n23. Elias Axmarker<br \/>\n24. Andr\u00e9 Landin<\/p>\n<p>&nbsp;<\/p>\n<h2>1. Emil Torstensson<\/h2>\n<p><img loading=\"lazy\" decoding=\"async\" class=\"alignnone size-medium wp-image-1160\" src=\"http:\/\/wp.kristdemokraterna.se\/ljungby\/files\/2026\/04\/kadis-emil-225x300.jpg\" alt=\"\" width=\"225\" height=\"300\" srcset=\"https:\/\/wp.kristdemokraterna.se\/ljungby\/files\/2026\/04\/kadis-emil-225x300.jpg 225w, https:\/\/wp.kristdemokraterna.se\/ljungby\/files\/2026\/04\/kadis-emil-405x540.jpg 405w, https:\/\/wp.kristdemokraterna.se\/ljungby\/files\/2026\/04\/kadis-emil-768x1024.jpg 768w, https:\/\/wp.kristdemokraterna.se\/ljungby\/files\/2026\/04\/kadis-emil-1152x1536.jpg 1152w, https:\/\/wp.kristdemokraterna.se\/ljungby\/files\/2026\/04\/kadis-emil-1536x2048.jpg 1536w, https:\/\/wp.kristdemokraterna.se\/ljungby\/files\/2026\/04\/kadis-emil-150x200.jpg 150w, https:\/\/wp.kristdemokraterna.se\/ljungby\/files\/2026\/04\/kadis-emil-370x493.jpg 370w, https:\/\/wp.kristdemokraterna.se\/ljungby\/files\/2026\/04\/kadis-emil-770x1027.jpg 770w, https:\/\/wp.kristdemokraterna.se\/ljungby\/files\/2026\/04\/kadis-emil-450x600.jpg 450w, https:\/\/wp.kristdemokraterna.se\/ljungby\/files\/2026\/04\/kadis-emil-280x373.jpg 280w, https:\/\/wp.kristdemokraterna.se\/ljungby\/files\/2026\/04\/kadis-emil-340x453.jpg 340w, https:\/\/wp.kristdemokraterna.se\/ljungby\/files\/2026\/04\/kadis-emil-42x56.jpg 42w, https:\/\/wp.kristdemokraterna.se\/ljungby\/files\/2026\/04\/kadis-emil.jpg 1872w\" sizes=\"auto, (max-width: 225px) 100vw, 225px\" \/><\/p>\n<p>Vi som kommun m\u00e5ste aktivt bidra till utvecklingen av v\u00e5rt sjukhus. Att g\u00f6ra Ljungby till<br \/>\nett beredskapssjukhus med intensivv\u00e5rd, operationsm\u00f6jligheter och akutmottagning dygnet runt<br \/>\nborde vara varje kommunpolitikers viktigaste uppgift.<\/p>\n<p>&nbsp;<\/p>\n<h2>2. Frida Bondesson<\/h2>\n<p><img loading=\"lazy\" decoding=\"async\" class=\"alignnone size-medium wp-image-1161\" src=\"http:\/\/wp.kristdemokraterna.se\/ljungby\/files\/2026\/04\/kadis-frida-225x300.jpg\" alt=\"\" width=\"225\" height=\"300\" srcset=\"https:\/\/wp.kristdemokraterna.se\/ljungby\/files\/2026\/04\/kadis-frida-225x300.jpg 225w, https:\/\/wp.kristdemokraterna.se\/ljungby\/files\/2026\/04\/kadis-frida-405x540.jpg 405w, https:\/\/wp.kristdemokraterna.se\/ljungby\/files\/2026\/04\/kadis-frida-768x1024.jpg 768w, https:\/\/wp.kristdemokraterna.se\/ljungby\/files\/2026\/04\/kadis-frida-1152x1536.jpg 1152w, https:\/\/wp.kristdemokraterna.se\/ljungby\/files\/2026\/04\/kadis-frida-1536x2048.jpg 1536w, https:\/\/wp.kristdemokraterna.se\/ljungby\/files\/2026\/04\/kadis-frida-150x200.jpg 150w, https:\/\/wp.kristdemokraterna.se\/ljungby\/files\/2026\/04\/kadis-frida-370x493.jpg 370w, https:\/\/wp.kristdemokraterna.se\/ljungby\/files\/2026\/04\/kadis-frida-770x1027.jpg 770w, https:\/\/wp.kristdemokraterna.se\/ljungby\/files\/2026\/04\/kadis-frida-450x600.jpg 450w, https:\/\/wp.kristdemokraterna.se\/ljungby\/files\/2026\/04\/kadis-frida-280x373.jpg 280w, https:\/\/wp.kristdemokraterna.se\/ljungby\/files\/2026\/04\/kadis-frida-340x453.jpg 340w, https:\/\/wp.kristdemokraterna.se\/ljungby\/files\/2026\/04\/kadis-frida-42x56.jpg 42w, https:\/\/wp.kristdemokraterna.se\/ljungby\/files\/2026\/04\/kadis-frida-scaled.jpg 1920w\" sizes=\"auto, (max-width: 225px) 100vw, 225px\" \/><\/p>\n<p>Vi Kristdemokrater v\u00e5gar s\u00e4tta barnens b\u00e4sta f\u00f6rst \u2013 p\u00e5 riktigt. F\u00f6r oss handlar skolan inte<br \/>\nom hur m\u00e5nga byggnader vi kan h\u00e5lla \u00f6ppna, utan om kvaliteten p\u00e5 det som sker innanf\u00f6r v\u00e4ggarna.<\/p>\n<p>&nbsp;<\/p>\n<h2>3. Bo-Lennart Jonasson<\/h2>\n<p><img loading=\"lazy\" decoding=\"async\" class=\"alignnone size-medium wp-image-1159\" src=\"http:\/\/wp.kristdemokraterna.se\/ljungby\/files\/2026\/04\/kadis-bo-lennart-225x300.jpg\" alt=\"\" width=\"225\" height=\"300\" srcset=\"https:\/\/wp.kristdemokraterna.se\/ljungby\/files\/2026\/04\/kadis-bo-lennart-225x300.jpg 225w, https:\/\/wp.kristdemokraterna.se\/ljungby\/files\/2026\/04\/kadis-bo-lennart-405x540.jpg 405w, https:\/\/wp.kristdemokraterna.se\/ljungby\/files\/2026\/04\/kadis-bo-lennart-768x1024.jpg 768w, https:\/\/wp.kristdemokraterna.se\/ljungby\/files\/2026\/04\/kadis-bo-lennart-1152x1536.jpg 1152w, https:\/\/wp.kristdemokraterna.se\/ljungby\/files\/2026\/04\/kadis-bo-lennart-1536x2048.jpg 1536w, https:\/\/wp.kristdemokraterna.se\/ljungby\/files\/2026\/04\/kadis-bo-lennart-150x200.jpg 150w, https:\/\/wp.kristdemokraterna.se\/ljungby\/files\/2026\/04\/kadis-bo-lennart-370x493.jpg 370w, https:\/\/wp.kristdemokraterna.se\/ljungby\/files\/2026\/04\/kadis-bo-lennart-770x1027.jpg 770w, https:\/\/wp.kristdemokraterna.se\/ljungby\/files\/2026\/04\/kadis-bo-lennart-450x600.jpg 450w, https:\/\/wp.kristdemokraterna.se\/ljungby\/files\/2026\/04\/kadis-bo-lennart-280x373.jpg 280w, https:\/\/wp.kristdemokraterna.se\/ljungby\/files\/2026\/04\/kadis-bo-lennart-340x453.jpg 340w, https:\/\/wp.kristdemokraterna.se\/ljungby\/files\/2026\/04\/kadis-bo-lennart-42x56.jpg 42w, https:\/\/wp.kristdemokraterna.se\/ljungby\/files\/2026\/04\/kadis-bo-lennart-scaled.jpg 1920w\" sizes=\"auto, (max-width: 225px) 100vw, 225px\" \/><\/p>\n<p>KD vill bidra till att Ljungby kommun f\u00e5r v\u00e4xtv\u00e4rk. V\u00e5ra lokala f\u00f6retag, f\u00f6reningar och<br \/>\nmedborgare beh\u00f6ver involveras tillsammans med kommunen och vice versa, vi m\u00e5ste<br \/>\nhj\u00e4lpas \u00e5t och engagera oss gemensamt p\u00e5 b\u00e4sta s\u00e4tt.<\/p>\n<p>&nbsp;<\/p>\n<h2>4. Lennart Olsson<\/h2>\n<div id=\"attachment_1132\" style=\"width: 210px\" class=\"wp-caption aligncenter\"><a href=\"http:\/\/wp.kristdemokraterna.se\/ljungby\/files\/2022\/08\/lennart-scaled.jpg\"><img loading=\"lazy\" decoding=\"async\" aria-describedby=\"caption-attachment-1132\" class=\"wp-image-1132\" src=\"http:\/\/wp.kristdemokraterna.se\/ljungby\/files\/2022\/08\/lennart-150x150.jpg\" alt=\"\" width=\"200\" height=\"300\" srcset=\"https:\/\/wp.kristdemokraterna.se\/ljungby\/files\/2022\/08\/lennart-200x300.jpg 200w, https:\/\/wp.kristdemokraterna.se\/ljungby\/files\/2022\/08\/lennart-360x540.jpg 360w, https:\/\/wp.kristdemokraterna.se\/ljungby\/files\/2022\/08\/lennart-768x1152.jpg 768w, https:\/\/wp.kristdemokraterna.se\/ljungby\/files\/2022\/08\/lennart-1024x1536.jpg 1024w, https:\/\/wp.kristdemokraterna.se\/ljungby\/files\/2022\/08\/lennart-1365x2048.jpg 1365w, https:\/\/wp.kristdemokraterna.se\/ljungby\/files\/2022\/08\/lennart-133x200.jpg 133w, https:\/\/wp.kristdemokraterna.se\/ljungby\/files\/2022\/08\/lennart-370x555.jpg 370w, https:\/\/wp.kristdemokraterna.se\/ljungby\/files\/2022\/08\/lennart-770x1155.jpg 770w, https:\/\/wp.kristdemokraterna.se\/ljungby\/files\/2022\/08\/lennart-450x675.jpg 450w, https:\/\/wp.kristdemokraterna.se\/ljungby\/files\/2022\/08\/lennart-268x402.jpg 268w, https:\/\/wp.kristdemokraterna.se\/ljungby\/files\/2022\/08\/lennart-340x510.jpg 340w, https:\/\/wp.kristdemokraterna.se\/ljungby\/files\/2022\/08\/lennart-37x56.jpg 37w, https:\/\/wp.kristdemokraterna.se\/ljungby\/files\/2022\/08\/lennart-scaled.jpg 1707w\" sizes=\"auto, (max-width: 200px) 100vw, 200px\" \/><\/a><p id=\"caption-attachment-1132\" class=\"wp-caption-text\">&#8221;Ett starkt f\u00f6retagsklimat skapar resurser till skola, v\u00e5rd och omsorg&#8221;<\/p><\/div>\n<h2>6. Martin Anderberg<\/h2>\n<div id=\"attachment_1123\" style=\"width: 210px\" class=\"wp-caption aligncenter\"><a href=\"http:\/\/wp.kristdemokraterna.se\/ljungby\/files\/2022\/08\/martin-scaled.jpg\"><img loading=\"lazy\" decoding=\"async\" aria-describedby=\"caption-attachment-1123\" class=\"wp-image-1123\" src=\"http:\/\/wp.kristdemokraterna.se\/ljungby\/files\/2022\/08\/martin-150x150.jpg\" alt=\"\" width=\"200\" height=\"300\" srcset=\"https:\/\/wp.kristdemokraterna.se\/ljungby\/files\/2022\/08\/martin-200x300.jpg 200w, https:\/\/wp.kristdemokraterna.se\/ljungby\/files\/2022\/08\/martin-360x540.jpg 360w, https:\/\/wp.kristdemokraterna.se\/ljungby\/files\/2022\/08\/martin-768x1152.jpg 768w, https:\/\/wp.kristdemokraterna.se\/ljungby\/files\/2022\/08\/martin-1024x1536.jpg 1024w, https:\/\/wp.kristdemokraterna.se\/ljungby\/files\/2022\/08\/martin-1365x2048.jpg 1365w, https:\/\/wp.kristdemokraterna.se\/ljungby\/files\/2022\/08\/martin-133x200.jpg 133w, https:\/\/wp.kristdemokraterna.se\/ljungby\/files\/2022\/08\/martin-370x555.jpg 370w, https:\/\/wp.kristdemokraterna.se\/ljungby\/files\/2022\/08\/martin-770x1155.jpg 770w, https:\/\/wp.kristdemokraterna.se\/ljungby\/files\/2022\/08\/martin-450x675.jpg 450w, https:\/\/wp.kristdemokraterna.se\/ljungby\/files\/2022\/08\/martin-268x402.jpg 268w, https:\/\/wp.kristdemokraterna.se\/ljungby\/files\/2022\/08\/martin-340x510.jpg 340w, https:\/\/wp.kristdemokraterna.se\/ljungby\/files\/2022\/08\/martin-37x56.jpg 37w, https:\/\/wp.kristdemokraterna.se\/ljungby\/files\/2022\/08\/martin-scaled.jpg 1707w\" sizes=\"auto, (max-width: 200px) 100vw, 200px\" \/><\/a><p id=\"caption-attachment-1123\" class=\"wp-caption-text\">&#8221;Redo att s\u00e4tta landsbygden p\u00e5 kartan!&#8221;<\/p><\/div>\n<div class=\"mceTemp\"><\/div>\n<h2>10. Thommy Rosberg<\/h2>\n<div id=\"attachment_1124\" style=\"width: 210px\" class=\"wp-caption aligncenter\"><a href=\"http:\/\/wp.kristdemokraterna.se\/ljungby\/files\/2022\/08\/thommy-scaled.jpg\"><img loading=\"lazy\" decoding=\"async\" aria-describedby=\"caption-attachment-1124\" class=\"wp-image-1124\" src=\"http:\/\/wp.kristdemokraterna.se\/ljungby\/files\/2022\/08\/thommy-150x150.jpg\" alt=\"\" width=\"200\" height=\"300\" srcset=\"https:\/\/wp.kristdemokraterna.se\/ljungby\/files\/2022\/08\/thommy-200x300.jpg 200w, https:\/\/wp.kristdemokraterna.se\/ljungby\/files\/2022\/08\/thommy-360x540.jpg 360w, https:\/\/wp.kristdemokraterna.se\/ljungby\/files\/2022\/08\/thommy-768x1152.jpg 768w, https:\/\/wp.kristdemokraterna.se\/ljungby\/files\/2022\/08\/thommy-1024x1536.jpg 1024w, https:\/\/wp.kristdemokraterna.se\/ljungby\/files\/2022\/08\/thommy-1365x2048.jpg 1365w, https:\/\/wp.kristdemokraterna.se\/ljungby\/files\/2022\/08\/thommy-133x200.jpg 133w, https:\/\/wp.kristdemokraterna.se\/ljungby\/files\/2022\/08\/thommy-370x555.jpg 370w, https:\/\/wp.kristdemokraterna.se\/ljungby\/files\/2022\/08\/thommy-770x1155.jpg 770w, https:\/\/wp.kristdemokraterna.se\/ljungby\/files\/2022\/08\/thommy-450x675.jpg 450w, https:\/\/wp.kristdemokraterna.se\/ljungby\/files\/2022\/08\/thommy-268x402.jpg 268w, https:\/\/wp.kristdemokraterna.se\/ljungby\/files\/2022\/08\/thommy-340x510.jpg 340w, https:\/\/wp.kristdemokraterna.se\/ljungby\/files\/2022\/08\/thommy-37x56.jpg 37w, https:\/\/wp.kristdemokraterna.se\/ljungby\/files\/2022\/08\/thommy-scaled.jpg 1707w\" sizes=\"auto, (max-width: 200px) 100vw, 200px\" \/><\/a><p id=\"caption-attachment-1124\" class=\"wp-caption-text\">\u201dEtt \u00f6kat samarbete mellan skola och n\u00e4ringsliv f\u00e5r Ljungby att v\u00e4xa.\u201d<\/p><\/div>\n<h2>12. Anna Torstensson<\/h2>\n<div id=\"attachment_1120\" style=\"width: 210px\" class=\"wp-caption aligncenter\"><a href=\"http:\/\/wp.kristdemokraterna.se\/ljungby\/files\/2022\/08\/anna-scaled.jpg\"><img loading=\"lazy\" decoding=\"async\" aria-describedby=\"caption-attachment-1120\" class=\"wp-image-1120\" src=\"http:\/\/wp.kristdemokraterna.se\/ljungby\/files\/2022\/08\/anna-150x150.jpg\" alt=\"\" width=\"200\" height=\"300\" srcset=\"https:\/\/wp.kristdemokraterna.se\/ljungby\/files\/2022\/08\/anna-200x300.jpg 200w, https:\/\/wp.kristdemokraterna.se\/ljungby\/files\/2022\/08\/anna-360x540.jpg 360w, https:\/\/wp.kristdemokraterna.se\/ljungby\/files\/2022\/08\/anna-768x1152.jpg 768w, https:\/\/wp.kristdemokraterna.se\/ljungby\/files\/2022\/08\/anna-1024x1536.jpg 1024w, https:\/\/wp.kristdemokraterna.se\/ljungby\/files\/2022\/08\/anna-1365x2048.jpg 1365w, https:\/\/wp.kristdemokraterna.se\/ljungby\/files\/2022\/08\/anna-133x200.jpg 133w, https:\/\/wp.kristdemokraterna.se\/ljungby\/files\/2022\/08\/anna-370x555.jpg 370w, https:\/\/wp.kristdemokraterna.se\/ljungby\/files\/2022\/08\/anna-770x1155.jpg 770w, https:\/\/wp.kristdemokraterna.se\/ljungby\/files\/2022\/08\/anna-450x675.jpg 450w, https:\/\/wp.kristdemokraterna.se\/ljungby\/files\/2022\/08\/anna-268x402.jpg 268w, https:\/\/wp.kristdemokraterna.se\/ljungby\/files\/2022\/08\/anna-340x510.jpg 340w, https:\/\/wp.kristdemokraterna.se\/ljungby\/files\/2022\/08\/anna-37x56.jpg 37w, https:\/\/wp.kristdemokraterna.se\/ljungby\/files\/2022\/08\/anna-scaled.jpg 1707w\" sizes=\"auto, (max-width: 200px) 100vw, 200px\" \/><\/a><p id=\"caption-attachment-1120\" class=\"wp-caption-text\">\u201dFamiljer skall sj\u00e4lva f\u00e5 best\u00e4mma vem som \u00e4r hemma med barnen\u201d<\/p><\/div>\n<div class=\"mceTemp\"><\/div>\n<h2>8. Christer Holmstr\u00f6m<\/h2>\n<div id=\"attachment_1131\" style=\"width: 210px\" class=\"wp-caption aligncenter\"><a href=\"http:\/\/wp.kristdemokraterna.se\/ljungby\/files\/2022\/08\/chrsiter-holmstrom-scaled.jpg\"><img loading=\"lazy\" decoding=\"async\" aria-describedby=\"caption-attachment-1131\" class=\"wp-image-1131\" src=\"http:\/\/wp.kristdemokraterna.se\/ljungby\/files\/2022\/08\/chrsiter-holmstrom-150x150.jpg\" alt=\"\" width=\"200\" height=\"300\" srcset=\"https:\/\/wp.kristdemokraterna.se\/ljungby\/files\/2022\/08\/chrsiter-holmstrom-200x300.jpg 200w, https:\/\/wp.kristdemokraterna.se\/ljungby\/files\/2022\/08\/chrsiter-holmstrom-360x540.jpg 360w, https:\/\/wp.kristdemokraterna.se\/ljungby\/files\/2022\/08\/chrsiter-holmstrom-768x1152.jpg 768w, https:\/\/wp.kristdemokraterna.se\/ljungby\/files\/2022\/08\/chrsiter-holmstrom-1024x1536.jpg 1024w, https:\/\/wp.kristdemokraterna.se\/ljungby\/files\/2022\/08\/chrsiter-holmstrom-1365x2048.jpg 1365w, https:\/\/wp.kristdemokraterna.se\/ljungby\/files\/2022\/08\/chrsiter-holmstrom-133x200.jpg 133w, https:\/\/wp.kristdemokraterna.se\/ljungby\/files\/2022\/08\/chrsiter-holmstrom-370x555.jpg 370w, https:\/\/wp.kristdemokraterna.se\/ljungby\/files\/2022\/08\/chrsiter-holmstrom-770x1155.jpg 770w, https:\/\/wp.kristdemokraterna.se\/ljungby\/files\/2022\/08\/chrsiter-holmstrom-450x675.jpg 450w, https:\/\/wp.kristdemokraterna.se\/ljungby\/files\/2022\/08\/chrsiter-holmstrom-268x402.jpg 268w, https:\/\/wp.kristdemokraterna.se\/ljungby\/files\/2022\/08\/chrsiter-holmstrom-340x510.jpg 340w, https:\/\/wp.kristdemokraterna.se\/ljungby\/files\/2022\/08\/chrsiter-holmstrom-37x56.jpg 37w, https:\/\/wp.kristdemokraterna.se\/ljungby\/files\/2022\/08\/chrsiter-holmstrom-scaled.jpg 1707w\" sizes=\"auto, (max-width: 200px) 100vw, 200px\" \/><\/a><p id=\"caption-attachment-1131\" class=\"wp-caption-text\">\u201dDet skall k\u00e4nnas tryggt att bli \u00e4ldre i Ljungby\u201d<\/p><\/div>\n<p>&nbsp;<\/p>\n<h2>9. Rut Bj\u00f6rkstr\u00f6m<\/h2>\n<p><a href=\"http:\/\/wp.kristdemokraterna.se\/ljungby\/files\/2022\/08\/rut-scaled.jpg\"><img loading=\"lazy\" decoding=\"async\" class=\"alignleft wp-image-1126\" src=\"http:\/\/wp.kristdemokraterna.se\/ljungby\/files\/2022\/08\/rut-150x150.jpg\" alt=\"\" width=\"200\" height=\"300\" srcset=\"https:\/\/wp.kristdemokraterna.se\/ljungby\/files\/2022\/08\/rut-200x300.jpg 200w, https:\/\/wp.kristdemokraterna.se\/ljungby\/files\/2022\/08\/rut-360x540.jpg 360w, https:\/\/wp.kristdemokraterna.se\/ljungby\/files\/2022\/08\/rut-768x1152.jpg 768w, https:\/\/wp.kristdemokraterna.se\/ljungby\/files\/2022\/08\/rut-1024x1536.jpg 1024w, https:\/\/wp.kristdemokraterna.se\/ljungby\/files\/2022\/08\/rut-1365x2048.jpg 1365w, https:\/\/wp.kristdemokraterna.se\/ljungby\/files\/2022\/08\/rut-133x200.jpg 133w, https:\/\/wp.kristdemokraterna.se\/ljungby\/files\/2022\/08\/rut-370x555.jpg 370w, https:\/\/wp.kristdemokraterna.se\/ljungby\/files\/2022\/08\/rut-770x1155.jpg 770w, https:\/\/wp.kristdemokraterna.se\/ljungby\/files\/2022\/08\/rut-450x675.jpg 450w, https:\/\/wp.kristdemokraterna.se\/ljungby\/files\/2022\/08\/rut-268x402.jpg 268w, https:\/\/wp.kristdemokraterna.se\/ljungby\/files\/2022\/08\/rut-340x510.jpg 340w, https:\/\/wp.kristdemokraterna.se\/ljungby\/files\/2022\/08\/rut-37x56.jpg 37w, https:\/\/wp.kristdemokraterna.se\/ljungby\/files\/2022\/08\/rut-scaled.jpg 1707w\" sizes=\"auto, (max-width: 200px) 100vw, 200px\" \/><\/a><\/p>\n<p>&#8221;F\u00f6r mig \u00e4r fr\u00e5gan om gemenskap oerh\u00f6rt viktig! Vi beh\u00f6ver alla n\u00e5gon att prata med, n\u00e5gon som ser dig och n\u00e5gon som fr\u00e5gar hur du m\u00e5r. Tyv\u00e4rr saknar v\u00e4ldigt m\u00e5nga detta. Ensamhet \u00e4r en folksjukdom i Sverige idag. Det \u00e4r inte bara \u00e4ldre som lider av ofrivillig ensamhet utan det finns i alla \u00e5ldrar. Vi beh\u00f6ver hj\u00e4lpas \u00e5t b\u00e5de kommunalt och som civilsamh\u00e4lle med att \u00e4ndra detta. Vi bist\u00e5ndsbed\u00f6mning f\u00f6r hemtj\u00e4nst skall detta vara en sj\u00e4lvklar del av bed\u00f6mningen.<br \/>\nLikas\u00e5 vid l\u00e4karbes\u00f6k borde fr\u00e5gan om ensamhet vara given. Allt f\u00f6r att f\u00e5nga upp och tillsammans bryta ofrivillig ensamhet!<\/p>\n<p>D\u00e4rf\u00f6r vill vi Kristdemokrater i Ljungby \u00f6ka m\u00f6jligheten till mellanm\u00e4nskliga m\u00f6ten f\u00f6r Ljungbys inv\u00e5nare.&#8221;<\/p>\n<h2>20. Simon Bystr\u00f6m<\/h2>\n<div id=\"attachment_1111\" style=\"width: 210px\" class=\"wp-caption aligncenter\"><a href=\"http:\/\/wp.kristdemokraterna.se\/ljungby\/files\/2022\/08\/simon-scaled.jpg\"><img loading=\"lazy\" decoding=\"async\" aria-describedby=\"caption-attachment-1111\" class=\"wp-image-1111\" src=\"http:\/\/wp.kristdemokraterna.se\/ljungby\/files\/2022\/08\/simon-150x150.jpg\" alt=\"\" width=\"200\" height=\"267\" \/><\/a><p id=\"caption-attachment-1111\" class=\"wp-caption-text\">\u201dDet \u00e4r viktigt att vi skapar platser som uppmuntrar till spontanidrott\u201d<\/p><\/div>\n<h2>22. Gerd Lansler<\/h2>\n<div id=\"attachment_1128\" style=\"width: 210px\" class=\"wp-caption aligncenter\"><a href=\"http:\/\/wp.kristdemokraterna.se\/ljungby\/files\/2022\/08\/gerd-scaled.jpg\"><img loading=\"lazy\" decoding=\"async\" aria-describedby=\"caption-attachment-1128\" class=\"wp-image-1128\" src=\"http:\/\/wp.kristdemokraterna.se\/ljungby\/files\/2022\/08\/gerd-150x150.jpg\" alt=\"\" width=\"200\" height=\"300\" srcset=\"https:\/\/wp.kristdemokraterna.se\/ljungby\/files\/2022\/08\/gerd-200x300.jpg 200w, https:\/\/wp.kristdemokraterna.se\/ljungby\/files\/2022\/08\/gerd-360x540.jpg 360w, https:\/\/wp.kristdemokraterna.se\/ljungby\/files\/2022\/08\/gerd-768x1152.jpg 768w, https:\/\/wp.kristdemokraterna.se\/ljungby\/files\/2022\/08\/gerd-1024x1536.jpg 1024w, https:\/\/wp.kristdemokraterna.se\/ljungby\/files\/2022\/08\/gerd-1365x2048.jpg 1365w, https:\/\/wp.kristdemokraterna.se\/ljungby\/files\/2022\/08\/gerd-133x200.jpg 133w, https:\/\/wp.kristdemokraterna.se\/ljungby\/files\/2022\/08\/gerd-370x555.jpg 370w, https:\/\/wp.kristdemokraterna.se\/ljungby\/files\/2022\/08\/gerd-770x1155.jpg 770w, https:\/\/wp.kristdemokraterna.se\/ljungby\/files\/2022\/08\/gerd-450x675.jpg 450w, https:\/\/wp.kristdemokraterna.se\/ljungby\/files\/2022\/08\/gerd-268x402.jpg 268w, https:\/\/wp.kristdemokraterna.se\/ljungby\/files\/2022\/08\/gerd-340x510.jpg 340w, https:\/\/wp.kristdemokraterna.se\/ljungby\/files\/2022\/08\/gerd-37x56.jpg 37w, https:\/\/wp.kristdemokraterna.se\/ljungby\/files\/2022\/08\/gerd-scaled.jpg 1707w\" sizes=\"auto, (max-width: 200px) 100vw, 200px\" \/><\/a><p id=\"caption-attachment-1128\" class=\"wp-caption-text\">&#8221;Ingen skall p\u00e5tvingas vindkraft\u201d<\/p><\/div>\n<div class=\"mceTemp\"><\/div>\n<h2>17. Kristin Qvarfordt<\/h2>\n<div id=\"attachment_1121\" style=\"width: 210px\" class=\"wp-caption aligncenter\"><a href=\"http:\/\/wp.kristdemokraterna.se\/ljungby\/files\/2022\/08\/krsitin-scaled.jpg\"><img loading=\"lazy\" decoding=\"async\" aria-describedby=\"caption-attachment-1121\" class=\"wp-image-1121\" src=\"http:\/\/wp.kristdemokraterna.se\/ljungby\/files\/2022\/08\/krsitin-150x150.jpg\" alt=\"\" width=\"200\" height=\"300\" srcset=\"https:\/\/wp.kristdemokraterna.se\/ljungby\/files\/2022\/08\/krsitin-200x300.jpg 200w, https:\/\/wp.kristdemokraterna.se\/ljungby\/files\/2022\/08\/krsitin-360x540.jpg 360w, https:\/\/wp.kristdemokraterna.se\/ljungby\/files\/2022\/08\/krsitin-768x1152.jpg 768w, https:\/\/wp.kristdemokraterna.se\/ljungby\/files\/2022\/08\/krsitin-1024x1536.jpg 1024w, https:\/\/wp.kristdemokraterna.se\/ljungby\/files\/2022\/08\/krsitin-1365x2048.jpg 1365w, https:\/\/wp.kristdemokraterna.se\/ljungby\/files\/2022\/08\/krsitin-133x200.jpg 133w, https:\/\/wp.kristdemokraterna.se\/ljungby\/files\/2022\/08\/krsitin-370x555.jpg 370w, https:\/\/wp.kristdemokraterna.se\/ljungby\/files\/2022\/08\/krsitin-770x1155.jpg 770w, https:\/\/wp.kristdemokraterna.se\/ljungby\/files\/2022\/08\/krsitin-450x675.jpg 450w, https:\/\/wp.kristdemokraterna.se\/ljungby\/files\/2022\/08\/krsitin-268x402.jpg 268w, https:\/\/wp.kristdemokraterna.se\/ljungby\/files\/2022\/08\/krsitin-340x510.jpg 340w, https:\/\/wp.kristdemokraterna.se\/ljungby\/files\/2022\/08\/krsitin-37x56.jpg 37w, https:\/\/wp.kristdemokraterna.se\/ljungby\/files\/2022\/08\/krsitin-scaled.jpg 1707w\" sizes=\"auto, (max-width: 200px) 100vw, 200px\" \/><\/a><p id=\"caption-attachment-1121\" class=\"wp-caption-text\">\u201dEn skola att i sin egen takt f\u00e5 v\u00e4xa och vara trygg i\u201d<\/p><\/div>\n<div class=\"mceTemp\"><\/div>\n<div class=\"mceTemp\"><\/div>\n<div class=\"mceTemp\"><\/div>\n<div class=\"mceTemp\"><\/div>\n<h2>19. Evelina Jonsson<\/h2>\n<div id=\"attachment_1116\" style=\"width: 210px\" class=\"wp-caption aligncenter\"><a href=\"http:\/\/wp.kristdemokraterna.se\/ljungby\/files\/2022\/08\/evelina-scaled.jpg\"><img loading=\"lazy\" decoding=\"async\" aria-describedby=\"caption-attachment-1116\" class=\"wp-image-1116\" src=\"http:\/\/wp.kristdemokraterna.se\/ljungby\/files\/2022\/08\/evelina-150x150.jpg\" alt=\"\" width=\"200\" height=\"300\" srcset=\"https:\/\/wp.kristdemokraterna.se\/ljungby\/files\/2022\/08\/evelina-200x300.jpg 200w, https:\/\/wp.kristdemokraterna.se\/ljungby\/files\/2022\/08\/evelina-360x540.jpg 360w, https:\/\/wp.kristdemokraterna.se\/ljungby\/files\/2022\/08\/evelina-768x1152.jpg 768w, https:\/\/wp.kristdemokraterna.se\/ljungby\/files\/2022\/08\/evelina-1024x1536.jpg 1024w, https:\/\/wp.kristdemokraterna.se\/ljungby\/files\/2022\/08\/evelina-1365x2048.jpg 1365w, https:\/\/wp.kristdemokraterna.se\/ljungby\/files\/2022\/08\/evelina-133x200.jpg 133w, https:\/\/wp.kristdemokraterna.se\/ljungby\/files\/2022\/08\/evelina-370x555.jpg 370w, https:\/\/wp.kristdemokraterna.se\/ljungby\/files\/2022\/08\/evelina-770x1155.jpg 770w, https:\/\/wp.kristdemokraterna.se\/ljungby\/files\/2022\/08\/evelina-450x675.jpg 450w, https:\/\/wp.kristdemokraterna.se\/ljungby\/files\/2022\/08\/evelina-268x402.jpg 268w, https:\/\/wp.kristdemokraterna.se\/ljungby\/files\/2022\/08\/evelina-340x510.jpg 340w, https:\/\/wp.kristdemokraterna.se\/ljungby\/files\/2022\/08\/evelina-37x56.jpg 37w, https:\/\/wp.kristdemokraterna.se\/ljungby\/files\/2022\/08\/evelina-scaled.jpg 1707w\" sizes=\"auto, (max-width: 200px) 100vw, 200px\" \/><\/a><p id=\"caption-attachment-1116\" class=\"wp-caption-text\">\u201dSkapa en trygg och v\u00e4rdig \u00e4ldreomsorg i Ljungby\u201d<\/p><\/div>\n<h2>24. Andr\u00e9 Landin<\/h2>\n<div id=\"attachment_1114\" style=\"width: 210px\" class=\"wp-caption aligncenter\"><a href=\"http:\/\/wp.kristdemokraterna.se\/ljungby\/files\/2022\/08\/andre-scaled.jpg\"><img loading=\"lazy\" decoding=\"async\" aria-describedby=\"caption-attachment-1114\" class=\"wp-image-1114\" src=\"http:\/\/wp.kristdemokraterna.se\/ljungby\/files\/2022\/08\/andre-150x150.jpg\" alt=\"\" width=\"200\" height=\"267\" srcset=\"https:\/\/wp.kristdemokraterna.se\/ljungby\/files\/2022\/08\/andre-225x300.jpg 225w, https:\/\/wp.kristdemokraterna.se\/ljungby\/files\/2022\/08\/andre-405x540.jpg 405w, https:\/\/wp.kristdemokraterna.se\/ljungby\/files\/2022\/08\/andre-768x1024.jpg 768w, https:\/\/wp.kristdemokraterna.se\/ljungby\/files\/2022\/08\/andre-1152x1536.jpg 1152w, https:\/\/wp.kristdemokraterna.se\/ljungby\/files\/2022\/08\/andre-1536x2048.jpg 1536w, https:\/\/wp.kristdemokraterna.se\/ljungby\/files\/2022\/08\/andre-150x200.jpg 150w, https:\/\/wp.kristdemokraterna.se\/ljungby\/files\/2022\/08\/andre-370x493.jpg 370w, https:\/\/wp.kristdemokraterna.se\/ljungby\/files\/2022\/08\/andre-770x1027.jpg 770w, https:\/\/wp.kristdemokraterna.se\/ljungby\/files\/2022\/08\/andre-450x600.jpg 450w, https:\/\/wp.kristdemokraterna.se\/ljungby\/files\/2022\/08\/andre-280x373.jpg 280w, https:\/\/wp.kristdemokraterna.se\/ljungby\/files\/2022\/08\/andre-340x453.jpg 340w, https:\/\/wp.kristdemokraterna.se\/ljungby\/files\/2022\/08\/andre-42x56.jpg 42w, https:\/\/wp.kristdemokraterna.se\/ljungby\/files\/2022\/08\/andre-scaled.jpg 1920w\" sizes=\"auto, (max-width: 200px) 100vw, 200px\" \/><\/a><p id=\"caption-attachment-1114\" class=\"wp-caption-text\">\u201dTrygga familjer och Trygga gator ger ett Tryggt Ljungby\u201d<\/p><\/div>\n<div class=\"mceTemp\"><\/div>\n<h2>21. Dan Qvarfordt<\/h2>\n<div id=\"attachment_1122\" style=\"width: 210px\" class=\"wp-caption aligncenter\"><a href=\"http:\/\/wp.kristdemokraterna.se\/ljungby\/files\/2022\/08\/dan-scaled.jpg\"><img loading=\"lazy\" decoding=\"async\" aria-describedby=\"caption-attachment-1122\" class=\"wp-image-1122\" src=\"http:\/\/wp.kristdemokraterna.se\/ljungby\/files\/2022\/08\/dan-150x150.jpg\" alt=\"\" width=\"200\" height=\"300\" srcset=\"https:\/\/wp.kristdemokraterna.se\/ljungby\/files\/2022\/08\/dan-200x300.jpg 200w, https:\/\/wp.kristdemokraterna.se\/ljungby\/files\/2022\/08\/dan-360x540.jpg 360w, https:\/\/wp.kristdemokraterna.se\/ljungby\/files\/2022\/08\/dan-768x1152.jpg 768w, https:\/\/wp.kristdemokraterna.se\/ljungby\/files\/2022\/08\/dan-1024x1536.jpg 1024w, https:\/\/wp.kristdemokraterna.se\/ljungby\/files\/2022\/08\/dan-1365x2048.jpg 1365w, https:\/\/wp.kristdemokraterna.se\/ljungby\/files\/2022\/08\/dan-133x200.jpg 133w, https:\/\/wp.kristdemokraterna.se\/ljungby\/files\/2022\/08\/dan-370x555.jpg 370w, https:\/\/wp.kristdemokraterna.se\/ljungby\/files\/2022\/08\/dan-770x1155.jpg 770w, https:\/\/wp.kristdemokraterna.se\/ljungby\/files\/2022\/08\/dan-450x675.jpg 450w, https:\/\/wp.kristdemokraterna.se\/ljungby\/files\/2022\/08\/dan-268x402.jpg 268w, https:\/\/wp.kristdemokraterna.se\/ljungby\/files\/2022\/08\/dan-340x510.jpg 340w, https:\/\/wp.kristdemokraterna.se\/ljungby\/files\/2022\/08\/dan-37x56.jpg 37w, https:\/\/wp.kristdemokraterna.se\/ljungby\/files\/2022\/08\/dan-scaled.jpg 1707w\" sizes=\"auto, (max-width: 200px) 100vw, 200px\" \/><\/a><p id=\"caption-attachment-1122\" class=\"wp-caption-text\">\u201dDet privata n\u00e4ringslivet \u00e4r en grundbult i v\u00e5r v\u00e4lf\u00e4rd\u201d<\/p><\/div>\n<h2>11. Solweig Roos<\/h2>\n<div id=\"attachment_1129\" style=\"width: 210px\" class=\"wp-caption aligncenter\"><a href=\"http:\/\/wp.kristdemokraterna.se\/ljungby\/files\/2022\/08\/solweij-roos-scaled.jpg\"><img loading=\"lazy\" decoding=\"async\" aria-describedby=\"caption-attachment-1129\" class=\"wp-image-1129\" src=\"http:\/\/wp.kristdemokraterna.se\/ljungby\/files\/2022\/08\/solweij-roos-150x150.jpg\" alt=\"\" width=\"200\" height=\"300\" srcset=\"https:\/\/wp.kristdemokraterna.se\/ljungby\/files\/2022\/08\/solweij-roos-200x300.jpg 200w, https:\/\/wp.kristdemokraterna.se\/ljungby\/files\/2022\/08\/solweij-roos-360x540.jpg 360w, https:\/\/wp.kristdemokraterna.se\/ljungby\/files\/2022\/08\/solweij-roos-768x1152.jpg 768w, https:\/\/wp.kristdemokraterna.se\/ljungby\/files\/2022\/08\/solweij-roos-1024x1536.jpg 1024w, https:\/\/wp.kristdemokraterna.se\/ljungby\/files\/2022\/08\/solweij-roos-1365x2048.jpg 1365w, https:\/\/wp.kristdemokraterna.se\/ljungby\/files\/2022\/08\/solweij-roos-133x200.jpg 133w, https:\/\/wp.kristdemokraterna.se\/ljungby\/files\/2022\/08\/solweij-roos-370x555.jpg 370w, https:\/\/wp.kristdemokraterna.se\/ljungby\/files\/2022\/08\/solweij-roos-770x1155.jpg 770w, https:\/\/wp.kristdemokraterna.se\/ljungby\/files\/2022\/08\/solweij-roos-450x675.jpg 450w, https:\/\/wp.kristdemokraterna.se\/ljungby\/files\/2022\/08\/solweij-roos-268x402.jpg 268w, https:\/\/wp.kristdemokraterna.se\/ljungby\/files\/2022\/08\/solweij-roos-340x510.jpg 340w, https:\/\/wp.kristdemokraterna.se\/ljungby\/files\/2022\/08\/solweij-roos-37x56.jpg 37w, https:\/\/wp.kristdemokraterna.se\/ljungby\/files\/2022\/08\/solweij-roos-scaled.jpg 1707w\" sizes=\"auto, (max-width: 200px) 100vw, 200px\" \/><\/a><p id=\"caption-attachment-1129\" class=\"wp-caption-text\">&#8221;Alla har r\u00e4tt till en god och n\u00e4ra v\u00e5rd, i tid och p\u00e5 lika villkor.&#8221;<\/p><\/div>\n","protected":false},"excerpt":{"rendered":"<p>1. Emil Torstensson 2. Frida Bondesson 3. Bo-Lennart Jonasson 4. Lennart Olsson 5. Maria C Larsson 6. Martin Anderberg 7. H\u00e5kan Larsson 8. Christer Holmstr\u00f6m 9. Rut Bj\u00f6rkstr\u00f6m 10. Thommy Rosberg 11. Solveig Roos 12. Anna Torstensson 13. Mats \u00c5berg 14. Jakob Wide 15. Vera Pettersson 16. Simon Bojestig 17. Kristin Qvarfordt 18. Jonatan Wiesel <a class=\"read-more-link\" href=\"https:\/\/wp.kristdemokraterna.se\/ljungby\/vara-kandidater-i-kommunalvalet-2026\/\">Read More<\/a><\/p>\n","protected":false},"author":434,"featured_media":0,"parent":0,"menu_order":0,"comment_status":"closed","ping_status":"closed","template":"","meta":{"_acf_changed":false,"footnotes":""},"class_list":["post-1104","page","type-page","status-publish","hentry"],"acf":[],"yoast_head":"<!-- This site is optimized with the Yoast SEO plugin v27.4 - https:\/\/yoast.com\/product\/yoast-seo-wordpress\/ -->\n<title>V\u00e5ra kandidater i kommunalvalet 2026 - Kristdemokraterna Ljungby<\/title>\n<meta name=\"robots\" content=\"index, follow, max-snippet:-1, max-image-preview:large, max-video-preview:-1\" \/>\n<link rel=\"canonical\" href=\"https:\/\/wp.kristdemokraterna.se\/ljungby\/vara-kandidater-i-kommunalvalet-2026\/\" \/>\n<meta property=\"og:locale\" content=\"sv_SE\" \/>\n<meta property=\"og:type\" content=\"article\" \/>\n<meta property=\"og:title\" content=\"V\u00e5ra kandidater i kommunalvalet 2026 - Kristdemokraterna Ljungby\" \/>\n<meta property=\"og:description\" content=\"1. Emil Torstensson 2. Frida Bondesson 3. Bo-Lennart Jonasson 4. Lennart Olsson 5. Maria C Larsson 6. Martin Anderberg 7. H\u00e5kan Larsson 8. Christer Holmstr\u00f6m 9. Rut Bj\u00f6rkstr\u00f6m 10. Thommy Rosberg 11. Solveig Roos 12. Anna Torstensson 13. Mats \u00c5berg 14. Jakob Wide 15. Vera Pettersson 16. Simon Bojestig 17. Kristin Qvarfordt 18. Jonatan Wiesel Read More\" \/>\n<meta property=\"og:url\" content=\"https:\/\/wp.kristdemokraterna.se\/ljungby\/vara-kandidater-i-kommunalvalet-2026\/\" \/>\n<meta property=\"og:site_name\" content=\"Kristdemokraterna Ljungby\" \/>\n<meta property=\"article:modified_time\" content=\"2026-04-21T07:15:55+00:00\" \/>\n<meta property=\"og:image\" content=\"https:\/\/wp.kristdemokraterna.se\/ljungby\/files\/2026\/04\/kadis-emil.jpg\" \/>\n\t<meta property=\"og:image:width\" content=\"1872\" \/>\n\t<meta property=\"og:image:height\" content=\"2496\" \/>\n\t<meta property=\"og:image:type\" content=\"image\/jpeg\" \/>\n<meta name=\"twitter:card\" content=\"summary_large_image\" \/>\n<meta name=\"twitter:label1\" content=\"Ber\u00e4knad l\u00e4stid\" \/>\n\t<meta name=\"twitter:data1\" content=\"6 minuter\" \/>\n<script type=\"application\/ld+json\" class=\"yoast-schema-graph\">{\"@context\":\"https:\\\/\\\/schema.org\",\"@graph\":[{\"@type\":\"WebPage\",\"@id\":\"https:\\\/\\\/wp.kristdemokraterna.se\\\/ljungby\\\/vara-kandidater-i-kommunalvalet-2026\\\/\",\"url\":\"https:\\\/\\\/wp.kristdemokraterna.se\\\/ljungby\\\/vara-kandidater-i-kommunalvalet-2026\\\/\",\"name\":\"V\u00e5ra kandidater i kommunalvalet 2026 - Kristdemokraterna Ljungby\",\"isPartOf\":{\"@id\":\"https:\\\/\\\/wp.kristdemokraterna.se\\\/ljungby\\\/#website\"},\"primaryImageOfPage\":{\"@id\":\"https:\\\/\\\/wp.kristdemokraterna.se\\\/ljungby\\\/vara-kandidater-i-kommunalvalet-2026\\\/#primaryimage\"},\"image\":{\"@id\":\"https:\\\/\\\/wp.kristdemokraterna.se\\\/ljungby\\\/vara-kandidater-i-kommunalvalet-2026\\\/#primaryimage\"},\"thumbnailUrl\":\"http:\\\/\\\/wp.kristdemokraterna.se\\\/ljungby\\\/files\\\/2026\\\/04\\\/kadis-emil-225x300.jpg\",\"datePublished\":\"2022-08-10T09:38:29+00:00\",\"dateModified\":\"2026-04-21T07:15:55+00:00\",\"breadcrumb\":{\"@id\":\"https:\\\/\\\/wp.kristdemokraterna.se\\\/ljungby\\\/vara-kandidater-i-kommunalvalet-2026\\\/#breadcrumb\"},\"inLanguage\":\"sv-SE\",\"potentialAction\":[{\"@type\":\"ReadAction\",\"target\":[\"https:\\\/\\\/wp.kristdemokraterna.se\\\/ljungby\\\/vara-kandidater-i-kommunalvalet-2026\\\/\"]}]},{\"@type\":\"ImageObject\",\"inLanguage\":\"sv-SE\",\"@id\":\"https:\\\/\\\/wp.kristdemokraterna.se\\\/ljungby\\\/vara-kandidater-i-kommunalvalet-2026\\\/#primaryimage\",\"url\":\"https:\\\/\\\/wp.kristdemokraterna.se\\\/ljungby\\\/files\\\/2026\\\/04\\\/kadis-emil.jpg\",\"contentUrl\":\"https:\\\/\\\/wp.kristdemokraterna.se\\\/ljungby\\\/files\\\/2026\\\/04\\\/kadis-emil.jpg\",\"width\":1872,\"height\":2496},{\"@type\":\"BreadcrumbList\",\"@id\":\"https:\\\/\\\/wp.kristdemokraterna.se\\\/ljungby\\\/vara-kandidater-i-kommunalvalet-2026\\\/#breadcrumb\",\"itemListElement\":[{\"@type\":\"ListItem\",\"position\":1,\"name\":\"Hem\",\"item\":\"https:\\\/\\\/wp.kristdemokraterna.se\\\/ljungby\\\/\"},{\"@type\":\"ListItem\",\"position\":2,\"name\":\"V\u00e5ra kandidater i kommunalvalet 2026\"}]},{\"@type\":\"WebSite\",\"@id\":\"https:\\\/\\\/wp.kristdemokraterna.se\\\/ljungby\\\/#website\",\"url\":\"https:\\\/\\\/wp.kristdemokraterna.se\\\/ljungby\\\/\",\"name\":\"Kristdemokraterna Ljungby\",\"description\":\"\",\"inLanguage\":\"sv-SE\"}]}<\/script>\n<!-- \/ Yoast SEO plugin. -->","yoast_head_json":{"title":"V\u00e5ra kandidater i kommunalvalet 2026 - Kristdemokraterna Ljungby","robots":{"index":"index","follow":"follow","max-snippet":"max-snippet:-1","max-image-preview":"max-image-preview:large","max-video-preview":"max-video-preview:-1"},"canonical":"https:\/\/wp.kristdemokraterna.se\/ljungby\/vara-kandidater-i-kommunalvalet-2026\/","og_locale":"sv_SE","og_type":"article","og_title":"V\u00e5ra kandidater i kommunalvalet 2026 - Kristdemokraterna Ljungby","og_description":"1. Emil Torstensson 2. Frida Bondesson 3. Bo-Lennart Jonasson 4. Lennart Olsson 5. Maria C Larsson 6. Martin Anderberg 7. H\u00e5kan Larsson 8. Christer Holmstr\u00f6m 9. Rut Bj\u00f6rkstr\u00f6m 10. Thommy Rosberg 11. Solveig Roos 12. Anna Torstensson 13. Mats \u00c5berg 14. Jakob Wide 15. Vera Pettersson 16. Simon Bojestig 17. Kristin Qvarfordt 18. Jonatan Wiesel Read More","og_url":"https:\/\/wp.kristdemokraterna.se\/ljungby\/vara-kandidater-i-kommunalvalet-2026\/","og_site_name":"Kristdemokraterna Ljungby","article_modified_time":"2026-04-21T07:15:55+00:00","og_image":[{"width":1872,"height":2496,"url":"https:\/\/wp.kristdemokraterna.se\/ljungby\/files\/2026\/04\/kadis-emil.jpg","type":"image\/jpeg"}],"twitter_card":"summary_large_image","twitter_misc":{"Ber\u00e4knad l\u00e4stid":"6 minuter"},"schema":{"@context":"https:\/\/schema.org","@graph":[{"@type":"WebPage","@id":"https:\/\/wp.kristdemokraterna.se\/ljungby\/vara-kandidater-i-kommunalvalet-2026\/","url":"https:\/\/wp.kristdemokraterna.se\/ljungby\/vara-kandidater-i-kommunalvalet-2026\/","name":"V\u00e5ra kandidater i kommunalvalet 2026 - Kristdemokraterna Ljungby","isPartOf":{"@id":"https:\/\/wp.kristdemokraterna.se\/ljungby\/#website"},"primaryImageOfPage":{"@id":"https:\/\/wp.kristdemokraterna.se\/ljungby\/vara-kandidater-i-kommunalvalet-2026\/#primaryimage"},"image":{"@id":"https:\/\/wp.kristdemokraterna.se\/ljungby\/vara-kandidater-i-kommunalvalet-2026\/#primaryimage"},"thumbnailUrl":"http:\/\/wp.kristdemokraterna.se\/ljungby\/files\/2026\/04\/kadis-emil-225x300.jpg","datePublished":"2022-08-10T09:38:29+00:00","dateModified":"2026-04-21T07:15:55+00:00","breadcrumb":{"@id":"https:\/\/wp.kristdemokraterna.se\/ljungby\/vara-kandidater-i-kommunalvalet-2026\/#breadcrumb"},"inLanguage":"sv-SE","potentialAction":[{"@type":"ReadAction","target":["https:\/\/wp.kristdemokraterna.se\/ljungby\/vara-kandidater-i-kommunalvalet-2026\/"]}]},{"@type":"ImageObject","inLanguage":"sv-SE","@id":"https:\/\/wp.kristdemokraterna.se\/ljungby\/vara-kandidater-i-kommunalvalet-2026\/#primaryimage","url":"https:\/\/wp.kristdemokraterna.se\/ljungby\/files\/2026\/04\/kadis-emil.jpg","contentUrl":"https:\/\/wp.kristdemokraterna.se\/ljungby\/files\/2026\/04\/kadis-emil.jpg","width":1872,"height":2496},{"@type":"BreadcrumbList","@id":"https:\/\/wp.kristdemokraterna.se\/ljungby\/vara-kandidater-i-kommunalvalet-2026\/#breadcrumb","itemListElement":[{"@type":"ListItem","position":1,"name":"Hem","item":"https:\/\/wp.kristdemokraterna.se\/ljungby\/"},{"@type":"ListItem","position":2,"name":"V\u00e5ra kandidater i kommunalvalet 2026"}]},{"@type":"WebSite","@id":"https:\/\/wp.kristdemokraterna.se\/ljungby\/#website","url":"https:\/\/wp.kristdemokraterna.se\/ljungby\/","name":"Kristdemokraterna Ljungby","description":"","inLanguage":"sv-SE"}]}},"_links":{"self":[{"href":"https:\/\/wp.kristdemokraterna.se\/ljungby\/wp-json\/wp\/v2\/pages\/1104","targetHints":{"allow":["GET"]}}],"collection":[{"href":"https:\/\/wp.kristdemokraterna.se\/ljungby\/wp-json\/wp\/v2\/pages"}],"about":[{"href":"https:\/\/wp.kristdemokraterna.se\/ljungby\/wp-json\/wp\/v2\/types\/page"}],"author":[{"embeddable":true,"href":"https:\/\/wp.kristdemokraterna.se\/ljungby\/wp-json\/wp\/v2\/users\/434"}],"replies":[{"embeddable":true,"href":"https:\/\/wp.kristdemokraterna.se\/ljungby\/wp-json\/wp\/v2\/comments?post=1104"}],"version-history":[{"count":24,"href":"https:\/\/wp.kristdemokraterna.se\/ljungby\/wp-json\/wp\/v2\/pages\/1104\/revisions"}],"predecessor-version":[{"id":1183,"href":"https:\/\/wp.kristdemokraterna.se\/ljungby\/wp-json\/wp\/v2\/pages\/1104\/revisions\/1183"}],"wp:attachment":[{"href":"https:\/\/wp.kristdemokraterna.se\/ljungby\/wp-json\/wp\/v2\/media?parent=1104"}],"curies":[{"name":"wp","href":"https:\/\/api.w.org\/{rel}","templated":true}]}}